{"id":1162,"date":"2019-06-13T10:30:14","date_gmt":"2019-06-13T10:30:14","guid":{"rendered":"https:\/\/democontent.codex-themes.com\/sites-elementor\/news-magazine\/?page_id=2"},"modified":"2026-06-05T08:42:16","modified_gmt":"2026-06-05T12:42:16","slug":"sample-page","status":"publish","type":"page","link":"https:\/\/www.elfuerte.cl\/web\/","title":{"rendered":"Home (Demo)"},"content":{"rendered":"\t\t<div data-elementor-type=\"wp-page\" data-elementor-id=\"1162\" class=\"elementor elementor-1162\">\n\t\t\t\t\t\t<section class=\"elementor-section elementor-top-section elementor-element elementor-element-d4714d5 elementor-section-height-min-height elementor-section-content-middle elementor-section-boxed elementor-section-height-default elementor-section-items-middle\" data-id=\"d4714d5\" data-element_type=\"section\">\r\n\t\t\t\t\t\t<div class=\"elementor-container elementor-column-gap-no\"><div class=\"elementor-row\">\r\n\t\t\t\t\t<div class=\"elementor-column elementor-col-100 elementor-top-column elementor-element elementor-element-17a5ac3\" data-id=\"17a5ac3\" data-element_type=\"column\">\n\t\t\t<div class=\"elementor-widget-wrap elementor-element-populated\">\n\t\t\t\t<div class=\"elementor-element elementor-element-12cec71 thegem-e-con-layout-thegem e-flex e-con-boxed e-con e-parent\" data-id=\"12cec71\" data-element_type=\"container\" data-settings=\"{&quot;thegem_container_layout&quot;:&quot;thegem&quot;}\">\r\n\t\t\t\t\t<div class=\"e-con-inner\">\r\n\t\t\t\t<div class=\"elementor-element elementor-element-427b984 flex-horizontal-align-default flex-horizontal-align-tablet-default flex-horizontal-align-mobile-default flex-vertical-align-default flex-vertical-align-tablet-default flex-vertical-align-mobile-default elementor-widget elementor-widget-slider_revolution\" data-id=\"427b984\" data-element_type=\"widget\" data-widget_type=\"slider_revolution.default\">\n\t\t\t\t\t\n\t\t<div class=\"wp-block-themepunch-revslider\">\n\t\t\t<!-- START homearriba REVOLUTION SLIDER 6.7.38 --><p class=\"rs-p-wp-fix\"><\/p>\n\t\t\t<rs-module-wrap id=\"rev_slider_5_1_wrapper\" data-source=\"gallery\" style=\"visibility:hidden;background:transparent;padding:0;margin:0px auto;margin-top:0;margin-bottom:0;\">\n\t\t\t\t<rs-module id=\"rev_slider_5_1\" style=\"\" data-version=\"6.7.38\">\n\t\t\t\t\t<rs-slides style=\"overflow: hidden; position: absolute;\">\n\t\t\t\t\t\t<rs-slide style=\"position: absolute;\" data-key=\"rs-18\" data-title=\"Slide\" data-thumb=\"\/\/elfuerte.cl\/web\/wp-content\/uploads\/2026\/05\/2doctorhugo.webp\" data-in=\"o:0;\" data-out=\"a:false;\">\n\t\t\t\t\t\t\t<img src=\"\/\/www.elfuerte.cl\/web\/wp-content\/plugins\/revslider\/sr6\/assets\/assets\/transparent.png\" alt=\"Slide\" title=\"2doctorhugo\" width=\"1139\" height=\"292\" class=\"rev-slidebg tp-rs-img\" data-bg=\"f:contain;\" data-no-retina>\n<!--\n\t\t\t\t\t\t\t--><a\n\t\t\t\t\t\t\t\tid=\"slider-5-slide-18-layer-2\" \n\t\t\t\t\t\t\t\tclass=\"rs-layer\"\n\t\t\t\t\t\t\t\thref=\"https:\/\/www.instagram.com\/carolgaillard\/\" target=\"_blank\" rel=\"noopener\"\n\t\t\t\t\t\t\t\tdata-type=\"image\"\n\t\t\t\t\t\t\t\tdata-rsp_ch=\"on\"\n\t\t\t\t\t\t\t\tdata-xy=\"x:c;y:c;\"\n\t\t\t\t\t\t\t\tdata-text=\"w:normal;\"\n\t\t\t\t\t\t\t\tdata-dim=\"w:1139px;h:292px;\"\n\t\t\t\t\t\t\t\tdata-frame_999=\"o:0;st:w;\"\n\t\t\t\t\t\t\t\tstyle=\"z-index:5;\"\n\t\t\t\t\t\t\t><img src=\"\/\/www.elfuerte.cl\/web\/wp-content\/uploads\/2026\/08\/bannerpanguiok.jpg\" alt=\"\" class=\"tp-rs-img\" width=\"1139\" height=\"292\" data-no-retina> \n\t\t\t\t\t\t\t<\/a><!--\n-->\t\t\t\t\t<\/rs-slide>\n\t\t\t\t\t\t<rs-slide style=\"position: absolute;\" data-key=\"rs-12\" data-title=\"Slide\" data-thumb=\"\/\/elfuerte.cl\/web\/wp-content\/uploads\/2026\/05\/2doctorhugo.webp\" data-in=\"o:0;\" data-out=\"a:false;\">\n\t\t\t\t\t\t\t<img src=\"\/\/www.elfuerte.cl\/web\/wp-content\/plugins\/revslider\/sr6\/assets\/assets\/transparent.png\" alt=\"Slide\" title=\"2doctorhugo\" width=\"1139\" height=\"292\" class=\"rev-slidebg tp-rs-img\" data-bg=\"f:contain;\" data-no-retina>\n<!--\n\t\t\t\t\t\t\t--><a\n\t\t\t\t\t\t\t\tid=\"slider-5-slide-12-layer-2\" \n\t\t\t\t\t\t\t\tclass=\"rs-layer\"\n\t\t\t\t\t\t\t\thref=\"https:\/\/www.instagram.com\/drurrutiasoto\/\" target=\"_blank\" rel=\"noopener\"\n\t\t\t\t\t\t\t\tdata-type=\"image\"\n\t\t\t\t\t\t\t\tdata-rsp_ch=\"on\"\n\t\t\t\t\t\t\t\tdata-xy=\"x:c;y:c;\"\n\t\t\t\t\t\t\t\tdata-text=\"w:normal;\"\n\t\t\t\t\t\t\t\tdata-dim=\"w:1139px;h:292px;\"\n\t\t\t\t\t\t\t\tdata-frame_999=\"o:0;st:w;\"\n\t\t\t\t\t\t\t\tstyle=\"z-index:5;\"\n\t\t\t\t\t\t\t><img src=\"\/\/elfuerte.cl\/web\/wp-content\/uploads\/2026\/05\/2doctorhugo.webp\" alt=\"\" class=\"tp-rs-img\" width=\"1139\" height=\"292\" data-no-retina> \n\t\t\t\t\t\t\t<\/a><!--\n-->\t\t\t\t\t<\/rs-slide>\n\t\t\t\t\t\t<rs-slide style=\"position: absolute;\" data-key=\"rs-17\" data-title=\"Slide\" data-thumb=\"\/\/elfuerte.cl\/web\/wp-content\/uploads\/2026\/05\/2doctorhugo.webp\" data-in=\"o:0;\" data-out=\"a:false;\">\n\t\t\t\t\t\t\t<img src=\"\/\/www.elfuerte.cl\/web\/wp-content\/plugins\/revslider\/sr6\/assets\/assets\/transparent.png\" alt=\"Slide\" title=\"2doctorhugo\" width=\"1139\" height=\"292\" class=\"rev-slidebg tp-rs-img\" data-bg=\"f:contain;\" data-no-retina>\n<!--\n\t\t\t\t\t\t\t--><a\n\t\t\t\t\t\t\t\tid=\"slider-5-slide-17-layer-2\" \n\t\t\t\t\t\t\t\tclass=\"rs-layer\"\n\t\t\t\t\t\t\t\thref=\"https:\/\/federacioncomerciolosrios.cl\/\" target=\"_blank\" rel=\"noopener\"\n\t\t\t\t\t\t\t\tdata-type=\"image\"\n\t\t\t\t\t\t\t\tdata-rsp_ch=\"on\"\n\t\t\t\t\t\t\t\tdata-xy=\"x:c;y:c;\"\n\t\t\t\t\t\t\t\tdata-text=\"w:normal;\"\n\t\t\t\t\t\t\t\tdata-dim=\"w:1139px;h:292px;\"\n\t\t\t\t\t\t\t\tdata-frame_999=\"o:0;st:w;\"\n\t\t\t\t\t\t\t\tstyle=\"z-index:5;\"\n\t\t\t\t\t\t\t><img src=\"\/\/www.elfuerte.cl\/web\/wp-content\/uploads\/2026\/07\/bannerfederacion.webp\" alt=\"\" class=\"tp-rs-img\" width=\"1139\" height=\"292\" data-no-retina> \n\t\t\t\t\t\t\t<\/a><!--\n-->\t\t\t\t\t<\/rs-slide>\n\t\t\t\t\t\t<rs-slide style=\"position: absolute;\" data-key=\"rs-13\" data-title=\"Slide\" data-thumb=\"\/\/elfuerte.cl\/web\/wp-content\/uploads\/2026\/05\/2doctorhugo.webp\" data-in=\"o:0;\" data-out=\"a:false;\">\n\t\t\t\t\t\t\t<img src=\"\/\/www.elfuerte.cl\/web\/wp-content\/plugins\/revslider\/sr6\/assets\/assets\/transparent.png\" alt=\"Slide\" title=\"2doctorhugo\" width=\"1139\" height=\"292\" class=\"rev-slidebg tp-rs-img\" data-bg=\"f:contain;\" data-no-retina>\n<!--\n\t\t\t\t\t\t\t--><a\n\t\t\t\t\t\t\t\tid=\"slider-5-slide-13-layer-2\" \n\t\t\t\t\t\t\t\tclass=\"rs-layer\"\n\t\t\t\t\t\t\t\thref=\"https:\/\/www.instagram.com\/salmoboats\/\" target=\"_blank\" rel=\"noopener\"\n\t\t\t\t\t\t\t\tdata-type=\"image\"\n\t\t\t\t\t\t\t\tdata-rsp_ch=\"on\"\n\t\t\t\t\t\t\t\tdata-xy=\"x:c;y:c;\"\n\t\t\t\t\t\t\t\tdata-text=\"w:normal;\"\n\t\t\t\t\t\t\t\tdata-dim=\"w:1139px;h:292px;\"\n\t\t\t\t\t\t\t\tdata-frame_999=\"o:0;st:w;\"\n\t\t\t\t\t\t\t\tstyle=\"z-index:5;\"\n\t\t\t\t\t\t\t><img src=\"\/\/elfuerte.cl\/web\/wp-content\/uploads\/2026\/06\/salmobanner.webp\" alt=\"\" class=\"tp-rs-img\" width=\"1139\" height=\"292\" data-no-retina> \n\t\t\t\t\t\t\t<\/a><!--\n-->\t\t\t\t\t<\/rs-slide>\n\t\t\t\t\t\t<rs-slide style=\"position: absolute;\" data-key=\"rs-14\" data-title=\"Slide\" data-thumb=\"\/\/elfuerte.cl\/web\/wp-content\/uploads\/2026\/05\/2doctorhugo.webp\" data-in=\"o:0;\" data-out=\"a:false;\">\n\t\t\t\t\t\t\t<img src=\"\/\/www.elfuerte.cl\/web\/wp-content\/plugins\/revslider\/sr6\/assets\/assets\/transparent.png\" alt=\"Slide\" title=\"2doctorhugo\" width=\"1139\" height=\"292\" class=\"rev-slidebg tp-rs-img\" data-bg=\"f:contain;\" data-no-retina>\n<!--\n\t\t\t\t\t\t\t--><a\n\t\t\t\t\t\t\t\tid=\"slider-5-slide-14-layer-2\" \n\t\t\t\t\t\t\t\tclass=\"rs-layer\"\n\t\t\t\t\t\t\t\thref=\"https:\/\/greenaqua.cl\/\" target=\"_blank\" rel=\"noopener\"\n\t\t\t\t\t\t\t\tdata-type=\"image\"\n\t\t\t\t\t\t\t\tdata-rsp_ch=\"on\"\n\t\t\t\t\t\t\t\tdata-xy=\"x:c;y:c;\"\n\t\t\t\t\t\t\t\tdata-text=\"w:normal;\"\n\t\t\t\t\t\t\t\tdata-dim=\"w:1139px;h:292px;\"\n\t\t\t\t\t\t\t\tdata-frame_999=\"o:0;st:w;\"\n\t\t\t\t\t\t\t\tstyle=\"z-index:5;\"\n\t\t\t\t\t\t\t><img src=\"\/\/elfuerte.cl\/web\/wp-content\/uploads\/2026\/06\/bannergreen.webp\" alt=\"\" class=\"tp-rs-img\" width=\"1139\" height=\"292\" data-no-retina> \n\t\t\t\t\t\t\t<\/a><!--\n-->\t\t\t\t\t<\/rs-slide>\n\t\t\t\t\t\t<rs-slide style=\"position: absolute;\" data-key=\"rs-15\" data-title=\"Slide\" data-thumb=\"\/\/elfuerte.cl\/web\/wp-content\/uploads\/2026\/05\/2doctorhugo.webp\" data-in=\"o:0;\" data-out=\"a:false;\">\n\t\t\t\t\t\t\t<img src=\"\/\/www.elfuerte.cl\/web\/wp-content\/plugins\/revslider\/sr6\/assets\/assets\/transparent.png\" alt=\"Slide\" title=\"2doctorhugo\" width=\"1139\" height=\"292\" class=\"rev-slidebg tp-rs-img\" data-bg=\"f:contain;\" data-no-retina>\n<!--\n\t\t\t\t\t\t\t--><a\n\t\t\t\t\t\t\t\tid=\"slider-5-slide-15-layer-2\" \n\t\t\t\t\t\t\t\tclass=\"rs-layer\"\n\t\t\t\t\t\t\t\thref=\"https:\/\/dreaminstitute.cl\/\" target=\"_blank\" rel=\"noopener\"\n\t\t\t\t\t\t\t\tdata-type=\"image\"\n\t\t\t\t\t\t\t\tdata-rsp_ch=\"on\"\n\t\t\t\t\t\t\t\tdata-xy=\"x:c;y:c;\"\n\t\t\t\t\t\t\t\tdata-text=\"w:normal;\"\n\t\t\t\t\t\t\t\tdata-dim=\"w:1139px;h:292px;\"\n\t\t\t\t\t\t\t\tdata-frame_999=\"o:0;st:w;\"\n\t\t\t\t\t\t\t\tstyle=\"z-index:5;\"\n\t\t\t\t\t\t\t><img src=\"\/\/www.elfuerte.cl\/web\/wp-content\/uploads\/2026\/07\/slenglish.webp\" alt=\"\" class=\"tp-rs-img\" width=\"1139\" height=\"292\" data-no-retina> \n\t\t\t\t\t\t\t<\/a><!--\n-->\t\t\t\t\t<\/rs-slide>\n\t\t\t\t\t\t<rs-slide style=\"position: absolute;\" data-key=\"rs-16\" data-title=\"Slide\" data-thumb=\"\/\/elfuerte.cl\/web\/wp-content\/uploads\/2026\/05\/2doctorhugo.webp\" data-in=\"o:0;\" data-out=\"a:false;\">\n\t\t\t\t\t\t\t<img src=\"\/\/www.elfuerte.cl\/web\/wp-content\/plugins\/revslider\/sr6\/assets\/assets\/transparent.png\" alt=\"Slide\" title=\"2doctorhugo\" width=\"1139\" height=\"292\" class=\"rev-slidebg tp-rs-img\" data-bg=\"f:contain;\" data-no-retina>\n<!--\n\t\t\t\t\t\t\t--><a\n\t\t\t\t\t\t\t\tid=\"slider-5-slide-16-layer-2\" \n\t\t\t\t\t\t\t\tclass=\"rs-layer\"\n\t\t\t\t\t\t\t\thref=\"https:\/\/restaurantedelvallecolcura.cl\/\" target=\"_blank\" rel=\"noopener\"\n\t\t\t\t\t\t\t\tdata-type=\"image\"\n\t\t\t\t\t\t\t\tdata-rsp_ch=\"on\"\n\t\t\t\t\t\t\t\tdata-xy=\"x:c;y:c;\"\n\t\t\t\t\t\t\t\tdata-text=\"w:normal;\"\n\t\t\t\t\t\t\t\tdata-dim=\"w:1139px;h:292px;\"\n\t\t\t\t\t\t\t\tdata-frame_999=\"o:0;st:w;\"\n\t\t\t\t\t\t\t\tstyle=\"z-index:5;\"\n\t\t\t\t\t\t\t><img src=\"\/\/www.elfuerte.cl\/web\/wp-content\/uploads\/2026\/07\/rojabanner.webp\" alt=\"\" class=\"tp-rs-img\" width=\"1139\" height=\"292\" data-no-retina> \n\t\t\t\t\t\t\t<\/a><!--\n-->\t\t\t\t\t<\/rs-slide>\n\t\t\t\t\t<\/rs-slides>\n\t\t\t\t<\/rs-module>\n\t\t\t\t<script>\n\t\t\t\t\tsetREVStartSize({c: 'rev_slider_5_1',rl:[1240,1024,778,480],el:[292],gw:[1139],gh:[292],type:'standard',justify:'',layout:'fullwidth',mh:\"0\"});if (window.RS_MODULES!==undefined && window.RS_MODULES.modules!==undefined && window.RS_MODULES.modules[\"revslider51\"]!==undefined) {window.RS_MODULES.modules[\"revslider51\"].once = false;window.revapi5 = undefined;if (window.RS_MODULES.checkMinimal!==undefined) window.RS_MODULES.checkMinimal()}\n\t\t\t\t<\/script>\n\t\t\t<\/rs-module-wrap>\n\t\t\t<!-- END REVOLUTION SLIDER -->\n<\/div>\n\n\t\t\t\t\t\t<\/div>\n\t\t\t\t\t<\/div>\n\t\t\t\t<\/div>\n\t\t\t\t<div class=\"elementor-element elementor-element-66d6f38 elementor-hidden-tablet elementor-hidden-mobile flex-horizontal-align-default flex-horizontal-align-tablet-default flex-horizontal-align-mobile-default flex-vertical-align-default flex-vertical-align-tablet-default flex-vertical-align-mobile-default elementor-widget elementor-widget-thegem-featured-posts-slider\" data-id=\"66d6f38\" data-element_type=\"widget\" data-settings=\"{&quot;thegem_elementor_preset&quot;:&quot;new&quot;,&quot;select_blog_cat&quot;:[&quot;destacados&quot;],&quot;blog_description_preset&quot;:&quot;text-body&quot;,&quot;blog_title_preset&quot;:&quot;title-h3&quot;,&quot;title_tag&quot;:&quot;h3&quot;,&quot;title_weight&quot;:&quot;light&quot;,&quot;query_type&quot;:&quot;post&quot;,&quot;exclude_blog_posts_type&quot;:&quot;manual&quot;,&quot;order_by&quot;:&quot;default&quot;,&quot;order&quot;:&quot;default&quot;,&quot;slider_show_featured&quot;:&quot;yes&quot;,&quot;slider_show_title&quot;:&quot;yes&quot;,&quot;slider_show_excerpt&quot;:&quot;yes&quot;,&quot;slider_show_categories&quot;:&quot;yes&quot;,&quot;additional_meta_type&quot;:&quot;taxonomies&quot;,&quot;additional_meta_taxonomies&quot;:&quot;category&quot;,&quot;slider_show_button&quot;:&quot;yes&quot;,&quot;more_button_link&quot;:&quot;default&quot;,&quot;slider_show_navigation&quot;:&quot;yes&quot;}\" data-widget_type=\"thegem-featured-posts-slider.default\">\n\t\t\t\t<div class=\"elementor-widget-container\">\n\t\t\t\t\t\t\t\t<div class=\"preloader featured-posts-slider-preloader default-background \"\n\t\t\t\t style=\"\">\n\t\t\t\t<div class=\"preloader-spin-new\"><\/div>\n\t\t\t<\/div>\n\n\t\t\t<div class=\"gem-featured-posts-slider style-new content-alignment-center \" data-paginator=\"{&quot;type&quot;:&quot;arrows&quot;,&quot;icon&quot;:&quot;1&quot;,&quot;dots_size&quot;:null,&quot;dots_style&quot;:null,&quot;size&quot;:&quot;regular&quot;,&quot;style&quot;:&quot;light&quot;,&quot;position&quot;:&quot;left_right&quot;}\" data-sliding-effect=\"slide\" data-auto-scroll=\"10000\">\n\t\t\t\t\n<article id=\"post-9057\" class=\"slide-item portfolio-item\" style=\"background-image: url(https:\/\/www.elfuerte.cl\/web\/wp-content\/uploads\/2026\/08\/49fca151-6558-4eb4-8fc7-506d26d13e71.png);background-image: url(https:\/\/www.elfuerte.cl\/web\/wp-content\/uploads\/2026\/08\/49fca151-6558-4eb4-8fc7-506d26d13e71.png)\" data-background=\"url(https:\/\/www.elfuerte.cl\/web\/wp-content\/uploads\/2026\/08\/49fca151-6558-4eb4-8fc7-506d26d13e71.png)\">\n\n\t<div class=\"gem-featured-posts-slide-overlay\"><\/div>\n\n\t<div class=\"gem-featured-posts-slide-item\">\n\t\t\t\t\t\t\t<div>\n\t\t\t\t\t\t\t\t\t<span class=\"set\">\n\t\t\t\t<a href=\"https:\/\/www.elfuerte.cl\/web\/category\/actualidad\/\">Actualidad<\/a>, <a href=\"https:\/\/www.elfuerte.cl\/web\/category\/destacados\/\">Destacados<\/a>\t\t\t\t\t<\/span>\n\t\t\t\t\t\t\t<\/div>\n\t\t\n\t\t\t\t\t<h3 class=\"gem-featured-post-title title-h3 light\"><div>Valdivia tendr\u00e1 su primera Fiesta del Chocolate con un cisne de 400 kilos y un fin solidario<\/div><\/h3>\n\t\t\n\t\t\t\t\t<div class=\"gem-featured-post-excerpt styled-subtitle text-body\">\n\t\t\t\t<div>\n\t\t\t\t\t\t\t\t\t\t\t<p>El encuentro se realizar\u00e1 los d\u00edas 4, 5 y 6 de septiembre en Casino Dreams y tendr\u00e1 como gran protagonista una monumental escultura de un cisne, figura que ser\u00e1 elaborada con chocolate donado por Entrelagos, en el a\u00f1o de su 50\u00ba aniversario. La venta de sus porciones permitir\u00e1 recaudar recursos para Fundaci\u00f3n Oncosur y su trabajo con ni\u00f1os y familias que enfrentan el c\u00e1ncer.<\/p>\n\t\t\t\t\t\t\t\t\t<\/div>\n\t\t\t<\/div>\n\t\t\t\t\t\t\n\t\t\t\t\t<div class=\"gem-featured-post-btn-box\">\n\t\t\t\t<a id=\"\" href=\"https:\/\/www.elfuerte.cl\/web\/2026\/08\/29\/valdivia-tendra-su-primera-fiesta-del-chocolate-con-un-cisne-de-400-kilos-y-un-fin-solidario\/\" class=\"load-more-button gem-button gem-button-size-small gem-button-style-flat gem-button-icon-position-left gem-button-text-weight-normal\">\n\t\t\t\t<span class=\"gem-inner-wrapper-btn\">\n\t\t\t\t\t                \t<span class=\"gem-text-button\">\n\t\t\t\t\t\t<span>Ver M\u00e1s<\/span>\t\t\t\t\t<\/span>\n\t\t\t\t<\/span>\n\t\t\t\t<\/a>\n\t\t\t<\/div>\n\t\t\t<\/div>\n<\/article>\n\n\n\n<article id=\"post-9044\" class=\"slide-item portfolio-item\" style=\"background-image: url(https:\/\/www.elfuerte.cl\/web\/wp-content\/uploads\/2026\/08\/portada.png)\" data-background=\"url(https:\/\/www.elfuerte.cl\/web\/wp-content\/uploads\/2026\/08\/portada.png)\">\n\n\t<div class=\"gem-featured-posts-slide-overlay\"><\/div>\n\n\t<div class=\"gem-featured-posts-slide-item\">\n\t\t\t\t\t\t\t<div>\n\t\t\t\t\t\t\t\t\t<span class=\"set\">\n\t\t\t\t<a href=\"https:\/\/www.elfuerte.cl\/web\/category\/actualidad\/\">Actualidad<\/a>, <a href=\"https:\/\/www.elfuerte.cl\/web\/category\/destacados\/\">Destacados<\/a>\t\t\t\t\t<\/span>\n\t\t\t\t\t\t\t<\/div>\n\t\t\n\t\t\t\t\t<h3 class=\"gem-featured-post-title title-h3 light\"><div>Comit\u00e9 de Integraci\u00f3n abre nueva alianza comercial entre empresarios de Los R\u00edos y Neuqu\u00e9n<\/div><\/h3>\n\t\t\n\t\t\t\t\t<div class=\"gem-featured-post-excerpt styled-subtitle text-body\">\n\t\t\t\t<div>\n\t\t\t\t\t\t\t\t\t\t\t<p>La Federaci\u00f3n Gremial Regional de C\u00e1maras de Comercio de Los R\u00edos suscribi\u00f3 su primer acuerdo internacional con su contraparte de la provincia argentina. El convenio surgi\u00f3 de los contactos generados durante la 40\u00aa Reuni\u00f3n del Comit\u00e9 de Integraci\u00f3n Los Lagos y proyecta intercambio comercial, beneficios rec\u00edprocos, rondas de negocios y nuevas acciones para fortalecer el turismo entre ambos territorios.<\/p>\n\t\t\t\t\t\t\t\t\t<\/div>\n\t\t\t<\/div>\n\t\t\t\t\t\t\n\t\t\t\t\t<div class=\"gem-featured-post-btn-box\">\n\t\t\t\t<a id=\"\" href=\"https:\/\/www.elfuerte.cl\/web\/2026\/08\/28\/comite-de-integracion-abre-nueva-alianza-comercial-entre-empresarios-de-los-rios-y-neuquen\/\" class=\"load-more-button gem-button gem-button-size-small gem-button-style-flat gem-button-icon-position-left gem-button-text-weight-normal\">\n\t\t\t\t<span class=\"gem-inner-wrapper-btn\">\n\t\t\t\t\t                \t<span class=\"gem-text-button\">\n\t\t\t\t\t\t<span>Ver M\u00e1s<\/span>\t\t\t\t\t<\/span>\n\t\t\t\t<\/span>\n\t\t\t\t<\/a>\n\t\t\t<\/div>\n\t\t\t<\/div>\n<\/article>\n\n\n\n<article id=\"post-9038\" class=\"slide-item portfolio-item\" style=\"background-image: url(https:\/\/www.elfuerte.cl\/web\/wp-content\/uploads\/2026\/08\/219564db-a64b-432e-87df-9ee374cf730d.png)\" data-background=\"url(https:\/\/www.elfuerte.cl\/web\/wp-content\/uploads\/2026\/08\/219564db-a64b-432e-87df-9ee374cf730d.png)\">\n\n\t<div class=\"gem-featured-posts-slide-overlay\"><\/div>\n\n\t<div class=\"gem-featured-posts-slide-item\">\n\t\t\t\t\t\t\t<div>\n\t\t\t\t\t\t\t\t\t<span class=\"set\">\n\t\t\t\t<a href=\"https:\/\/www.elfuerte.cl\/web\/category\/actualidad\/\">Actualidad<\/a>, <a href=\"https:\/\/www.elfuerte.cl\/web\/category\/destacados\/\">Destacados<\/a>\t\t\t\t\t<\/span>\n\t\t\t\t\t\t\t<\/div>\n\t\t\n\t\t\t\t\t<h3 class=\"gem-featured-post-title title-h3 light\"><div>Puerto Montt se prepara para recibir a m\u00e1s de 25 vi\u00f1as en la s\u00e9ptima versi\u00f3n de Sur Wines Fest<\/div><\/h3>\n\t\t\n\t\t\t\t\t<div class=\"gem-featured-post-excerpt styled-subtitle text-body\">\n\t\t\t\t<div>\n\t\t\t\t\t\t\t\t\t\t\t<p>El encuentro se realizar\u00e1 este s\u00e1bado 29 de agosto en el Centro de Vinculaci\u00f3n Ciudad Puerto Empormontt y combinar\u00e1 la presencia de vi\u00f1as nacionales con gastronom\u00eda local, arte, cultura y promoci\u00f3n tur\u00edstica, consolid\u00e1ndose como uno de los eventos en torno al vino m\u00e1s relevantes que se desarrollan en la capital regional de Los Lagos.<\/p>\n\t\t\t\t\t\t\t\t\t<\/div>\n\t\t\t<\/div>\n\t\t\t\t\t\t\n\t\t\t\t\t<div class=\"gem-featured-post-btn-box\">\n\t\t\t\t<a id=\"\" href=\"https:\/\/www.elfuerte.cl\/web\/2026\/08\/28\/puerto-montt-se-prepara-para-recibir-a-mas-de-25-vinas-en-la-septima-version-de-sur-wines-fest\/\" class=\"load-more-button gem-button gem-button-size-small gem-button-style-flat gem-button-icon-position-left gem-button-text-weight-normal\">\n\t\t\t\t<span class=\"gem-inner-wrapper-btn\">\n\t\t\t\t\t                \t<span class=\"gem-text-button\">\n\t\t\t\t\t\t<span>Ver M\u00e1s<\/span>\t\t\t\t\t<\/span>\n\t\t\t\t<\/span>\n\t\t\t\t<\/a>\n\t\t\t<\/div>\n\t\t\t<\/div>\n<\/article>\n\n\n\n<article id=\"post-9001\" class=\"slide-item portfolio-item\" style=\"background-image: url(https:\/\/www.elfuerte.cl\/web\/wp-content\/uploads\/2026\/08\/banner24-8-2-1.jpg)\" data-background=\"url(https:\/\/www.elfuerte.cl\/web\/wp-content\/uploads\/2026\/08\/banner24-8-2-1.jpg)\">\n\n\t<div class=\"gem-featured-posts-slide-overlay\"><\/div>\n\n\t<div class=\"gem-featured-posts-slide-item\">\n\t\t\t\t\t\t\t<div>\n\t\t\t\t\t\t\t\t\t<span class=\"set\">\n\t\t\t\t<a href=\"https:\/\/www.elfuerte.cl\/web\/category\/actualidad\/\">Actualidad<\/a>, <a href=\"https:\/\/www.elfuerte.cl\/web\/category\/destacados\/\">Destacados<\/a>\t\t\t\t\t<\/span>\n\t\t\t\t\t\t\t<\/div>\n\t\t\n\t\t\t\t\t<h3 class=\"gem-featured-post-title title-h3 light\"><div>Sellan compromiso por el desarrollo digital de Los R\u00edos<\/div><\/h3>\n\t\t\n\t\t\t\t\t<div class=\"gem-featured-post-excerpt styled-subtitle text-body\">\n\t\t\t\t<div>\n\t\t\t\t\t\t\t\t\t\t\t<p>El Gobierno Regional, INACAP Valdivia y ACTI (Asociaci\u00f3n Chilena de Empresas de Tecnolog\u00eda de Informaci\u00f3n), firmaron un acuerdo conjunto de cooperaci\u00f3n, para impulsar la capacitaci\u00f3n, innovaci\u00f3n, y nuevas alianzas que fortalezcan la transformaci\u00f3n digital del territorio.<\/p>\n\t\t\t\t\t\t\t\t\t<\/div>\n\t\t\t<\/div>\n\t\t\t\t\t\t\n\t\t\t\t\t<div class=\"gem-featured-post-btn-box\">\n\t\t\t\t<a id=\"\" href=\"https:\/\/www.elfuerte.cl\/web\/2026\/08\/28\/sellan-compromiso-por-el-desarrollo-digital-de-los-rios\/\" class=\"load-more-button gem-button gem-button-size-small gem-button-style-flat gem-button-icon-position-left gem-button-text-weight-normal\">\n\t\t\t\t<span class=\"gem-inner-wrapper-btn\">\n\t\t\t\t\t                \t<span class=\"gem-text-button\">\n\t\t\t\t\t\t<span>Ver M\u00e1s<\/span>\t\t\t\t\t<\/span>\n\t\t\t\t<\/span>\n\t\t\t\t<\/a>\n\t\t\t<\/div>\n\t\t\t<\/div>\n<\/article>\n\n\n\n<article id=\"post-8992\" class=\"slide-item portfolio-item\" style=\"background-image: url(https:\/\/www.elfuerte.cl\/web\/wp-content\/uploads\/2026\/08\/bannerop28-8-1.jpg)\" data-background=\"url(https:\/\/www.elfuerte.cl\/web\/wp-content\/uploads\/2026\/08\/bannerop28-8-1.jpg)\">\n\n\t<div class=\"gem-featured-posts-slide-overlay\"><\/div>\n\n\t<div class=\"gem-featured-posts-slide-item\">\n\t\t\t\t\t\t\t<div>\n\t\t\t\t\t\t\t\t\t<span class=\"set\">\n\t\t\t\t<a href=\"https:\/\/www.elfuerte.cl\/web\/category\/destacados\/\">Destacados<\/a>, <a href=\"https:\/\/www.elfuerte.cl\/web\/category\/sala-de-redaccion\/\">Sala de Redacci\u00f3n<\/a>\t\t\t\t\t<\/span>\n\t\t\t\t\t\t\t<\/div>\n\t\t\n\t\t\t\t\t<h3 class=\"gem-featured-post-title title-h3 light\"><div>La IA tambi\u00e9n se construye desde los territorios<\/div><\/h3>\n\t\t\n\t\t\t\t\t<div class=\"gem-featured-post-excerpt styled-subtitle text-body\">\n\t\t\t\t<div>\n\t\t\t\t\t\t\t\t\t\t\t<p>Por Boris Gonz\u00e1lez. Presidente de la Asociaci\u00f3n Regional de Inteligencia Artificial de Los R\u00edos (ARIA Los R\u00edos). Durante los \u00faltimos dos a\u00f1os hemos hablado de inteligencia artificial como si fuera una gran ola tecnol\u00f3gica que viene desde afuera, frente a la cual solo hay dos opciones: subirnos r\u00e1pido o quedarnos atr\u00e1s. Esa mirada me parece insuficiente.<\/p>\n\t\t\t\t\t\t\t\t\t<\/div>\n\t\t\t<\/div>\n\t\t\t\t\t\t\n\t\t\t\t\t<div class=\"gem-featured-post-btn-box\">\n\t\t\t\t<a id=\"\" href=\"https:\/\/www.elfuerte.cl\/web\/2026\/08\/28\/la-ia-tambien-se-construye-desde-los-territorios\/\" class=\"load-more-button gem-button gem-button-size-small gem-button-style-flat gem-button-icon-position-left gem-button-text-weight-normal\">\n\t\t\t\t<span class=\"gem-inner-wrapper-btn\">\n\t\t\t\t\t                \t<span class=\"gem-text-button\">\n\t\t\t\t\t\t<span>Ver M\u00e1s<\/span>\t\t\t\t\t<\/span>\n\t\t\t\t<\/span>\n\t\t\t\t<\/a>\n\t\t\t<\/div>\n\t\t\t<\/div>\n<\/article>\n\n\n\n<article id=\"post-8986\" class=\"slide-item portfolio-item\" style=\"background-image: url(https:\/\/www.elfuerte.cl\/web\/wp-content\/uploads\/2026\/08\/banner28-1-1.jpg)\" data-background=\"url(https:\/\/www.elfuerte.cl\/web\/wp-content\/uploads\/2026\/08\/banner28-1-1.jpg)\">\n\n\t<div class=\"gem-featured-posts-slide-overlay\"><\/div>\n\n\t<div class=\"gem-featured-posts-slide-item\">\n\t\t\t\t\t\t\t<div>\n\t\t\t\t\t\t\t\t\t<span class=\"set\">\n\t\t\t\t<a href=\"https:\/\/www.elfuerte.cl\/web\/category\/actualidad\/\">Actualidad<\/a>, <a href=\"https:\/\/www.elfuerte.cl\/web\/category\/destacados\/\">Destacados<\/a>\t\t\t\t\t<\/span>\n\t\t\t\t\t\t\t<\/div>\n\t\t\n\t\t\t\t\t<h3 class=\"gem-featured-post-title title-h3 light\"><div>Hombre brit\u00e1nico pudo recuperar la vista gracias a la primera cirug\u00eda cerebral guiada por IA<\/div><\/h3>\n\t\t\n\t\t\t\t\t<div class=\"gem-featured-post-excerpt styled-subtitle text-body\">\n\t\t\t\t<div>\n\t\t\t\t\t\t\t\t\t\t\t<p>De no haberse sometido a la intervenci\u00f3n, podr\u00eda haber quedado ciego. \u201cMe ha devuelto la vida\u201d, asever\u00f3 Rhys Hibbert, padre de dos hijos.<\/p>\n\t\t\t\t\t\t\t\t\t<\/div>\n\t\t\t<\/div>\n\t\t\t\t\t\t\n\t\t\t\t\t<div class=\"gem-featured-post-btn-box\">\n\t\t\t\t<a id=\"\" href=\"https:\/\/www.elfuerte.cl\/web\/2026\/08\/28\/hombre-britanico-pudo-recuperar-la-vista-gracias-a-la-primera-cirugia-cerebral-guiada-por-ia\/\" class=\"load-more-button gem-button gem-button-size-small gem-button-style-flat gem-button-icon-position-left gem-button-text-weight-normal\">\n\t\t\t\t<span class=\"gem-inner-wrapper-btn\">\n\t\t\t\t\t                \t<span class=\"gem-text-button\">\n\t\t\t\t\t\t<span>Ver M\u00e1s<\/span>\t\t\t\t\t<\/span>\n\t\t\t\t<\/span>\n\t\t\t\t<\/a>\n\t\t\t<\/div>\n\t\t\t<\/div>\n<\/article>\n\n\n\n<article id=\"post-8971\" class=\"slide-item portfolio-item\" style=\"background-image: url(https:\/\/www.elfuerte.cl\/web\/wp-content\/uploads\/2026\/08\/7ff360b8-8881-4bac-9471-5f0217eccd44.jpg)\" data-background=\"url(https:\/\/www.elfuerte.cl\/web\/wp-content\/uploads\/2026\/08\/7ff360b8-8881-4bac-9471-5f0217eccd44.jpg)\">\n\n\t<div class=\"gem-featured-posts-slide-overlay\"><\/div>\n\n\t<div class=\"gem-featured-posts-slide-item\">\n\t\t\t\t\t\t\t<div>\n\t\t\t\t\t\t\t\t\t<span class=\"set\">\n\t\t\t\t<a href=\"https:\/\/www.elfuerte.cl\/web\/category\/actualidad\/\">Actualidad<\/a>, <a href=\"https:\/\/www.elfuerte.cl\/web\/category\/destacados\/\">Destacados<\/a>\t\t\t\t\t<\/span>\n\t\t\t\t\t\t\t<\/div>\n\t\t\n\t\t\t\t\t<h3 class=\"gem-featured-post-title title-h3 light\"><div>Comit\u00e9 de Integraci\u00f3n Los Lagos cierra con propuesta de mecanismo para seguimiento a los acuerdos binacionales<\/div><\/h3>\n\t\t\n\t\t\t\t\t<div class=\"gem-featured-post-excerpt styled-subtitle text-body\">\n\t\t\t\t<div>\n\t\t\t\t\t\t\t\t\t\t\t<p>Despu\u00e9s de 16 a\u00f1os, la Regi\u00f3n de Los R\u00edos volvi\u00f3 a ser sede del encuentro, que reuni\u00f3 a m\u00e1s de 500 participantes de cinco regiones chilenas y tres provincias argentinas. Entre sus principales resultados destac\u00f3 la propuesta del gobernador Luis Cuvertino, respaldada por las Canciller\u00edas de ambos pa\u00edses, para establecer evaluaciones peri\u00f3dicas de los compromisos alcanzados.<\/p>\n\t\t\t\t\t\t\t\t\t<\/div>\n\t\t\t<\/div>\n\t\t\t\t\t\t\n\t\t\t\t\t<div class=\"gem-featured-post-btn-box\">\n\t\t\t\t<a id=\"\" href=\"https:\/\/www.elfuerte.cl\/web\/2026\/08\/27\/comite-de-integracion-los-lagos-cierra-con-propuesta-de-mecanismo-para-seguimiento-a-los-acuerdos-binacionales\/\" class=\"load-more-button gem-button gem-button-size-small gem-button-style-flat gem-button-icon-position-left gem-button-text-weight-normal\">\n\t\t\t\t<span class=\"gem-inner-wrapper-btn\">\n\t\t\t\t\t                \t<span class=\"gem-text-button\">\n\t\t\t\t\t\t<span>Ver M\u00e1s<\/span>\t\t\t\t\t<\/span>\n\t\t\t\t<\/span>\n\t\t\t\t<\/a>\n\t\t\t<\/div>\n\t\t\t<\/div>\n<\/article>\n\n\n\n\t\t\t<\/div>\n\t\t\t\t\t\t\t\t\n\t\t\t\t\t\t<\/div>\n\t\t\t\t<\/div>\n\t\t\t\t<div class=\"elementor-element elementor-element-1e1d2b7 elementor-hidden-desktop flex-horizontal-align-default flex-horizontal-align-tablet-default flex-horizontal-align-mobile-default flex-vertical-align-default flex-vertical-align-tablet-default flex-vertical-align-mobile-default elementor-widget elementor-widget-thegem-featured-posts-slider\" data-id=\"1e1d2b7\" data-element_type=\"widget\" data-settings=\"{&quot;thegem_elementor_preset&quot;:&quot;new&quot;,&quot;select_blog_cat&quot;:[&quot;destacados&quot;],&quot;blog_description_preset&quot;:&quot;text-body-tiny&quot;,&quot;blog_title_preset&quot;:&quot;title-h6&quot;,&quot;title_tag&quot;:&quot;h3&quot;,&quot;title_weight&quot;:&quot;light&quot;,&quot;query_type&quot;:&quot;post&quot;,&quot;exclude_blog_posts_type&quot;:&quot;manual&quot;,&quot;order_by&quot;:&quot;default&quot;,&quot;order&quot;:&quot;default&quot;,&quot;slider_show_featured&quot;:&quot;yes&quot;,&quot;slider_show_title&quot;:&quot;yes&quot;,&quot;slider_show_excerpt&quot;:&quot;yes&quot;,&quot;slider_show_categories&quot;:&quot;yes&quot;,&quot;additional_meta_type&quot;:&quot;taxonomies&quot;,&quot;additional_meta_taxonomies&quot;:&quot;category&quot;,&quot;slider_show_button&quot;:&quot;yes&quot;,&quot;more_button_link&quot;:&quot;default&quot;,&quot;slider_show_navigation&quot;:&quot;yes&quot;}\" data-widget_type=\"thegem-featured-posts-slider.default\">\n\t\t\t\t<div class=\"elementor-widget-container\">\n\t\t\t\t\t\t\t\t<div class=\"preloader featured-posts-slider-preloader default-background \"\n\t\t\t\t style=\"\">\n\t\t\t\t<div class=\"preloader-spin-new\"><\/div>\n\t\t\t<\/div>\n\n\t\t\t<div class=\"gem-featured-posts-slider style-new content-alignment-center \" data-paginator=\"{&quot;type&quot;:&quot;arrows&quot;,&quot;icon&quot;:&quot;1&quot;,&quot;dots_size&quot;:null,&quot;dots_style&quot;:null,&quot;size&quot;:&quot;regular&quot;,&quot;style&quot;:&quot;light&quot;,&quot;position&quot;:&quot;left_right&quot;}\" data-sliding-effect=\"slide\" data-auto-scroll=\"10000\">\n\t\t\t\t\n<article id=\"post-9057\" class=\"slide-item portfolio-item\" style=\"background-image: url(https:\/\/www.elfuerte.cl\/web\/wp-content\/uploads\/2026\/08\/49fca151-6558-4eb4-8fc7-506d26d13e71.png);background-image: url(https:\/\/www.elfuerte.cl\/web\/wp-content\/uploads\/2026\/08\/49fca151-6558-4eb4-8fc7-506d26d13e71.png)\" data-background=\"url(https:\/\/www.elfuerte.cl\/web\/wp-content\/uploads\/2026\/08\/49fca151-6558-4eb4-8fc7-506d26d13e71.png)\">\n\n\t<div class=\"gem-featured-posts-slide-overlay\"><\/div>\n\n\t<div class=\"gem-featured-posts-slide-item\">\n\t\t\t\t\t\t\t<div>\n\t\t\t\t\t\t\t\t\t<span class=\"set\">\n\t\t\t\t<a href=\"https:\/\/www.elfuerte.cl\/web\/category\/actualidad\/\">Actualidad<\/a>, <a href=\"https:\/\/www.elfuerte.cl\/web\/category\/destacados\/\">Destacados<\/a>\t\t\t\t\t<\/span>\n\t\t\t\t\t\t\t<\/div>\n\t\t\n\t\t\t\t\t<h3 class=\"gem-featured-post-title title-h6 light\"><div>Valdivia tendr\u00e1 su primera Fiesta del Chocolate con un cisne de 400 kilos y un fin solidario<\/div><\/h3>\n\t\t\n\t\t\t\t\t<div class=\"gem-featured-post-excerpt styled-subtitle text-body-tiny\">\n\t\t\t\t<div>\n\t\t\t\t\t\t\t\t\t\t\t<p>El encuentro se realizar\u00e1 los d\u00edas 4, 5 y 6 de septiembre en Casino Dreams y tendr\u00e1 como gran protagonista una monumental escultura de un cisne, figura que ser\u00e1 elaborada con chocolate donado por Entrelagos, en el a\u00f1o de su 50\u00ba aniversario. La venta de sus porciones permitir\u00e1 recaudar recursos para Fundaci\u00f3n Oncosur y su trabajo con ni\u00f1os y familias que enfrentan el c\u00e1ncer.<\/p>\n\t\t\t\t\t\t\t\t\t<\/div>\n\t\t\t<\/div>\n\t\t\t\t\t\t\n\t\t\t\t\t<div class=\"gem-featured-post-btn-box\">\n\t\t\t\t<a id=\"\" href=\"https:\/\/www.elfuerte.cl\/web\/2026\/08\/29\/valdivia-tendra-su-primera-fiesta-del-chocolate-con-un-cisne-de-400-kilos-y-un-fin-solidario\/\" class=\"load-more-button gem-button gem-button-size-small gem-button-style-flat gem-button-icon-position-left gem-button-text-weight-normal\">\n\t\t\t\t<span class=\"gem-inner-wrapper-btn\">\n\t\t\t\t\t                \t<span class=\"gem-text-button\">\n\t\t\t\t\t\t<span>Ver M\u00e1s<\/span>\t\t\t\t\t<\/span>\n\t\t\t\t<\/span>\n\t\t\t\t<\/a>\n\t\t\t<\/div>\n\t\t\t<\/div>\n<\/article>\n\n\n\n<article id=\"post-9044\" class=\"slide-item portfolio-item\" style=\"background-image: url(https:\/\/www.elfuerte.cl\/web\/wp-content\/uploads\/2026\/08\/portada.png)\" data-background=\"url(https:\/\/www.elfuerte.cl\/web\/wp-content\/uploads\/2026\/08\/portada.png)\">\n\n\t<div class=\"gem-featured-posts-slide-overlay\"><\/div>\n\n\t<div class=\"gem-featured-posts-slide-item\">\n\t\t\t\t\t\t\t<div>\n\t\t\t\t\t\t\t\t\t<span class=\"set\">\n\t\t\t\t<a href=\"https:\/\/www.elfuerte.cl\/web\/category\/actualidad\/\">Actualidad<\/a>, <a href=\"https:\/\/www.elfuerte.cl\/web\/category\/destacados\/\">Destacados<\/a>\t\t\t\t\t<\/span>\n\t\t\t\t\t\t\t<\/div>\n\t\t\n\t\t\t\t\t<h3 class=\"gem-featured-post-title title-h6 light\"><div>Comit\u00e9 de Integraci\u00f3n abre nueva alianza comercial entre empresarios de Los R\u00edos y Neuqu\u00e9n<\/div><\/h3>\n\t\t\n\t\t\t\t\t<div class=\"gem-featured-post-excerpt styled-subtitle text-body-tiny\">\n\t\t\t\t<div>\n\t\t\t\t\t\t\t\t\t\t\t<p>La Federaci\u00f3n Gremial Regional de C\u00e1maras de Comercio de Los R\u00edos suscribi\u00f3 su primer acuerdo internacional con su contraparte de la provincia argentina. El convenio surgi\u00f3 de los contactos generados durante la 40\u00aa Reuni\u00f3n del Comit\u00e9 de Integraci\u00f3n Los Lagos y proyecta intercambio comercial, beneficios rec\u00edprocos, rondas de negocios y nuevas acciones para fortalecer el turismo entre ambos territorios.<\/p>\n\t\t\t\t\t\t\t\t\t<\/div>\n\t\t\t<\/div>\n\t\t\t\t\t\t\n\t\t\t\t\t<div class=\"gem-featured-post-btn-box\">\n\t\t\t\t<a id=\"\" href=\"https:\/\/www.elfuerte.cl\/web\/2026\/08\/28\/comite-de-integracion-abre-nueva-alianza-comercial-entre-empresarios-de-los-rios-y-neuquen\/\" class=\"load-more-button gem-button gem-button-size-small gem-button-style-flat gem-button-icon-position-left gem-button-text-weight-normal\">\n\t\t\t\t<span class=\"gem-inner-wrapper-btn\">\n\t\t\t\t\t                \t<span class=\"gem-text-button\">\n\t\t\t\t\t\t<span>Ver M\u00e1s<\/span>\t\t\t\t\t<\/span>\n\t\t\t\t<\/span>\n\t\t\t\t<\/a>\n\t\t\t<\/div>\n\t\t\t<\/div>\n<\/article>\n\n\n\n<article id=\"post-9038\" class=\"slide-item portfolio-item\" style=\"background-image: url(https:\/\/www.elfuerte.cl\/web\/wp-content\/uploads\/2026\/08\/219564db-a64b-432e-87df-9ee374cf730d.png)\" data-background=\"url(https:\/\/www.elfuerte.cl\/web\/wp-content\/uploads\/2026\/08\/219564db-a64b-432e-87df-9ee374cf730d.png)\">\n\n\t<div class=\"gem-featured-posts-slide-overlay\"><\/div>\n\n\t<div class=\"gem-featured-posts-slide-item\">\n\t\t\t\t\t\t\t<div>\n\t\t\t\t\t\t\t\t\t<span class=\"set\">\n\t\t\t\t<a href=\"https:\/\/www.elfuerte.cl\/web\/category\/actualidad\/\">Actualidad<\/a>, <a href=\"https:\/\/www.elfuerte.cl\/web\/category\/destacados\/\">Destacados<\/a>\t\t\t\t\t<\/span>\n\t\t\t\t\t\t\t<\/div>\n\t\t\n\t\t\t\t\t<h3 class=\"gem-featured-post-title title-h6 light\"><div>Puerto Montt se prepara para recibir a m\u00e1s de 25 vi\u00f1as en la s\u00e9ptima versi\u00f3n de Sur Wines Fest<\/div><\/h3>\n\t\t\n\t\t\t\t\t<div class=\"gem-featured-post-excerpt styled-subtitle text-body-tiny\">\n\t\t\t\t<div>\n\t\t\t\t\t\t\t\t\t\t\t<p>El encuentro se realizar\u00e1 este s\u00e1bado 29 de agosto en el Centro de Vinculaci\u00f3n Ciudad Puerto Empormontt y combinar\u00e1 la presencia de vi\u00f1as nacionales con gastronom\u00eda local, arte, cultura y promoci\u00f3n tur\u00edstica, consolid\u00e1ndose como uno de los eventos en torno al vino m\u00e1s relevantes que se desarrollan en la capital regional de Los Lagos.<\/p>\n\t\t\t\t\t\t\t\t\t<\/div>\n\t\t\t<\/div>\n\t\t\t\t\t\t\n\t\t\t\t\t<div class=\"gem-featured-post-btn-box\">\n\t\t\t\t<a id=\"\" href=\"https:\/\/www.elfuerte.cl\/web\/2026\/08\/28\/puerto-montt-se-prepara-para-recibir-a-mas-de-25-vinas-en-la-septima-version-de-sur-wines-fest\/\" class=\"load-more-button gem-button gem-button-size-small gem-button-style-flat gem-button-icon-position-left gem-button-text-weight-normal\">\n\t\t\t\t<span class=\"gem-inner-wrapper-btn\">\n\t\t\t\t\t                \t<span class=\"gem-text-button\">\n\t\t\t\t\t\t<span>Ver M\u00e1s<\/span>\t\t\t\t\t<\/span>\n\t\t\t\t<\/span>\n\t\t\t\t<\/a>\n\t\t\t<\/div>\n\t\t\t<\/div>\n<\/article>\n\n\n\n<article id=\"post-9001\" class=\"slide-item portfolio-item\" style=\"background-image: url(https:\/\/www.elfuerte.cl\/web\/wp-content\/uploads\/2026\/08\/banner24-8-2-1.jpg)\" data-background=\"url(https:\/\/www.elfuerte.cl\/web\/wp-content\/uploads\/2026\/08\/banner24-8-2-1.jpg)\">\n\n\t<div class=\"gem-featured-posts-slide-overlay\"><\/div>\n\n\t<div class=\"gem-featured-posts-slide-item\">\n\t\t\t\t\t\t\t<div>\n\t\t\t\t\t\t\t\t\t<span class=\"set\">\n\t\t\t\t<a href=\"https:\/\/www.elfuerte.cl\/web\/category\/actualidad\/\">Actualidad<\/a>, <a href=\"https:\/\/www.elfuerte.cl\/web\/category\/destacados\/\">Destacados<\/a>\t\t\t\t\t<\/span>\n\t\t\t\t\t\t\t<\/div>\n\t\t\n\t\t\t\t\t<h3 class=\"gem-featured-post-title title-h6 light\"><div>Sellan compromiso por el desarrollo digital de Los R\u00edos<\/div><\/h3>\n\t\t\n\t\t\t\t\t<div class=\"gem-featured-post-excerpt styled-subtitle text-body-tiny\">\n\t\t\t\t<div>\n\t\t\t\t\t\t\t\t\t\t\t<p>El Gobierno Regional, INACAP Valdivia y ACTI (Asociaci\u00f3n Chilena de Empresas de Tecnolog\u00eda de Informaci\u00f3n), firmaron un acuerdo conjunto de cooperaci\u00f3n, para impulsar la capacitaci\u00f3n, innovaci\u00f3n, y nuevas alianzas que fortalezcan la transformaci\u00f3n digital del territorio.<\/p>\n\t\t\t\t\t\t\t\t\t<\/div>\n\t\t\t<\/div>\n\t\t\t\t\t\t\n\t\t\t\t\t<div class=\"gem-featured-post-btn-box\">\n\t\t\t\t<a id=\"\" href=\"https:\/\/www.elfuerte.cl\/web\/2026\/08\/28\/sellan-compromiso-por-el-desarrollo-digital-de-los-rios\/\" class=\"load-more-button gem-button gem-button-size-small gem-button-style-flat gem-button-icon-position-left gem-button-text-weight-normal\">\n\t\t\t\t<span class=\"gem-inner-wrapper-btn\">\n\t\t\t\t\t                \t<span class=\"gem-text-button\">\n\t\t\t\t\t\t<span>Ver M\u00e1s<\/span>\t\t\t\t\t<\/span>\n\t\t\t\t<\/span>\n\t\t\t\t<\/a>\n\t\t\t<\/div>\n\t\t\t<\/div>\n<\/article>\n\n\n\n<article id=\"post-8992\" class=\"slide-item portfolio-item\" style=\"background-image: url(https:\/\/www.elfuerte.cl\/web\/wp-content\/uploads\/2026\/08\/bannerop28-8-1.jpg)\" data-background=\"url(https:\/\/www.elfuerte.cl\/web\/wp-content\/uploads\/2026\/08\/bannerop28-8-1.jpg)\">\n\n\t<div class=\"gem-featured-posts-slide-overlay\"><\/div>\n\n\t<div class=\"gem-featured-posts-slide-item\">\n\t\t\t\t\t\t\t<div>\n\t\t\t\t\t\t\t\t\t<span class=\"set\">\n\t\t\t\t<a href=\"https:\/\/www.elfuerte.cl\/web\/category\/destacados\/\">Destacados<\/a>, <a href=\"https:\/\/www.elfuerte.cl\/web\/category\/sala-de-redaccion\/\">Sala de Redacci\u00f3n<\/a>\t\t\t\t\t<\/span>\n\t\t\t\t\t\t\t<\/div>\n\t\t\n\t\t\t\t\t<h3 class=\"gem-featured-post-title title-h6 light\"><div>La IA tambi\u00e9n se construye desde los territorios<\/div><\/h3>\n\t\t\n\t\t\t\t\t<div class=\"gem-featured-post-excerpt styled-subtitle text-body-tiny\">\n\t\t\t\t<div>\n\t\t\t\t\t\t\t\t\t\t\t<p>Por Boris Gonz\u00e1lez. Presidente de la Asociaci\u00f3n Regional de Inteligencia Artificial de Los R\u00edos (ARIA Los R\u00edos). Durante los \u00faltimos dos a\u00f1os hemos hablado de inteligencia artificial como si fuera una gran ola tecnol\u00f3gica que viene desde afuera, frente a la cual solo hay dos opciones: subirnos r\u00e1pido o quedarnos atr\u00e1s. Esa mirada me parece insuficiente.<\/p>\n\t\t\t\t\t\t\t\t\t<\/div>\n\t\t\t<\/div>\n\t\t\t\t\t\t\n\t\t\t\t\t<div class=\"gem-featured-post-btn-box\">\n\t\t\t\t<a id=\"\" href=\"https:\/\/www.elfuerte.cl\/web\/2026\/08\/28\/la-ia-tambien-se-construye-desde-los-territorios\/\" class=\"load-more-button gem-button gem-button-size-small gem-button-style-flat gem-button-icon-position-left gem-button-text-weight-normal\">\n\t\t\t\t<span class=\"gem-inner-wrapper-btn\">\n\t\t\t\t\t                \t<span class=\"gem-text-button\">\n\t\t\t\t\t\t<span>Ver M\u00e1s<\/span>\t\t\t\t\t<\/span>\n\t\t\t\t<\/span>\n\t\t\t\t<\/a>\n\t\t\t<\/div>\n\t\t\t<\/div>\n<\/article>\n\n\n\n<article id=\"post-8986\" class=\"slide-item portfolio-item\" style=\"background-image: url(https:\/\/www.elfuerte.cl\/web\/wp-content\/uploads\/2026\/08\/banner28-1-1.jpg)\" data-background=\"url(https:\/\/www.elfuerte.cl\/web\/wp-content\/uploads\/2026\/08\/banner28-1-1.jpg)\">\n\n\t<div class=\"gem-featured-posts-slide-overlay\"><\/div>\n\n\t<div class=\"gem-featured-posts-slide-item\">\n\t\t\t\t\t\t\t<div>\n\t\t\t\t\t\t\t\t\t<span class=\"set\">\n\t\t\t\t<a href=\"https:\/\/www.elfuerte.cl\/web\/category\/actualidad\/\">Actualidad<\/a>, <a href=\"https:\/\/www.elfuerte.cl\/web\/category\/destacados\/\">Destacados<\/a>\t\t\t\t\t<\/span>\n\t\t\t\t\t\t\t<\/div>\n\t\t\n\t\t\t\t\t<h3 class=\"gem-featured-post-title title-h6 light\"><div>Hombre brit\u00e1nico pudo recuperar la vista gracias a la primera cirug\u00eda cerebral guiada por IA<\/div><\/h3>\n\t\t\n\t\t\t\t\t<div class=\"gem-featured-post-excerpt styled-subtitle text-body-tiny\">\n\t\t\t\t<div>\n\t\t\t\t\t\t\t\t\t\t\t<p>De no haberse sometido a la intervenci\u00f3n, podr\u00eda haber quedado ciego. \u201cMe ha devuelto la vida\u201d, asever\u00f3 Rhys Hibbert, padre de dos hijos.<\/p>\n\t\t\t\t\t\t\t\t\t<\/div>\n\t\t\t<\/div>\n\t\t\t\t\t\t\n\t\t\t\t\t<div class=\"gem-featured-post-btn-box\">\n\t\t\t\t<a id=\"\" href=\"https:\/\/www.elfuerte.cl\/web\/2026\/08\/28\/hombre-britanico-pudo-recuperar-la-vista-gracias-a-la-primera-cirugia-cerebral-guiada-por-ia\/\" class=\"load-more-button gem-button gem-button-size-small gem-button-style-flat gem-button-icon-position-left gem-button-text-weight-normal\">\n\t\t\t\t<span class=\"gem-inner-wrapper-btn\">\n\t\t\t\t\t                \t<span class=\"gem-text-button\">\n\t\t\t\t\t\t<span>Ver M\u00e1s<\/span>\t\t\t\t\t<\/span>\n\t\t\t\t<\/span>\n\t\t\t\t<\/a>\n\t\t\t<\/div>\n\t\t\t<\/div>\n<\/article>\n\n\n\n<article id=\"post-8971\" class=\"slide-item portfolio-item\" style=\"background-image: url(https:\/\/www.elfuerte.cl\/web\/wp-content\/uploads\/2026\/08\/7ff360b8-8881-4bac-9471-5f0217eccd44.jpg)\" data-background=\"url(https:\/\/www.elfuerte.cl\/web\/wp-content\/uploads\/2026\/08\/7ff360b8-8881-4bac-9471-5f0217eccd44.jpg)\">\n\n\t<div class=\"gem-featured-posts-slide-overlay\"><\/div>\n\n\t<div class=\"gem-featured-posts-slide-item\">\n\t\t\t\t\t\t\t<div>\n\t\t\t\t\t\t\t\t\t<span class=\"set\">\n\t\t\t\t<a href=\"https:\/\/www.elfuerte.cl\/web\/category\/actualidad\/\">Actualidad<\/a>, <a href=\"https:\/\/www.elfuerte.cl\/web\/category\/destacados\/\">Destacados<\/a>\t\t\t\t\t<\/span>\n\t\t\t\t\t\t\t<\/div>\n\t\t\n\t\t\t\t\t<h3 class=\"gem-featured-post-title title-h6 light\"><div>Comit\u00e9 de Integraci\u00f3n Los Lagos cierra con propuesta de mecanismo para seguimiento a los acuerdos binacionales<\/div><\/h3>\n\t\t\n\t\t\t\t\t<div class=\"gem-featured-post-excerpt styled-subtitle text-body-tiny\">\n\t\t\t\t<div>\n\t\t\t\t\t\t\t\t\t\t\t<p>Despu\u00e9s de 16 a\u00f1os, la Regi\u00f3n de Los R\u00edos volvi\u00f3 a ser sede del encuentro, que reuni\u00f3 a m\u00e1s de 500 participantes de cinco regiones chilenas y tres provincias argentinas. Entre sus principales resultados destac\u00f3 la propuesta del gobernador Luis Cuvertino, respaldada por las Canciller\u00edas de ambos pa\u00edses, para establecer evaluaciones peri\u00f3dicas de los compromisos alcanzados.<\/p>\n\t\t\t\t\t\t\t\t\t<\/div>\n\t\t\t<\/div>\n\t\t\t\t\t\t\n\t\t\t\t\t<div class=\"gem-featured-post-btn-box\">\n\t\t\t\t<a id=\"\" href=\"https:\/\/www.elfuerte.cl\/web\/2026\/08\/27\/comite-de-integracion-los-lagos-cierra-con-propuesta-de-mecanismo-para-seguimiento-a-los-acuerdos-binacionales\/\" class=\"load-more-button gem-button gem-button-size-small gem-button-style-flat gem-button-icon-position-left gem-button-text-weight-normal\">\n\t\t\t\t<span class=\"gem-inner-wrapper-btn\">\n\t\t\t\t\t                \t<span class=\"gem-text-button\">\n\t\t\t\t\t\t<span>Ver M\u00e1s<\/span>\t\t\t\t\t<\/span>\n\t\t\t\t<\/span>\n\t\t\t\t<\/a>\n\t\t\t<\/div>\n\t\t\t<\/div>\n<\/article>\n\n\n\n\t\t\t<\/div>\n\t\t\t\t\t\t\t\t\n\t\t\t\t\t\t<\/div>\n\t\t\t\t<\/div>\n\t\t<div class=\"elementor-element elementor-element-334259a elementor-hidden-tablet elementor-hidden-mobile thegem-e-con-layout-thegem e-flex e-con-boxed e-con e-parent\" data-id=\"334259a\" data-element_type=\"container\" data-settings=\"{&quot;thegem_container_layout&quot;:&quot;thegem&quot;}\">\r\n\t\t\t\t\t<div class=\"e-con-inner\">\r\n\t\t\t\t<div class=\"elementor-element elementor-element-85506a9 flex-horizontal-align-default flex-horizontal-align-tablet-default flex-horizontal-align-mobile-default flex-vertical-align-default flex-vertical-align-tablet-default flex-vertical-align-mobile-default elementor-widget elementor-widget-layerslider\" data-id=\"85506a9\" data-element_type=\"widget\" data-widget_type=\"layerslider.default\">\n\t\t\t\t<div class=\"elementor-widget-container\">\n\t\t\t\t\t<div id=\"layerslider_3_gk2coqvp54hx\"  class=\"ls-wp-container fitvidsignore\" style=\"width:1280px;height:720px;margin:0 auto;\"><div class=\"ls-slide\" data-ls=\"bgcolor:#d4d2d2;duration:6000;transition2d:5;transitionduration:800;\"><a style=\"\" class=\"ls-l\" href=\"https:\/\/www.instagram.com\/zoomascotas.cl\/\" target=\"_blank\" data-ls=\"autoplay:instant;controls:disabled;muted:enabled;loopmedia:enabled;\"><ls-layer style=\"width:1284px;height:723px;top:-3px;left:0px;\" class=\"ls-media-layer\"><video width=\"1920\" height=\"1080\" preload=\"metadata\" controls playsinline muted><source src=\"https:\/\/www.elfuerte.cl\/web\/wp-content\/uploads\/2026\/01\/zoobig.mp4\" type=\"video\/mp4\" \/><\/video><\/ls-layer><\/a><\/div><div class=\"ls-slide\" data-ls=\"bgcolor:#d4d2d2;duration:7000;transition2d:5;transitionduration:300;\"><a style=\"\" class=\"ls-l\" href=\"https:\/\/martelrayo.cl\" target=\"_blank\" data-ls=\"autoplay:instant;controls:disabled;muted:enabled;loopmedia:enabled;\"><ls-layer style=\"width:1289px;height:725px;top:-2px;left:0px;\" class=\"ls-media-layer\"><video width=\"1920\" height=\"1080\" preload=\"metadata\" controls playsinline muted><source src=\"https:\/\/www.elfuerte.cl\/web\/wp-content\/uploads\/2026\/01\/pmontt-2.mp4\" type=\"video\/mp4\" \/><\/video><\/ls-layer><\/a><\/div><div class=\"ls-slide\" data-ls=\"bgcolor:#d4d2d2;duration:7000;transition2d:5;transitionduration:300;\"><a style=\"\" class=\"ls-l\" href=\"https:\/\/www.salmoboats.cl\/\" target=\"_blank\" data-ls=\"autoplay:instant;controls:disabled;muted:enabled;loopmedia:enabled;\"><ls-layer style=\"width:1307px;height:735px;top:-8px;left:-27px;\" class=\"ls-media-layer\"><video width=\"1920\" height=\"1080\" preload=\"metadata\" controls playsinline muted><source src=\"https:\/\/www.elfuerte.cl\/web\/wp-content\/uploads\/2026\/01\/salmonbingok.mp4\" type=\"video\/mp4\" \/><\/video><\/ls-layer><\/a><\/div><div class=\"ls-slide\" data-ls=\"bgcolor:#d4d2d2;duration:7000;transition2d:5;transitionduration:300;\"><a style=\"\" class=\"ls-l\" href=\"https:\/\/ilmiononno.cl\/\" target=\"_blank\" data-ls=\"autoplay:instant;controls:disabled;muted:enabled;loopmedia:enabled;\"><ls-layer style=\"width:1289px;height:725px;top:0px;left:0px;\" class=\"ls-media-layer\"><video width=\"1920\" height=\"1080\" preload=\"metadata\" controls playsinline muted><source src=\"https:\/\/www.elfuerte.cl\/web\/wp-content\/uploads\/2026\/01\/nono.mp4\" type=\"video\/mp4\" \/><\/video><\/ls-layer><\/a><\/div><\/div>\t\t\t\t<\/div>\n\t\t\t\t<\/div>\n\t\t\t\t\t<\/div>\n\t\t\t\t<\/div>\n\t\t<div class=\"elementor-element elementor-element-3fb7532 elementor-hidden-desktop thegem-e-con-layout-thegem e-flex e-con-boxed e-con e-parent\" data-id=\"3fb7532\" data-element_type=\"container\" data-settings=\"{&quot;thegem_container_layout&quot;:&quot;thegem&quot;}\">\r\n\t\t\t\t\t<div class=\"e-con-inner\">\r\n\t\t\t\t<div class=\"elementor-element elementor-element-2fa8ab8 flex-horizontal-align-default flex-horizontal-align-tablet-default flex-horizontal-align-mobile-default flex-vertical-align-default flex-vertical-align-tablet-default flex-vertical-align-mobile-default elementor-widget elementor-widget-layerslider\" data-id=\"2fa8ab8\" data-element_type=\"widget\" data-widget_type=\"layerslider.default\">\n\t\t\t\t<div class=\"elementor-widget-container\">\n\t\t\t\t\t<div id=\"layerslider_4_tnz01o1hqmz3\"  class=\"ls-wp-container fitvidsignore\" style=\"width:578px;height:450px;margin:0 auto;\"><div class=\"ls-slide\" data-ls=\"bgcolor:#d4d2d2;duration:6000;transition2d:2;transitionduration:300;\"><a style=\"\" class=\"ls-l\" href=\"https:\/\/www.instagram.com\/zoomascotas.cl\/\" target=\"_blank\" data-ls=\"autoplay:instant;showinfo:disabled;controls:disabled;muted:enabled;loopmedia:enabled;\"><ls-layer style=\"width:578px;height:450px;\" class=\"ls-media-layer\"><video width=\"578\" height=\"450\" preload=\"metadata\" controls playsinline muted><source src=\"https:\/\/www.elfuerte.cl\/web\/wp-content\/uploads\/2026\/01\/bannersmallzoo.mp4\" type=\"video\/mp4\" \/><\/video><\/ls-layer><\/a><\/div><div class=\"ls-slide\" data-ls=\"bgcolor:#d4d2d2;duration:7000;transition2d:2;transitionduration:300;\"><a style=\"\" class=\"ls-l\" href=\"https:\/\/martelrayo.cl\/\" target=\"_blank\" data-ls=\"autoplay:instant;showinfo:disabled;controls:disabled;muted:enabled;loopmedia:enabled;\"><ls-layer style=\"width:578px;height:450px;\" class=\"ls-media-layer\"><video width=\"578\" height=\"450\" preload=\"metadata\" controls playsinline muted><source src=\"https:\/\/www.elfuerte.cl\/web\/wp-content\/uploads\/2026\/01\/pmontt-small.mp4\" type=\"video\/mp4\" \/><\/video><\/ls-layer><\/a><\/div><div class=\"ls-slide\" data-ls=\"bgcolor:#d4d2d2;duration:7000;transition2d:2;transitionduration:300;\"><a style=\"\" class=\"ls-l\" href=\"https:\/\/www.salmoboats.cl\/\" target=\"_blank\" data-ls=\"autoplay:instant;showinfo:disabled;controls:disabled;muted:enabled;loopmedia:enabled;\"><ls-layer style=\"width:578px;height:450px;\" class=\"ls-media-layer\"><video width=\"578\" height=\"450\" preload=\"metadata\" controls playsinline muted><source src=\"https:\/\/www.elfuerte.cl\/web\/wp-content\/uploads\/2026\/01\/salmonsmall.mp4\" type=\"video\/mp4\" \/><\/video><\/ls-layer><\/a><\/div><div class=\"ls-slide\" data-ls=\"bgcolor:#d4d2d2;duration:7000;transition2d:2;transitionduration:300;\"><a style=\"\" class=\"ls-l\" href=\"https:\/\/ilmiononno.cl\/\" target=\"_blank\" data-ls=\"autoplay:instant;showinfo:disabled;controls:disabled;muted:enabled;loopmedia:enabled;\"><ls-layer style=\"width:578px;height:450px;\" class=\"ls-media-layer\"><video width=\"578\" height=\"450\" preload=\"metadata\" controls playsinline muted><source src=\"https:\/\/www.elfuerte.cl\/web\/wp-content\/uploads\/2026\/01\/nonosmall.mp4\" type=\"video\/mp4\" \/><\/video><\/ls-layer><\/a><\/div><\/div>\t\t\t\t<\/div>\n\t\t\t\t<\/div>\n\t\t\t\t\t<\/div>\n\t\t\t\t<\/div>\n\t\t\t\t\t<\/div>\n\t\t<\/div>\n\t\t\t\t\t<\/div><\/div>\r\n\t\t<\/section>\r\n\t\t\t\t<section class=\"elementor-section elementor-top-section elementor-element elementor-element-681db88 elementor-section-boxed elementor-section-height-default elementor-section-height-default\" data-id=\"681db88\" data-element_type=\"section\">\r\n\t\t\t\t\t\t<div class=\"elementor-container elementor-column-gap-thegem\"><div class=\"elementor-row\">\r\n\t\t\t\t\t<div class=\"elementor-column elementor-col-66 elementor-top-column elementor-element elementor-element-34da785\" data-id=\"34da785\" data-element_type=\"column\">\n\t\t\t<div class=\"elementor-widget-wrap elementor-element-populated\">\n\t\t\t\t\t\t<div class=\"elementor-element elementor-element-e284a23 flex-horizontal-align-default flex-horizontal-align-tablet-default flex-horizontal-align-mobile-default flex-vertical-align-default flex-vertical-align-tablet-default flex-vertical-align-mobile-default elementor-widget elementor-widget-thegem-styledimage\" data-id=\"e284a23\" data-element_type=\"widget\" data-settings=\"{&quot;thegem_elementor_preset&quot;:&quot;style-2&quot;,&quot;image&quot;:{&quot;url&quot;:&quot;https:\\\/\\\/elfuerte.cl\\\/web\\\/wp-content\\\/uploads\\\/2026\\\/01\\\/banner1.jpg&quot;,&quot;id&quot;:3214,&quot;size&quot;:&quot;&quot;,&quot;alt&quot;:&quot;&quot;,&quot;source&quot;:&quot;library&quot;},&quot;image_position&quot;:&quot;left&quot;}\" data-widget_type=\"thegem-styledimage.default\">\n\t\t\t\t<div class=\"elementor-widget-container\">\n\t\t\t\t\t\n<div class=\"styled-image-wrapper\">\n\t\t\t<div class=\"gem-image gem-wrapbox gem-wrapbox-style-2 gem-wrapbox-position-left lazy-loading \">\n\t\t\t<div class=\"gem-wrapbox-inner  lazy-loading-item\"  data-ll-effect=\"move-up\">\n\t\t\t\t\t\t\t\t\t<img class=\"gem-wrapbox-element img-responsive \"\n\t\t\t\t\t\t src=\"https:\/\/www.elfuerte.cl\/web\/wp-content\/uploads\/2026\/01\/banner1.jpg\"\n\t\t\t\t\t\t alt=\"banner1\">\n\t\t\t\t\t\t\t\t<\/div>\n\t\t<\/div>\n\t\t<\/div>\n\n\n\t\n\t\t\t\t\t\t<\/div>\n\t\t\t\t<\/div>\n\t\t\t\t<section class=\"elementor-section elementor-inner-section elementor-element elementor-element-3a1ff83 elementor-section-full_width elementor-section-height-min-height elementor-section-content-bottom elementor-section-height-default\" data-id=\"3a1ff83\" data-element_type=\"section\">\r\n\t\t\t\t\t\t<div class=\"elementor-container elementor-column-gap-no\"><div class=\"elementor-row\">\r\n\t\t\t\t\t<div class=\"elementor-column elementor-col-100 elementor-inner-column elementor-element elementor-element-831cb05\" data-id=\"831cb05\" data-element_type=\"column\">\n\t\t\t<div class=\"elementor-widget-wrap elementor-element-populated\">\n\t\t\t\t\t\t<div class=\"elementor-element elementor-element-95ec9e4 elementor-widget__width-auto elementor-absolute flex-horizontal-align-default flex-horizontal-align-tablet-default flex-horizontal-align-mobile-default flex-vertical-align-default flex-vertical-align-tablet-default flex-vertical-align-mobile-default elementor-widget elementor-widget-heading\" data-id=\"95ec9e4\" data-element_type=\"widget\" data-settings=\"{&quot;_position&quot;:&quot;absolute&quot;}\" data-widget_type=\"heading.default\">\n\t\t\t\t\t<div class=\"title-h2 elementor-heading-title elementor-size-default\">Actualidad<\/div>\t\t\t\t<\/div>\n\t\t\t\t<div class=\"elementor-element elementor-element-aa20d0c elementor-hidden-phone flex-horizontal-align-default flex-horizontal-align-tablet-default flex-horizontal-align-mobile-default flex-vertical-align-default flex-vertical-align-tablet-default flex-vertical-align-mobile-default elementor-widget elementor-widget-heading\" data-id=\"aa20d0c\" data-element_type=\"widget\" data-widget_type=\"heading.default\">\n\t\t\t\t\t<div class=\"title-xlarge elementor-heading-title elementor-size-default\">Actualidad<\/div>\t\t\t\t<\/div>\n\t\t\t\t\t<\/div>\n\t\t<\/div>\n\t\t\t\t\t<\/div><\/div>\r\n\t\t<\/section>\r\n\t\t\t\t<div class=\"elementor-element elementor-element-08f94ee flex-horizontal-align-default flex-horizontal-align-tablet-default flex-horizontal-align-mobile-default flex-vertical-align-default flex-vertical-align-tablet-default flex-vertical-align-mobile-default elementor-widget elementor-widget-thegem-extended-blog-grid\" data-id=\"08f94ee\" data-element_type=\"widget\" data-settings=\"{&quot;thegem_elementor_preset&quot;:&quot;new&quot;,&quot;columns&quot;:&quot;2x&quot;,&quot;categories&quot;:[&quot;destacados&quot;],&quot;caption_position&quot;:&quot;hover&quot;,&quot;items_per_page&quot;:6,&quot;loading_animation&quot;:&quot;yes&quot;,&quot;animation_effect&quot;:&quot;move-up&quot;,&quot;image_hover_effect&quot;:&quot;horizontal-sliding&quot;,&quot;thegem_custom_css&quot;:&quot;.portfolio-item .image .overlay .links a.share i.default:before {\\r\\n    position: relative;\\r\\n    top: -2px;\\r\\n}&quot;,&quot;portfolio_uid&quot;:&quot;08f94ee&quot;,&quot;filters_text_labels_clear_text&quot;:&quot;Clear Filters&quot;,&quot;not_found_text&quot;:&quot;No items were found matching your selection&quot;,&quot;sorting_extended_text&quot;:&quot;Default sorting&quot;,&quot;sorting_extended_dropdown_title_text&quot;:&quot;Sort by title (A-Z)&quot;,&quot;sorting_extended_dropdown_title_desc_text&quot;:&quot;Sort by title (Z-A)&quot;,&quot;sorting_extended_dropdown_latest_text&quot;:&quot;Sort by latest&quot;,&quot;sorting_extended_dropdown_oldest_text&quot;:&quot;Sort by oldest&quot;,&quot;exclude_blog_posts_type&quot;:&quot;term&quot;,&quot;exclude_blog_posts_terms&quot;:[&quot;category|101&quot;,&quot;category|157&quot;],&quot;additional_meta_click_behavior&quot;:&quot;filtering&quot;,&quot;skin_source&quot;:&quot;default&quot;,&quot;layout&quot;:&quot;justified&quot;,&quot;columns_tablet&quot;:&quot;2x&quot;,&quot;columns_mobile&quot;:&quot;1x&quot;,&quot;image_size&quot;:&quot;default&quot;,&quot;image_ratio_default&quot;:{&quot;unit&quot;:&quot;px&quot;,&quot;size&quot;:&quot;&quot;,&quot;sizes&quot;:[]},&quot;query_type&quot;:&quot;post&quot;,&quot;source&quot;:[&quot;categories&quot;],&quot;order_by&quot;:&quot;default&quot;,&quot;order&quot;:&quot;default&quot;,&quot;blog_show_title&quot;:&quot;yes&quot;,&quot;blog_show_description&quot;:&quot;yes&quot;,&quot;blog_show_date&quot;:&quot;yes&quot;,&quot;blog_show_categories&quot;:&quot;yes&quot;,&quot;additional_meta_type&quot;:&quot;taxonomies&quot;,&quot;additional_meta_taxonomies&quot;:&quot;category&quot;,&quot;blog_show_likes&quot;:&quot;yes&quot;,&quot;filter_type&quot;:&quot;default&quot;,&quot;filter_style&quot;:&quot;buttons&quot;,&quot;search_by&quot;:&quot;content&quot;,&quot;social_sharing&quot;:&quot;yes&quot;,&quot;sharing_icon&quot;:{&quot;value&quot;:&quot;&quot;,&quot;library&quot;:&quot;&quot;},&quot;shares_show_facebook&quot;:&quot;yes&quot;,&quot;shares_show_twitter&quot;:&quot;yes&quot;,&quot;shares_show_pinterest&quot;:&quot;yes&quot;,&quot;shares_show_tumblr&quot;:&quot;yes&quot;,&quot;shares_show_linkedin&quot;:&quot;yes&quot;,&quot;shares_show_reddit&quot;:&quot;yes&quot;,&quot;ignore_sticky_posts&quot;:&quot;yes&quot;,&quot;ajax_preloader_type&quot;:&quot;default&quot;,&quot;image_gaps&quot;:{&quot;unit&quot;:&quot;px&quot;,&quot;size&quot;:42,&quot;sizes&quot;:[]},&quot;image_gaps_tablet&quot;:{&quot;unit&quot;:&quot;px&quot;,&quot;size&quot;:&quot;&quot;,&quot;sizes&quot;:[]},&quot;image_gaps_mobile&quot;:{&quot;unit&quot;:&quot;px&quot;,&quot;size&quot;:&quot;&quot;,&quot;sizes&quot;:[]},&quot;blog_title_preset&quot;:&quot;default&quot;,&quot;title_tag&quot;:&quot;div&quot;,&quot;blog_description_preset&quot;:&quot;default&quot;,&quot;likes_icon&quot;:{&quot;value&quot;:&quot;&quot;,&quot;library&quot;:&quot;&quot;},&quot;caption_container_preset&quot;:&quot;transparent&quot;,&quot;pagination_arrows_left_icon&quot;:{&quot;value&quot;:&quot;&quot;,&quot;library&quot;:&quot;&quot;},&quot;pagination_arrows_right_icon&quot;:{&quot;value&quot;:&quot;&quot;,&quot;library&quot;:&quot;&quot;},&quot;readmore_button_type&quot;:&quot;outline&quot;,&quot;readmore_button_size&quot;:&quot;default&quot;}\" data-widget_type=\"thegem-extended-blog-grid.default\">\n\t\t\t\t<div class=\"elementor-widget-container\">\n\t\t\t\t\t<div class=\"preloader save-space\"><div class=\"preloader-spin\"><\/div><\/div>\t\t\t<div class=\"portfolio-preloader-wrapper\">\n\n\t\t\t\t\n\t\t\t\t<div class=\"portfolio portfolio-grid extended-portfolio-grid news-grid no-padding portfolio-pagination-disabled portfolio-style-justified background-style-transparent hover-new-horizontal-sliding title-on-hover caption-position-hover version-new  loading-animation item-animation-move-up      columns-tablet-2 columns-mobile-1 hover-new-horizontal-sliding hover-title  columns-2             \" id=\"style-08f94ee\" data-style-uid=\"08f94ee\" data-portfolio-uid=\"08f94ee\" data-current-page=\"1\" data-per-page=\"6\" data-next-page=\"2\" data-pages-count=\"95\" data-hover=\"new-horizontal-sliding\" data-portfolio-filter=\"[]\" data-portfolio-filter-attributes=\"null\" data-portfolio-filter-status=\"null\" data-portfolio-filter-price=\"null\" data-portfolio-filter-search=\"\">\n\t\t\t\t\t\n\t\t\t\t\t<div class=\"portfolio-row-outer \">\n\n\t\t\t\t\t\t\t\t\t\t\t\t\t\t\t\t\t\t\t\t\t\t\t<div class=\"portfolio-top-panel filter-type-default selected-only\">\n\t\t\t\t\t\t\t\t\t\t\t\t\t\t\t\t\t\t\t\t<div class=\"portfolio-top-panel-row filter-style-buttons\">\n\t\t\t\t\t\t\t\t\t\t\t\t\t\t\t\t\t\t\t\t\t\t\t<div class=\"portfolio-top-panel-left\"><div class=\"portfolio-filter-item portfolio-selected-filters  \">\n\t<div class=\"portfolio-selected-filter-item clear-filters\">\n\t\tClear Filters\t<\/div>\n\t<\/div>\t\t\t\t\t\t\t\t\t\t\t\t<\/div>\n\t\t\t\t\t\t\t\t\t\t\t\t\t\t\t\t\t\t\t\t\t\t\t\t\t\t\t\t\t\t\t\t\t\t<div class=\"portfolio-top-panel-right\">\n\t\t\t\t\t\t\t\t\t\t\t\t\t\n\t\t\t\t\t\t\t\t\t\t\t\t\t\t\t\t\t\t\t\t\t\t\t\t\t<\/div>\n\t\t\t\t\t\t\t\t\t\t\t\t\t\t\t\t\t\t\t\t\t<\/div>\n\t\t\t\t\t\t\t\t\t\t\t\t\t\t\t\t\t\t\t<\/div>\n\t\t\t\t\t\t\t\t\n\t\t\t\t\t\t\t\t<div class=\"row portfolio-row\">\n\t\t\t\t\t\t\t\t\t<div class=\"portfolio-set clearfix\"\n\t\t\t\t\t\t\t\t\t\t data-max-row-height=\"\">\n\t\t\t\t\t\t\t\t\t\t\t<div class=\"portfolio-item actualidad destacados col-xs-12 col-sm-6 col-md-6 bigger item-animations-not-inited before-start post-has-author appearance-type- post-9057 post type-post status-publish format-standard has-post-thumbnail category-actualidad category-destacados tag-entrelagos tag-inacap tag-oncosur tag-primera-fiesta-del-chocolate\" style=\"padding: calc(42px\/2)\" data-default-sort=\"1\" data-sort-date=\"1788020890\">\r\n\t\t\t\t\t\r\n\t\t\t<div class=\"wrap clearfix\">\r\n\t\t\t\t\t\t\t\t\t\t\t\t\t<div class=\"image post-9057 post type-post status-publish format-standard has-post-thumbnail category-actualidad category-destacados tag-entrelagos tag-inacap tag-oncosur tag-primera-fiesta-del-chocolate\">\r\n\t\t\t\t\t\t<div class=\"image-inner \">\r\n\r\n\t\t\t\t\t\t\t\t\t<picture>\n\t\t\t\t\t\t<img src=\"https:\/\/www.elfuerte.cl\/web\/wp-content\/uploads\/2026\/08\/transparent-thegem-product-justified-square-xl.png\" width=\"700\" height=\"700\"  class=\"attachment-thegem-product-justified-square-xl\" alt=\"Valdivia tendr\u00e1 su primera Fiesta del Chocolate con un cisne de 400 kilos y un fin solidario\" style=\"max-width: 110%\" \/>\n\t\t<\/picture>\n\t\t<div class=\"post-featured-content\"><a href=\"https:\/\/www.elfuerte.cl\/web\/2026\/08\/29\/valdivia-tendra-su-primera-fiesta-del-chocolate-con-un-cisne-de-400-kilos-y-un-fin-solidario\/\">\t\t<picture>\n\t\t\t\t\t\t\t\t\t\t\t\t\t\t\t\t\t<source srcset=\"https:\/\/www.elfuerte.cl\/web\/wp-content\/uploads\/2026\/08\/49fca151-6558-4eb4-8fc7-506d26d13e71.png 1x\"   sizes=\"100vw\">\n\t\t\t\t\t\t\t<img src=\"https:\/\/www.elfuerte.cl\/web\/wp-content\/uploads\/2026\/08\/49fca151-6558-4eb4-8fc7-506d26d13e71.png\" width=\"1536\" height=\"1024\"  class=\"img-responsive\" alt=\"49fca151-6558-4eb4-8fc7-506d26d13e71\" \/>\n\t\t<\/picture>\n\t\t<\/a><\/div>\t\t\t\t\t\t<\/div>\r\n\r\n\t\t\t\t\t\t\t\t\t\t\t\t\t<div class=\"overlay\">\r\n\t\t\t\t\t\t\t\t<div class=\"overlay-circle\"><\/div>\r\n\r\n\t\t\t\t\t\t\t\t<div class=\"links-wrapper\">\r\n\t\t\t\t\t\t\t\t\t<div class=\"links\">\r\n\t\t\t\t\t\t\t\t\t\t<div class=\"caption\">\r\n\t\t\t\t\t\t\t\t\t\t\t<a href=\"https:\/\/www.elfuerte.cl\/web\/2026\/08\/29\/valdivia-tendra-su-primera-fiesta-del-chocolate-con-un-cisne-de-400-kilos-y-un-fin-solidario\/\" class=\"portfolio-item-link\">\r\n\t\t\t\t\t\t\t\t\t\t\t\t<span class=\"screen-reader-text\">Valdivia tendr\u00e1 su primera Fiesta del Chocolate con un cisne de 400 kilos y un fin solidario<\/span>\r\n\t\t\t\t\t\t\t\t\t\t\t<\/a>\r\n\r\n\t\t\t\t\t\t\t\t\t\t\t\t\t\t\t\t\t\t\t\t\t\t\t\r\n\t\t\t\t\t\t\t\t\t\t\t\t\t\t\t\t\t\t\t\t\t\t\t\r\n\t\t\t\t\t\t\t\t\t\t\t\r\n\t\t\t\t\t\t\t\t\t\t\t\t\t\t\t\t\t\t\t\t\t\t\t<div class=\"slide-content\">\r\n\t\t\t\t\t\t\t\t\t\t\t\t\t<div class=\"slide-content-visible\">\r\n\t\t\t\t\t\t\t\t\t\t\t\t\t\t\r\n\t\t\t\t\t\t\t\t\t\t\t\t\t\t\r\n\t\t\t\t\t\t\t\t\t\t\t\t\t\t\t\t\t\t\t\t\t\t\t\t\t\t\t\t\t\t\t\t\t\t\t\t\t\t\t\t\t\t\t\r\n\t\t\t\t\t\t\t\t\t\t\t\t\t\t\t\t\t\t\t\t\t\t\t\t\t\t\t\t\t<div class=\"title\">\r\n\t\t\t\t\t\t\t\t\t\t\t\t\t\t\t\t<span class=\"title-h5 \">Valdivia tendr\u00e1 su primera Fiesta del Chocolate con un cisne de 400 kilos y un fin solidario<\/span>\t\t\t\t\t\t\t\t\t\t\t\t\t\t\t<\/div>\r\n\t\t\t\t\t\t\t\t\t\t\t\t\t\t\r\n\t\t\t\t\t\t\t\t\t\t\t\t\t\t\r\n\t\t\t\t\t\t\t\t\t\t\t\t\t\t\t\t\t\t\t\t\t\t\t\t\t\t\t<\/div>\r\n\r\n\t\t\t\t\t\t\t\t\t\t\t\t\t<div class=\"slide-content-hidden\">\r\n\t\t\t\t\t\t\t\t\t\t\t\t\t\t\r\n\t\t\t\t\t\t\t\t\t\t\t\t\t\t\r\n\t\t\t\t\t\t\t\t\t\t\t\t\t\t\t\t\t\t\t\t\t\t\t\t\t\t\t\t\t\t\t\t\t\t\t\t\t\t\t\t\t\t\t\r\n\t\t\t\t\t\t\t\t\t\t\t\t\t\t\t\t\t\t\t<div class=\"info\">\n\t\t\t\t<a class=\"additional-meta\" data-filter-type=\"taxonomies\" data-attr=\"category\" data-filter=\"actualidad\">Actualidad<\/a><span class=\"sep\"><\/span> <a class=\"additional-meta\" data-filter-type=\"taxonomies\" data-attr=\"category\" data-filter=\"destacados\">Destacados<\/a>\t\t\t\t\t<\/div>\n\t\t\t\t\r\n\t\t\t\t\t\t\t\t\t\t\t\t\t\t\t\t\t\t\t\t\t\t\t\t\t\t\t\t\t<div class=\"description\">\r\n\t\t\t\t\t\t\t\t\t\t\t\t\t\t\t\t<div class=\"subtitle\">\r\n\t\t\t\t\t\t\t\t\t\t\t\t\t\t\t\t\t<span class=\"text-body\"><p>El encuentro se realizar\u00e1 los d\u00edas 4, 5 y 6 de septiembre en Casino Dreams y tendr\u00e1 como gran protagonista una monumental escultura de un cisne, figura que ser\u00e1 elaborada con chocolate donado por Entrelagos, en el a\u00f1o de su 50\u00ba aniversario. La venta de sus porciones permitir\u00e1 recaudar recursos para Fundaci\u00f3n Oncosur y su trabajo con ni\u00f1os y familias que enfrentan el c\u00e1ncer.<\/p>\n<\/span>\r\n\t\t\t\t\t\t\t\t\t\t\t\t\t\t\t\t<\/div>\r\n\t\t\t\t\t\t\t\t\t\t\t\t\t\t\t<\/div>\r\n\t\t\t\t\t\t\t\t\t\t\t\t\t\t\r\n\t\t\t\t\t\t\t\t\t\t\t\t\t\t\r\n\t\t\t\t\t\t\t\t\t\t\t\t\t\t\r\n\t\t\t\t\t\t\t\t\t\t\t\t\t\t\t\t\t\t\t\t\t\t\t\t\t\t\t\t\t\n\t\t<div class=\"grid-post-meta clearfix \">\n\t\t\t<div class=\"grid-post-meta-inner\">\n\t\t\t\t\t\t\t\t\t<div class=\"grid-post-share\">\n\t\t\t\t\t\t<a href=\"javascript: void(0);\" class=\"icon share\">\n\t\t\t\t\t\t\t\t\t\t\t\t\t\t\t<i class=\"default\"><\/i>\n\t\t\t\t\t\t\t\t\t\t\t\t\t<\/a>\n\t\t\t\t\t<\/div>\n\t\t\t\t\n\t\t\t\t<div class=\"grid-post-meta-comments-likes\">\n\t\t\t\t\t\n\t\t\t\t\t<span class=\"post-meta-likes\">\t\t\t\t\t\t\t<i class=\"default\"><\/i>\n\t\t\t\t\t\t<a href=\"#\" class=\"zilla-likes\" id=\"zilla-likes-9057\" title=\"Like this\"><span class=\"zilla-likes-count\">0<\/span> <span class=\"zilla-likes-postfix\"><\/span><\/a><\/span>\t\t\t\t<\/div>\n\n\t\t\t\t\t\t\t\t\t<div class=\"portfolio-sharing-pane\">\r\n<div class=\"socials-sharing socials socials-colored-hover \">\r\n\t        <a class=\"socials-item\" target=\"_blank\"\r\n           href=\"https:\/\/www.facebook.com\/sharer\/sharer.php?u=https%3A%2F%2Fwww.elfuerte.cl%2Fweb%2F2026%2F08%2F29%2Fvaldivia-tendra-su-primera-fiesta-del-chocolate-con-un-cisne-de-400-kilos-y-un-fin-solidario%2F\"\r\n           title=\"Facebook\"><i class=\"socials-item-icon facebook\"><\/i><\/a>\r\n\t\t        <a class=\"socials-item\" target=\"_blank\"\r\n           href=\"https:\/\/twitter.com\/intent\/tweet?text=Valdivia+tendr%C3%A1+su+primera+Fiesta+del+Chocolate+con+un+cisne+de+400+kilos+y+un+fin+solidario&#038;url=https%3A%2F%2Fwww.elfuerte.cl%2Fweb%2F2026%2F08%2F29%2Fvaldivia-tendra-su-primera-fiesta-del-chocolate-con-un-cisne-de-400-kilos-y-un-fin-solidario%2F\"\r\n           title=\"Twitter\"><i class=\"socials-item-icon twitter\"><\/i><\/a>\r\n\t\t        <a class=\"socials-item\" target=\"_blank\"\r\n           href=\"https:\/\/pinterest.com\/pin\/create\/button\/?url=https%3A%2F%2Fwww.elfuerte.cl%2Fweb%2F2026%2F08%2F29%2Fvaldivia-tendra-su-primera-fiesta-del-chocolate-con-un-cisne-de-400-kilos-y-un-fin-solidario%2F&#038;description=Valdivia+tendr%C3%A1+su+primera+Fiesta+del+Chocolate+con+un+cisne+de+400+kilos+y+un+fin+solidario&#038;media=https%3A%2F%2Fwww.elfuerte.cl%2Fweb%2Fwp-content%2Fuploads%2F2026%2F08%2F49fca151-6558-4eb4-8fc7-506d26d13e71.png\"\r\n           title=\"Pinterest\"><i class=\"socials-item-icon pinterest\"><\/i><\/a>\r\n\t\t        <a class=\"socials-item\" target=\"_blank\"\r\n           href=\"http:\/\/tumblr.com\/widgets\/share\/tool?canonicalUrl=https%3A%2F%2Fwww.elfuerte.cl%2Fweb%2F2026%2F08%2F29%2Fvaldivia-tendra-su-primera-fiesta-del-chocolate-con-un-cisne-de-400-kilos-y-un-fin-solidario%2F\"\r\n           title=\"Tumblr\"><i class=\"socials-item-icon tumblr\"><\/i><\/a>\r\n\t\t        <a class=\"socials-item\" target=\"_blank\"\r\n           href=\"https:\/\/www.linkedin.com\/shareArticle?mini=true&#038;url=https%3A%2F%2Fwww.elfuerte.cl%2Fweb%2F2026%2F08%2F29%2Fvaldivia-tendra-su-primera-fiesta-del-chocolate-con-un-cisne-de-400-kilos-y-un-fin-solidario%2F&#038;title=Valdivia+tendr%C3%A1+su+primera+Fiesta+del+Chocolate+con+un+cisne+de+400+kilos+y+un+fin+solidario&amp;summary=El+encuentro+se+realizar%C3%A1+los+d%C3%ADas+4%2C+5+y+6+de+septiembre+en+Casino+Dreams+y+tendr%C3%A1+como+gran+protagonista+una+monumental+escultura+de+un+cisne%2C+figura+que+ser%C3%A1+elaborada+con+chocolate+donado+por+Entrelagos%2C+en+el+a%C3%B1o+de+su+50%C2%BA+aniversario.+La+venta+de+sus+porciones+permitir%C3%A1+recaudar+recursos+para+Fundaci%C3%B3n+Oncosur+y+su+trabajo+con+ni%C3%B1os+y+familias+que+enfrentan+el+c%C3%A1ncer.\"\r\n           title=\"LinkedIn\"><i class=\"socials-item-icon linkedin\"><\/i><\/a>\r\n\t\t        <a class=\"socials-item\" target=\"_blank\"\r\n           href=\"https:\/\/www.reddit.com\/submit?url=https%3A%2F%2Fwww.elfuerte.cl%2Fweb%2F2026%2F08%2F29%2Fvaldivia-tendra-su-primera-fiesta-del-chocolate-con-un-cisne-de-400-kilos-y-un-fin-solidario%2F&#038;title=Valdivia+tendr%C3%A1+su+primera+Fiesta+del+Chocolate+con+un+cisne+de+400+kilos+y+un+fin+solidario\"\r\n           title=\"Reddit\"><i class=\"socials-item-icon reddit\"><\/i><\/a>\r\n\t<\/div>\r\n<\/div>\n\t\t\t\t\t\t\t<\/div>\n\t\t<\/div>\n\n\t\t\t\t\t\t\t\t\t\t\t\t\t\t\t\t\t\t\t\t\t\t\t\t\t\t\t\t\t<\/div>\r\n\t\t\t\t\t\t\t\t\t\t\t\t<\/div>\r\n\r\n\t\t\t\t\t\t\t\t\t\t\t\t\r\n\t\t\t\t\t\t\t\t\t\t\t\t\r\n\t\t\t\t\t\t\t\t\t\t\t\t\t\t\t\t\t\t\t\t\t\t\t\t\t<div class=\"post-date\">29\/08\/2026<\/div>\r\n\t\t\t\t\t\t\t\t\t\t\t\t\r\n\t\t\t\t\t\t\t\t\t\t\t\t\t\t\t\t\t\t\t\t\t<\/div>\r\n\t\t\t\t\t\t\t\t\t<\/div>\r\n\t\t\t\t\t\t\t\t<\/div>\r\n\t\t\t\t\t\t\t<\/div>\r\n\t\t\t\t\t\t\t\t\t\t\t<\/div>\r\n\t\t\t\t\r\n\t\t\t\t\t\t\t<\/div>\r\n\t\t\t\t<\/div>\r\n\t<div class=\"portfolio-item actualidad destacados col-xs-12 col-sm-6 col-md-6 bigger item-animations-not-inited before-start post-has-author appearance-type- post-9044 post type-post status-publish format-standard has-post-thumbnail category-actualidad category-destacados tag-acuerdo tag-comite-de-integracion tag-lios-rios tag-neuquen\" style=\"padding: calc(42px\/2)\" data-default-sort=\"1\" data-sort-date=\"1787949893\">\r\n\t\t\t\t\t\r\n\t\t\t<div class=\"wrap clearfix\">\r\n\t\t\t\t\t\t\t\t\t\t\t\t\t<div class=\"image post-9044 post type-post status-publish format-standard has-post-thumbnail category-actualidad category-destacados tag-acuerdo tag-comite-de-integracion tag-lios-rios tag-neuquen\">\r\n\t\t\t\t\t\t<div class=\"image-inner \">\r\n\r\n\t\t\t\t\t\t\t\t\t<picture>\n\t\t\t\t\t\t<img src=\"https:\/\/www.elfuerte.cl\/web\/wp-content\/uploads\/2026\/08\/transparent-thegem-product-justified-square-xl.png\" width=\"700\" height=\"700\"  class=\"attachment-thegem-product-justified-square-xl\" alt=\"Comit\u00e9 de Integraci\u00f3n abre nueva alianza comercial entre empresarios de Los R\u00edos y Neuqu\u00e9n\" style=\"max-width: 110%\" \/>\n\t\t<\/picture>\n\t\t<div class=\"post-featured-content\"><a href=\"https:\/\/www.elfuerte.cl\/web\/2026\/08\/28\/comite-de-integracion-abre-nueva-alianza-comercial-entre-empresarios-de-los-rios-y-neuquen\/\">\t\t<picture>\n\t\t\t\t\t\t\t\t\t\t\t\t\t\t\t\t\t<source srcset=\"https:\/\/www.elfuerte.cl\/web\/wp-content\/uploads\/2026\/08\/portada.png 1x\"   sizes=\"100vw\">\n\t\t\t\t\t\t\t<img src=\"https:\/\/www.elfuerte.cl\/web\/wp-content\/uploads\/2026\/08\/portada.png\" width=\"1536\" height=\"1024\"  class=\"img-responsive\" alt=\"portada\" \/>\n\t\t<\/picture>\n\t\t<\/a><\/div>\t\t\t\t\t\t<\/div>\r\n\r\n\t\t\t\t\t\t\t\t\t\t\t\t\t<div class=\"overlay\">\r\n\t\t\t\t\t\t\t\t<div class=\"overlay-circle\"><\/div>\r\n\r\n\t\t\t\t\t\t\t\t<div class=\"links-wrapper\">\r\n\t\t\t\t\t\t\t\t\t<div class=\"links\">\r\n\t\t\t\t\t\t\t\t\t\t<div class=\"caption\">\r\n\t\t\t\t\t\t\t\t\t\t\t<a href=\"https:\/\/www.elfuerte.cl\/web\/2026\/08\/28\/comite-de-integracion-abre-nueva-alianza-comercial-entre-empresarios-de-los-rios-y-neuquen\/\" class=\"portfolio-item-link\">\r\n\t\t\t\t\t\t\t\t\t\t\t\t<span class=\"screen-reader-text\">Comit\u00e9 de Integraci\u00f3n abre nueva alianza comercial entre empresarios de Los R\u00edos y Neuqu\u00e9n<\/span>\r\n\t\t\t\t\t\t\t\t\t\t\t<\/a>\r\n\r\n\t\t\t\t\t\t\t\t\t\t\t\t\t\t\t\t\t\t\t\t\t\t\t\r\n\t\t\t\t\t\t\t\t\t\t\t\t\t\t\t\t\t\t\t\t\t\t\t\r\n\t\t\t\t\t\t\t\t\t\t\t\r\n\t\t\t\t\t\t\t\t\t\t\t\t\t\t\t\t\t\t\t\t\t\t\t<div class=\"slide-content\">\r\n\t\t\t\t\t\t\t\t\t\t\t\t\t<div class=\"slide-content-visible\">\r\n\t\t\t\t\t\t\t\t\t\t\t\t\t\t\r\n\t\t\t\t\t\t\t\t\t\t\t\t\t\t\r\n\t\t\t\t\t\t\t\t\t\t\t\t\t\t\t\t\t\t\t\t\t\t\t\t\t\t\t\t\t\t\t\t\t\t\t\t\t\t\t\t\t\t\t\r\n\t\t\t\t\t\t\t\t\t\t\t\t\t\t\t\t\t\t\t\t\t\t\t\t\t\t\t\t\t<div class=\"title\">\r\n\t\t\t\t\t\t\t\t\t\t\t\t\t\t\t\t<span class=\"title-h5 \">Comit\u00e9 de Integraci\u00f3n abre nueva alianza comercial entre empresarios de Los R\u00edos y Neuqu\u00e9n<\/span>\t\t\t\t\t\t\t\t\t\t\t\t\t\t\t<\/div>\r\n\t\t\t\t\t\t\t\t\t\t\t\t\t\t\r\n\t\t\t\t\t\t\t\t\t\t\t\t\t\t\r\n\t\t\t\t\t\t\t\t\t\t\t\t\t\t\t\t\t\t\t\t\t\t\t\t\t\t\t<\/div>\r\n\r\n\t\t\t\t\t\t\t\t\t\t\t\t\t<div class=\"slide-content-hidden\">\r\n\t\t\t\t\t\t\t\t\t\t\t\t\t\t\r\n\t\t\t\t\t\t\t\t\t\t\t\t\t\t\r\n\t\t\t\t\t\t\t\t\t\t\t\t\t\t\t\t\t\t\t\t\t\t\t\t\t\t\t\t\t\t\t\t\t\t\t\t\t\t\t\t\t\t\t\r\n\t\t\t\t\t\t\t\t\t\t\t\t\t\t\t\t\t\t\t<div class=\"info\">\n\t\t\t\t<a class=\"additional-meta\" data-filter-type=\"taxonomies\" data-attr=\"category\" data-filter=\"actualidad\">Actualidad<\/a><span class=\"sep\"><\/span> <a class=\"additional-meta\" data-filter-type=\"taxonomies\" data-attr=\"category\" data-filter=\"destacados\">Destacados<\/a>\t\t\t\t\t<\/div>\n\t\t\t\t\r\n\t\t\t\t\t\t\t\t\t\t\t\t\t\t\t\t\t\t\t\t\t\t\t\t\t\t\t\t\t<div class=\"description\">\r\n\t\t\t\t\t\t\t\t\t\t\t\t\t\t\t\t<div class=\"subtitle\">\r\n\t\t\t\t\t\t\t\t\t\t\t\t\t\t\t\t\t<span class=\"text-body\"><p>La Federaci\u00f3n Gremial Regional de C\u00e1maras de Comercio de Los R\u00edos suscribi\u00f3 su primer acuerdo internacional con su contraparte de la provincia argentina. El convenio surgi\u00f3 de los contactos generados durante la 40\u00aa Reuni\u00f3n del Comit\u00e9 de Integraci\u00f3n Los Lagos y proyecta intercambio comercial, beneficios rec\u00edprocos, rondas de negocios y nuevas acciones para fortalecer el turismo entre ambos territorios.<\/p>\n<\/span>\r\n\t\t\t\t\t\t\t\t\t\t\t\t\t\t\t\t<\/div>\r\n\t\t\t\t\t\t\t\t\t\t\t\t\t\t\t<\/div>\r\n\t\t\t\t\t\t\t\t\t\t\t\t\t\t\r\n\t\t\t\t\t\t\t\t\t\t\t\t\t\t\r\n\t\t\t\t\t\t\t\t\t\t\t\t\t\t\r\n\t\t\t\t\t\t\t\t\t\t\t\t\t\t\t\t\t\t\t\t\t\t\t\t\t\t\t\t\t\n\t\t<div class=\"grid-post-meta clearfix \">\n\t\t\t<div class=\"grid-post-meta-inner\">\n\t\t\t\t\t\t\t\t\t<div class=\"grid-post-share\">\n\t\t\t\t\t\t<a href=\"javascript: void(0);\" class=\"icon share\">\n\t\t\t\t\t\t\t\t\t\t\t\t\t\t\t<i class=\"default\"><\/i>\n\t\t\t\t\t\t\t\t\t\t\t\t\t<\/a>\n\t\t\t\t\t<\/div>\n\t\t\t\t\n\t\t\t\t<div class=\"grid-post-meta-comments-likes\">\n\t\t\t\t\t\n\t\t\t\t\t<span class=\"post-meta-likes\">\t\t\t\t\t\t\t<i class=\"default\"><\/i>\n\t\t\t\t\t\t<a href=\"#\" class=\"zilla-likes\" id=\"zilla-likes-9044\" title=\"Like this\"><span class=\"zilla-likes-count\">0<\/span> <span class=\"zilla-likes-postfix\"><\/span><\/a><\/span>\t\t\t\t<\/div>\n\n\t\t\t\t\t\t\t\t\t<div class=\"portfolio-sharing-pane\">\r\n<div class=\"socials-sharing socials socials-colored-hover \">\r\n\t        <a class=\"socials-item\" target=\"_blank\"\r\n           href=\"https:\/\/www.facebook.com\/sharer\/sharer.php?u=https%3A%2F%2Fwww.elfuerte.cl%2Fweb%2F2026%2F08%2F28%2Fcomite-de-integracion-abre-nueva-alianza-comercial-entre-empresarios-de-los-rios-y-neuquen%2F\"\r\n           title=\"Facebook\"><i class=\"socials-item-icon facebook\"><\/i><\/a>\r\n\t\t        <a class=\"socials-item\" target=\"_blank\"\r\n           href=\"https:\/\/twitter.com\/intent\/tweet?text=Comit%C3%A9+de+Integraci%C3%B3n+abre+nueva+alianza+comercial+entre+empresarios+de+Los+R%C3%ADos+y+Neuqu%C3%A9n&#038;url=https%3A%2F%2Fwww.elfuerte.cl%2Fweb%2F2026%2F08%2F28%2Fcomite-de-integracion-abre-nueva-alianza-comercial-entre-empresarios-de-los-rios-y-neuquen%2F\"\r\n           title=\"Twitter\"><i class=\"socials-item-icon twitter\"><\/i><\/a>\r\n\t\t        <a class=\"socials-item\" target=\"_blank\"\r\n           href=\"https:\/\/pinterest.com\/pin\/create\/button\/?url=https%3A%2F%2Fwww.elfuerte.cl%2Fweb%2F2026%2F08%2F28%2Fcomite-de-integracion-abre-nueva-alianza-comercial-entre-empresarios-de-los-rios-y-neuquen%2F&#038;description=Comit%C3%A9+de+Integraci%C3%B3n+abre+nueva+alianza+comercial+entre+empresarios+de+Los+R%C3%ADos+y+Neuqu%C3%A9n&#038;media=https%3A%2F%2Fwww.elfuerte.cl%2Fweb%2Fwp-content%2Fuploads%2F2026%2F08%2Fportada.png\"\r\n           title=\"Pinterest\"><i class=\"socials-item-icon pinterest\"><\/i><\/a>\r\n\t\t        <a class=\"socials-item\" target=\"_blank\"\r\n           href=\"http:\/\/tumblr.com\/widgets\/share\/tool?canonicalUrl=https%3A%2F%2Fwww.elfuerte.cl%2Fweb%2F2026%2F08%2F28%2Fcomite-de-integracion-abre-nueva-alianza-comercial-entre-empresarios-de-los-rios-y-neuquen%2F\"\r\n           title=\"Tumblr\"><i class=\"socials-item-icon tumblr\"><\/i><\/a>\r\n\t\t        <a class=\"socials-item\" target=\"_blank\"\r\n           href=\"https:\/\/www.linkedin.com\/shareArticle?mini=true&#038;url=https%3A%2F%2Fwww.elfuerte.cl%2Fweb%2F2026%2F08%2F28%2Fcomite-de-integracion-abre-nueva-alianza-comercial-entre-empresarios-de-los-rios-y-neuquen%2F&#038;title=Comit%C3%A9+de+Integraci%C3%B3n+abre+nueva+alianza+comercial+entre+empresarios+de+Los+R%C3%ADos+y+Neuqu%C3%A9n&amp;summary=La+Federaci%C3%B3n+Gremial+Regional+de+C%C3%A1maras+de+Comercio+de+Los+R%C3%ADos+suscribi%C3%B3+su+primer+acuerdo+internacional+con+su+contraparte+de+la+provincia+argentina.+El+convenio+surgi%C3%B3+de+los+contactos+generados+durante+la+40%C2%AA+Reuni%C3%B3n+del+Comit%C3%A9+de+Integraci%C3%B3n+Los+Lagos+y+proyecta+intercambio+comercial%2C+beneficios+rec%C3%ADprocos%2C+rondas+de+negocios+y+nuevas+acciones+para+fortalecer+el+turismo+entre+ambos+territorios.\"\r\n           title=\"LinkedIn\"><i class=\"socials-item-icon linkedin\"><\/i><\/a>\r\n\t\t        <a class=\"socials-item\" target=\"_blank\"\r\n           href=\"https:\/\/www.reddit.com\/submit?url=https%3A%2F%2Fwww.elfuerte.cl%2Fweb%2F2026%2F08%2F28%2Fcomite-de-integracion-abre-nueva-alianza-comercial-entre-empresarios-de-los-rios-y-neuquen%2F&#038;title=Comit%C3%A9+de+Integraci%C3%B3n+abre+nueva+alianza+comercial+entre+empresarios+de+Los+R%C3%ADos+y+Neuqu%C3%A9n\"\r\n           title=\"Reddit\"><i class=\"socials-item-icon reddit\"><\/i><\/a>\r\n\t<\/div>\r\n<\/div>\n\t\t\t\t\t\t\t<\/div>\n\t\t<\/div>\n\n\t\t\t\t\t\t\t\t\t\t\t\t\t\t\t\t\t\t\t\t\t\t\t\t\t\t\t\t\t<\/div>\r\n\t\t\t\t\t\t\t\t\t\t\t\t<\/div>\r\n\r\n\t\t\t\t\t\t\t\t\t\t\t\t\r\n\t\t\t\t\t\t\t\t\t\t\t\t\r\n\t\t\t\t\t\t\t\t\t\t\t\t\t\t\t\t\t\t\t\t\t\t\t\t\t<div class=\"post-date\">28\/08\/2026<\/div>\r\n\t\t\t\t\t\t\t\t\t\t\t\t\r\n\t\t\t\t\t\t\t\t\t\t\t\t\t\t\t\t\t\t\t\t\t<\/div>\r\n\t\t\t\t\t\t\t\t\t<\/div>\r\n\t\t\t\t\t\t\t\t<\/div>\r\n\t\t\t\t\t\t\t<\/div>\r\n\t\t\t\t\t\t\t\t\t\t\t<\/div>\r\n\t\t\t\t\r\n\t\t\t\t\t\t\t<\/div>\r\n\t\t\t\t<\/div>\r\n\t<div class=\"portfolio-item actualidad destacados col-xs-12 col-sm-6 col-md-6 bigger item-animations-not-inited before-start post-has-author appearance-type- post-9038 post type-post status-publish format-standard has-post-thumbnail category-actualidad category-destacados tag-evento tag-puerto-montt tag-sur-wine-fest tag-vinas\" style=\"padding: calc(42px\/2)\" data-default-sort=\"1\" data-sort-date=\"1787946843\">\r\n\t\t\t\t\t\r\n\t\t\t<div class=\"wrap clearfix\">\r\n\t\t\t\t\t\t\t\t\t\t\t\t\t<div class=\"image post-9038 post type-post status-publish format-standard has-post-thumbnail category-actualidad category-destacados tag-evento tag-puerto-montt tag-sur-wine-fest tag-vinas\">\r\n\t\t\t\t\t\t<div class=\"image-inner \">\r\n\r\n\t\t\t\t\t\t\t\t\t<picture>\n\t\t\t\t\t\t<img src=\"https:\/\/www.elfuerte.cl\/web\/wp-content\/uploads\/2026\/08\/transparent-thegem-product-justified-square-xl.png\" width=\"700\" height=\"700\"  class=\"attachment-thegem-product-justified-square-xl\" alt=\"Puerto Montt se prepara para recibir a m\u00e1s de 25 vi\u00f1as en la s\u00e9ptima versi\u00f3n de Sur Wines Fest\" style=\"max-width: 110%\" \/>\n\t\t<\/picture>\n\t\t<div class=\"post-featured-content\"><a href=\"https:\/\/www.elfuerte.cl\/web\/2026\/08\/28\/puerto-montt-se-prepara-para-recibir-a-mas-de-25-vinas-en-la-septima-version-de-sur-wines-fest\/\">\t\t<picture>\n\t\t\t\t\t\t\t\t\t\t\t\t\t\t\t\t\t<source srcset=\"https:\/\/www.elfuerte.cl\/web\/wp-content\/uploads\/2026\/08\/219564db-a64b-432e-87df-9ee374cf730d.png 1x\"   sizes=\"100vw\">\n\t\t\t\t\t\t\t<img src=\"https:\/\/www.elfuerte.cl\/web\/wp-content\/uploads\/2026\/08\/219564db-a64b-432e-87df-9ee374cf730d.png\" width=\"1582\" height=\"994\"  class=\"img-responsive\" alt=\"219564db-a64b-432e-87df-9ee374cf730d\" \/>\n\t\t<\/picture>\n\t\t<\/a><\/div>\t\t\t\t\t\t<\/div>\r\n\r\n\t\t\t\t\t\t\t\t\t\t\t\t\t<div class=\"overlay\">\r\n\t\t\t\t\t\t\t\t<div class=\"overlay-circle\"><\/div>\r\n\r\n\t\t\t\t\t\t\t\t<div class=\"links-wrapper\">\r\n\t\t\t\t\t\t\t\t\t<div class=\"links\">\r\n\t\t\t\t\t\t\t\t\t\t<div class=\"caption\">\r\n\t\t\t\t\t\t\t\t\t\t\t<a href=\"https:\/\/www.elfuerte.cl\/web\/2026\/08\/28\/puerto-montt-se-prepara-para-recibir-a-mas-de-25-vinas-en-la-septima-version-de-sur-wines-fest\/\" class=\"portfolio-item-link\">\r\n\t\t\t\t\t\t\t\t\t\t\t\t<span class=\"screen-reader-text\">Puerto Montt se prepara para recibir a m\u00e1s de 25 vi\u00f1as en la s\u00e9ptima versi\u00f3n de Sur Wines Fest<\/span>\r\n\t\t\t\t\t\t\t\t\t\t\t<\/a>\r\n\r\n\t\t\t\t\t\t\t\t\t\t\t\t\t\t\t\t\t\t\t\t\t\t\t\r\n\t\t\t\t\t\t\t\t\t\t\t\t\t\t\t\t\t\t\t\t\t\t\t\r\n\t\t\t\t\t\t\t\t\t\t\t\r\n\t\t\t\t\t\t\t\t\t\t\t\t\t\t\t\t\t\t\t\t\t\t\t<div class=\"slide-content\">\r\n\t\t\t\t\t\t\t\t\t\t\t\t\t<div class=\"slide-content-visible\">\r\n\t\t\t\t\t\t\t\t\t\t\t\t\t\t\r\n\t\t\t\t\t\t\t\t\t\t\t\t\t\t\r\n\t\t\t\t\t\t\t\t\t\t\t\t\t\t\t\t\t\t\t\t\t\t\t\t\t\t\t\t\t\t\t\t\t\t\t\t\t\t\t\t\t\t\t\r\n\t\t\t\t\t\t\t\t\t\t\t\t\t\t\t\t\t\t\t\t\t\t\t\t\t\t\t\t\t<div class=\"title\">\r\n\t\t\t\t\t\t\t\t\t\t\t\t\t\t\t\t<span class=\"title-h5 \">Puerto Montt se prepara para recibir a m\u00e1s de 25 vi\u00f1as en la s\u00e9ptima versi\u00f3n de Sur Wines Fest<\/span>\t\t\t\t\t\t\t\t\t\t\t\t\t\t\t<\/div>\r\n\t\t\t\t\t\t\t\t\t\t\t\t\t\t\r\n\t\t\t\t\t\t\t\t\t\t\t\t\t\t\r\n\t\t\t\t\t\t\t\t\t\t\t\t\t\t\t\t\t\t\t\t\t\t\t\t\t\t\t<\/div>\r\n\r\n\t\t\t\t\t\t\t\t\t\t\t\t\t<div class=\"slide-content-hidden\">\r\n\t\t\t\t\t\t\t\t\t\t\t\t\t\t\r\n\t\t\t\t\t\t\t\t\t\t\t\t\t\t\r\n\t\t\t\t\t\t\t\t\t\t\t\t\t\t\t\t\t\t\t\t\t\t\t\t\t\t\t\t\t\t\t\t\t\t\t\t\t\t\t\t\t\t\t\r\n\t\t\t\t\t\t\t\t\t\t\t\t\t\t\t\t\t\t\t<div class=\"info\">\n\t\t\t\t<a class=\"additional-meta\" data-filter-type=\"taxonomies\" data-attr=\"category\" data-filter=\"actualidad\">Actualidad<\/a><span class=\"sep\"><\/span> <a class=\"additional-meta\" data-filter-type=\"taxonomies\" data-attr=\"category\" data-filter=\"destacados\">Destacados<\/a>\t\t\t\t\t<\/div>\n\t\t\t\t\r\n\t\t\t\t\t\t\t\t\t\t\t\t\t\t\t\t\t\t\t\t\t\t\t\t\t\t\t\t\t<div class=\"description\">\r\n\t\t\t\t\t\t\t\t\t\t\t\t\t\t\t\t<div class=\"subtitle\">\r\n\t\t\t\t\t\t\t\t\t\t\t\t\t\t\t\t\t<span class=\"text-body\"><p>El encuentro se realizar\u00e1 este s\u00e1bado 29 de agosto en el Centro de Vinculaci\u00f3n Ciudad Puerto Empormontt y combinar\u00e1 la presencia de vi\u00f1as nacionales con gastronom\u00eda local, arte, cultura y promoci\u00f3n tur\u00edstica, consolid\u00e1ndose como uno de los eventos en torno al vino m\u00e1s relevantes que se desarrollan en la capital regional de Los Lagos.<\/p>\n<\/span>\r\n\t\t\t\t\t\t\t\t\t\t\t\t\t\t\t\t<\/div>\r\n\t\t\t\t\t\t\t\t\t\t\t\t\t\t\t<\/div>\r\n\t\t\t\t\t\t\t\t\t\t\t\t\t\t\r\n\t\t\t\t\t\t\t\t\t\t\t\t\t\t\r\n\t\t\t\t\t\t\t\t\t\t\t\t\t\t\r\n\t\t\t\t\t\t\t\t\t\t\t\t\t\t\t\t\t\t\t\t\t\t\t\t\t\t\t\t\t\n\t\t<div class=\"grid-post-meta clearfix \">\n\t\t\t<div class=\"grid-post-meta-inner\">\n\t\t\t\t\t\t\t\t\t<div class=\"grid-post-share\">\n\t\t\t\t\t\t<a href=\"javascript: void(0);\" class=\"icon share\">\n\t\t\t\t\t\t\t\t\t\t\t\t\t\t\t<i class=\"default\"><\/i>\n\t\t\t\t\t\t\t\t\t\t\t\t\t<\/a>\n\t\t\t\t\t<\/div>\n\t\t\t\t\n\t\t\t\t<div class=\"grid-post-meta-comments-likes\">\n\t\t\t\t\t\n\t\t\t\t\t<span class=\"post-meta-likes\">\t\t\t\t\t\t\t<i class=\"default\"><\/i>\n\t\t\t\t\t\t<a href=\"#\" class=\"zilla-likes\" id=\"zilla-likes-9038\" title=\"Like this\"><span class=\"zilla-likes-count\">0<\/span> <span class=\"zilla-likes-postfix\"><\/span><\/a><\/span>\t\t\t\t<\/div>\n\n\t\t\t\t\t\t\t\t\t<div class=\"portfolio-sharing-pane\">\r\n<div class=\"socials-sharing socials socials-colored-hover \">\r\n\t        <a class=\"socials-item\" target=\"_blank\"\r\n           href=\"https:\/\/www.facebook.com\/sharer\/sharer.php?u=https%3A%2F%2Fwww.elfuerte.cl%2Fweb%2F2026%2F08%2F28%2Fpuerto-montt-se-prepara-para-recibir-a-mas-de-25-vinas-en-la-septima-version-de-sur-wines-fest%2F\"\r\n           title=\"Facebook\"><i class=\"socials-item-icon facebook\"><\/i><\/a>\r\n\t\t        <a class=\"socials-item\" target=\"_blank\"\r\n           href=\"https:\/\/twitter.com\/intent\/tweet?text=Puerto+Montt+se+prepara+para+recibir+a+m%C3%A1s+de+25+vi%C3%B1as+en+la+s%C3%A9ptima+versi%C3%B3n+de+Sur+Wines+Fest&#038;url=https%3A%2F%2Fwww.elfuerte.cl%2Fweb%2F2026%2F08%2F28%2Fpuerto-montt-se-prepara-para-recibir-a-mas-de-25-vinas-en-la-septima-version-de-sur-wines-fest%2F\"\r\n           title=\"Twitter\"><i class=\"socials-item-icon twitter\"><\/i><\/a>\r\n\t\t        <a class=\"socials-item\" target=\"_blank\"\r\n           href=\"https:\/\/pinterest.com\/pin\/create\/button\/?url=https%3A%2F%2Fwww.elfuerte.cl%2Fweb%2F2026%2F08%2F28%2Fpuerto-montt-se-prepara-para-recibir-a-mas-de-25-vinas-en-la-septima-version-de-sur-wines-fest%2F&#038;description=Puerto+Montt+se+prepara+para+recibir+a+m%C3%A1s+de+25+vi%C3%B1as+en+la+s%C3%A9ptima+versi%C3%B3n+de+Sur+Wines+Fest&#038;media=https%3A%2F%2Fwww.elfuerte.cl%2Fweb%2Fwp-content%2Fuploads%2F2026%2F08%2F219564db-a64b-432e-87df-9ee374cf730d.png\"\r\n           title=\"Pinterest\"><i class=\"socials-item-icon pinterest\"><\/i><\/a>\r\n\t\t        <a class=\"socials-item\" target=\"_blank\"\r\n           href=\"http:\/\/tumblr.com\/widgets\/share\/tool?canonicalUrl=https%3A%2F%2Fwww.elfuerte.cl%2Fweb%2F2026%2F08%2F28%2Fpuerto-montt-se-prepara-para-recibir-a-mas-de-25-vinas-en-la-septima-version-de-sur-wines-fest%2F\"\r\n           title=\"Tumblr\"><i class=\"socials-item-icon tumblr\"><\/i><\/a>\r\n\t\t        <a class=\"socials-item\" target=\"_blank\"\r\n           href=\"https:\/\/www.linkedin.com\/shareArticle?mini=true&#038;url=https%3A%2F%2Fwww.elfuerte.cl%2Fweb%2F2026%2F08%2F28%2Fpuerto-montt-se-prepara-para-recibir-a-mas-de-25-vinas-en-la-septima-version-de-sur-wines-fest%2F&#038;title=Puerto+Montt+se+prepara+para+recibir+a+m%C3%A1s+de+25+vi%C3%B1as+en+la+s%C3%A9ptima+versi%C3%B3n+de+Sur+Wines+Fest&amp;summary=El+encuentro+se+realizar%C3%A1+este+s%C3%A1bado+29+de+agosto+en+el+Centro+de+Vinculaci%C3%B3n+Ciudad+Puerto+Empormontt+y+combinar%C3%A1+la+presencia+de+vi%C3%B1as+nacionales+con+gastronom%C3%ADa+local%2C+arte%2C+cultura+y+promoci%C3%B3n+tur%C3%ADstica%2C+consolid%C3%A1ndose+como+uno+de+los+eventos+en+torno+al+vino+m%C3%A1s+relevantes+que+se+desarrollan+en+la+capital+regional+de+Los+Lagos.\"\r\n           title=\"LinkedIn\"><i class=\"socials-item-icon linkedin\"><\/i><\/a>\r\n\t\t        <a class=\"socials-item\" target=\"_blank\"\r\n           href=\"https:\/\/www.reddit.com\/submit?url=https%3A%2F%2Fwww.elfuerte.cl%2Fweb%2F2026%2F08%2F28%2Fpuerto-montt-se-prepara-para-recibir-a-mas-de-25-vinas-en-la-septima-version-de-sur-wines-fest%2F&#038;title=Puerto+Montt+se+prepara+para+recibir+a+m%C3%A1s+de+25+vi%C3%B1as+en+la+s%C3%A9ptima+versi%C3%B3n+de+Sur+Wines+Fest\"\r\n           title=\"Reddit\"><i class=\"socials-item-icon reddit\"><\/i><\/a>\r\n\t<\/div>\r\n<\/div>\n\t\t\t\t\t\t\t<\/div>\n\t\t<\/div>\n\n\t\t\t\t\t\t\t\t\t\t\t\t\t\t\t\t\t\t\t\t\t\t\t\t\t\t\t\t\t<\/div>\r\n\t\t\t\t\t\t\t\t\t\t\t\t<\/div>\r\n\r\n\t\t\t\t\t\t\t\t\t\t\t\t\r\n\t\t\t\t\t\t\t\t\t\t\t\t\r\n\t\t\t\t\t\t\t\t\t\t\t\t\t\t\t\t\t\t\t\t\t\t\t\t\t<div class=\"post-date\">28\/08\/2026<\/div>\r\n\t\t\t\t\t\t\t\t\t\t\t\t\r\n\t\t\t\t\t\t\t\t\t\t\t\t\t\t\t\t\t\t\t\t\t<\/div>\r\n\t\t\t\t\t\t\t\t\t<\/div>\r\n\t\t\t\t\t\t\t\t<\/div>\r\n\t\t\t\t\t\t\t<\/div>\r\n\t\t\t\t\t\t\t\t\t\t\t<\/div>\r\n\t\t\t\t\r\n\t\t\t\t\t\t\t<\/div>\r\n\t\t\t\t<\/div>\r\n\t<div class=\"portfolio-item actualidad destacados col-xs-12 col-sm-6 col-md-6 bigger item-animations-not-inited before-start post-has-author appearance-type- post-9001 post type-post status-publish format-standard has-post-thumbnail category-actualidad category-destacados tag-desarrollo tag-digital tag-los-rios\" style=\"padding: calc(42px\/2)\" data-default-sort=\"1\" data-sort-date=\"1787934536\">\r\n\t\t\t\t\t\r\n\t\t\t<div class=\"wrap clearfix\">\r\n\t\t\t\t\t\t\t\t\t\t\t\t\t<div class=\"image post-9001 post type-post status-publish format-standard has-post-thumbnail category-actualidad category-destacados tag-desarrollo tag-digital tag-los-rios\">\r\n\t\t\t\t\t\t<div class=\"image-inner \">\r\n\r\n\t\t\t\t\t\t\t\t\t<picture>\n\t\t\t\t\t\t<img src=\"https:\/\/www.elfuerte.cl\/web\/wp-content\/uploads\/2026\/08\/transparent-thegem-product-justified-square-xl.png\" width=\"700\" height=\"700\"  class=\"attachment-thegem-product-justified-square-xl\" alt=\"Sellan compromiso por el desarrollo digital de Los R\u00edos\" style=\"max-width: 110%\" \/>\n\t\t<\/picture>\n\t\t<div class=\"post-featured-content\"><a href=\"https:\/\/www.elfuerte.cl\/web\/2026\/08\/28\/sellan-compromiso-por-el-desarrollo-digital-de-los-rios\/\">\t\t<picture>\n\t\t\t\t\t\t\t\t\t\t\t\t\t\t\t\t\t<source srcset=\"https:\/\/www.elfuerte.cl\/web\/wp-content\/uploads\/2026\/08\/banner24-8-2-1.jpg 1x\"   sizes=\"100vw\">\n\t\t\t\t\t\t\t<img src=\"https:\/\/www.elfuerte.cl\/web\/wp-content\/uploads\/2026\/08\/banner24-8-2-1.jpg\" width=\"1170\" height=\"674\"  class=\"img-responsive\" alt=\"banner24-8 -2\" \/>\n\t\t<\/picture>\n\t\t<\/a><\/div>\t\t\t\t\t\t<\/div>\r\n\r\n\t\t\t\t\t\t\t\t\t\t\t\t\t<div class=\"overlay\">\r\n\t\t\t\t\t\t\t\t<div class=\"overlay-circle\"><\/div>\r\n\r\n\t\t\t\t\t\t\t\t<div class=\"links-wrapper\">\r\n\t\t\t\t\t\t\t\t\t<div class=\"links\">\r\n\t\t\t\t\t\t\t\t\t\t<div class=\"caption\">\r\n\t\t\t\t\t\t\t\t\t\t\t<a href=\"https:\/\/www.elfuerte.cl\/web\/2026\/08\/28\/sellan-compromiso-por-el-desarrollo-digital-de-los-rios\/\" class=\"portfolio-item-link\">\r\n\t\t\t\t\t\t\t\t\t\t\t\t<span class=\"screen-reader-text\">Sellan compromiso por el desarrollo digital de Los R\u00edos<\/span>\r\n\t\t\t\t\t\t\t\t\t\t\t<\/a>\r\n\r\n\t\t\t\t\t\t\t\t\t\t\t\t\t\t\t\t\t\t\t\t\t\t\t\r\n\t\t\t\t\t\t\t\t\t\t\t\t\t\t\t\t\t\t\t\t\t\t\t\r\n\t\t\t\t\t\t\t\t\t\t\t\r\n\t\t\t\t\t\t\t\t\t\t\t\t\t\t\t\t\t\t\t\t\t\t\t<div class=\"slide-content\">\r\n\t\t\t\t\t\t\t\t\t\t\t\t\t<div class=\"slide-content-visible\">\r\n\t\t\t\t\t\t\t\t\t\t\t\t\t\t\r\n\t\t\t\t\t\t\t\t\t\t\t\t\t\t\r\n\t\t\t\t\t\t\t\t\t\t\t\t\t\t\t\t\t\t\t\t\t\t\t\t\t\t\t\t\t\t\t\t\t\t\t\t\t\t\t\t\t\t\t\r\n\t\t\t\t\t\t\t\t\t\t\t\t\t\t\t\t\t\t\t\t\t\t\t\t\t\t\t\t\t<div class=\"title\">\r\n\t\t\t\t\t\t\t\t\t\t\t\t\t\t\t\t<span class=\"title-h5 \">Sellan compromiso por el desarrollo digital de Los R\u00edos<\/span>\t\t\t\t\t\t\t\t\t\t\t\t\t\t\t<\/div>\r\n\t\t\t\t\t\t\t\t\t\t\t\t\t\t\r\n\t\t\t\t\t\t\t\t\t\t\t\t\t\t\r\n\t\t\t\t\t\t\t\t\t\t\t\t\t\t\t\t\t\t\t\t\t\t\t\t\t\t\t<\/div>\r\n\r\n\t\t\t\t\t\t\t\t\t\t\t\t\t<div class=\"slide-content-hidden\">\r\n\t\t\t\t\t\t\t\t\t\t\t\t\t\t\r\n\t\t\t\t\t\t\t\t\t\t\t\t\t\t\r\n\t\t\t\t\t\t\t\t\t\t\t\t\t\t\t\t\t\t\t\t\t\t\t\t\t\t\t\t\t\t\t\t\t\t\t\t\t\t\t\t\t\t\t\r\n\t\t\t\t\t\t\t\t\t\t\t\t\t\t\t\t\t\t\t<div class=\"info\">\n\t\t\t\t<a class=\"additional-meta\" data-filter-type=\"taxonomies\" data-attr=\"category\" data-filter=\"actualidad\">Actualidad<\/a><span class=\"sep\"><\/span> <a class=\"additional-meta\" data-filter-type=\"taxonomies\" data-attr=\"category\" data-filter=\"destacados\">Destacados<\/a>\t\t\t\t\t<\/div>\n\t\t\t\t\r\n\t\t\t\t\t\t\t\t\t\t\t\t\t\t\t\t\t\t\t\t\t\t\t\t\t\t\t\t\t<div class=\"description\">\r\n\t\t\t\t\t\t\t\t\t\t\t\t\t\t\t\t<div class=\"subtitle\">\r\n\t\t\t\t\t\t\t\t\t\t\t\t\t\t\t\t\t<span class=\"text-body\"><p>El Gobierno Regional, INACAP Valdivia y ACTI (Asociaci\u00f3n Chilena de Empresas de Tecnolog\u00eda de Informaci\u00f3n), firmaron un acuerdo conjunto de cooperaci\u00f3n, para impulsar la capacitaci\u00f3n, innovaci\u00f3n, y nuevas alianzas que fortalezcan la transformaci\u00f3n digital del territorio.<\/p>\n<\/span>\r\n\t\t\t\t\t\t\t\t\t\t\t\t\t\t\t\t<\/div>\r\n\t\t\t\t\t\t\t\t\t\t\t\t\t\t\t<\/div>\r\n\t\t\t\t\t\t\t\t\t\t\t\t\t\t\r\n\t\t\t\t\t\t\t\t\t\t\t\t\t\t\r\n\t\t\t\t\t\t\t\t\t\t\t\t\t\t\r\n\t\t\t\t\t\t\t\t\t\t\t\t\t\t\t\t\t\t\t\t\t\t\t\t\t\t\t\t\t\n\t\t<div class=\"grid-post-meta clearfix \">\n\t\t\t<div class=\"grid-post-meta-inner\">\n\t\t\t\t\t\t\t\t\t<div class=\"grid-post-share\">\n\t\t\t\t\t\t<a href=\"javascript: void(0);\" class=\"icon share\">\n\t\t\t\t\t\t\t\t\t\t\t\t\t\t\t<i class=\"default\"><\/i>\n\t\t\t\t\t\t\t\t\t\t\t\t\t<\/a>\n\t\t\t\t\t<\/div>\n\t\t\t\t\n\t\t\t\t<div class=\"grid-post-meta-comments-likes\">\n\t\t\t\t\t\n\t\t\t\t\t<span class=\"post-meta-likes\">\t\t\t\t\t\t\t<i class=\"default\"><\/i>\n\t\t\t\t\t\t<a href=\"#\" class=\"zilla-likes\" id=\"zilla-likes-9001\" title=\"Like this\"><span class=\"zilla-likes-count\">0<\/span> <span class=\"zilla-likes-postfix\"><\/span><\/a><\/span>\t\t\t\t<\/div>\n\n\t\t\t\t\t\t\t\t\t<div class=\"portfolio-sharing-pane\">\r\n<div class=\"socials-sharing socials socials-colored-hover \">\r\n\t        <a class=\"socials-item\" target=\"_blank\"\r\n           href=\"https:\/\/www.facebook.com\/sharer\/sharer.php?u=https%3A%2F%2Fwww.elfuerte.cl%2Fweb%2F2026%2F08%2F28%2Fsellan-compromiso-por-el-desarrollo-digital-de-los-rios%2F\"\r\n           title=\"Facebook\"><i class=\"socials-item-icon facebook\"><\/i><\/a>\r\n\t\t        <a class=\"socials-item\" target=\"_blank\"\r\n           href=\"https:\/\/twitter.com\/intent\/tweet?text=Sellan+compromiso+por+el+desarrollo+digital+de+Los+R%C3%ADos&#038;url=https%3A%2F%2Fwww.elfuerte.cl%2Fweb%2F2026%2F08%2F28%2Fsellan-compromiso-por-el-desarrollo-digital-de-los-rios%2F\"\r\n           title=\"Twitter\"><i class=\"socials-item-icon twitter\"><\/i><\/a>\r\n\t\t        <a class=\"socials-item\" target=\"_blank\"\r\n           href=\"https:\/\/pinterest.com\/pin\/create\/button\/?url=https%3A%2F%2Fwww.elfuerte.cl%2Fweb%2F2026%2F08%2F28%2Fsellan-compromiso-por-el-desarrollo-digital-de-los-rios%2F&#038;description=Sellan+compromiso+por+el+desarrollo+digital+de+Los+R%C3%ADos&#038;media=https%3A%2F%2Fwww.elfuerte.cl%2Fweb%2Fwp-content%2Fuploads%2F2026%2F08%2Fbanner24-8-2-1.jpg\"\r\n           title=\"Pinterest\"><i class=\"socials-item-icon pinterest\"><\/i><\/a>\r\n\t\t        <a class=\"socials-item\" target=\"_blank\"\r\n           href=\"http:\/\/tumblr.com\/widgets\/share\/tool?canonicalUrl=https%3A%2F%2Fwww.elfuerte.cl%2Fweb%2F2026%2F08%2F28%2Fsellan-compromiso-por-el-desarrollo-digital-de-los-rios%2F\"\r\n           title=\"Tumblr\"><i class=\"socials-item-icon tumblr\"><\/i><\/a>\r\n\t\t        <a class=\"socials-item\" target=\"_blank\"\r\n           href=\"https:\/\/www.linkedin.com\/shareArticle?mini=true&#038;url=https%3A%2F%2Fwww.elfuerte.cl%2Fweb%2F2026%2F08%2F28%2Fsellan-compromiso-por-el-desarrollo-digital-de-los-rios%2F&#038;title=Sellan+compromiso+por+el+desarrollo+digital+de+Los+R%C3%ADos&amp;summary=El+Gobierno+Regional%2C+INACAP+Valdivia+y+ACTI+%28Asociaci%C3%B3n+Chilena+de+Empresas+de+Tecnolog%C3%ADa+de+Informaci%C3%B3n%29%2C+firmaron+un+acuerdo+conjunto+de+cooperaci%C3%B3n%2C+para+impulsar+la+capacitaci%C3%B3n%2C+innovaci%C3%B3n%2C+y+nuevas+alianzas+que+fortalezcan+la+transformaci%C3%B3n+digital+del+territorio.\"\r\n           title=\"LinkedIn\"><i class=\"socials-item-icon linkedin\"><\/i><\/a>\r\n\t\t        <a class=\"socials-item\" target=\"_blank\"\r\n           href=\"https:\/\/www.reddit.com\/submit?url=https%3A%2F%2Fwww.elfuerte.cl%2Fweb%2F2026%2F08%2F28%2Fsellan-compromiso-por-el-desarrollo-digital-de-los-rios%2F&#038;title=Sellan+compromiso+por+el+desarrollo+digital+de+Los+R%C3%ADos\"\r\n           title=\"Reddit\"><i class=\"socials-item-icon reddit\"><\/i><\/a>\r\n\t<\/div>\r\n<\/div>\n\t\t\t\t\t\t\t<\/div>\n\t\t<\/div>\n\n\t\t\t\t\t\t\t\t\t\t\t\t\t\t\t\t\t\t\t\t\t\t\t\t\t\t\t\t\t<\/div>\r\n\t\t\t\t\t\t\t\t\t\t\t\t<\/div>\r\n\r\n\t\t\t\t\t\t\t\t\t\t\t\t\r\n\t\t\t\t\t\t\t\t\t\t\t\t\r\n\t\t\t\t\t\t\t\t\t\t\t\t\t\t\t\t\t\t\t\t\t\t\t\t\t<div class=\"post-date\">28\/08\/2026<\/div>\r\n\t\t\t\t\t\t\t\t\t\t\t\t\r\n\t\t\t\t\t\t\t\t\t\t\t\t\t\t\t\t\t\t\t\t\t<\/div>\r\n\t\t\t\t\t\t\t\t\t<\/div>\r\n\t\t\t\t\t\t\t\t<\/div>\r\n\t\t\t\t\t\t\t<\/div>\r\n\t\t\t\t\t\t\t\t\t\t\t<\/div>\r\n\t\t\t\t\r\n\t\t\t\t\t\t\t<\/div>\r\n\t\t\t\t<\/div>\r\n\t<div class=\"portfolio-item actualidad destacados col-xs-12 col-sm-6 col-md-6 bigger item-animations-not-inited before-start post-has-author appearance-type- post-8986 post type-post status-publish format-standard has-post-thumbnail category-actualidad category-destacados tag-ia tag-internacional tag-medicina\" style=\"padding: calc(42px\/2)\" data-default-sort=\"1\" data-sort-date=\"1787929301\">\r\n\t\t\t\t\t\r\n\t\t\t<div class=\"wrap clearfix\">\r\n\t\t\t\t\t\t\t\t\t\t\t\t\t<div class=\"image post-8986 post type-post status-publish format-standard has-post-thumbnail category-actualidad category-destacados tag-ia tag-internacional tag-medicina\">\r\n\t\t\t\t\t\t<div class=\"image-inner \">\r\n\r\n\t\t\t\t\t\t\t\t\t<picture>\n\t\t\t\t\t\t<img src=\"https:\/\/www.elfuerte.cl\/web\/wp-content\/uploads\/2026\/08\/transparent-thegem-product-justified-square-xl.png\" width=\"700\" height=\"700\"  class=\"attachment-thegem-product-justified-square-xl\" alt=\"Hombre brit\u00e1nico pudo recuperar la vista gracias a la primera cirug\u00eda cerebral guiada por IA\" style=\"max-width: 110%\" \/>\n\t\t<\/picture>\n\t\t<div class=\"post-featured-content\"><a href=\"https:\/\/www.elfuerte.cl\/web\/2026\/08\/28\/hombre-britanico-pudo-recuperar-la-vista-gracias-a-la-primera-cirugia-cerebral-guiada-por-ia\/\">\t\t<picture>\n\t\t\t\t\t\t\t\t\t\t\t\t\t\t\t\t\t<source srcset=\"https:\/\/www.elfuerte.cl\/web\/wp-content\/uploads\/2026\/08\/banner28-1-1.jpg 1x\"   sizes=\"100vw\">\n\t\t\t\t\t\t\t<img src=\"https:\/\/www.elfuerte.cl\/web\/wp-content\/uploads\/2026\/08\/banner28-1-1.jpg\" width=\"1170\" height=\"674\"  class=\"img-responsive\" alt=\"banner28-1-1\" \/>\n\t\t<\/picture>\n\t\t<\/a><\/div>\t\t\t\t\t\t<\/div>\r\n\r\n\t\t\t\t\t\t\t\t\t\t\t\t\t<div class=\"overlay\">\r\n\t\t\t\t\t\t\t\t<div class=\"overlay-circle\"><\/div>\r\n\r\n\t\t\t\t\t\t\t\t<div class=\"links-wrapper\">\r\n\t\t\t\t\t\t\t\t\t<div class=\"links\">\r\n\t\t\t\t\t\t\t\t\t\t<div class=\"caption\">\r\n\t\t\t\t\t\t\t\t\t\t\t<a href=\"https:\/\/www.elfuerte.cl\/web\/2026\/08\/28\/hombre-britanico-pudo-recuperar-la-vista-gracias-a-la-primera-cirugia-cerebral-guiada-por-ia\/\" class=\"portfolio-item-link\">\r\n\t\t\t\t\t\t\t\t\t\t\t\t<span class=\"screen-reader-text\">Hombre brit\u00e1nico pudo recuperar la vista gracias a la primera cirug\u00eda cerebral guiada por IA<\/span>\r\n\t\t\t\t\t\t\t\t\t\t\t<\/a>\r\n\r\n\t\t\t\t\t\t\t\t\t\t\t\t\t\t\t\t\t\t\t\t\t\t\t\r\n\t\t\t\t\t\t\t\t\t\t\t\t\t\t\t\t\t\t\t\t\t\t\t\r\n\t\t\t\t\t\t\t\t\t\t\t\r\n\t\t\t\t\t\t\t\t\t\t\t\t\t\t\t\t\t\t\t\t\t\t\t<div class=\"slide-content\">\r\n\t\t\t\t\t\t\t\t\t\t\t\t\t<div class=\"slide-content-visible\">\r\n\t\t\t\t\t\t\t\t\t\t\t\t\t\t\r\n\t\t\t\t\t\t\t\t\t\t\t\t\t\t\r\n\t\t\t\t\t\t\t\t\t\t\t\t\t\t\t\t\t\t\t\t\t\t\t\t\t\t\t\t\t\t\t\t\t\t\t\t\t\t\t\t\t\t\t\r\n\t\t\t\t\t\t\t\t\t\t\t\t\t\t\t\t\t\t\t\t\t\t\t\t\t\t\t\t\t<div class=\"title\">\r\n\t\t\t\t\t\t\t\t\t\t\t\t\t\t\t\t<span class=\"title-h5 \">Hombre brit\u00e1nico pudo recuperar la vista gracias a la primera cirug\u00eda cerebral guiada por IA<\/span>\t\t\t\t\t\t\t\t\t\t\t\t\t\t\t<\/div>\r\n\t\t\t\t\t\t\t\t\t\t\t\t\t\t\r\n\t\t\t\t\t\t\t\t\t\t\t\t\t\t\r\n\t\t\t\t\t\t\t\t\t\t\t\t\t\t\t\t\t\t\t\t\t\t\t\t\t\t\t<\/div>\r\n\r\n\t\t\t\t\t\t\t\t\t\t\t\t\t<div class=\"slide-content-hidden\">\r\n\t\t\t\t\t\t\t\t\t\t\t\t\t\t\r\n\t\t\t\t\t\t\t\t\t\t\t\t\t\t\r\n\t\t\t\t\t\t\t\t\t\t\t\t\t\t\t\t\t\t\t\t\t\t\t\t\t\t\t\t\t\t\t\t\t\t\t\t\t\t\t\t\t\t\t\r\n\t\t\t\t\t\t\t\t\t\t\t\t\t\t\t\t\t\t\t<div class=\"info\">\n\t\t\t\t<a class=\"additional-meta\" data-filter-type=\"taxonomies\" data-attr=\"category\" data-filter=\"actualidad\">Actualidad<\/a><span class=\"sep\"><\/span> <a class=\"additional-meta\" data-filter-type=\"taxonomies\" data-attr=\"category\" data-filter=\"destacados\">Destacados<\/a>\t\t\t\t\t<\/div>\n\t\t\t\t\r\n\t\t\t\t\t\t\t\t\t\t\t\t\t\t\t\t\t\t\t\t\t\t\t\t\t\t\t\t\t<div class=\"description\">\r\n\t\t\t\t\t\t\t\t\t\t\t\t\t\t\t\t<div class=\"subtitle\">\r\n\t\t\t\t\t\t\t\t\t\t\t\t\t\t\t\t\t<span class=\"text-body\"><p>De no haberse sometido a la intervenci\u00f3n, podr\u00eda haber quedado ciego. \u201cMe ha devuelto la vida\u201d, asever\u00f3 Rhys Hibbert, padre de dos hijos.<\/p>\n<\/span>\r\n\t\t\t\t\t\t\t\t\t\t\t\t\t\t\t\t<\/div>\r\n\t\t\t\t\t\t\t\t\t\t\t\t\t\t\t<\/div>\r\n\t\t\t\t\t\t\t\t\t\t\t\t\t\t\r\n\t\t\t\t\t\t\t\t\t\t\t\t\t\t\r\n\t\t\t\t\t\t\t\t\t\t\t\t\t\t\r\n\t\t\t\t\t\t\t\t\t\t\t\t\t\t\t\t\t\t\t\t\t\t\t\t\t\t\t\t\t\n\t\t<div class=\"grid-post-meta clearfix \">\n\t\t\t<div class=\"grid-post-meta-inner\">\n\t\t\t\t\t\t\t\t\t<div class=\"grid-post-share\">\n\t\t\t\t\t\t<a href=\"javascript: void(0);\" class=\"icon share\">\n\t\t\t\t\t\t\t\t\t\t\t\t\t\t\t<i class=\"default\"><\/i>\n\t\t\t\t\t\t\t\t\t\t\t\t\t<\/a>\n\t\t\t\t\t<\/div>\n\t\t\t\t\n\t\t\t\t<div class=\"grid-post-meta-comments-likes\">\n\t\t\t\t\t\n\t\t\t\t\t<span class=\"post-meta-likes\">\t\t\t\t\t\t\t<i class=\"default\"><\/i>\n\t\t\t\t\t\t<a href=\"#\" class=\"zilla-likes\" id=\"zilla-likes-8986\" title=\"Like this\"><span class=\"zilla-likes-count\">0<\/span> <span class=\"zilla-likes-postfix\"><\/span><\/a><\/span>\t\t\t\t<\/div>\n\n\t\t\t\t\t\t\t\t\t<div class=\"portfolio-sharing-pane\">\r\n<div class=\"socials-sharing socials socials-colored-hover \">\r\n\t        <a class=\"socials-item\" target=\"_blank\"\r\n           href=\"https:\/\/www.facebook.com\/sharer\/sharer.php?u=https%3A%2F%2Fwww.elfuerte.cl%2Fweb%2F2026%2F08%2F28%2Fhombre-britanico-pudo-recuperar-la-vista-gracias-a-la-primera-cirugia-cerebral-guiada-por-ia%2F\"\r\n           title=\"Facebook\"><i class=\"socials-item-icon facebook\"><\/i><\/a>\r\n\t\t        <a class=\"socials-item\" target=\"_blank\"\r\n           href=\"https:\/\/twitter.com\/intent\/tweet?text=Hombre+brit%C3%A1nico+pudo+recuperar+la+vista+gracias+a+la+primera+cirug%C3%ADa+cerebral+guiada+por+IA&#038;url=https%3A%2F%2Fwww.elfuerte.cl%2Fweb%2F2026%2F08%2F28%2Fhombre-britanico-pudo-recuperar-la-vista-gracias-a-la-primera-cirugia-cerebral-guiada-por-ia%2F\"\r\n           title=\"Twitter\"><i class=\"socials-item-icon twitter\"><\/i><\/a>\r\n\t\t        <a class=\"socials-item\" target=\"_blank\"\r\n           href=\"https:\/\/pinterest.com\/pin\/create\/button\/?url=https%3A%2F%2Fwww.elfuerte.cl%2Fweb%2F2026%2F08%2F28%2Fhombre-britanico-pudo-recuperar-la-vista-gracias-a-la-primera-cirugia-cerebral-guiada-por-ia%2F&#038;description=Hombre+brit%C3%A1nico+pudo+recuperar+la+vista+gracias+a+la+primera+cirug%C3%ADa+cerebral+guiada+por+IA&#038;media=https%3A%2F%2Fwww.elfuerte.cl%2Fweb%2Fwp-content%2Fuploads%2F2026%2F08%2Fbanner28-1-1.jpg\"\r\n           title=\"Pinterest\"><i class=\"socials-item-icon pinterest\"><\/i><\/a>\r\n\t\t        <a class=\"socials-item\" target=\"_blank\"\r\n           href=\"http:\/\/tumblr.com\/widgets\/share\/tool?canonicalUrl=https%3A%2F%2Fwww.elfuerte.cl%2Fweb%2F2026%2F08%2F28%2Fhombre-britanico-pudo-recuperar-la-vista-gracias-a-la-primera-cirugia-cerebral-guiada-por-ia%2F\"\r\n           title=\"Tumblr\"><i class=\"socials-item-icon tumblr\"><\/i><\/a>\r\n\t\t        <a class=\"socials-item\" target=\"_blank\"\r\n           href=\"https:\/\/www.linkedin.com\/shareArticle?mini=true&#038;url=https%3A%2F%2Fwww.elfuerte.cl%2Fweb%2F2026%2F08%2F28%2Fhombre-britanico-pudo-recuperar-la-vista-gracias-a-la-primera-cirugia-cerebral-guiada-por-ia%2F&#038;title=Hombre+brit%C3%A1nico+pudo+recuperar+la+vista+gracias+a+la+primera+cirug%C3%ADa+cerebral+guiada+por+IA&amp;summary=De+no+haberse+sometido+a+la+intervenci%C3%B3n%2C+podr%C3%ADa+haber+quedado+ciego.+%E2%80%9CMe+ha+devuelto+la+vida%E2%80%9D%2C+asever%C3%B3+Rhys+Hibbert%2C+padre+de+dos+hijos.\"\r\n           title=\"LinkedIn\"><i class=\"socials-item-icon linkedin\"><\/i><\/a>\r\n\t\t        <a class=\"socials-item\" target=\"_blank\"\r\n           href=\"https:\/\/www.reddit.com\/submit?url=https%3A%2F%2Fwww.elfuerte.cl%2Fweb%2F2026%2F08%2F28%2Fhombre-britanico-pudo-recuperar-la-vista-gracias-a-la-primera-cirugia-cerebral-guiada-por-ia%2F&#038;title=Hombre+brit%C3%A1nico+pudo+recuperar+la+vista+gracias+a+la+primera+cirug%C3%ADa+cerebral+guiada+por+IA\"\r\n           title=\"Reddit\"><i class=\"socials-item-icon reddit\"><\/i><\/a>\r\n\t<\/div>\r\n<\/div>\n\t\t\t\t\t\t\t<\/div>\n\t\t<\/div>\n\n\t\t\t\t\t\t\t\t\t\t\t\t\t\t\t\t\t\t\t\t\t\t\t\t\t\t\t\t\t<\/div>\r\n\t\t\t\t\t\t\t\t\t\t\t\t<\/div>\r\n\r\n\t\t\t\t\t\t\t\t\t\t\t\t\r\n\t\t\t\t\t\t\t\t\t\t\t\t\r\n\t\t\t\t\t\t\t\t\t\t\t\t\t\t\t\t\t\t\t\t\t\t\t\t\t<div class=\"post-date\">28\/08\/2026<\/div>\r\n\t\t\t\t\t\t\t\t\t\t\t\t\r\n\t\t\t\t\t\t\t\t\t\t\t\t\t\t\t\t\t\t\t\t\t<\/div>\r\n\t\t\t\t\t\t\t\t\t<\/div>\r\n\t\t\t\t\t\t\t\t<\/div>\r\n\t\t\t\t\t\t\t<\/div>\r\n\t\t\t\t\t\t\t\t\t\t\t<\/div>\r\n\t\t\t\t\r\n\t\t\t\t\t\t\t<\/div>\r\n\t\t\t\t<\/div>\r\n\t<div class=\"portfolio-item actualidad destacados col-xs-12 col-sm-6 col-md-6 bigger item-animations-not-inited before-start post-has-author appearance-type- post-8971 post type-post status-publish format-standard has-post-thumbnail category-actualidad category-destacados tag-acuerdos-binacionales tag-clausura tag-comite-integracion tag-seguimiento\" style=\"padding: calc(42px\/2)\" data-default-sort=\"1\" data-sort-date=\"1787868017\">\r\n\t\t\t\t\t\r\n\t\t\t<div class=\"wrap clearfix\">\r\n\t\t\t\t\t\t\t\t\t\t\t\t\t<div class=\"image post-8971 post type-post status-publish format-standard has-post-thumbnail category-actualidad category-destacados tag-acuerdos-binacionales tag-clausura tag-comite-integracion tag-seguimiento\">\r\n\t\t\t\t\t\t<div class=\"image-inner \">\r\n\r\n\t\t\t\t\t\t\t\t\t<picture>\n\t\t\t\t\t\t<img src=\"https:\/\/www.elfuerte.cl\/web\/wp-content\/uploads\/2026\/08\/transparent-thegem-product-justified-square-xl.png\" width=\"700\" height=\"700\"  class=\"attachment-thegem-product-justified-square-xl\" alt=\"Comit\u00e9 de Integraci\u00f3n Los Lagos cierra con propuesta de mecanismo para seguimiento a los acuerdos binacionales\" style=\"max-width: 110%\" \/>\n\t\t<\/picture>\n\t\t<div class=\"post-featured-content\"><a href=\"https:\/\/www.elfuerte.cl\/web\/2026\/08\/27\/comite-de-integracion-los-lagos-cierra-con-propuesta-de-mecanismo-para-seguimiento-a-los-acuerdos-binacionales\/\">\t\t<picture>\n\t\t\t\t\t\t\t\t\t\t\t\t\t\t\t\t\t<source srcset=\"https:\/\/www.elfuerte.cl\/web\/wp-content\/uploads\/2026\/08\/7ff360b8-8881-4bac-9471-5f0217eccd44.jpg 1x\"   sizes=\"100vw\">\n\t\t\t\t\t\t\t<img src=\"https:\/\/www.elfuerte.cl\/web\/wp-content\/uploads\/2026\/08\/7ff360b8-8881-4bac-9471-5f0217eccd44.jpg\" width=\"1600\" height=\"1200\"  class=\"img-responsive\" alt=\"7ff360b8-8881-4bac-9471-5f0217eccd44\" \/>\n\t\t<\/picture>\n\t\t<\/a><\/div>\t\t\t\t\t\t<\/div>\r\n\r\n\t\t\t\t\t\t\t\t\t\t\t\t\t<div class=\"overlay\">\r\n\t\t\t\t\t\t\t\t<div class=\"overlay-circle\"><\/div>\r\n\r\n\t\t\t\t\t\t\t\t<div class=\"links-wrapper\">\r\n\t\t\t\t\t\t\t\t\t<div class=\"links\">\r\n\t\t\t\t\t\t\t\t\t\t<div class=\"caption\">\r\n\t\t\t\t\t\t\t\t\t\t\t<a href=\"https:\/\/www.elfuerte.cl\/web\/2026\/08\/27\/comite-de-integracion-los-lagos-cierra-con-propuesta-de-mecanismo-para-seguimiento-a-los-acuerdos-binacionales\/\" class=\"portfolio-item-link\">\r\n\t\t\t\t\t\t\t\t\t\t\t\t<span class=\"screen-reader-text\">Comit\u00e9 de Integraci\u00f3n Los Lagos cierra con propuesta de mecanismo para seguimiento a los acuerdos binacionales<\/span>\r\n\t\t\t\t\t\t\t\t\t\t\t<\/a>\r\n\r\n\t\t\t\t\t\t\t\t\t\t\t\t\t\t\t\t\t\t\t\t\t\t\t\r\n\t\t\t\t\t\t\t\t\t\t\t\t\t\t\t\t\t\t\t\t\t\t\t\r\n\t\t\t\t\t\t\t\t\t\t\t\r\n\t\t\t\t\t\t\t\t\t\t\t\t\t\t\t\t\t\t\t\t\t\t\t<div class=\"slide-content\">\r\n\t\t\t\t\t\t\t\t\t\t\t\t\t<div class=\"slide-content-visible\">\r\n\t\t\t\t\t\t\t\t\t\t\t\t\t\t\r\n\t\t\t\t\t\t\t\t\t\t\t\t\t\t\r\n\t\t\t\t\t\t\t\t\t\t\t\t\t\t\t\t\t\t\t\t\t\t\t\t\t\t\t\t\t\t\t\t\t\t\t\t\t\t\t\t\t\t\t\r\n\t\t\t\t\t\t\t\t\t\t\t\t\t\t\t\t\t\t\t\t\t\t\t\t\t\t\t\t\t<div class=\"title\">\r\n\t\t\t\t\t\t\t\t\t\t\t\t\t\t\t\t<span class=\"title-h5 \">Comit\u00e9 de Integraci\u00f3n Los Lagos cierra con propuesta de mecanismo para seguimiento a los acuerdos binacionales<\/span>\t\t\t\t\t\t\t\t\t\t\t\t\t\t\t<\/div>\r\n\t\t\t\t\t\t\t\t\t\t\t\t\t\t\r\n\t\t\t\t\t\t\t\t\t\t\t\t\t\t\r\n\t\t\t\t\t\t\t\t\t\t\t\t\t\t\t\t\t\t\t\t\t\t\t\t\t\t\t<\/div>\r\n\r\n\t\t\t\t\t\t\t\t\t\t\t\t\t<div class=\"slide-content-hidden\">\r\n\t\t\t\t\t\t\t\t\t\t\t\t\t\t\r\n\t\t\t\t\t\t\t\t\t\t\t\t\t\t\r\n\t\t\t\t\t\t\t\t\t\t\t\t\t\t\t\t\t\t\t\t\t\t\t\t\t\t\t\t\t\t\t\t\t\t\t\t\t\t\t\t\t\t\t\r\n\t\t\t\t\t\t\t\t\t\t\t\t\t\t\t\t\t\t\t<div class=\"info\">\n\t\t\t\t<a class=\"additional-meta\" data-filter-type=\"taxonomies\" data-attr=\"category\" data-filter=\"actualidad\">Actualidad<\/a><span class=\"sep\"><\/span> <a class=\"additional-meta\" data-filter-type=\"taxonomies\" data-attr=\"category\" data-filter=\"destacados\">Destacados<\/a>\t\t\t\t\t<\/div>\n\t\t\t\t\r\n\t\t\t\t\t\t\t\t\t\t\t\t\t\t\t\t\t\t\t\t\t\t\t\t\t\t\t\t\t<div class=\"description\">\r\n\t\t\t\t\t\t\t\t\t\t\t\t\t\t\t\t<div class=\"subtitle\">\r\n\t\t\t\t\t\t\t\t\t\t\t\t\t\t\t\t\t<span class=\"text-body\"><p>Despu\u00e9s de 16 a\u00f1os, la Regi\u00f3n de Los R\u00edos volvi\u00f3 a ser sede del encuentro, que reuni\u00f3 a m\u00e1s de 500 participantes de cinco regiones chilenas y tres provincias argentinas. Entre sus principales resultados destac\u00f3 la propuesta del gobernador Luis Cuvertino, respaldada por las Canciller\u00edas de ambos pa\u00edses, para establecer evaluaciones peri\u00f3dicas de los compromisos alcanzados.<\/p>\n<\/span>\r\n\t\t\t\t\t\t\t\t\t\t\t\t\t\t\t\t<\/div>\r\n\t\t\t\t\t\t\t\t\t\t\t\t\t\t\t<\/div>\r\n\t\t\t\t\t\t\t\t\t\t\t\t\t\t\r\n\t\t\t\t\t\t\t\t\t\t\t\t\t\t\r\n\t\t\t\t\t\t\t\t\t\t\t\t\t\t\r\n\t\t\t\t\t\t\t\t\t\t\t\t\t\t\t\t\t\t\t\t\t\t\t\t\t\t\t\t\t\n\t\t<div class=\"grid-post-meta clearfix \">\n\t\t\t<div class=\"grid-post-meta-inner\">\n\t\t\t\t\t\t\t\t\t<div class=\"grid-post-share\">\n\t\t\t\t\t\t<a href=\"javascript: void(0);\" class=\"icon share\">\n\t\t\t\t\t\t\t\t\t\t\t\t\t\t\t<i class=\"default\"><\/i>\n\t\t\t\t\t\t\t\t\t\t\t\t\t<\/a>\n\t\t\t\t\t<\/div>\n\t\t\t\t\n\t\t\t\t<div class=\"grid-post-meta-comments-likes\">\n\t\t\t\t\t\n\t\t\t\t\t<span class=\"post-meta-likes\">\t\t\t\t\t\t\t<i class=\"default\"><\/i>\n\t\t\t\t\t\t<a href=\"#\" class=\"zilla-likes\" id=\"zilla-likes-8971\" title=\"Like this\"><span class=\"zilla-likes-count\">0<\/span> <span class=\"zilla-likes-postfix\"><\/span><\/a><\/span>\t\t\t\t<\/div>\n\n\t\t\t\t\t\t\t\t\t<div class=\"portfolio-sharing-pane\">\r\n<div class=\"socials-sharing socials socials-colored-hover \">\r\n\t        <a class=\"socials-item\" target=\"_blank\"\r\n           href=\"https:\/\/www.facebook.com\/sharer\/sharer.php?u=https%3A%2F%2Fwww.elfuerte.cl%2Fweb%2F2026%2F08%2F27%2Fcomite-de-integracion-los-lagos-cierra-con-propuesta-de-mecanismo-para-seguimiento-a-los-acuerdos-binacionales%2F\"\r\n           title=\"Facebook\"><i class=\"socials-item-icon facebook\"><\/i><\/a>\r\n\t\t        <a class=\"socials-item\" target=\"_blank\"\r\n           href=\"https:\/\/twitter.com\/intent\/tweet?text=Comit%C3%A9+de+Integraci%C3%B3n+Los+Lagos+cierra+con+propuesta+de+mecanismo+para+seguimiento+a+los+acuerdos+binacionales&#038;url=https%3A%2F%2Fwww.elfuerte.cl%2Fweb%2F2026%2F08%2F27%2Fcomite-de-integracion-los-lagos-cierra-con-propuesta-de-mecanismo-para-seguimiento-a-los-acuerdos-binacionales%2F\"\r\n           title=\"Twitter\"><i class=\"socials-item-icon twitter\"><\/i><\/a>\r\n\t\t        <a class=\"socials-item\" target=\"_blank\"\r\n           href=\"https:\/\/pinterest.com\/pin\/create\/button\/?url=https%3A%2F%2Fwww.elfuerte.cl%2Fweb%2F2026%2F08%2F27%2Fcomite-de-integracion-los-lagos-cierra-con-propuesta-de-mecanismo-para-seguimiento-a-los-acuerdos-binacionales%2F&#038;description=Comit%C3%A9+de+Integraci%C3%B3n+Los+Lagos+cierra+con+propuesta+de+mecanismo+para+seguimiento+a+los+acuerdos+binacionales&#038;media=https%3A%2F%2Fwww.elfuerte.cl%2Fweb%2Fwp-content%2Fuploads%2F2026%2F08%2F7ff360b8-8881-4bac-9471-5f0217eccd44.jpg\"\r\n           title=\"Pinterest\"><i class=\"socials-item-icon pinterest\"><\/i><\/a>\r\n\t\t        <a class=\"socials-item\" target=\"_blank\"\r\n           href=\"http:\/\/tumblr.com\/widgets\/share\/tool?canonicalUrl=https%3A%2F%2Fwww.elfuerte.cl%2Fweb%2F2026%2F08%2F27%2Fcomite-de-integracion-los-lagos-cierra-con-propuesta-de-mecanismo-para-seguimiento-a-los-acuerdos-binacionales%2F\"\r\n           title=\"Tumblr\"><i class=\"socials-item-icon tumblr\"><\/i><\/a>\r\n\t\t        <a class=\"socials-item\" target=\"_blank\"\r\n           href=\"https:\/\/www.linkedin.com\/shareArticle?mini=true&#038;url=https%3A%2F%2Fwww.elfuerte.cl%2Fweb%2F2026%2F08%2F27%2Fcomite-de-integracion-los-lagos-cierra-con-propuesta-de-mecanismo-para-seguimiento-a-los-acuerdos-binacionales%2F&#038;title=Comit%C3%A9+de+Integraci%C3%B3n+Los+Lagos+cierra+con+propuesta+de+mecanismo+para+seguimiento+a+los+acuerdos+binacionales&amp;summary=Despu%C3%A9s+de+16+a%C3%B1os%2C+la+Regi%C3%B3n+de+Los+R%C3%ADos+volvi%C3%B3+a+ser+sede+del+encuentro%2C+que+reuni%C3%B3+a+m%C3%A1s+de+500+participantes+de+cinco+regiones+chilenas+y+tres+provincias+argentinas.+Entre+sus+principales+resultados+destac%C3%B3+la+propuesta+del+gobernador+Luis+Cuvertino%2C+respaldada+por+las+Canciller%C3%ADas+de+ambos+pa%C3%ADses%2C+para+establecer+evaluaciones+peri%C3%B3dicas+de+los+compromisos+alcanzados.\"\r\n           title=\"LinkedIn\"><i class=\"socials-item-icon linkedin\"><\/i><\/a>\r\n\t\t        <a class=\"socials-item\" target=\"_blank\"\r\n           href=\"https:\/\/www.reddit.com\/submit?url=https%3A%2F%2Fwww.elfuerte.cl%2Fweb%2F2026%2F08%2F27%2Fcomite-de-integracion-los-lagos-cierra-con-propuesta-de-mecanismo-para-seguimiento-a-los-acuerdos-binacionales%2F&#038;title=Comit%C3%A9+de+Integraci%C3%B3n+Los+Lagos+cierra+con+propuesta+de+mecanismo+para+seguimiento+a+los+acuerdos+binacionales\"\r\n           title=\"Reddit\"><i class=\"socials-item-icon reddit\"><\/i><\/a>\r\n\t<\/div>\r\n<\/div>\n\t\t\t\t\t\t\t<\/div>\n\t\t<\/div>\n\n\t\t\t\t\t\t\t\t\t\t\t\t\t\t\t\t\t\t\t\t\t\t\t\t\t\t\t\t\t<\/div>\r\n\t\t\t\t\t\t\t\t\t\t\t\t<\/div>\r\n\r\n\t\t\t\t\t\t\t\t\t\t\t\t\r\n\t\t\t\t\t\t\t\t\t\t\t\t\r\n\t\t\t\t\t\t\t\t\t\t\t\t\t\t\t\t\t\t\t\t\t\t\t\t\t<div class=\"post-date\">27\/08\/2026<\/div>\r\n\t\t\t\t\t\t\t\t\t\t\t\t\r\n\t\t\t\t\t\t\t\t\t\t\t\t\t\t\t\t\t\t\t\t\t<\/div>\r\n\t\t\t\t\t\t\t\t\t<\/div>\r\n\t\t\t\t\t\t\t\t<\/div>\r\n\t\t\t\t\t\t\t<\/div>\r\n\t\t\t\t\t\t\t\t\t\t\t<\/div>\r\n\t\t\t\t\r\n\t\t\t\t\t\t\t<\/div>\r\n\t\t\t\t<\/div>\r\n\t\t\t\t\t\t\t\t\t<\/div><!-- .portflio-set -->\n\t\t\t\t\t\t\t\t\t\t\t\t\t\t\t\t\t\t\t<div class=\"portfolio-item-size-container\">\n\t\t\t\t\t\t\t\t\t\t\t\t<div class=\"portfolio-item col-xs-12 col-sm-6 col-md-6 bigger item-animations-not-inited before-start post-has-author post-8971 post type-post status-publish format-standard has-post-thumbnail category-actualidad category-destacados tag-acuerdos-binacionales tag-clausura tag-comite-integracion tag-seguimiento\">\r\n\t\t\t<\/div>\r\n\t\t\t\t\t\t\t\t\t\t<\/div>\n\t\t\t\t\t\t\t\t\t\t\t\t\t\t\t\t\t<\/div><!-- .row-->\n\n\t\t\t\t\t\t\t\t\n\t\t\t\t\t\t\t\t\n\t\t\t\t\t<\/div><!-- .full-width -->\n\t\t\t\t<\/div><!-- .portfolio-->\n\t\t\t<\/div><!-- .portfolio-preloader-wrapper-->\n\t\t\t\t\t\t<\/div>\n\t\t\t\t<\/div>\n\t\t\t\t<div class=\"elementor-element elementor-element-e9a6365 flex-horizontal-align-default flex-horizontal-align-tablet-default flex-horizontal-align-mobile-default flex-vertical-align-default flex-vertical-align-tablet-default flex-vertical-align-mobile-default elementor-widget elementor-widget-thegem-bloglist\" data-id=\"e9a6365\" data-element_type=\"widget\" data-settings=\"{&quot;thegem_elementor_preset&quot;:&quot;compact&quot;,&quot;items_per_page&quot;:5,&quot;categories&quot;:[&quot;actualidad&quot;],&quot;exclude_blog_posts_type&quot;:&quot;term&quot;,&quot;exclude_blog_posts_terms&quot;:[&quot;category|100&quot;],&quot;query_type&quot;:&quot;post&quot;,&quot;source&quot;:[&quot;categories&quot;],&quot;order_by&quot;:&quot;default&quot;,&quot;order&quot;:&quot;default&quot;,&quot;image_icon_show&quot;:&quot;yes&quot;}\" data-widget_type=\"thegem-bloglist.default\">\n\t\t\t\t<div class=\"elementor-widget-container\">\n\t\t\t\t\t\t\t\t\t<div class=\"preloader\"><div class=\"preloader-spin\"><\/div><\/div>\n\t\t\t\t\t\t<div class=\"bloglist blog clearfix  blog-style-compact  item-animation-move-up  \" data-page=\"1\" data-paged=\"1\" data-next-page=\"2\" data-pages-count=\"12\" data-load-more-action=\"thegem_bloglist_load_more\">\n\t\t\t\n<article id=\"post-6265\" class=\"post-item no-image clearfix  full-meta item-animations-not-inited post-6265 post type-post status-publish format-standard has-post-thumbnail category-actualidad tag-biodiversidad tag-intercambio tag-region-de-los-rios tag-talleres\">\n\t<div class=\"item-post-container\">\n\t\t\n\t\t\t\t\t<div class=\"gem-compact-item-left\">\n\t\t\t\t<div class=\"gem-compact-item-image post-img\">\n\t\t\t\t\t<a class=\"default\" href=\"https:\/\/www.elfuerte.cl\/web\/2026\/04\/27\/intercambio-de-semillas-y-experiencias-conecta-comunidades-del-pais-en-torno-a-la-restauracion-del-bosque-nativo-en-los-rios\/\"><img width=\"366\" height=\"296\" src=\"https:\/\/www.elfuerte.cl\/web\/wp-content\/uploads\/2026\/04\/portada-2026-04-27T102238.493-thegem-blog-compact.jpg\" class=\"img-responsive wp-post-image\" alt=\"portada - 2026-04-27T102238.493\" \/><\/a>\n\t\t\t\t<\/div>\n\t\t\t<\/div>\n\t\t\n\t\t<div class=\"gem-compact-item-right caption-container\">\n\t\t\t<div class=\"gem-compact-item-content\">\n\n\t\t\t\t<div class=\"post-title\">\n\t\t\t\t\t\t\t\t\t\t\t<h5 class=\"entry-title reverse-link-color\"><a href=\"https:\/\/www.elfuerte.cl\/web\/2026\/04\/27\/intercambio-de-semillas-y-experiencias-conecta-comunidades-del-pais-en-torno-a-la-restauracion-del-bosque-nativo-en-los-rios\/\" rel=\"bookmark\"><span class=\"entry-title-date\"><\/span><span class=\"light\">Intercambio de semillas y experiencias conecta comunidades del pa\u00eds en torno a la restauraci\u00f3n del bosque nativo en Los R\u00edos<\/span><\/a><\/h5>\t\t\t\t\t\t\t\t\t<\/div>\n\n\t\t\t\t\t\t\t\t\t<div class=\"post-text\">\n\t\t\t\t\t\t<div class=\"summary\">\n\t\t\t\t\t\t\t<p>Actividad reuni\u00f3 a organizaciones desde la zona central al sur en jornadas realizadas en La Uni\u00f3n y Valdivia, con foco en educaci\u00f3n ambiental y trabajo comunitario.<\/p>\n\t\t\t\t\t\t<\/div>\n\t\t\t\t\t<\/div>\n\t\t\t\t\n\t\t\t<\/div>\n\n\t\t\t<div class=\"post-meta\">\n\t\t\t\t<div class=\"entry-meta clearfix gem-post-date\">\n\t\t\t\t\t<div class=\"post-meta-right\">\n\t\t\t\t\t\t\t\t\t\t\t\t\t\t\t\t\t\t\t\t\t\t\t<\/div>\n\t\t\t\t\t<div class=\"post-meta-left\">\n\t\t\t\t\t\t<span class=\"post-meta-author\">Por <a href=\"https:\/\/elfuerte.cl\/web\" title=\"Visitar el sitio de Prensa El Fuerte\" rel=\"author external\">Prensa El Fuerte<\/a><\/span>\t\t\t\t\t<\/div>\n\t\t\t\t<\/div><!-- .entry-meta -->\n\t\t\t<\/div>\n\t\t<\/div>\n\t<\/div>\t\n<\/article><!-- #post-6265 -->\n\n<article id=\"post-6250\" class=\"post-item no-image clearfix  full-meta item-animations-not-inited post-6250 post type-post status-publish format-standard has-post-thumbnail category-actualidad tag-biobio tag-biodiversidad tag-participacion-ciudadana tag-talleres\">\n\t<div class=\"item-post-container\">\n\t\t\n\t\t\t\t\t<div class=\"gem-compact-item-left\">\n\t\t\t\t<div class=\"gem-compact-item-image post-img\">\n\t\t\t\t\t<a class=\"default\" href=\"https:\/\/www.elfuerte.cl\/web\/2026\/04\/26\/biobio-inicia-talleres-para-definir-prioridades-de-conservacion-en-medio-de-debate-sobre-continuidad-de-politicas-ambientales\/\"><img width=\"366\" height=\"296\" src=\"https:\/\/www.elfuerte.cl\/web\/wp-content\/uploads\/2026\/04\/portada-2026-04-26T120829.199-thegem-blog-compact.jpg\" class=\"img-responsive wp-post-image\" alt=\"portada - 2026-04-26T120829.199\" \/><\/a>\n\t\t\t\t<\/div>\n\t\t\t<\/div>\n\t\t\n\t\t<div class=\"gem-compact-item-right caption-container\">\n\t\t\t<div class=\"gem-compact-item-content\">\n\n\t\t\t\t<div class=\"post-title\">\n\t\t\t\t\t\t\t\t\t\t\t<h5 class=\"entry-title reverse-link-color\"><a href=\"https:\/\/www.elfuerte.cl\/web\/2026\/04\/26\/biobio-inicia-talleres-para-definir-prioridades-de-conservacion-en-medio-de-debate-sobre-continuidad-de-politicas-ambientales\/\" rel=\"bookmark\"><span class=\"entry-title-date\"><\/span><span class=\"light\">Biob\u00edo inicia talleres para definir prioridades de conservaci\u00f3n  en medio de debate sobre continuidad de pol\u00edticas ambientales<\/span><\/a><\/h5>\t\t\t\t\t\t\t\t\t<\/div>\n\n\t\t\t\t\t\t\t\t\t<div class=\"post-text\">\n\t\t\t\t\t\t<div class=\"summary\">\n\t\t\t\t\t\t\t<p>Proceso participativo busca recoger visiones locales para orientar la protecci\u00f3n de la biodiversidad, en un escenario marcado por incertidumbre presupuestaria.<\/p>\n\t\t\t\t\t\t<\/div>\n\t\t\t\t\t<\/div>\n\t\t\t\t\n\t\t\t<\/div>\n\n\t\t\t<div class=\"post-meta\">\n\t\t\t\t<div class=\"entry-meta clearfix gem-post-date\">\n\t\t\t\t\t<div class=\"post-meta-right\">\n\t\t\t\t\t\t\t\t\t\t\t\t\t\t\t\t\t\t\t\t\t\t\t<\/div>\n\t\t\t\t\t<div class=\"post-meta-left\">\n\t\t\t\t\t\t<span class=\"post-meta-author\">Por <a href=\"https:\/\/elfuerte.cl\/web\" title=\"Visitar el sitio de Prensa El Fuerte\" rel=\"author external\">Prensa El Fuerte<\/a><\/span>\t\t\t\t\t<\/div>\n\t\t\t\t<\/div><!-- .entry-meta -->\n\t\t\t<\/div>\n\t\t<\/div>\n\t<\/div>\t\n<\/article><!-- #post-6250 -->\n\n<article id=\"post-6244\" class=\"post-item no-image clearfix  full-meta item-animations-not-inited post-6244 post type-post status-publish format-standard has-post-thumbnail category-actualidad tag-encuentro tag-frutillar tag-musica tag-unesco\">\n\t<div class=\"item-post-container\">\n\t\t\n\t\t\t\t\t<div class=\"gem-compact-item-left\">\n\t\t\t\t<div class=\"gem-compact-item-image post-img\">\n\t\t\t\t\t<a class=\"default\" href=\"https:\/\/www.elfuerte.cl\/web\/2026\/04\/26\/frutillar-reune-a-ciudades-creativas-de-la-musica-para-avanzar-en-gestion-cultural-y-economia-nocturna\/\"><img width=\"366\" height=\"296\" src=\"https:\/\/www.elfuerte.cl\/web\/wp-content\/uploads\/2026\/04\/portada-2026-04-26T114813.522-thegem-blog-compact.jpg\" class=\"img-responsive wp-post-image\" alt=\"portada - 2026-04-26T114813.522\" \/><\/a>\n\t\t\t\t<\/div>\n\t\t\t<\/div>\n\t\t\n\t\t<div class=\"gem-compact-item-right caption-container\">\n\t\t\t<div class=\"gem-compact-item-content\">\n\n\t\t\t\t<div class=\"post-title\">\n\t\t\t\t\t\t\t\t\t\t\t<h5 class=\"entry-title reverse-link-color\"><a href=\"https:\/\/www.elfuerte.cl\/web\/2026\/04\/26\/frutillar-reune-a-ciudades-creativas-de-la-musica-para-avanzar-en-gestion-cultural-y-economia-nocturna\/\" rel=\"bookmark\"><span class=\"entry-title-date\"><\/span><span class=\"light\">Frutillar re\u00fane a ciudades creativas de la m\u00fasica para avanzar en gesti\u00f3n cultural y econom\u00eda nocturna<\/span><\/a><\/h5>\t\t\t\t\t\t\t\t\t<\/div>\n\n\t\t\t\t\t\t\t\t\t<div class=\"post-text\">\n\t\t\t\t\t\t<div class=\"summary\">\n\t\t\t\t\t\t\t<p>Encuentro intermunicipal convoc\u00f3 a representantes de Valpara\u00edso y Concepci\u00f3n en una instancia que busca fortalecer el desarrollo cultural y productivo desde los territorios.<\/p>\n\t\t\t\t\t\t<\/div>\n\t\t\t\t\t<\/div>\n\t\t\t\t\n\t\t\t<\/div>\n\n\t\t\t<div class=\"post-meta\">\n\t\t\t\t<div class=\"entry-meta clearfix gem-post-date\">\n\t\t\t\t\t<div class=\"post-meta-right\">\n\t\t\t\t\t\t\t\t\t\t\t\t\t\t\t\t\t\t\t\t\t\t\t<\/div>\n\t\t\t\t\t<div class=\"post-meta-left\">\n\t\t\t\t\t\t<span class=\"post-meta-author\">Por <a href=\"https:\/\/elfuerte.cl\/web\" title=\"Visitar el sitio de Prensa El Fuerte\" rel=\"author external\">Prensa El Fuerte<\/a><\/span>\t\t\t\t\t<\/div>\n\t\t\t\t<\/div><!-- .entry-meta -->\n\t\t\t<\/div>\n\t\t<\/div>\n\t<\/div>\t\n<\/article><!-- #post-6244 -->\n\n<article id=\"post-6237\" class=\"post-item no-image clearfix  full-meta item-animations-not-inited post-6237 post type-post status-publish format-standard has-post-thumbnail category-actualidad tag-biomedicina tag-computacion tag-tecnologia\">\n\t<div class=\"item-post-container\">\n\t\t\n\t\t\t\t\t<div class=\"gem-compact-item-left\">\n\t\t\t\t<div class=\"gem-compact-item-image post-img\">\n\t\t\t\t\t<a class=\"default\" href=\"https:\/\/www.elfuerte.cl\/web\/2026\/04\/25\/como-la-computacion-cuantica-empieza-a-acelerar-el-desarrollo-de-medicamentos\/\"><img width=\"366\" height=\"296\" src=\"https:\/\/www.elfuerte.cl\/web\/wp-content\/uploads\/2026\/04\/biomed-thegem-blog-compact.webp\" class=\"img-responsive wp-post-image\" alt=\"biomed\" \/><\/a>\n\t\t\t\t<\/div>\n\t\t\t<\/div>\n\t\t\n\t\t<div class=\"gem-compact-item-right caption-container\">\n\t\t\t<div class=\"gem-compact-item-content\">\n\n\t\t\t\t<div class=\"post-title\">\n\t\t\t\t\t\t\t\t\t\t\t<h5 class=\"entry-title reverse-link-color\"><a href=\"https:\/\/www.elfuerte.cl\/web\/2026\/04\/25\/como-la-computacion-cuantica-empieza-a-acelerar-el-desarrollo-de-medicamentos\/\" rel=\"bookmark\"><span class=\"entry-title-date\"><\/span><span class=\"light\">C\u00f3mo la computaci\u00f3n cu\u00e1ntica empieza a acelerar el desarrollo de medicamentos<\/span><\/a><\/h5>\t\t\t\t\t\t\t\t\t<\/div>\n\n\t\t\t\t\t\t\t\t\t<div class=\"post-text\">\n\t\t\t\t\t\t<div class=\"summary\">\n\t\t\t\t\t\t\t<p>Aunque a\u00fan en fase experimental, la tecnolog\u00eda basada en qubits comienza a aplicarse en simulaci\u00f3n molecular, con el potencial de reducir tiempos y costos en una industria marcada por procesos largos y complejos.<\/p>\n\t\t\t\t\t\t<\/div>\n\t\t\t\t\t<\/div>\n\t\t\t\t\n\t\t\t<\/div>\n\n\t\t\t<div class=\"post-meta\">\n\t\t\t\t<div class=\"entry-meta clearfix gem-post-date\">\n\t\t\t\t\t<div class=\"post-meta-right\">\n\t\t\t\t\t\t\t\t\t\t\t\t\t\t\t\t\t\t\t\t\t\t\t<\/div>\n\t\t\t\t\t<div class=\"post-meta-left\">\n\t\t\t\t\t\t<span class=\"post-meta-author\">Por <a href=\"https:\/\/elfuerte.cl\/web\" title=\"Visitar el sitio de Prensa El Fuerte\" rel=\"author external\">Prensa El Fuerte<\/a><\/span>\t\t\t\t\t<\/div>\n\t\t\t\t<\/div><!-- .entry-meta -->\n\t\t\t<\/div>\n\t\t<\/div>\n\t<\/div>\t\n<\/article><!-- #post-6237 -->\n\n<article id=\"post-6227\" class=\"post-item no-image clearfix  full-meta item-animations-not-inited post-6227 post type-post status-publish format-standard has-post-thumbnail category-actualidad tag-camara-comercio-detallista tag-fortalecimiento tag-inauguracion tag-valdivia\">\n\t<div class=\"item-post-container\">\n\t\t\n\t\t\t\t\t<div class=\"gem-compact-item-left\">\n\t\t\t\t<div class=\"gem-compact-item-image post-img\">\n\t\t\t\t\t<a class=\"default\" href=\"https:\/\/www.elfuerte.cl\/web\/2026\/04\/25\/camara-de-comercio-detallista-inaugura-nuevas-instalaciones-y-avanza-en-la-recuperacion-de-historico-edificio-gremial\/\"><img width=\"366\" height=\"296\" src=\"https:\/\/www.elfuerte.cl\/web\/wp-content\/uploads\/2026\/04\/portada-2026-04-25T101949.275-thegem-blog-compact.jpg\" class=\"img-responsive wp-post-image\" alt=\"portada - 2026-04-25T101949.275\" \/><\/a>\n\t\t\t\t<\/div>\n\t\t\t<\/div>\n\t\t\n\t\t<div class=\"gem-compact-item-right caption-container\">\n\t\t\t<div class=\"gem-compact-item-content\">\n\n\t\t\t\t<div class=\"post-title\">\n\t\t\t\t\t\t\t\t\t\t\t<h5 class=\"entry-title reverse-link-color\"><a href=\"https:\/\/www.elfuerte.cl\/web\/2026\/04\/25\/camara-de-comercio-detallista-inaugura-nuevas-instalaciones-y-avanza-en-la-recuperacion-de-historico-edificio-gremial\/\" rel=\"bookmark\"><span class=\"entry-title-date\"><\/span><span class=\"light\">C\u00e1mara de Comercio Detallista inaugura nuevas instalaciones  y avanza en la recuperaci\u00f3n de hist\u00f3rico edificio gremial<\/span><\/a><\/h5>\t\t\t\t\t\t\t\t\t<\/div>\n\n\t\t\t\t\t\t\t\t\t<div class=\"post-text\">\n\t\t\t\t\t\t<div class=\"summary\">\n\t\t\t\t\t\t\t<p>La inversi\u00f3n cercana a los $35 millones permiti\u00f3 habilitar un nuevo espacio en pleno Paseo Libertad, en un proceso que combina fortalecimiento institucional, rescate patrimonial y proyecci\u00f3n del comercio local.<\/p>\n\t\t\t\t\t\t<\/div>\n\t\t\t\t\t<\/div>\n\t\t\t\t\n\t\t\t<\/div>\n\n\t\t\t<div class=\"post-meta\">\n\t\t\t\t<div class=\"entry-meta clearfix gem-post-date\">\n\t\t\t\t\t<div class=\"post-meta-right\">\n\t\t\t\t\t\t\t\t\t\t\t\t\t\t\t\t\t\t\t\t\t\t\t<\/div>\n\t\t\t\t\t<div class=\"post-meta-left\">\n\t\t\t\t\t\t<span class=\"post-meta-author\">Por <a href=\"https:\/\/elfuerte.cl\/web\" title=\"Visitar el sitio de Prensa El Fuerte\" rel=\"author external\">Prensa El Fuerte<\/a><\/span>\t\t\t\t\t<\/div>\n\t\t\t\t<\/div><!-- .entry-meta -->\n\t\t\t<\/div>\n\t\t<\/div>\n\t<\/div>\t\n<\/article><!-- #post-6227 -->\n\t\t\t<\/div>\n\t\t\t\t\t\t<\/div>\n\t\t\t\t<\/div>\n\t\t\t\t<div class=\"elementor-element elementor-element-23a449e flex-horizontal-align-default flex-horizontal-align-tablet-default flex-horizontal-align-mobile-default flex-vertical-align-default flex-vertical-align-tablet-default flex-vertical-align-mobile-default elementor-widget elementor-widget-button\" data-id=\"23a449e\" data-element_type=\"widget\" data-widget_type=\"button.default\">\n\t\t\t\t\t\t\t\t\t\t<a class=\"elementor-button elementor-button-link elementor-size-sm\" href=\"https:\/\/elfuerte.cl\/web\/actualidad\/\">\n\t\t\t\t\t\t<span class=\"elementor-button-content-wrapper\">\n\t\t\t\t\t\t\t\t\t<span class=\"elementor-button-text\">Ver M\u00e1s Actualidad<\/span>\n\t\t\t\t\t<\/span>\n\t\t\t\t\t<\/a>\n\t\t\t\t\t\t\t\t<\/div>\n\t\t\t\t<div class=\"elementor-element elementor-element-6725b14 flex-horizontal-align-default flex-horizontal-align-tablet-default flex-horizontal-align-mobile-default flex-vertical-align-default flex-vertical-align-tablet-default flex-vertical-align-mobile-default elementor-widget elementor-widget-thegem-styledimage\" data-id=\"6725b14\" data-element_type=\"widget\" data-settings=\"{&quot;thegem_elementor_preset&quot;:&quot;style-2&quot;,&quot;image&quot;:{&quot;url&quot;:&quot;https:\\\/\\\/elfuerte.cl\\\/web\\\/wp-content\\\/uploads\\\/2026\\\/01\\\/banner2.jpg&quot;,&quot;id&quot;:3218,&quot;size&quot;:&quot;&quot;,&quot;alt&quot;:&quot;&quot;,&quot;source&quot;:&quot;library&quot;},&quot;image_position&quot;:&quot;left&quot;}\" data-widget_type=\"thegem-styledimage.default\">\n\t\t\t\t<div class=\"elementor-widget-container\">\n\t\t\t\t\t\n<div class=\"styled-image-wrapper\">\n\t\t\t<div class=\"gem-image gem-wrapbox gem-wrapbox-style-2 gem-wrapbox-position-left lazy-loading \">\n\t\t\t<div class=\"gem-wrapbox-inner  lazy-loading-item\"  data-ll-effect=\"move-up\">\n\t\t\t\t\t\t\t\t\t<img class=\"gem-wrapbox-element img-responsive \"\n\t\t\t\t\t\t src=\"https:\/\/www.elfuerte.cl\/web\/wp-content\/uploads\/2026\/01\/banner2.jpg\"\n\t\t\t\t\t\t alt=\"banner2\">\n\t\t\t\t\t\t\t\t<\/div>\n\t\t<\/div>\n\t\t<\/div>\n\n\n\t\n\t\t\t\t\t\t<\/div>\n\t\t\t\t<\/div>\n\t\t\t\t<div class=\"elementor-element elementor-element-3089d57 flex-horizontal-align-default flex-horizontal-align-tablet-default flex-horizontal-align-mobile-default flex-vertical-align-default flex-vertical-align-tablet-default flex-vertical-align-mobile-default elementor-widget elementor-widget-text-editor\" data-id=\"3089d57\" data-element_type=\"widget\" data-widget_type=\"text-editor.default\">\n\t\t\t\t\t\t\t\t\t\t\t\t<div class=\"elementor-text-editor elementor-clearfix\">\r\n\t\t\t\t\t\t<div class=\"title-h1\" style=\"text-align: center;\"><span style=\"color: #ec2d2f;\">El Fuerte:<\/span> Por eso somos noticia<\/div>\t\t\t\t\t\t\t<\/div>\r\n\t\t\t\t\t\t\t\t\t\t<\/div>\n\t\t\t\t<section class=\"elementor-section elementor-inner-section elementor-element elementor-element-b7a37fa elementor-section-full_width elementor-section-height-min-height elementor-section-content-bottom elementor-section-height-default\" data-id=\"b7a37fa\" data-element_type=\"section\">\r\n\t\t\t\t\t\t<div class=\"elementor-container elementor-column-gap-no\"><div class=\"elementor-row\">\r\n\t\t\t\t\t<div class=\"elementor-column elementor-col-100 elementor-inner-column elementor-element elementor-element-eac4f0a\" data-id=\"eac4f0a\" data-element_type=\"column\">\n\t\t\t<div class=\"elementor-widget-wrap elementor-element-populated\">\n\t\t\t\t\t\t<div class=\"elementor-element elementor-element-c6b8d33 elementor-widget__width-auto elementor-absolute flex-horizontal-align-default flex-horizontal-align-tablet-default flex-horizontal-align-mobile-default flex-vertical-align-default flex-vertical-align-tablet-default flex-vertical-align-mobile-default elementor-widget elementor-widget-heading\" data-id=\"c6b8d33\" data-element_type=\"widget\" data-settings=\"{&quot;_position&quot;:&quot;absolute&quot;}\" data-widget_type=\"heading.default\">\n\t\t\t\t\t<div class=\"title-h2 elementor-heading-title elementor-size-default\">Regi\u00f3n L\u00fadica<\/div>\t\t\t\t<\/div>\n\t\t\t\t<div class=\"elementor-element elementor-element-78b65aa elementor-hidden-phone flex-horizontal-align-default flex-horizontal-align-tablet-default flex-horizontal-align-mobile-default flex-vertical-align-default flex-vertical-align-tablet-default flex-vertical-align-mobile-default elementor-widget elementor-widget-heading\" data-id=\"78b65aa\" data-element_type=\"widget\" data-widget_type=\"heading.default\">\n\t\t\t\t\t<div class=\"title-xlarge elementor-heading-title elementor-size-default\">Regi\u00f3n L\u00fadica<\/div>\t\t\t\t<\/div>\n\t\t\t\t\t<\/div>\n\t\t<\/div>\n\t\t\t\t\t<\/div><\/div>\r\n\t\t<\/section>\r\n\t\t\t\t<div class=\"elementor-element elementor-element-a6eae88 flex-horizontal-align-default flex-horizontal-align-tablet-default flex-horizontal-align-mobile-default flex-vertical-align-default flex-vertical-align-tablet-default flex-vertical-align-mobile-default elementor-widget elementor-widget-thegem-extended-blog-grid\" data-id=\"a6eae88\" data-element_type=\"widget\" data-settings=\"{&quot;thegem_elementor_preset&quot;:&quot;new&quot;,&quot;columns&quot;:&quot;2x&quot;,&quot;categories&quot;:[&quot;destacados&quot;],&quot;caption_position&quot;:&quot;hover&quot;,&quot;items_per_page&quot;:2,&quot;loading_animation&quot;:&quot;yes&quot;,&quot;animation_effect&quot;:&quot;move-up&quot;,&quot;image_hover_effect&quot;:&quot;horizontal-sliding&quot;,&quot;thegem_custom_css&quot;:&quot;.portfolio-item .image .overlay .links a.share i.default:before {\\r\\n    position: relative;\\r\\n    top: -2px;\\r\\n}&quot;,&quot;portfolio_uid&quot;:&quot;08f94ee&quot;,&quot;filters_text_labels_clear_text&quot;:&quot;Clear Filters&quot;,&quot;not_found_text&quot;:&quot;No items were found matching your selection&quot;,&quot;sorting_extended_text&quot;:&quot;Default sorting&quot;,&quot;sorting_extended_dropdown_title_text&quot;:&quot;Sort by title (A-Z)&quot;,&quot;sorting_extended_dropdown_title_desc_text&quot;:&quot;Sort by title (Z-A)&quot;,&quot;sorting_extended_dropdown_latest_text&quot;:&quot;Sort by latest&quot;,&quot;sorting_extended_dropdown_oldest_text&quot;:&quot;Sort by oldest&quot;,&quot;exclude_blog_posts_type&quot;:&quot;term&quot;,&quot;exclude_blog_posts_terms&quot;:[&quot;category|21&quot;,&quot;category|157&quot;],&quot;additional_meta_click_behavior&quot;:&quot;filtering&quot;,&quot;skin_source&quot;:&quot;default&quot;,&quot;layout&quot;:&quot;justified&quot;,&quot;columns_tablet&quot;:&quot;2x&quot;,&quot;columns_mobile&quot;:&quot;1x&quot;,&quot;image_size&quot;:&quot;default&quot;,&quot;image_ratio_default&quot;:{&quot;unit&quot;:&quot;px&quot;,&quot;size&quot;:&quot;&quot;,&quot;sizes&quot;:[]},&quot;query_type&quot;:&quot;post&quot;,&quot;source&quot;:[&quot;categories&quot;],&quot;order_by&quot;:&quot;default&quot;,&quot;order&quot;:&quot;default&quot;,&quot;blog_show_title&quot;:&quot;yes&quot;,&quot;blog_show_description&quot;:&quot;yes&quot;,&quot;blog_show_date&quot;:&quot;yes&quot;,&quot;blog_show_categories&quot;:&quot;yes&quot;,&quot;additional_meta_type&quot;:&quot;taxonomies&quot;,&quot;additional_meta_taxonomies&quot;:&quot;category&quot;,&quot;blog_show_likes&quot;:&quot;yes&quot;,&quot;filter_type&quot;:&quot;default&quot;,&quot;filter_style&quot;:&quot;buttons&quot;,&quot;search_by&quot;:&quot;content&quot;,&quot;social_sharing&quot;:&quot;yes&quot;,&quot;sharing_icon&quot;:{&quot;value&quot;:&quot;&quot;,&quot;library&quot;:&quot;&quot;},&quot;shares_show_facebook&quot;:&quot;yes&quot;,&quot;shares_show_twitter&quot;:&quot;yes&quot;,&quot;shares_show_pinterest&quot;:&quot;yes&quot;,&quot;shares_show_tumblr&quot;:&quot;yes&quot;,&quot;shares_show_linkedin&quot;:&quot;yes&quot;,&quot;shares_show_reddit&quot;:&quot;yes&quot;,&quot;ignore_sticky_posts&quot;:&quot;yes&quot;,&quot;ajax_preloader_type&quot;:&quot;default&quot;,&quot;image_gaps&quot;:{&quot;unit&quot;:&quot;px&quot;,&quot;size&quot;:42,&quot;sizes&quot;:[]},&quot;image_gaps_tablet&quot;:{&quot;unit&quot;:&quot;px&quot;,&quot;size&quot;:&quot;&quot;,&quot;sizes&quot;:[]},&quot;image_gaps_mobile&quot;:{&quot;unit&quot;:&quot;px&quot;,&quot;size&quot;:&quot;&quot;,&quot;sizes&quot;:[]},&quot;blog_title_preset&quot;:&quot;default&quot;,&quot;title_tag&quot;:&quot;div&quot;,&quot;blog_description_preset&quot;:&quot;default&quot;,&quot;likes_icon&quot;:{&quot;value&quot;:&quot;&quot;,&quot;library&quot;:&quot;&quot;},&quot;caption_container_preset&quot;:&quot;transparent&quot;,&quot;pagination_arrows_left_icon&quot;:{&quot;value&quot;:&quot;&quot;,&quot;library&quot;:&quot;&quot;},&quot;pagination_arrows_right_icon&quot;:{&quot;value&quot;:&quot;&quot;,&quot;library&quot;:&quot;&quot;},&quot;readmore_button_type&quot;:&quot;outline&quot;,&quot;readmore_button_size&quot;:&quot;default&quot;}\" data-widget_type=\"thegem-extended-blog-grid.default\">\n\t\t\t\t<div class=\"elementor-widget-container\">\n\t\t\t\t\t<div class=\"preloader save-space\"><div class=\"preloader-spin\"><\/div><\/div>\t\t\t<div class=\"portfolio-preloader-wrapper\">\n\n\t\t\t\t\n\t\t\t\t<div class=\"portfolio portfolio-grid extended-portfolio-grid news-grid no-padding portfolio-pagination-disabled portfolio-style-justified background-style-transparent hover-new-horizontal-sliding title-on-hover caption-position-hover version-new  loading-animation item-animation-move-up      columns-tablet-2 columns-mobile-1 hover-new-horizontal-sliding hover-title  columns-2             \" id=\"style-a6eae88\" data-style-uid=\"a6eae88\" data-portfolio-uid=\"08f94ee\" data-current-page=\"1\" data-per-page=\"2\" data-next-page=\"2\" data-pages-count=\"2\" data-hover=\"new-horizontal-sliding\" data-portfolio-filter=\"[]\" data-portfolio-filter-attributes=\"null\" data-portfolio-filter-status=\"null\" data-portfolio-filter-price=\"null\" data-portfolio-filter-search=\"\">\n\t\t\t\t\t\n\t\t\t\t\t<div class=\"portfolio-row-outer \">\n\n\t\t\t\t\t\t\t\t\t\t\t\t\t\t\t\t\t\t\t\t\t\t\t<div class=\"portfolio-top-panel filter-type-default selected-only\">\n\t\t\t\t\t\t\t\t\t\t\t\t\t\t\t\t\t\t\t\t<div class=\"portfolio-top-panel-row filter-style-buttons\">\n\t\t\t\t\t\t\t\t\t\t\t\t\t\t\t\t\t\t\t\t\t\t\t<div class=\"portfolio-top-panel-left\"><div class=\"portfolio-filter-item portfolio-selected-filters  \">\n\t<div class=\"portfolio-selected-filter-item clear-filters\">\n\t\tClear Filters\t<\/div>\n\t<\/div>\t\t\t\t\t\t\t\t\t\t\t\t<\/div>\n\t\t\t\t\t\t\t\t\t\t\t\t\t\t\t\t\t\t\t\t\t\t\t\t\t\t\t\t\t\t\t\t\t\t<div class=\"portfolio-top-panel-right\">\n\t\t\t\t\t\t\t\t\t\t\t\t\t\n\t\t\t\t\t\t\t\t\t\t\t\t\t\t\t\t\t\t\t\t\t\t\t\t\t<\/div>\n\t\t\t\t\t\t\t\t\t\t\t\t\t\t\t\t\t\t\t\t\t<\/div>\n\t\t\t\t\t\t\t\t\t\t\t\t\t\t\t\t\t\t\t<\/div>\n\t\t\t\t\t\t\t\t\n\t\t\t\t\t\t\t\t<div class=\"row portfolio-row\">\n\t\t\t\t\t\t\t\t\t<div class=\"portfolio-set clearfix\"\n\t\t\t\t\t\t\t\t\t\t data-max-row-height=\"\">\n\t\t\t\t\t\t\t\t\t\t\t<div class=\"portfolio-item destacados region-ludica col-xs-12 col-sm-6 col-md-6 bigger item-animations-not-inited before-start post-has-author appearance-type- post-2297 post type-post status-publish format-standard has-post-thumbnail category-destacados category-region-ludica tag-cultura tag-editoriales tag-eventos-culturales tag-feria-del-libro-de-valdivia tag-gabriela-mistral tag-lectura tag-literatura-chilena tag-parque-saval tag-premio-nobel-de-literatura tag-region-ludica\" style=\"padding: calc(42px\/2)\" data-default-sort=\"0\" data-sort-date=\"1763414802\">\r\n\t\t\t\t\t\r\n\t\t\t<div class=\"wrap clearfix\">\r\n\t\t\t\t\t\t\t\t\t\t\t\t\t<div class=\"image post-2297 post type-post status-publish format-standard has-post-thumbnail category-destacados category-region-ludica tag-cultura tag-editoriales tag-eventos-culturales tag-feria-del-libro-de-valdivia tag-gabriela-mistral tag-lectura tag-literatura-chilena tag-parque-saval tag-premio-nobel-de-literatura tag-region-ludica\">\r\n\t\t\t\t\t\t<div class=\"image-inner \">\r\n\r\n\t\t\t\t\t\t\t\t\t<picture>\n\t\t\t\t\t\t<img src=\"https:\/\/www.elfuerte.cl\/web\/wp-content\/uploads\/2026\/08\/transparent-thegem-product-justified-square-xl.png\" width=\"700\" height=\"700\"  class=\"attachment-thegem-product-justified-square-xl\" alt=\"Anuncian lluvia de letras que caer\u00e1 sobre el recinto de ferias del Parque Saval\" style=\"max-width: 110%\" \/>\n\t\t<\/picture>\n\t\t<div class=\"post-featured-content\"><a href=\"https:\/\/www.elfuerte.cl\/web\/2025\/11\/17\/anuncian-lluvia-de-letras-que-caera-sobre-el-recinto-de-ferias-del-parque-saval\/\">\t\t<picture>\n\t\t\t\t\t\t\t\t\t\t\t\t\t\t\t\t\t<source srcset=\"https:\/\/www.elfuerte.cl\/web\/wp-content\/uploads\/2025\/11\/feriabanner-thegem-product-justified-square-xl.jpg 1x\"   sizes=\"100vw\">\n\t\t\t\t\t\t\t<img src=\"https:\/\/www.elfuerte.cl\/web\/wp-content\/uploads\/2025\/11\/feriabanner-thegem-product-justified-square-xl.jpg\" width=\"700\" height=\"674\"  class=\"img-responsive\" alt=\"feriabanner\" \/>\n\t\t<\/picture>\n\t\t<\/a><\/div>\t\t\t\t\t\t<\/div>\r\n\r\n\t\t\t\t\t\t\t\t\t\t\t\t\t<div class=\"overlay\">\r\n\t\t\t\t\t\t\t\t<div class=\"overlay-circle\"><\/div>\r\n\r\n\t\t\t\t\t\t\t\t<div class=\"links-wrapper\">\r\n\t\t\t\t\t\t\t\t\t<div class=\"links\">\r\n\t\t\t\t\t\t\t\t\t\t<div class=\"caption\">\r\n\t\t\t\t\t\t\t\t\t\t\t<a href=\"https:\/\/www.elfuerte.cl\/web\/2025\/11\/17\/anuncian-lluvia-de-letras-que-caera-sobre-el-recinto-de-ferias-del-parque-saval\/\" class=\"portfolio-item-link\">\r\n\t\t\t\t\t\t\t\t\t\t\t\t<span class=\"screen-reader-text\">Anuncian lluvia de letras que caer\u00e1 sobre el recinto de ferias del Parque Saval<\/span>\r\n\t\t\t\t\t\t\t\t\t\t\t<\/a>\r\n\r\n\t\t\t\t\t\t\t\t\t\t\t\t\t\t\t\t\t\t\t\t\t\t\t\r\n\t\t\t\t\t\t\t\t\t\t\t\t\t\t\t\t\t\t\t\t\t\t\t\r\n\t\t\t\t\t\t\t\t\t\t\t\r\n\t\t\t\t\t\t\t\t\t\t\t\t\t\t\t\t\t\t\t\t\t\t\t<div class=\"slide-content\">\r\n\t\t\t\t\t\t\t\t\t\t\t\t\t<div class=\"slide-content-visible\">\r\n\t\t\t\t\t\t\t\t\t\t\t\t\t\t\r\n\t\t\t\t\t\t\t\t\t\t\t\t\t\t\r\n\t\t\t\t\t\t\t\t\t\t\t\t\t\t\t\t\t\t\t\t\t\t\t\t\t\t\t\t\t\t\t\t\t\t\t\t\t\t\t\t\t\t\t\r\n\t\t\t\t\t\t\t\t\t\t\t\t\t\t\t\t\t\t\t\t\t\t\t\t\t\t\t\t\t<div class=\"title\">\r\n\t\t\t\t\t\t\t\t\t\t\t\t\t\t\t\t<span class=\"title-h5 \">Anuncian lluvia de letras que caer\u00e1 sobre el recinto de ferias del Parque Saval<\/span>\t\t\t\t\t\t\t\t\t\t\t\t\t\t\t<\/div>\r\n\t\t\t\t\t\t\t\t\t\t\t\t\t\t\r\n\t\t\t\t\t\t\t\t\t\t\t\t\t\t\r\n\t\t\t\t\t\t\t\t\t\t\t\t\t\t\t\t\t\t\t\t\t\t\t\t\t\t\t<\/div>\r\n\r\n\t\t\t\t\t\t\t\t\t\t\t\t\t<div class=\"slide-content-hidden\">\r\n\t\t\t\t\t\t\t\t\t\t\t\t\t\t\r\n\t\t\t\t\t\t\t\t\t\t\t\t\t\t\r\n\t\t\t\t\t\t\t\t\t\t\t\t\t\t\t\t\t\t\t\t\t\t\t\t\t\t\t\t\t\t\t\t\t\t\t\t\t\t\t\t\t\t\t\r\n\t\t\t\t\t\t\t\t\t\t\t\t\t\t\t\t\t\t\t<div class=\"info\">\n\t\t\t\t<a class=\"additional-meta\" data-filter-type=\"taxonomies\" data-attr=\"category\" data-filter=\"destacados\">Destacados<\/a><span class=\"sep\"><\/span> <a class=\"additional-meta\" data-filter-type=\"taxonomies\" data-attr=\"category\" data-filter=\"region-ludica\">Regi\u00f3n L\u00fadica<\/a>\t\t\t\t\t<\/div>\n\t\t\t\t\r\n\t\t\t\t\t\t\t\t\t\t\t\t\t\t\t\t\t\t\t\t\t\t\t\t\t\t\t\t\t<div class=\"description\">\r\n\t\t\t\t\t\t\t\t\t\t\t\t\t\t\t\t<div class=\"subtitle\">\r\n\t\t\t\t\t\t\t\t\t\t\t\t\t\t\t\t\t<span class=\"text-body\"><p>Este fin de semana se realizar\u00e1 la nueva versi\u00f3n de la \u201cFeria del Libro de Valdivia\u201d, cuyo tema central ser\u00e1 la conmemoraci\u00f3n de los 80 a\u00f1os del Premio Nobel de Literatura otorgado a la poetisa chilena Gabriela Mistral.<\/p>\n<\/span>\r\n\t\t\t\t\t\t\t\t\t\t\t\t\t\t\t\t<\/div>\r\n\t\t\t\t\t\t\t\t\t\t\t\t\t\t\t<\/div>\r\n\t\t\t\t\t\t\t\t\t\t\t\t\t\t\r\n\t\t\t\t\t\t\t\t\t\t\t\t\t\t\r\n\t\t\t\t\t\t\t\t\t\t\t\t\t\t\r\n\t\t\t\t\t\t\t\t\t\t\t\t\t\t\t\t\t\t\t\t\t\t\t\t\t\t\t\t\t\n\t\t<div class=\"grid-post-meta clearfix \">\n\t\t\t<div class=\"grid-post-meta-inner\">\n\t\t\t\t\t\t\t\t\t<div class=\"grid-post-share\">\n\t\t\t\t\t\t<a href=\"javascript: void(0);\" class=\"icon share\">\n\t\t\t\t\t\t\t\t\t\t\t\t\t\t\t<i class=\"default\"><\/i>\n\t\t\t\t\t\t\t\t\t\t\t\t\t<\/a>\n\t\t\t\t\t<\/div>\n\t\t\t\t\n\t\t\t\t<div class=\"grid-post-meta-comments-likes\">\n\t\t\t\t\t\n\t\t\t\t\t<span class=\"post-meta-likes\">\t\t\t\t\t\t\t<i class=\"default\"><\/i>\n\t\t\t\t\t\t<a href=\"#\" class=\"zilla-likes\" id=\"zilla-likes-2297\" title=\"Like this\"><span class=\"zilla-likes-count\">0<\/span> <span class=\"zilla-likes-postfix\"><\/span><\/a><\/span>\t\t\t\t<\/div>\n\n\t\t\t\t\t\t\t\t\t<div class=\"portfolio-sharing-pane\">\r\n<div class=\"socials-sharing socials socials-colored-hover \">\r\n\t        <a class=\"socials-item\" target=\"_blank\"\r\n           href=\"https:\/\/www.facebook.com\/sharer\/sharer.php?u=https%3A%2F%2Fwww.elfuerte.cl%2Fweb%2F2025%2F11%2F17%2Fanuncian-lluvia-de-letras-que-caera-sobre-el-recinto-de-ferias-del-parque-saval%2F\"\r\n           title=\"Facebook\"><i class=\"socials-item-icon facebook\"><\/i><\/a>\r\n\t\t        <a class=\"socials-item\" target=\"_blank\"\r\n           href=\"https:\/\/twitter.com\/intent\/tweet?text=Anuncian+lluvia+de+letras+que+caer%C3%A1+sobre+el+recinto+de+ferias+del+Parque+Saval&#038;url=https%3A%2F%2Fwww.elfuerte.cl%2Fweb%2F2025%2F11%2F17%2Fanuncian-lluvia-de-letras-que-caera-sobre-el-recinto-de-ferias-del-parque-saval%2F\"\r\n           title=\"Twitter\"><i class=\"socials-item-icon twitter\"><\/i><\/a>\r\n\t\t        <a class=\"socials-item\" target=\"_blank\"\r\n           href=\"https:\/\/pinterest.com\/pin\/create\/button\/?url=https%3A%2F%2Fwww.elfuerte.cl%2Fweb%2F2025%2F11%2F17%2Fanuncian-lluvia-de-letras-que-caera-sobre-el-recinto-de-ferias-del-parque-saval%2F&#038;description=Anuncian+lluvia+de+letras+que+caer%C3%A1+sobre+el+recinto+de+ferias+del+Parque+Saval&#038;media=https%3A%2F%2Fwww.elfuerte.cl%2Fweb%2Fwp-content%2Fuploads%2F2025%2F11%2Fferiabanner-thegem-blog-timeline-large.jpg\"\r\n           title=\"Pinterest\"><i class=\"socials-item-icon pinterest\"><\/i><\/a>\r\n\t\t        <a class=\"socials-item\" target=\"_blank\"\r\n           href=\"http:\/\/tumblr.com\/widgets\/share\/tool?canonicalUrl=https%3A%2F%2Fwww.elfuerte.cl%2Fweb%2F2025%2F11%2F17%2Fanuncian-lluvia-de-letras-que-caera-sobre-el-recinto-de-ferias-del-parque-saval%2F\"\r\n           title=\"Tumblr\"><i class=\"socials-item-icon tumblr\"><\/i><\/a>\r\n\t\t        <a class=\"socials-item\" target=\"_blank\"\r\n           href=\"https:\/\/www.linkedin.com\/shareArticle?mini=true&#038;url=https%3A%2F%2Fwww.elfuerte.cl%2Fweb%2F2025%2F11%2F17%2Fanuncian-lluvia-de-letras-que-caera-sobre-el-recinto-de-ferias-del-parque-saval%2F&#038;title=Anuncian+lluvia+de+letras+que+caer%C3%A1+sobre+el+recinto+de+ferias+del+Parque+Saval&amp;summary=Este+fin+de+semana+se+realizar%C3%A1+la+nueva+versi%C3%B3n+de+la+%E2%80%9CFeria+del+Libro+de+Valdivia%E2%80%9D%2C+cuyo+tema+central+ser%C3%A1+la+conmemoraci%C3%B3n+de+los+80+a%C3%B1os+del+Premio+Nobel+de+Literatura+otorgado+a+la+poetisa+chilena+Gabriela+Mistral.\"\r\n           title=\"LinkedIn\"><i class=\"socials-item-icon linkedin\"><\/i><\/a>\r\n\t\t        <a class=\"socials-item\" target=\"_blank\"\r\n           href=\"https:\/\/www.reddit.com\/submit?url=https%3A%2F%2Fwww.elfuerte.cl%2Fweb%2F2025%2F11%2F17%2Fanuncian-lluvia-de-letras-que-caera-sobre-el-recinto-de-ferias-del-parque-saval%2F&#038;title=Anuncian+lluvia+de+letras+que+caer%C3%A1+sobre+el+recinto+de+ferias+del+Parque+Saval\"\r\n           title=\"Reddit\"><i class=\"socials-item-icon reddit\"><\/i><\/a>\r\n\t<\/div>\r\n<\/div>\n\t\t\t\t\t\t\t<\/div>\n\t\t<\/div>\n\n\t\t\t\t\t\t\t\t\t\t\t\t\t\t\t\t\t\t\t\t\t\t\t\t\t\t\t\t\t<\/div>\r\n\t\t\t\t\t\t\t\t\t\t\t\t<\/div>\r\n\r\n\t\t\t\t\t\t\t\t\t\t\t\t\r\n\t\t\t\t\t\t\t\t\t\t\t\t\r\n\t\t\t\t\t\t\t\t\t\t\t\t\t\t\t\t\t\t\t\t\t\t\t\t\t<div class=\"post-date\">17\/11\/2025<\/div>\r\n\t\t\t\t\t\t\t\t\t\t\t\t\r\n\t\t\t\t\t\t\t\t\t\t\t\t\t\t\t\t\t\t\t\t\t<\/div>\r\n\t\t\t\t\t\t\t\t\t<\/div>\r\n\t\t\t\t\t\t\t\t<\/div>\r\n\t\t\t\t\t\t\t<\/div>\r\n\t\t\t\t\t\t\t\t\t\t\t<\/div>\r\n\t\t\t\t\r\n\t\t\t\t\t\t\t<\/div>\r\n\t\t\t\t<\/div>\r\n\t<div class=\"portfolio-item destacados region-ludica col-xs-12 col-sm-6 col-md-6 bigger item-animations-not-inited before-start post-has-author appearance-type- post-2210 post type-post status-publish format-standard has-post-thumbnail category-destacados category-region-ludica tag-creaciones tag-identidad-territorial tag-musica tag-vida-rural\" style=\"padding: calc(42px\/2)\" data-default-sort=\"0\" data-sort-date=\"1763138392\">\r\n\t\t\t\t\t\r\n\t\t\t<div class=\"wrap clearfix\">\r\n\t\t\t\t\t\t\t\t\t\t\t\t\t<div class=\"image post-2210 post type-post status-publish format-standard has-post-thumbnail category-destacados category-region-ludica tag-creaciones tag-identidad-territorial tag-musica tag-vida-rural\">\r\n\t\t\t\t\t\t<div class=\"image-inner \">\r\n\r\n\t\t\t\t\t\t\t\t\t<picture>\n\t\t\t\t\t\t<img src=\"https:\/\/www.elfuerte.cl\/web\/wp-content\/uploads\/2026\/08\/transparent-thegem-product-justified-square-xl.png\" width=\"700\" height=\"700\"  class=\"attachment-thegem-product-justified-square-xl\" alt=\"Extienden plazo para postular al Primer Festival del Cantar Campesino\" style=\"max-width: 110%\" \/>\n\t\t<\/picture>\n\t\t<div class=\"post-featured-content\"><a href=\"https:\/\/www.elfuerte.cl\/web\/2025\/11\/14\/extienden-plazo-para-postular-al-primer-festival-del-cantar-campesino\/\">\t\t<picture>\n\t\t\t\t\t\t\t\t\t\t\t\t\t\t\t\t\t<source srcset=\"https:\/\/www.elfuerte.cl\/web\/wp-content\/uploads\/2025\/11\/bodermar-banner-thegem-product-justified-square-xl.jpg 1x\"   sizes=\"100vw\">\n\t\t\t\t\t\t\t<img src=\"https:\/\/www.elfuerte.cl\/web\/wp-content\/uploads\/2025\/11\/bodermar-banner-thegem-product-justified-square-xl.jpg\" width=\"700\" height=\"674\"  class=\"img-responsive\" alt=\"bodermar-banner\" \/>\n\t\t<\/picture>\n\t\t<\/a><\/div>\t\t\t\t\t\t<\/div>\r\n\r\n\t\t\t\t\t\t\t\t\t\t\t\t\t<div class=\"overlay\">\r\n\t\t\t\t\t\t\t\t<div class=\"overlay-circle\"><\/div>\r\n\r\n\t\t\t\t\t\t\t\t<div class=\"links-wrapper\">\r\n\t\t\t\t\t\t\t\t\t<div class=\"links\">\r\n\t\t\t\t\t\t\t\t\t\t<div class=\"caption\">\r\n\t\t\t\t\t\t\t\t\t\t\t<a href=\"https:\/\/www.elfuerte.cl\/web\/2025\/11\/14\/extienden-plazo-para-postular-al-primer-festival-del-cantar-campesino\/\" class=\"portfolio-item-link\">\r\n\t\t\t\t\t\t\t\t\t\t\t\t<span class=\"screen-reader-text\">Extienden plazo para postular al Primer Festival del Cantar Campesino<\/span>\r\n\t\t\t\t\t\t\t\t\t\t\t<\/a>\r\n\r\n\t\t\t\t\t\t\t\t\t\t\t\t\t\t\t\t\t\t\t\t\t\t\t\r\n\t\t\t\t\t\t\t\t\t\t\t\t\t\t\t\t\t\t\t\t\t\t\t\r\n\t\t\t\t\t\t\t\t\t\t\t\r\n\t\t\t\t\t\t\t\t\t\t\t\t\t\t\t\t\t\t\t\t\t\t\t<div class=\"slide-content\">\r\n\t\t\t\t\t\t\t\t\t\t\t\t\t<div class=\"slide-content-visible\">\r\n\t\t\t\t\t\t\t\t\t\t\t\t\t\t\r\n\t\t\t\t\t\t\t\t\t\t\t\t\t\t\r\n\t\t\t\t\t\t\t\t\t\t\t\t\t\t\t\t\t\t\t\t\t\t\t\t\t\t\t\t\t\t\t\t\t\t\t\t\t\t\t\t\t\t\t\r\n\t\t\t\t\t\t\t\t\t\t\t\t\t\t\t\t\t\t\t\t\t\t\t\t\t\t\t\t\t<div class=\"title\">\r\n\t\t\t\t\t\t\t\t\t\t\t\t\t\t\t\t<span class=\"title-h5 \">Extienden plazo para postular al Primer Festival del Cantar Campesino<\/span>\t\t\t\t\t\t\t\t\t\t\t\t\t\t\t<\/div>\r\n\t\t\t\t\t\t\t\t\t\t\t\t\t\t\r\n\t\t\t\t\t\t\t\t\t\t\t\t\t\t\r\n\t\t\t\t\t\t\t\t\t\t\t\t\t\t\t\t\t\t\t\t\t\t\t\t\t\t\t<\/div>\r\n\r\n\t\t\t\t\t\t\t\t\t\t\t\t\t<div class=\"slide-content-hidden\">\r\n\t\t\t\t\t\t\t\t\t\t\t\t\t\t\r\n\t\t\t\t\t\t\t\t\t\t\t\t\t\t\r\n\t\t\t\t\t\t\t\t\t\t\t\t\t\t\t\t\t\t\t\t\t\t\t\t\t\t\t\t\t\t\t\t\t\t\t\t\t\t\t\t\t\t\t\r\n\t\t\t\t\t\t\t\t\t\t\t\t\t\t\t\t\t\t\t<div class=\"info\">\n\t\t\t\t<a class=\"additional-meta\" data-filter-type=\"taxonomies\" data-attr=\"category\" data-filter=\"destacados\">Destacados<\/a><span class=\"sep\"><\/span> <a class=\"additional-meta\" data-filter-type=\"taxonomies\" data-attr=\"category\" data-filter=\"region-ludica\">Regi\u00f3n L\u00fadica<\/a>\t\t\t\t\t<\/div>\n\t\t\t\t\r\n\t\t\t\t\t\t\t\t\t\t\t\t\t\t\t\t\t\t\t\t\t\t\t\t\t\t\t\t\t<div class=\"description\">\r\n\t\t\t\t\t\t\t\t\t\t\t\t\t\t\t\t<div class=\"subtitle\">\r\n\t\t\t\t\t\t\t\t\t\t\t\t\t\t\t\t\t<span class=\"text-body\"><p>Hasta el s\u00e1bado 22 de noviembre tienen plazo los artistas locales que deseen participar con una de sus creaciones musicales en el Primer Festival del Cantar Campesino \u201cVoces del Territorio\u201d, organizado por la comunidad ind\u00edgena Manuel Carim\u00e1n y que tendr\u00e1 lugar en la localidad de Folilco, distante 12 kil\u00f3metros de M\u00e1fil, los d\u00edas s\u00e1bado 29 y domingo 30 de noviembre.<\/p>\n<\/span>\r\n\t\t\t\t\t\t\t\t\t\t\t\t\t\t\t\t<\/div>\r\n\t\t\t\t\t\t\t\t\t\t\t\t\t\t\t<\/div>\r\n\t\t\t\t\t\t\t\t\t\t\t\t\t\t\r\n\t\t\t\t\t\t\t\t\t\t\t\t\t\t\r\n\t\t\t\t\t\t\t\t\t\t\t\t\t\t\r\n\t\t\t\t\t\t\t\t\t\t\t\t\t\t\t\t\t\t\t\t\t\t\t\t\t\t\t\t\t\n\t\t<div class=\"grid-post-meta clearfix \">\n\t\t\t<div class=\"grid-post-meta-inner\">\n\t\t\t\t\t\t\t\t\t<div class=\"grid-post-share\">\n\t\t\t\t\t\t<a href=\"javascript: void(0);\" class=\"icon share\">\n\t\t\t\t\t\t\t\t\t\t\t\t\t\t\t<i class=\"default\"><\/i>\n\t\t\t\t\t\t\t\t\t\t\t\t\t<\/a>\n\t\t\t\t\t<\/div>\n\t\t\t\t\n\t\t\t\t<div class=\"grid-post-meta-comments-likes\">\n\t\t\t\t\t\n\t\t\t\t\t<span class=\"post-meta-likes\">\t\t\t\t\t\t\t<i class=\"default\"><\/i>\n\t\t\t\t\t\t<a href=\"#\" class=\"zilla-likes\" id=\"zilla-likes-2210\" title=\"Like this\"><span class=\"zilla-likes-count\">0<\/span> <span class=\"zilla-likes-postfix\"><\/span><\/a><\/span>\t\t\t\t<\/div>\n\n\t\t\t\t\t\t\t\t\t<div class=\"portfolio-sharing-pane\">\r\n<div class=\"socials-sharing socials socials-colored-hover \">\r\n\t        <a class=\"socials-item\" target=\"_blank\"\r\n           href=\"https:\/\/www.facebook.com\/sharer\/sharer.php?u=https%3A%2F%2Fwww.elfuerte.cl%2Fweb%2F2025%2F11%2F14%2Fextienden-plazo-para-postular-al-primer-festival-del-cantar-campesino%2F\"\r\n           title=\"Facebook\"><i class=\"socials-item-icon facebook\"><\/i><\/a>\r\n\t\t        <a class=\"socials-item\" target=\"_blank\"\r\n           href=\"https:\/\/twitter.com\/intent\/tweet?text=Extienden+plazo+para+postular+al+Primer+Festival+del+Cantar+Campesino&#038;url=https%3A%2F%2Fwww.elfuerte.cl%2Fweb%2F2025%2F11%2F14%2Fextienden-plazo-para-postular-al-primer-festival-del-cantar-campesino%2F\"\r\n           title=\"Twitter\"><i class=\"socials-item-icon twitter\"><\/i><\/a>\r\n\t\t        <a class=\"socials-item\" target=\"_blank\"\r\n           href=\"https:\/\/pinterest.com\/pin\/create\/button\/?url=https%3A%2F%2Fwww.elfuerte.cl%2Fweb%2F2025%2F11%2F14%2Fextienden-plazo-para-postular-al-primer-festival-del-cantar-campesino%2F&#038;description=Extienden+plazo+para+postular+al+Primer+Festival+del+Cantar+Campesino&#038;media=https%3A%2F%2Fwww.elfuerte.cl%2Fweb%2Fwp-content%2Fuploads%2F2025%2F11%2Fbodermar-banner-thegem-blog-timeline-large.jpg\"\r\n           title=\"Pinterest\"><i class=\"socials-item-icon pinterest\"><\/i><\/a>\r\n\t\t        <a class=\"socials-item\" target=\"_blank\"\r\n           href=\"http:\/\/tumblr.com\/widgets\/share\/tool?canonicalUrl=https%3A%2F%2Fwww.elfuerte.cl%2Fweb%2F2025%2F11%2F14%2Fextienden-plazo-para-postular-al-primer-festival-del-cantar-campesino%2F\"\r\n           title=\"Tumblr\"><i class=\"socials-item-icon tumblr\"><\/i><\/a>\r\n\t\t        <a class=\"socials-item\" target=\"_blank\"\r\n           href=\"https:\/\/www.linkedin.com\/shareArticle?mini=true&#038;url=https%3A%2F%2Fwww.elfuerte.cl%2Fweb%2F2025%2F11%2F14%2Fextienden-plazo-para-postular-al-primer-festival-del-cantar-campesino%2F&#038;title=Extienden+plazo+para+postular+al+Primer+Festival+del+Cantar+Campesino&amp;summary=Hasta+el+s%C3%A1bado+22+de+noviembre+tienen+plazo+los+artistas+locales+que+deseen+participar+con+una+de+sus+creaciones+musicales+en+el+Primer+Festival+del+Cantar+Campesino+%E2%80%9CVoces+del+Territorio%E2%80%9D%2C+organizado+por+la+comunidad+ind%C3%ADgena+Manuel+Carim%C3%A1n+y+que+tendr%C3%A1+lugar+en+la+localidad+de+Folilco%2C+distante+12+kil%C3%B3metros+de+M%C3%A1fil%2C+los+d%C3%ADas+s%C3%A1bado+29+y+domingo+30+de+noviembre.\"\r\n           title=\"LinkedIn\"><i class=\"socials-item-icon linkedin\"><\/i><\/a>\r\n\t\t        <a class=\"socials-item\" target=\"_blank\"\r\n           href=\"https:\/\/www.reddit.com\/submit?url=https%3A%2F%2Fwww.elfuerte.cl%2Fweb%2F2025%2F11%2F14%2Fextienden-plazo-para-postular-al-primer-festival-del-cantar-campesino%2F&#038;title=Extienden+plazo+para+postular+al+Primer+Festival+del+Cantar+Campesino\"\r\n           title=\"Reddit\"><i class=\"socials-item-icon reddit\"><\/i><\/a>\r\n\t<\/div>\r\n<\/div>\n\t\t\t\t\t\t\t<\/div>\n\t\t<\/div>\n\n\t\t\t\t\t\t\t\t\t\t\t\t\t\t\t\t\t\t\t\t\t\t\t\t\t\t\t\t\t<\/div>\r\n\t\t\t\t\t\t\t\t\t\t\t\t<\/div>\r\n\r\n\t\t\t\t\t\t\t\t\t\t\t\t\r\n\t\t\t\t\t\t\t\t\t\t\t\t\r\n\t\t\t\t\t\t\t\t\t\t\t\t\t\t\t\t\t\t\t\t\t\t\t\t\t<div class=\"post-date\">14\/11\/2025<\/div>\r\n\t\t\t\t\t\t\t\t\t\t\t\t\r\n\t\t\t\t\t\t\t\t\t\t\t\t\t\t\t\t\t\t\t\t\t<\/div>\r\n\t\t\t\t\t\t\t\t\t<\/div>\r\n\t\t\t\t\t\t\t\t<\/div>\r\n\t\t\t\t\t\t\t<\/div>\r\n\t\t\t\t\t\t\t\t\t\t\t<\/div>\r\n\t\t\t\t\r\n\t\t\t\t\t\t\t<\/div>\r\n\t\t\t\t<\/div>\r\n\t\t\t\t\t\t\t\t\t<\/div><!-- .portflio-set -->\n\t\t\t\t\t\t\t\t\t\t\t\t\t\t\t\t\t\t\t<div class=\"portfolio-item-size-container\">\n\t\t\t\t\t\t\t\t\t\t\t\t<div class=\"portfolio-item col-xs-12 col-sm-6 col-md-6 bigger item-animations-not-inited before-start post-has-author post-2210 post type-post status-publish format-standard has-post-thumbnail category-destacados category-region-ludica tag-creaciones tag-identidad-territorial tag-musica tag-vida-rural\">\r\n\t\t\t<\/div>\r\n\t\t\t\t\t\t\t\t\t\t<\/div>\n\t\t\t\t\t\t\t\t\t\t\t\t\t\t\t\t\t<\/div><!-- .row-->\n\n\t\t\t\t\t\t\t\t\n\t\t\t\t\t\t\t\t\n\t\t\t\t\t<\/div><!-- .full-width -->\n\t\t\t\t<\/div><!-- .portfolio-->\n\t\t\t<\/div><!-- .portfolio-preloader-wrapper-->\n\t\t\t\t\t\t<\/div>\n\t\t\t\t<\/div>\n\t\t\t\t<div class=\"elementor-element elementor-element-1c517c5 flex-horizontal-align-default flex-horizontal-align-tablet-default flex-horizontal-align-mobile-default flex-vertical-align-default flex-vertical-align-tablet-default flex-vertical-align-mobile-default elementor-widget elementor-widget-thegem-extended-blog-grid\" data-id=\"1c517c5\" data-element_type=\"widget\" data-settings=\"{&quot;thegem_elementor_preset&quot;:&quot;new&quot;,&quot;columns&quot;:&quot;2x&quot;,&quot;categories&quot;:[&quot;region-ludica&quot;],&quot;items_per_page&quot;:4,&quot;loading_animation&quot;:&quot;yes&quot;,&quot;animation_effect&quot;:&quot;move-up&quot;,&quot;image_hover_effect&quot;:&quot;vertical-sliding&quot;,&quot;by_text&quot;:&quot;By&quot;,&quot;layout&quot;:&quot;masonry&quot;,&quot;pagination_type&quot;:&quot;scroll&quot;,&quot;ignore_highlights&quot;:&quot;yes&quot;,&quot;portfolio_uid&quot;:&quot;08f94ee&quot;,&quot;filters_text_labels_clear_text&quot;:&quot;Clear Filters&quot;,&quot;not_found_text&quot;:&quot;No items were found matching your selection&quot;,&quot;sorting_extended_text&quot;:&quot;Default sorting&quot;,&quot;sorting_extended_dropdown_title_text&quot;:&quot;Sort by title (A-Z)&quot;,&quot;sorting_extended_dropdown_title_desc_text&quot;:&quot;Sort by title (Z-A)&quot;,&quot;sorting_extended_dropdown_latest_text&quot;:&quot;Sort by latest&quot;,&quot;sorting_extended_dropdown_oldest_text&quot;:&quot;Sort by oldest&quot;,&quot;exclude_blog_posts_type&quot;:&quot;term&quot;,&quot;exclude_blog_posts_terms&quot;:[&quot;category|100&quot;],&quot;additional_meta_click_behavior&quot;:&quot;filtering&quot;,&quot;skin_source&quot;:&quot;default&quot;,&quot;columns_tablet&quot;:&quot;2x&quot;,&quot;columns_mobile&quot;:&quot;1x&quot;,&quot;query_type&quot;:&quot;post&quot;,&quot;source&quot;:[&quot;categories&quot;],&quot;order_by&quot;:&quot;default&quot;,&quot;order&quot;:&quot;default&quot;,&quot;caption_position&quot;:&quot;page&quot;,&quot;blog_show_featured_image&quot;:&quot;yes&quot;,&quot;blog_show_title&quot;:&quot;yes&quot;,&quot;blog_show_description&quot;:&quot;yes&quot;,&quot;blog_show_date&quot;:&quot;yes&quot;,&quot;blog_show_categories&quot;:&quot;yes&quot;,&quot;additional_meta_type&quot;:&quot;taxonomies&quot;,&quot;additional_meta_taxonomies&quot;:&quot;category&quot;,&quot;blog_show_author&quot;:&quot;yes&quot;,&quot;blog_show_author_avatar&quot;:&quot;yes&quot;,&quot;blog_show_likes&quot;:&quot;yes&quot;,&quot;filter_type&quot;:&quot;default&quot;,&quot;filter_style&quot;:&quot;buttons&quot;,&quot;search_by&quot;:&quot;content&quot;,&quot;show_pagination&quot;:&quot;yes&quot;,&quot;next_page_preloading&quot;:&quot;yes&quot;,&quot;social_sharing&quot;:&quot;yes&quot;,&quot;sharing_icon&quot;:{&quot;value&quot;:&quot;&quot;,&quot;library&quot;:&quot;&quot;},&quot;shares_show_facebook&quot;:&quot;yes&quot;,&quot;shares_show_twitter&quot;:&quot;yes&quot;,&quot;shares_show_pinterest&quot;:&quot;yes&quot;,&quot;shares_show_tumblr&quot;:&quot;yes&quot;,&quot;shares_show_linkedin&quot;:&quot;yes&quot;,&quot;shares_show_reddit&quot;:&quot;yes&quot;,&quot;ignore_sticky_posts&quot;:&quot;yes&quot;,&quot;ajax_preloader_type&quot;:&quot;default&quot;,&quot;image_gaps&quot;:{&quot;unit&quot;:&quot;px&quot;,&quot;size&quot;:42,&quot;sizes&quot;:[]},&quot;image_gaps_tablet&quot;:{&quot;unit&quot;:&quot;px&quot;,&quot;size&quot;:&quot;&quot;,&quot;sizes&quot;:[]},&quot;image_gaps_mobile&quot;:{&quot;unit&quot;:&quot;px&quot;,&quot;size&quot;:&quot;&quot;,&quot;sizes&quot;:[]},&quot;icon_hover_show&quot;:&quot;yes&quot;,&quot;icon_hover_icon&quot;:{&quot;value&quot;:&quot;&quot;,&quot;library&quot;:&quot;&quot;},&quot;blog_title_preset&quot;:&quot;default&quot;,&quot;title_tag&quot;:&quot;div&quot;,&quot;blog_description_preset&quot;:&quot;default&quot;,&quot;likes_icon&quot;:{&quot;value&quot;:&quot;&quot;,&quot;library&quot;:&quot;&quot;},&quot;caption_container_preset&quot;:&quot;transparent&quot;,&quot;readmore_button_type&quot;:&quot;outline&quot;,&quot;readmore_button_size&quot;:&quot;default&quot;}\" data-widget_type=\"thegem-extended-blog-grid.default\">\n\t\t\t\t<div class=\"elementor-widget-container\">\n\t\t\t\t\t<div class=\"preloader save-space\"><div class=\"preloader-spin\"><\/div><\/div>\t\t\t<div class=\"portfolio-preloader-wrapper\">\n\n\t\t\t\t\n\t\t\t\t<div class=\"portfolio portfolio-grid extended-portfolio-grid news-grid no-padding portfolio-pagination-scroll portfolio-style-masonry background-style-transparent hover-new-vertical-sliding title-on-page caption-position-page version-new  loading-animation item-animation-move-up      columns-tablet-2 columns-mobile-1 hover-new-vertical-sliding  portfolio-items-masonry columns-2  next-page-preloading        full-image   \" id=\"style-1c517c5\" data-style-uid=\"1c517c5\" data-portfolio-uid=\"08f94ee\" data-current-page=\"1\" data-per-page=\"4\" data-next-page=\"2\" data-pages-count=\"2\" data-hover=\"new-vertical-sliding\" data-portfolio-filter=\"[]\" data-portfolio-filter-attributes=\"null\" data-portfolio-filter-status=\"null\" data-portfolio-filter-price=\"null\" data-portfolio-filter-search=\"\">\n\t\t\t\t\t\n\t\t\t\t\t<div class=\"portfolio-row-outer \">\n\n\t\t\t\t\t\t\t\t\t\t\t\t\t\t\t\t\t\t\t\t\t\t\t<div class=\"portfolio-top-panel filter-type-default selected-only\">\n\t\t\t\t\t\t\t\t\t\t\t\t\t\t\t\t\t\t\t\t<div class=\"portfolio-top-panel-row filter-style-buttons\">\n\t\t\t\t\t\t\t\t\t\t\t\t\t\t\t\t\t\t\t\t\t\t\t<div class=\"portfolio-top-panel-left\"><div class=\"portfolio-filter-item portfolio-selected-filters  \">\n\t<div class=\"portfolio-selected-filter-item clear-filters\">\n\t\tClear Filters\t<\/div>\n\t<\/div>\t\t\t\t\t\t\t\t\t\t\t\t<\/div>\n\t\t\t\t\t\t\t\t\t\t\t\t\t\t\t\t\t\t\t\t\t\t\t\t\t\t\t\t\t\t\t\t\t\t<div class=\"portfolio-top-panel-right\">\n\t\t\t\t\t\t\t\t\t\t\t\t\t\n\t\t\t\t\t\t\t\t\t\t\t\t\t\t\t\t\t\t\t\t\t\t\t\t\t<\/div>\n\t\t\t\t\t\t\t\t\t\t\t\t\t\t\t\t\t\t\t\t\t<\/div>\n\t\t\t\t\t\t\t\t\t\t\t\t\t\t\t\t\t\t\t<\/div>\n\t\t\t\t\t\t\t\t\n\t\t\t\t\t\t\t\t<div class=\"row portfolio-row\">\n\t\t\t\t\t\t\t\t\t<div class=\"portfolio-set clearfix\"\n\t\t\t\t\t\t\t\t\t\t data-max-row-height=\"\">\n\t\t\t\t\t\t\t\t\t\t\t<div class=\"portfolio-item region-ludica col-xs-12 col-sm-6 col-md-6 item-animations-not-inited before-start show-caption-border appearance-type- post-1827 post type-post status-publish format-standard has-post-thumbnail category-region-ludica tag-agua tag-ciencia tag-innovacion tag-region-ludica tag-tecnologia\" style=\"padding: calc(42px\/2)\" data-default-sort=\"0\" data-sort-date=\"1761249911\">\r\n\t\t\t\t\t\r\n\t\t\t<div class=\"wrap clearfix\">\r\n\t\t\t\t\t\t\t\t\t\t\t\t\t<div class=\"image post-1827 post type-post status-publish format-standard has-post-thumbnail category-region-ludica tag-agua tag-ciencia tag-innovacion tag-region-ludica tag-tecnologia\">\r\n\t\t\t\t\t\t<div class=\"image-inner \">\r\n\r\n\t\t\t\t\t\t\t<div class=\"post-featured-content\"><a href=\"https:\/\/www.elfuerte.cl\/web\/2025\/10\/23\/ciencia-e-innovacion-atrapanieblas-sostenibilidad-hecha-en-chile-1954\/\">\t\t<picture>\n\t\t\t\t\t\t\t\t\t\t\t\t\t\t\t\t\t\t\t<img src=\"https:\/\/www.elfuerte.cl\/web\/wp-content\/uploads\/2025\/10\/atrapaniebla-thegem-portfolio-masonry.jpg\" width=\"754\" height=\"434\"  class=\"img-responsive\" alt=\"atrapaniebla\" \/>\n\t\t<\/picture>\n\t\t<\/a><\/div>\t\t\t\t\t\t<\/div>\r\n\r\n\t\t\t\t\t\t\t\t\t\t\t\t\t<div class=\"overlay\">\r\n\t\t\t\t\t\t\t\t<div class=\"overlay-circle\"><\/div>\r\n\r\n\t\t\t\t\t\t\t\t<div class=\"links-wrapper\">\r\n\t\t\t\t\t\t\t\t\t<div class=\"links\">\r\n\t\t\t\t\t\t\t\t\t\t<div class=\"caption\">\r\n\t\t\t\t\t\t\t\t\t\t\t<a href=\"https:\/\/www.elfuerte.cl\/web\/2025\/10\/23\/ciencia-e-innovacion-atrapanieblas-sostenibilidad-hecha-en-chile-1954\/\" class=\"portfolio-item-link\">\r\n\t\t\t\t\t\t\t\t\t\t\t\t<span class=\"screen-reader-text\">Ciencia e innovaci\u00f3n. Atrapanieblas: sostenibilidad hecha en Chile (1954)<\/span>\r\n\t\t\t\t\t\t\t\t\t\t\t<\/a>\r\n\r\n\t\t\t\t\t\t\t\t\t\t\t\t\t\t\t\t\t\t\t\t\t\t\t\t\t\t\t\t\t\t\t\t\t\t\t\t\t<div class=\"portfolio-icons\">\r\n\t\t\t\t\t\t\t\t\t\t\t\t\t\t\t<a href=\"javascript: void(0);\" class=\"icon self-link\">\r\n\t\t\t\t\t\t\t\t\t\t\t\t\t\t\t\t\t\t\t\t\t\t\t\t\t\t\t\t\t\t\t\t\t<i class=\"default\"><\/i>\r\n\t\t\t\t\t\t\t\t\t\t\t\t\t\t\t\t\t\t\t\t\t\t\t\t\t\t\t\t\t\t\t<\/a>\r\n\t\t\t\t\t\t\t\t\t\t\t\t\t\t<\/div>\r\n\t\t\t\t\t\t\t\t\t\t\t\t\t\t\t\t\t\t<div class=\"info\">\n\t\t\t\t<a class=\"additional-meta\" data-filter-type=\"taxonomies\" data-attr=\"category\" data-filter=\"region-ludica\">Regi\u00f3n L\u00fadica<\/a>\t\t\t\t\t<\/div>\n\t\t\t\t\t\t\t\t\t\t\t\t\t\t\t\t\r\n\t\t\t\t\t\t\t\t\t\t\t\t\r\n\t\t\t\t\t\t\t\t\t\t\t\t\t\t\t\t\t\t\t\t\t\t\t\r\n\t\t\t\t\t\t\t\t\t\t\t\r\n\t\t\t\t\t\t\t\t\t\t\t\t\t\t\t\t\t\t\t\t\t<\/div>\r\n\t\t\t\t\t\t\t\t\t<\/div>\r\n\t\t\t\t\t\t\t\t<\/div>\r\n\t\t\t\t\t\t\t<\/div>\r\n\t\t\t\t\t\t\t\t\t\t\t<\/div>\r\n\t\t\t\t\r\n\t\t\t\t\t\t\t\t\t<div class=\"caption post-1827 post type-post status-publish format-standard has-post-thumbnail category-region-ludica tag-agua tag-ciencia tag-innovacion tag-region-ludica tag-tecnologia\">\r\n\r\n\t\t\t\t\t\t\t\t\t\t\t\t\t<div class=\"post-author-date\">\r\n\t\t\t\t\t\t\t\t\n\t\t<div class=\"author\">\n\t\t\t\t\t\t\t<span class=\"author-avatar\"><img alt='' src='https:\/\/secure.gravatar.com\/avatar\/2806c301d7bb12fe5dc95a6fdd4a90e1634db8f1c858bdeff46ab307693cc01a?s=50&#038;d=mm&#038;r=g' srcset='https:\/\/secure.gravatar.com\/avatar\/2806c301d7bb12fe5dc95a6fdd4a90e1634db8f1c858bdeff46ab307693cc01a?s=100&#038;d=mm&#038;r=g 2x' class='avatar avatar-50 photo' height='50' width='50' \/><\/span>\n\t\t\t\t\t\t<span class=\"author-name\">Por <a href=\"https:\/\/elfuerte.cl\/web\" title=\"Visitar el sitio de Prensa El Fuerte\" rel=\"author external\">Prensa El Fuerte<\/a><\/span>\n\t\t<\/div>\n\t\t\t\t\t\t\t\t\t\t\r\n\t\t\t\t\t\t\t\t\t\t\t\t\t\t\t\t\t\t\t\t\t\t\t\t\t\t\t<div class=\"post-author-date-separator\">&nbsp;-&nbsp;<\/div>\r\n\t\t\t\t\t\t\t\t\t\t\t\t\t\t\t\t\t\t<div class=\"post-date\">23\/10\/2025<\/div>\r\n\t\t\t\t\t\t\t\t\r\n\t\t\t\t\t\t\t\t\t\t\t\t\t\t\t<\/div>\r\n\t\t\t\t\t\t\t\t\t\t\t\t\t<div class=\"title\">\r\n\t\t\t\t\t\t\t\t<span class=\"title-h4 \"><a href=\"https:\/\/www.elfuerte.cl\/web\/2025\/10\/23\/ciencia-e-innovacion-atrapanieblas-sostenibilidad-hecha-en-chile-1954\/\" rel=\"bookmark\">Ciencia e innovaci\u00f3n. Atrapanieblas: sostenibilidad hecha en Chile (1954)<\/a><\/span>\t\t\t\t\t\t\t<\/div>\r\n\t\t\t\t\t\t\r\n\t\t\t\t\t\t\r\n\t\t\t\t\t\t\t\t\t\t\t\t\t\t\t\t\t\t\t\t\t<div class=\"description text-body\">\r\n\t\t\t\t\t\t\t\t\t<p>Al googlear la frase \u201cinnovaci\u00f3n m\u00e1s importante en Chile\u201d, nos arroja tres categor\u00edas como: innovaci\u00f3n cient\u00edfica aplicada; innovaci\u00f3n tecnol\u00f3gica y digital<\/p>\n\t\t\t\t\t\t\t\t<\/div>\r\n\t\t\t\t\t\t\t\t\t\t\t\t\t\t\t<div class=\"grid-post-meta clearfix \">\r\n\t\t\t\t\t\t\t\t\t<div class=\"grid-post-meta-inner\">\r\n\t\t\t\t\t\t\t\t\t\t\t\t\t\t\t\t\t\t\t\t\t<div class=\"grid-post-share\">\r\n\t\t\t\t\t\t\t\t\t\t\t\t<a href=\"javascript: void(0);\" class=\"icon share\">\r\n\t\t\t\t\t\t\t\t\t\t\t\t\t\t\t\t\t\t\t\t\t\t\t\t\t\t\t<i class=\"default\"><\/i>\r\n\t\t\t\t\t\t\t\t\t\t\t\t\t\t\t\t\t\t\t\t\t\t\t\t\t<\/a>\r\n\t\t\t\t\t\t\t\t\t\t\t<\/div>\r\n\t\t\t\t\t\t\t\t\t\t\t<div class=\"portfolio-sharing-pane\">\r\n<div class=\"socials-sharing socials socials-colored-hover \">\r\n\t        <a class=\"socials-item\" target=\"_blank\"\r\n           href=\"https:\/\/www.facebook.com\/sharer\/sharer.php?u=https%3A%2F%2Fwww.elfuerte.cl%2Fweb%2F2025%2F10%2F23%2Fciencia-e-innovacion-atrapanieblas-sostenibilidad-hecha-en-chile-1954%2F\"\r\n           title=\"Facebook\"><i class=\"socials-item-icon facebook\"><\/i><\/a>\r\n\t\t        <a class=\"socials-item\" target=\"_blank\"\r\n           href=\"https:\/\/twitter.com\/intent\/tweet?text=Ciencia+e+innovaci%C3%B3n.+Atrapanieblas%3A+sostenibilidad+hecha+en+Chile+%281954%29&#038;url=https%3A%2F%2Fwww.elfuerte.cl%2Fweb%2F2025%2F10%2F23%2Fciencia-e-innovacion-atrapanieblas-sostenibilidad-hecha-en-chile-1954%2F\"\r\n           title=\"Twitter\"><i class=\"socials-item-icon twitter\"><\/i><\/a>\r\n\t\t        <a class=\"socials-item\" target=\"_blank\"\r\n           href=\"https:\/\/pinterest.com\/pin\/create\/button\/?url=https%3A%2F%2Fwww.elfuerte.cl%2Fweb%2F2025%2F10%2F23%2Fciencia-e-innovacion-atrapanieblas-sostenibilidad-hecha-en-chile-1954%2F&#038;description=Ciencia+e+innovaci%C3%B3n.+Atrapanieblas%3A+sostenibilidad+hecha+en+Chile+%281954%29&#038;media=https%3A%2F%2Fwww.elfuerte.cl%2Fweb%2Fwp-content%2Fuploads%2F2025%2F10%2Fatrapaniebla-thegem-blog-timeline-large.jpg\"\r\n           title=\"Pinterest\"><i class=\"socials-item-icon pinterest\"><\/i><\/a>\r\n\t\t        <a class=\"socials-item\" target=\"_blank\"\r\n           href=\"http:\/\/tumblr.com\/widgets\/share\/tool?canonicalUrl=https%3A%2F%2Fwww.elfuerte.cl%2Fweb%2F2025%2F10%2F23%2Fciencia-e-innovacion-atrapanieblas-sostenibilidad-hecha-en-chile-1954%2F\"\r\n           title=\"Tumblr\"><i class=\"socials-item-icon tumblr\"><\/i><\/a>\r\n\t\t        <a class=\"socials-item\" target=\"_blank\"\r\n           href=\"https:\/\/www.linkedin.com\/shareArticle?mini=true&#038;url=https%3A%2F%2Fwww.elfuerte.cl%2Fweb%2F2025%2F10%2F23%2Fciencia-e-innovacion-atrapanieblas-sostenibilidad-hecha-en-chile-1954%2F&#038;title=Ciencia+e+innovaci%C3%B3n.+Atrapanieblas%3A+sostenibilidad+hecha+en+Chile+%281954%29&amp;summary=Al+googlear+la+frase+%E2%80%9Cinnovaci%C3%B3n+m%C3%A1s+importante+en+Chile%E2%80%9D%2C+nos+arroja+tres+categor%C3%ADas+como%3A+innovaci%C3%B3n+cient%C3%ADfica+aplicada%3B+innovaci%C3%B3n+tecnol%C3%B3gica+y+digital\"\r\n           title=\"LinkedIn\"><i class=\"socials-item-icon linkedin\"><\/i><\/a>\r\n\t\t        <a class=\"socials-item\" target=\"_blank\"\r\n           href=\"https:\/\/www.reddit.com\/submit?url=https%3A%2F%2Fwww.elfuerte.cl%2Fweb%2F2025%2F10%2F23%2Fciencia-e-innovacion-atrapanieblas-sostenibilidad-hecha-en-chile-1954%2F&#038;title=Ciencia+e+innovaci%C3%B3n.+Atrapanieblas%3A+sostenibilidad+hecha+en+Chile+%281954%29\"\r\n           title=\"Reddit\"><i class=\"socials-item-icon reddit\"><\/i><\/a>\r\n\t<\/div>\r\n<\/div>\r\n\t\t\t\t\t\t\t\t\t\t\r\n\t\t\t\t\t\t\t\t\t\t<div class=\"grid-post-meta-comments-likes\">\r\n\t\t\t\t\t\t\t\t\t\t\t\r\n\t\t\t\t\t\t\t\t\t\t\t<span class=\"post-meta-likes\">\t\t\t\t\t\t\t\t\t\t\t\t\t<i class=\"default\"><\/i>\r\n\t\t\t\t\t\t\t\t\t\t\t\t<a href=\"#\" class=\"zilla-likes\" id=\"zilla-likes-1827\" title=\"Like this\"><span class=\"zilla-likes-count\">0<\/span> <span class=\"zilla-likes-postfix\"><\/span><\/a><\/span>\t\t\t\t\t\t\t\t\t\t<\/div>\r\n\t\t\t\t\t\t\t\t\t<\/div>\r\n\t\t\t\t\t\t\t\t<\/div>\r\n\t\t\t\t\t\t\t\t\t\t\t\t\t\t\t\t\t\t<\/div>\r\n\t\t\t\t\t\t\t<\/div>\r\n\t\t\t\t<\/div>\r\n\t<div class=\"portfolio-item region-ludica col-xs-12 col-sm-6 col-md-6 item-animations-not-inited before-start show-caption-border appearance-type- post-1809 post type-post status-publish format-standard has-post-thumbnail category-region-ludica tag-filosofia tag-imaginacion tag-literatura tag-reflexion tag-region-ludica\" style=\"padding: calc(42px\/2)\" data-default-sort=\"0\" data-sort-date=\"1758570418\">\r\n\t\t\t\t\t\r\n\t\t\t<div class=\"wrap clearfix\">\r\n\t\t\t\t\t\t\t\t\t\t\t\t\t<div class=\"image post-1809 post type-post status-publish format-standard has-post-thumbnail category-region-ludica tag-filosofia tag-imaginacion tag-literatura tag-reflexion tag-region-ludica\">\r\n\t\t\t\t\t\t<div class=\"image-inner \">\r\n\r\n\t\t\t\t\t\t\t<div class=\"post-featured-content\"><a href=\"https:\/\/www.elfuerte.cl\/web\/2025\/09\/22\/la-filosofia\/\">\t\t<picture>\n\t\t\t\t\t\t\t\t\t\t\t\t\t\t\t\t\t\t\t<img src=\"https:\/\/www.elfuerte.cl\/web\/wp-content\/uploads\/2025\/09\/filodofia-thegem-portfolio-masonry.jpg\" width=\"754\" height=\"434\"  class=\"img-responsive\" alt=\"filodofia\" \/>\n\t\t<\/picture>\n\t\t<\/a><\/div>\t\t\t\t\t\t<\/div>\r\n\r\n\t\t\t\t\t\t\t\t\t\t\t\t\t<div class=\"overlay\">\r\n\t\t\t\t\t\t\t\t<div class=\"overlay-circle\"><\/div>\r\n\r\n\t\t\t\t\t\t\t\t<div class=\"links-wrapper\">\r\n\t\t\t\t\t\t\t\t\t<div class=\"links\">\r\n\t\t\t\t\t\t\t\t\t\t<div class=\"caption\">\r\n\t\t\t\t\t\t\t\t\t\t\t<a href=\"https:\/\/www.elfuerte.cl\/web\/2025\/09\/22\/la-filosofia\/\" class=\"portfolio-item-link\">\r\n\t\t\t\t\t\t\t\t\t\t\t\t<span class=\"screen-reader-text\">La filosof\u00eda<\/span>\r\n\t\t\t\t\t\t\t\t\t\t\t<\/a>\r\n\r\n\t\t\t\t\t\t\t\t\t\t\t\t\t\t\t\t\t\t\t\t\t\t\t\t\t\t\t\t\t\t\t\t\t\t\t\t\t<div class=\"portfolio-icons\">\r\n\t\t\t\t\t\t\t\t\t\t\t\t\t\t\t<a href=\"javascript: void(0);\" class=\"icon self-link\">\r\n\t\t\t\t\t\t\t\t\t\t\t\t\t\t\t\t\t\t\t\t\t\t\t\t\t\t\t\t\t\t\t\t\t<i class=\"default\"><\/i>\r\n\t\t\t\t\t\t\t\t\t\t\t\t\t\t\t\t\t\t\t\t\t\t\t\t\t\t\t\t\t\t\t<\/a>\r\n\t\t\t\t\t\t\t\t\t\t\t\t\t\t<\/div>\r\n\t\t\t\t\t\t\t\t\t\t\t\t\t\t\t\t\t\t<div class=\"info\">\n\t\t\t\t<a class=\"additional-meta\" data-filter-type=\"taxonomies\" data-attr=\"category\" data-filter=\"region-ludica\">Regi\u00f3n L\u00fadica<\/a>\t\t\t\t\t<\/div>\n\t\t\t\t\t\t\t\t\t\t\t\t\t\t\t\t\r\n\t\t\t\t\t\t\t\t\t\t\t\t\r\n\t\t\t\t\t\t\t\t\t\t\t\t\t\t\t\t\t\t\t\t\t\t\t\r\n\t\t\t\t\t\t\t\t\t\t\t\r\n\t\t\t\t\t\t\t\t\t\t\t\t\t\t\t\t\t\t\t\t\t<\/div>\r\n\t\t\t\t\t\t\t\t\t<\/div>\r\n\t\t\t\t\t\t\t\t<\/div>\r\n\t\t\t\t\t\t\t<\/div>\r\n\t\t\t\t\t\t\t\t\t\t\t<\/div>\r\n\t\t\t\t\r\n\t\t\t\t\t\t\t\t\t<div class=\"caption post-1809 post type-post status-publish format-standard has-post-thumbnail category-region-ludica tag-filosofia tag-imaginacion tag-literatura tag-reflexion tag-region-ludica\">\r\n\r\n\t\t\t\t\t\t\t\t\t\t\t\t\t<div class=\"post-author-date\">\r\n\t\t\t\t\t\t\t\t\n\t\t<div class=\"author\">\n\t\t\t\t\t\t\t<span class=\"author-avatar\"><img alt='' src='https:\/\/secure.gravatar.com\/avatar\/2806c301d7bb12fe5dc95a6fdd4a90e1634db8f1c858bdeff46ab307693cc01a?s=50&#038;d=mm&#038;r=g' srcset='https:\/\/secure.gravatar.com\/avatar\/2806c301d7bb12fe5dc95a6fdd4a90e1634db8f1c858bdeff46ab307693cc01a?s=100&#038;d=mm&#038;r=g 2x' class='avatar avatar-50 photo' height='50' width='50' \/><\/span>\n\t\t\t\t\t\t<span class=\"author-name\">Por <a href=\"https:\/\/elfuerte.cl\/web\" title=\"Visitar el sitio de Prensa El Fuerte\" rel=\"author external\">Prensa El Fuerte<\/a><\/span>\n\t\t<\/div>\n\t\t\t\t\t\t\t\t\t\t\r\n\t\t\t\t\t\t\t\t\t\t\t\t\t\t\t\t\t\t\t\t\t\t\t\t\t\t\t<div class=\"post-author-date-separator\">&nbsp;-&nbsp;<\/div>\r\n\t\t\t\t\t\t\t\t\t\t\t\t\t\t\t\t\t\t<div class=\"post-date\">22\/09\/2025<\/div>\r\n\t\t\t\t\t\t\t\t\r\n\t\t\t\t\t\t\t\t\t\t\t\t\t\t\t<\/div>\r\n\t\t\t\t\t\t\t\t\t\t\t\t\t<div class=\"title\">\r\n\t\t\t\t\t\t\t\t<span class=\"title-h4 \"><a href=\"https:\/\/www.elfuerte.cl\/web\/2025\/09\/22\/la-filosofia\/\" rel=\"bookmark\">La filosof\u00eda<\/a><\/span>\t\t\t\t\t\t\t<\/div>\r\n\t\t\t\t\t\t\r\n\t\t\t\t\t\t\r\n\t\t\t\t\t\t\t\t\t\t\t\t\t\t\t\t\t\t\t\t\t<div class=\"description text-body\">\r\n\t\t\t\t\t\t\t\t\t<p>Plat\u00f3n una vez, en el imaginario de las historias no contadas, le pregunt\u00f3 a Mafalda<\/p>\n\t\t\t\t\t\t\t\t<\/div>\r\n\t\t\t\t\t\t\t\t\t\t\t\t\t\t\t<div class=\"grid-post-meta clearfix \">\r\n\t\t\t\t\t\t\t\t\t<div class=\"grid-post-meta-inner\">\r\n\t\t\t\t\t\t\t\t\t\t\t\t\t\t\t\t\t\t\t\t\t<div class=\"grid-post-share\">\r\n\t\t\t\t\t\t\t\t\t\t\t\t<a href=\"javascript: void(0);\" class=\"icon share\">\r\n\t\t\t\t\t\t\t\t\t\t\t\t\t\t\t\t\t\t\t\t\t\t\t\t\t\t\t<i class=\"default\"><\/i>\r\n\t\t\t\t\t\t\t\t\t\t\t\t\t\t\t\t\t\t\t\t\t\t\t\t\t<\/a>\r\n\t\t\t\t\t\t\t\t\t\t\t<\/div>\r\n\t\t\t\t\t\t\t\t\t\t\t<div class=\"portfolio-sharing-pane\">\r\n<div class=\"socials-sharing socials socials-colored-hover \">\r\n\t        <a class=\"socials-item\" target=\"_blank\"\r\n           href=\"https:\/\/www.facebook.com\/sharer\/sharer.php?u=https%3A%2F%2Fwww.elfuerte.cl%2Fweb%2F2025%2F09%2F22%2Fla-filosofia%2F\"\r\n           title=\"Facebook\"><i class=\"socials-item-icon facebook\"><\/i><\/a>\r\n\t\t        <a class=\"socials-item\" target=\"_blank\"\r\n           href=\"https:\/\/twitter.com\/intent\/tweet?text=La+filosof%C3%ADa&#038;url=https%3A%2F%2Fwww.elfuerte.cl%2Fweb%2F2025%2F09%2F22%2Fla-filosofia%2F\"\r\n           title=\"Twitter\"><i class=\"socials-item-icon twitter\"><\/i><\/a>\r\n\t\t        <a class=\"socials-item\" target=\"_blank\"\r\n           href=\"https:\/\/pinterest.com\/pin\/create\/button\/?url=https%3A%2F%2Fwww.elfuerte.cl%2Fweb%2F2025%2F09%2F22%2Fla-filosofia%2F&#038;description=La+filosof%C3%ADa&#038;media=https%3A%2F%2Fwww.elfuerte.cl%2Fweb%2Fwp-content%2Fuploads%2F2025%2F09%2Ffilodofia-thegem-blog-timeline-large.jpg\"\r\n           title=\"Pinterest\"><i class=\"socials-item-icon pinterest\"><\/i><\/a>\r\n\t\t        <a class=\"socials-item\" target=\"_blank\"\r\n           href=\"http:\/\/tumblr.com\/widgets\/share\/tool?canonicalUrl=https%3A%2F%2Fwww.elfuerte.cl%2Fweb%2F2025%2F09%2F22%2Fla-filosofia%2F\"\r\n           title=\"Tumblr\"><i class=\"socials-item-icon tumblr\"><\/i><\/a>\r\n\t\t        <a class=\"socials-item\" target=\"_blank\"\r\n           href=\"https:\/\/www.linkedin.com\/shareArticle?mini=true&#038;url=https%3A%2F%2Fwww.elfuerte.cl%2Fweb%2F2025%2F09%2F22%2Fla-filosofia%2F&#038;title=La+filosof%C3%ADa&amp;summary=Plat%C3%B3n+una+vez%2C+en+el+imaginario+de+las+historias+no+contadas%2C+le+pregunt%C3%B3+a+Mafalda\"\r\n           title=\"LinkedIn\"><i class=\"socials-item-icon linkedin\"><\/i><\/a>\r\n\t\t        <a class=\"socials-item\" target=\"_blank\"\r\n           href=\"https:\/\/www.reddit.com\/submit?url=https%3A%2F%2Fwww.elfuerte.cl%2Fweb%2F2025%2F09%2F22%2Fla-filosofia%2F&#038;title=La+filosof%C3%ADa\"\r\n           title=\"Reddit\"><i class=\"socials-item-icon reddit\"><\/i><\/a>\r\n\t<\/div>\r\n<\/div>\r\n\t\t\t\t\t\t\t\t\t\t\r\n\t\t\t\t\t\t\t\t\t\t<div class=\"grid-post-meta-comments-likes\">\r\n\t\t\t\t\t\t\t\t\t\t\t\r\n\t\t\t\t\t\t\t\t\t\t\t<span class=\"post-meta-likes\">\t\t\t\t\t\t\t\t\t\t\t\t\t<i class=\"default\"><\/i>\r\n\t\t\t\t\t\t\t\t\t\t\t\t<a href=\"#\" class=\"zilla-likes\" id=\"zilla-likes-1809\" title=\"Like this\"><span class=\"zilla-likes-count\">0<\/span> <span class=\"zilla-likes-postfix\"><\/span><\/a><\/span>\t\t\t\t\t\t\t\t\t\t<\/div>\r\n\t\t\t\t\t\t\t\t\t<\/div>\r\n\t\t\t\t\t\t\t\t<\/div>\r\n\t\t\t\t\t\t\t\t\t\t\t\t\t\t\t\t\t\t<\/div>\r\n\t\t\t\t\t\t\t<\/div>\r\n\t\t\t\t<\/div>\r\n\t<div class=\"portfolio-item region-ludica col-xs-12 col-sm-6 col-md-6 item-animations-not-inited before-start show-caption-border appearance-type- post-1818 post type-post status-publish format-standard has-post-thumbnail category-region-ludica tag-biobio tag-dichato tag-region-ludica tag-turismo tag-viajes\" style=\"padding: calc(42px\/2)\" data-default-sort=\"0\" data-sort-date=\"1758484603\">\r\n\t\t\t\t\t\r\n\t\t\t<div class=\"wrap clearfix\">\r\n\t\t\t\t\t\t\t\t\t\t\t\t\t<div class=\"image post-1818 post type-post status-publish format-standard has-post-thumbnail category-region-ludica tag-biobio tag-dichato tag-region-ludica tag-turismo tag-viajes\">\r\n\t\t\t\t\t\t<div class=\"image-inner \">\r\n\r\n\t\t\t\t\t\t\t<div class=\"post-featured-content\"><a href=\"https:\/\/www.elfuerte.cl\/web\/2025\/09\/21\/cronicas-de-viaje-al-sur-destino-dichato\/\">\t\t<picture>\n\t\t\t\t\t\t\t\t\t\t\t\t\t\t\t\t\t\t\t<img src=\"https:\/\/www.elfuerte.cl\/web\/wp-content\/uploads\/2025\/09\/dichato-thegem-portfolio-masonry.jpg\" width=\"754\" height=\"434\"  class=\"img-responsive\" alt=\"dichato\" \/>\n\t\t<\/picture>\n\t\t<\/a><\/div>\t\t\t\t\t\t<\/div>\r\n\r\n\t\t\t\t\t\t\t\t\t\t\t\t\t<div class=\"overlay\">\r\n\t\t\t\t\t\t\t\t<div class=\"overlay-circle\"><\/div>\r\n\r\n\t\t\t\t\t\t\t\t<div class=\"links-wrapper\">\r\n\t\t\t\t\t\t\t\t\t<div class=\"links\">\r\n\t\t\t\t\t\t\t\t\t\t<div class=\"caption\">\r\n\t\t\t\t\t\t\t\t\t\t\t<a href=\"https:\/\/www.elfuerte.cl\/web\/2025\/09\/21\/cronicas-de-viaje-al-sur-destino-dichato\/\" class=\"portfolio-item-link\">\r\n\t\t\t\t\t\t\t\t\t\t\t\t<span class=\"screen-reader-text\">Cr\u00f3nicas de viaje al sur. Destino Dichato<\/span>\r\n\t\t\t\t\t\t\t\t\t\t\t<\/a>\r\n\r\n\t\t\t\t\t\t\t\t\t\t\t\t\t\t\t\t\t\t\t\t\t\t\t\t\t\t\t\t\t\t\t\t\t\t\t\t\t<div class=\"portfolio-icons\">\r\n\t\t\t\t\t\t\t\t\t\t\t\t\t\t\t<a href=\"javascript: void(0);\" class=\"icon self-link\">\r\n\t\t\t\t\t\t\t\t\t\t\t\t\t\t\t\t\t\t\t\t\t\t\t\t\t\t\t\t\t\t\t\t\t<i class=\"default\"><\/i>\r\n\t\t\t\t\t\t\t\t\t\t\t\t\t\t\t\t\t\t\t\t\t\t\t\t\t\t\t\t\t\t\t<\/a>\r\n\t\t\t\t\t\t\t\t\t\t\t\t\t\t<\/div>\r\n\t\t\t\t\t\t\t\t\t\t\t\t\t\t\t\t\t\t<div class=\"info\">\n\t\t\t\t<a class=\"additional-meta\" data-filter-type=\"taxonomies\" data-attr=\"category\" data-filter=\"region-ludica\">Regi\u00f3n L\u00fadica<\/a>\t\t\t\t\t<\/div>\n\t\t\t\t\t\t\t\t\t\t\t\t\t\t\t\t\r\n\t\t\t\t\t\t\t\t\t\t\t\t\r\n\t\t\t\t\t\t\t\t\t\t\t\t\t\t\t\t\t\t\t\t\t\t\t\r\n\t\t\t\t\t\t\t\t\t\t\t\r\n\t\t\t\t\t\t\t\t\t\t\t\t\t\t\t\t\t\t\t\t\t<\/div>\r\n\t\t\t\t\t\t\t\t\t<\/div>\r\n\t\t\t\t\t\t\t\t<\/div>\r\n\t\t\t\t\t\t\t<\/div>\r\n\t\t\t\t\t\t\t\t\t\t\t<\/div>\r\n\t\t\t\t\r\n\t\t\t\t\t\t\t\t\t<div class=\"caption post-1818 post type-post status-publish format-standard has-post-thumbnail category-region-ludica tag-biobio tag-dichato tag-region-ludica tag-turismo tag-viajes\">\r\n\r\n\t\t\t\t\t\t\t\t\t\t\t\t\t<div class=\"post-author-date\">\r\n\t\t\t\t\t\t\t\t\n\t\t<div class=\"author\">\n\t\t\t\t\t\t\t<span class=\"author-avatar\"><img alt='' src='https:\/\/secure.gravatar.com\/avatar\/2806c301d7bb12fe5dc95a6fdd4a90e1634db8f1c858bdeff46ab307693cc01a?s=50&#038;d=mm&#038;r=g' srcset='https:\/\/secure.gravatar.com\/avatar\/2806c301d7bb12fe5dc95a6fdd4a90e1634db8f1c858bdeff46ab307693cc01a?s=100&#038;d=mm&#038;r=g 2x' class='avatar avatar-50 photo' height='50' width='50' \/><\/span>\n\t\t\t\t\t\t<span class=\"author-name\">Por <a href=\"https:\/\/elfuerte.cl\/web\" title=\"Visitar el sitio de Prensa El Fuerte\" rel=\"author external\">Prensa El Fuerte<\/a><\/span>\n\t\t<\/div>\n\t\t\t\t\t\t\t\t\t\t\r\n\t\t\t\t\t\t\t\t\t\t\t\t\t\t\t\t\t\t\t\t\t\t\t\t\t\t\t<div class=\"post-author-date-separator\">&nbsp;-&nbsp;<\/div>\r\n\t\t\t\t\t\t\t\t\t\t\t\t\t\t\t\t\t\t<div class=\"post-date\">21\/09\/2025<\/div>\r\n\t\t\t\t\t\t\t\t\r\n\t\t\t\t\t\t\t\t\t\t\t\t\t\t\t<\/div>\r\n\t\t\t\t\t\t\t\t\t\t\t\t\t<div class=\"title\">\r\n\t\t\t\t\t\t\t\t<span class=\"title-h4 \"><a href=\"https:\/\/www.elfuerte.cl\/web\/2025\/09\/21\/cronicas-de-viaje-al-sur-destino-dichato\/\" rel=\"bookmark\">Cr\u00f3nicas de viaje al sur. Destino Dichato<\/a><\/span>\t\t\t\t\t\t\t<\/div>\r\n\t\t\t\t\t\t\r\n\t\t\t\t\t\t\r\n\t\t\t\t\t\t\t\t\t\t\t\t\t\t\t\t\t\t\t\t\t<div class=\"description text-body\">\r\n\t\t\t\t\t\t\t\t\t<p>Uno de los balnearios m\u00e1s reconocidos de Biob\u00edo, es la localidad de Dichato<\/p>\n\t\t\t\t\t\t\t\t<\/div>\r\n\t\t\t\t\t\t\t\t\t\t\t\t\t\t\t<div class=\"grid-post-meta clearfix \">\r\n\t\t\t\t\t\t\t\t\t<div class=\"grid-post-meta-inner\">\r\n\t\t\t\t\t\t\t\t\t\t\t\t\t\t\t\t\t\t\t\t\t<div class=\"grid-post-share\">\r\n\t\t\t\t\t\t\t\t\t\t\t\t<a href=\"javascript: void(0);\" class=\"icon share\">\r\n\t\t\t\t\t\t\t\t\t\t\t\t\t\t\t\t\t\t\t\t\t\t\t\t\t\t\t<i class=\"default\"><\/i>\r\n\t\t\t\t\t\t\t\t\t\t\t\t\t\t\t\t\t\t\t\t\t\t\t\t\t<\/a>\r\n\t\t\t\t\t\t\t\t\t\t\t<\/div>\r\n\t\t\t\t\t\t\t\t\t\t\t<div class=\"portfolio-sharing-pane\">\r\n<div class=\"socials-sharing socials socials-colored-hover \">\r\n\t        <a class=\"socials-item\" target=\"_blank\"\r\n           href=\"https:\/\/www.facebook.com\/sharer\/sharer.php?u=https%3A%2F%2Fwww.elfuerte.cl%2Fweb%2F2025%2F09%2F21%2Fcronicas-de-viaje-al-sur-destino-dichato%2F\"\r\n           title=\"Facebook\"><i class=\"socials-item-icon facebook\"><\/i><\/a>\r\n\t\t        <a class=\"socials-item\" target=\"_blank\"\r\n           href=\"https:\/\/twitter.com\/intent\/tweet?text=Cr%C3%B3nicas+de+viaje+al+sur.+Destino+Dichato&#038;url=https%3A%2F%2Fwww.elfuerte.cl%2Fweb%2F2025%2F09%2F21%2Fcronicas-de-viaje-al-sur-destino-dichato%2F\"\r\n           title=\"Twitter\"><i class=\"socials-item-icon twitter\"><\/i><\/a>\r\n\t\t        <a class=\"socials-item\" target=\"_blank\"\r\n           href=\"https:\/\/pinterest.com\/pin\/create\/button\/?url=https%3A%2F%2Fwww.elfuerte.cl%2Fweb%2F2025%2F09%2F21%2Fcronicas-de-viaje-al-sur-destino-dichato%2F&#038;description=Cr%C3%B3nicas+de+viaje+al+sur.+Destino+Dichato&#038;media=https%3A%2F%2Fwww.elfuerte.cl%2Fweb%2Fwp-content%2Fuploads%2F2025%2F09%2Fdichato-thegem-blog-timeline-large.jpg\"\r\n           title=\"Pinterest\"><i class=\"socials-item-icon pinterest\"><\/i><\/a>\r\n\t\t        <a class=\"socials-item\" target=\"_blank\"\r\n           href=\"http:\/\/tumblr.com\/widgets\/share\/tool?canonicalUrl=https%3A%2F%2Fwww.elfuerte.cl%2Fweb%2F2025%2F09%2F21%2Fcronicas-de-viaje-al-sur-destino-dichato%2F\"\r\n           title=\"Tumblr\"><i class=\"socials-item-icon tumblr\"><\/i><\/a>\r\n\t\t        <a class=\"socials-item\" target=\"_blank\"\r\n           href=\"https:\/\/www.linkedin.com\/shareArticle?mini=true&#038;url=https%3A%2F%2Fwww.elfuerte.cl%2Fweb%2F2025%2F09%2F21%2Fcronicas-de-viaje-al-sur-destino-dichato%2F&#038;title=Cr%C3%B3nicas+de+viaje+al+sur.+Destino+Dichato&amp;summary=Uno+de+los+balnearios+m%C3%A1s+reconocidos+de+Biob%C3%ADo%2C+es+la+localidad+de+Dichato\"\r\n           title=\"LinkedIn\"><i class=\"socials-item-icon linkedin\"><\/i><\/a>\r\n\t\t        <a class=\"socials-item\" target=\"_blank\"\r\n           href=\"https:\/\/www.reddit.com\/submit?url=https%3A%2F%2Fwww.elfuerte.cl%2Fweb%2F2025%2F09%2F21%2Fcronicas-de-viaje-al-sur-destino-dichato%2F&#038;title=Cr%C3%B3nicas+de+viaje+al+sur.+Destino+Dichato\"\r\n           title=\"Reddit\"><i class=\"socials-item-icon reddit\"><\/i><\/a>\r\n\t<\/div>\r\n<\/div>\r\n\t\t\t\t\t\t\t\t\t\t\r\n\t\t\t\t\t\t\t\t\t\t<div class=\"grid-post-meta-comments-likes\">\r\n\t\t\t\t\t\t\t\t\t\t\t\r\n\t\t\t\t\t\t\t\t\t\t\t<span class=\"post-meta-likes\">\t\t\t\t\t\t\t\t\t\t\t\t\t<i class=\"default\"><\/i>\r\n\t\t\t\t\t\t\t\t\t\t\t\t<a href=\"#\" class=\"zilla-likes\" id=\"zilla-likes-1818\" title=\"Like this\"><span class=\"zilla-likes-count\">0<\/span> <span class=\"zilla-likes-postfix\"><\/span><\/a><\/span>\t\t\t\t\t\t\t\t\t\t<\/div>\r\n\t\t\t\t\t\t\t\t\t<\/div>\r\n\t\t\t\t\t\t\t\t<\/div>\r\n\t\t\t\t\t\t\t\t\t\t\t\t\t\t\t\t\t\t<\/div>\r\n\t\t\t\t\t\t\t<\/div>\r\n\t\t\t\t<\/div>\r\n\t<div class=\"portfolio-item region-ludica col-xs-12 col-sm-6 col-md-6 item-animations-not-inited before-start show-caption-border appearance-type- post-1615 post type-post status-publish format-standard has-post-thumbnail category-region-ludica tag-arte tag-arte-contemporaneo tag-casa-prochelle tag-comunidad-valdiviana tag-corporacion-cultural-de-valdivia tag-cosmovision-andina tag-cultura tag-danza-andina tag-exposicion tag-exposiciones-2025 tag-identidad-local tag-patrimonio tag-pintura tag-region-ludica tag-sofrenia tag-tradiciones tag-valdivia\" style=\"padding: calc(42px\/2)\" data-default-sort=\"0\" data-sort-date=\"1757672063\">\r\n\t\t\t\t\t\r\n\t\t\t<div class=\"wrap clearfix\">\r\n\t\t\t\t\t\t\t\t\t\t\t\t\t<div class=\"image post-1615 post type-post status-publish format-standard has-post-thumbnail category-region-ludica tag-arte tag-arte-contemporaneo tag-casa-prochelle tag-comunidad-valdiviana tag-corporacion-cultural-de-valdivia tag-cosmovision-andina tag-cultura tag-danza-andina tag-exposicion tag-exposiciones-2025 tag-identidad-local tag-patrimonio tag-pintura tag-region-ludica tag-sofrenia tag-tradiciones tag-valdivia\">\r\n\t\t\t\t\t\t<div class=\"image-inner \">\r\n\r\n\t\t\t\t\t\t\t<div class=\"post-featured-content\"><a href=\"https:\/\/www.elfuerte.cl\/web\/2025\/09\/12\/bajo-la-mirada-de-los-andes-inauguro-temporada-de-exposiciones-2025\/\">\t\t<picture>\n\t\t\t\t\t\t\t\t\t\t\t\t\t\t\t\t\t\t\t<img src=\"https:\/\/www.elfuerte.cl\/web\/wp-content\/uploads\/2025\/09\/rl0004-thegem-portfolio-masonry.jpg\" width=\"754\" height=\"434\"  class=\"img-responsive\" alt=\"rl0004\" \/>\n\t\t<\/picture>\n\t\t<\/a><\/div>\t\t\t\t\t\t<\/div>\r\n\r\n\t\t\t\t\t\t\t\t\t\t\t\t\t<div class=\"overlay\">\r\n\t\t\t\t\t\t\t\t<div class=\"overlay-circle\"><\/div>\r\n\r\n\t\t\t\t\t\t\t\t<div class=\"links-wrapper\">\r\n\t\t\t\t\t\t\t\t\t<div class=\"links\">\r\n\t\t\t\t\t\t\t\t\t\t<div class=\"caption\">\r\n\t\t\t\t\t\t\t\t\t\t\t<a href=\"https:\/\/www.elfuerte.cl\/web\/2025\/09\/12\/bajo-la-mirada-de-los-andes-inauguro-temporada-de-exposiciones-2025\/\" class=\"portfolio-item-link\">\r\n\t\t\t\t\t\t\t\t\t\t\t\t<span class=\"screen-reader-text\">\u00abBajo la mirada de los Andes\u00bb inaugur\u00f3 Temporada de Exposiciones 2025<\/span>\r\n\t\t\t\t\t\t\t\t\t\t\t<\/a>\r\n\r\n\t\t\t\t\t\t\t\t\t\t\t\t\t\t\t\t\t\t\t\t\t\t\t\t\t\t\t\t\t\t\t\t\t\t\t\t\t<div class=\"portfolio-icons\">\r\n\t\t\t\t\t\t\t\t\t\t\t\t\t\t\t<a href=\"javascript: void(0);\" class=\"icon self-link\">\r\n\t\t\t\t\t\t\t\t\t\t\t\t\t\t\t\t\t\t\t\t\t\t\t\t\t\t\t\t\t\t\t\t\t<i class=\"default\"><\/i>\r\n\t\t\t\t\t\t\t\t\t\t\t\t\t\t\t\t\t\t\t\t\t\t\t\t\t\t\t\t\t\t\t<\/a>\r\n\t\t\t\t\t\t\t\t\t\t\t\t\t\t<\/div>\r\n\t\t\t\t\t\t\t\t\t\t\t\t\t\t\t\t\t\t<div class=\"info\">\n\t\t\t\t<a class=\"additional-meta\" data-filter-type=\"taxonomies\" data-attr=\"category\" data-filter=\"region-ludica\">Regi\u00f3n L\u00fadica<\/a>\t\t\t\t\t<\/div>\n\t\t\t\t\t\t\t\t\t\t\t\t\t\t\t\t\r\n\t\t\t\t\t\t\t\t\t\t\t\t\r\n\t\t\t\t\t\t\t\t\t\t\t\t\t\t\t\t\t\t\t\t\t\t\t\r\n\t\t\t\t\t\t\t\t\t\t\t\r\n\t\t\t\t\t\t\t\t\t\t\t\t\t\t\t\t\t\t\t\t\t<\/div>\r\n\t\t\t\t\t\t\t\t\t<\/div>\r\n\t\t\t\t\t\t\t\t<\/div>\r\n\t\t\t\t\t\t\t<\/div>\r\n\t\t\t\t\t\t\t\t\t\t\t<\/div>\r\n\t\t\t\t\r\n\t\t\t\t\t\t\t\t\t<div class=\"caption post-1615 post type-post status-publish format-standard has-post-thumbnail category-region-ludica tag-arte tag-arte-contemporaneo tag-casa-prochelle tag-comunidad-valdiviana tag-corporacion-cultural-de-valdivia tag-cosmovision-andina tag-cultura tag-danza-andina tag-exposicion tag-exposiciones-2025 tag-identidad-local tag-patrimonio tag-pintura tag-region-ludica tag-sofrenia tag-tradiciones tag-valdivia\">\r\n\r\n\t\t\t\t\t\t\t\t\t\t\t\t\t<div class=\"post-author-date\">\r\n\t\t\t\t\t\t\t\t\n\t\t<div class=\"author\">\n\t\t\t\t\t\t\t<span class=\"author-avatar\"><img alt='' src='https:\/\/secure.gravatar.com\/avatar\/2806c301d7bb12fe5dc95a6fdd4a90e1634db8f1c858bdeff46ab307693cc01a?s=50&#038;d=mm&#038;r=g' srcset='https:\/\/secure.gravatar.com\/avatar\/2806c301d7bb12fe5dc95a6fdd4a90e1634db8f1c858bdeff46ab307693cc01a?s=100&#038;d=mm&#038;r=g 2x' class='avatar avatar-50 photo' height='50' width='50' \/><\/span>\n\t\t\t\t\t\t<span class=\"author-name\">Por <a href=\"https:\/\/elfuerte.cl\/web\" title=\"Visitar el sitio de Prensa El Fuerte\" rel=\"author external\">Prensa El Fuerte<\/a><\/span>\n\t\t<\/div>\n\t\t\t\t\t\t\t\t\t\t\r\n\t\t\t\t\t\t\t\t\t\t\t\t\t\t\t\t\t\t\t\t\t\t\t\t\t\t\t<div class=\"post-author-date-separator\">&nbsp;-&nbsp;<\/div>\r\n\t\t\t\t\t\t\t\t\t\t\t\t\t\t\t\t\t\t<div class=\"post-date\">12\/09\/2025<\/div>\r\n\t\t\t\t\t\t\t\t\r\n\t\t\t\t\t\t\t\t\t\t\t\t\t\t\t<\/div>\r\n\t\t\t\t\t\t\t\t\t\t\t\t\t<div class=\"title\">\r\n\t\t\t\t\t\t\t\t<span class=\"title-h4 \"><a href=\"https:\/\/www.elfuerte.cl\/web\/2025\/09\/12\/bajo-la-mirada-de-los-andes-inauguro-temporada-de-exposiciones-2025\/\" rel=\"bookmark\">\u00abBajo la mirada de los Andes\u00bb inaugur\u00f3 Temporada de Exposiciones 2025<\/a><\/span>\t\t\t\t\t\t\t<\/div>\r\n\t\t\t\t\t\t\r\n\t\t\t\t\t\t\r\n\t\t\t\t\t\t\t\t\t\t\t\t\t\t\t\t\t\t\t\t\t<div class=\"description text-body\">\r\n\t\t\t\t\t\t\t\t\t<p>Todo un \u00e9xito de p\u00fablico result\u00f3 la exposici\u00f3n \u201cBajo la mirada de los Andes\u201d, del ilustrador y muralista Sofrenia, que estuvo en exhibici\u00f3n en los salones de la Casa Prochelle, de la Corporaci\u00f3n Cultural de Valdivia, desde el 5 al 30 de septiembre<\/p>\n\t\t\t\t\t\t\t\t<\/div>\r\n\t\t\t\t\t\t\t\t\t\t\t\t\t\t\t<div class=\"grid-post-meta clearfix \">\r\n\t\t\t\t\t\t\t\t\t<div class=\"grid-post-meta-inner\">\r\n\t\t\t\t\t\t\t\t\t\t\t\t\t\t\t\t\t\t\t\t\t<div class=\"grid-post-share\">\r\n\t\t\t\t\t\t\t\t\t\t\t\t<a href=\"javascript: void(0);\" class=\"icon share\">\r\n\t\t\t\t\t\t\t\t\t\t\t\t\t\t\t\t\t\t\t\t\t\t\t\t\t\t\t<i class=\"default\"><\/i>\r\n\t\t\t\t\t\t\t\t\t\t\t\t\t\t\t\t\t\t\t\t\t\t\t\t\t<\/a>\r\n\t\t\t\t\t\t\t\t\t\t\t<\/div>\r\n\t\t\t\t\t\t\t\t\t\t\t<div class=\"portfolio-sharing-pane\">\r\n<div class=\"socials-sharing socials socials-colored-hover \">\r\n\t        <a class=\"socials-item\" target=\"_blank\"\r\n           href=\"https:\/\/www.facebook.com\/sharer\/sharer.php?u=https%3A%2F%2Fwww.elfuerte.cl%2Fweb%2F2025%2F09%2F12%2Fbajo-la-mirada-de-los-andes-inauguro-temporada-de-exposiciones-2025%2F\"\r\n           title=\"Facebook\"><i class=\"socials-item-icon facebook\"><\/i><\/a>\r\n\t\t        <a class=\"socials-item\" target=\"_blank\"\r\n           href=\"https:\/\/twitter.com\/intent\/tweet?text=%C2%ABBajo+la+mirada+de+los+Andes%C2%BB+inaugur%C3%B3+Temporada+de+Exposiciones+2025&#038;url=https%3A%2F%2Fwww.elfuerte.cl%2Fweb%2F2025%2F09%2F12%2Fbajo-la-mirada-de-los-andes-inauguro-temporada-de-exposiciones-2025%2F\"\r\n           title=\"Twitter\"><i class=\"socials-item-icon twitter\"><\/i><\/a>\r\n\t\t        <a class=\"socials-item\" target=\"_blank\"\r\n           href=\"https:\/\/pinterest.com\/pin\/create\/button\/?url=https%3A%2F%2Fwww.elfuerte.cl%2Fweb%2F2025%2F09%2F12%2Fbajo-la-mirada-de-los-andes-inauguro-temporada-de-exposiciones-2025%2F&#038;description=%C2%ABBajo+la+mirada+de+los+Andes%C2%BB+inaugur%C3%B3+Temporada+de+Exposiciones+2025&#038;media=https%3A%2F%2Fwww.elfuerte.cl%2Fweb%2Fwp-content%2Fuploads%2F2025%2F09%2Frl0004-thegem-blog-timeline-large.jpg\"\r\n           title=\"Pinterest\"><i class=\"socials-item-icon pinterest\"><\/i><\/a>\r\n\t\t        <a class=\"socials-item\" target=\"_blank\"\r\n           href=\"http:\/\/tumblr.com\/widgets\/share\/tool?canonicalUrl=https%3A%2F%2Fwww.elfuerte.cl%2Fweb%2F2025%2F09%2F12%2Fbajo-la-mirada-de-los-andes-inauguro-temporada-de-exposiciones-2025%2F\"\r\n           title=\"Tumblr\"><i class=\"socials-item-icon tumblr\"><\/i><\/a>\r\n\t\t        <a class=\"socials-item\" target=\"_blank\"\r\n           href=\"https:\/\/www.linkedin.com\/shareArticle?mini=true&#038;url=https%3A%2F%2Fwww.elfuerte.cl%2Fweb%2F2025%2F09%2F12%2Fbajo-la-mirada-de-los-andes-inauguro-temporada-de-exposiciones-2025%2F&#038;title=%C2%ABBajo+la+mirada+de+los+Andes%C2%BB+inaugur%C3%B3+Temporada+de+Exposiciones+2025&amp;summary=Todo+un+%C3%A9xito+de+p%C3%BAblico+result%C3%B3+la+exposici%C3%B3n+%E2%80%9CBajo+la+mirada+de+los+Andes%E2%80%9D%2C+del+ilustrador+y+muralista+Sofrenia%2C+que+estuvo+en+exhibici%C3%B3n+en+los+salones+de+la+Casa+Prochelle%2C+de+la+Corporaci%C3%B3n+Cultural+de+Valdivia%2C+desde+el+5+al+30+de+septiembre\"\r\n           title=\"LinkedIn\"><i class=\"socials-item-icon linkedin\"><\/i><\/a>\r\n\t\t        <a class=\"socials-item\" target=\"_blank\"\r\n           href=\"https:\/\/www.reddit.com\/submit?url=https%3A%2F%2Fwww.elfuerte.cl%2Fweb%2F2025%2F09%2F12%2Fbajo-la-mirada-de-los-andes-inauguro-temporada-de-exposiciones-2025%2F&#038;title=%C2%ABBajo+la+mirada+de+los+Andes%C2%BB+inaugur%C3%B3+Temporada+de+Exposiciones+2025\"\r\n           title=\"Reddit\"><i class=\"socials-item-icon reddit\"><\/i><\/a>\r\n\t<\/div>\r\n<\/div>\r\n\t\t\t\t\t\t\t\t\t\t\r\n\t\t\t\t\t\t\t\t\t\t<div class=\"grid-post-meta-comments-likes\">\r\n\t\t\t\t\t\t\t\t\t\t\t\r\n\t\t\t\t\t\t\t\t\t\t\t<span class=\"post-meta-likes\">\t\t\t\t\t\t\t\t\t\t\t\t\t<i class=\"default\"><\/i>\r\n\t\t\t\t\t\t\t\t\t\t\t\t<a href=\"#\" class=\"zilla-likes\" id=\"zilla-likes-1615\" title=\"Like this\"><span class=\"zilla-likes-count\">2<\/span> <span class=\"zilla-likes-postfix\"><\/span><\/a><\/span>\t\t\t\t\t\t\t\t\t\t<\/div>\r\n\t\t\t\t\t\t\t\t\t<\/div>\r\n\t\t\t\t\t\t\t\t<\/div>\r\n\t\t\t\t\t\t\t\t\t\t\t\t\t\t\t\t\t\t<\/div>\r\n\t\t\t\t\t\t\t<\/div>\r\n\t\t\t\t<\/div>\r\n\t\t\t\t\t\t\t\t\t<\/div><!-- .portflio-set -->\n\t\t\t\t\t\t\t\t\t\t\t\t\t\t\t\t\t\t\t<div class=\"portfolio-item-size-container\">\n\t\t\t\t\t\t\t\t\t\t\t\t<div class=\"portfolio-item col-xs-12 col-sm-6 col-md-6 item-animations-not-inited before-start show-caption-border post-1615 post type-post status-publish format-standard has-post-thumbnail category-region-ludica tag-arte tag-arte-contemporaneo tag-casa-prochelle tag-comunidad-valdiviana tag-corporacion-cultural-de-valdivia tag-cosmovision-andina tag-cultura tag-danza-andina tag-exposicion tag-exposiciones-2025 tag-identidad-local tag-patrimonio tag-pintura tag-region-ludica tag-sofrenia tag-tradiciones tag-valdivia\">\r\n\t\t\t<\/div>\r\n\t\t\t\t\t\t\t\t\t\t<\/div>\n\t\t\t\t\t\t\t\t\t\t\t\t\t\t\t\t\t<\/div><!-- .row-->\n\n\t\t\t\t\t\t\t\t\t\t\t\t\t\t\t\t\t\t<div class=\"portfolio-scroll-pagination\"><\/div>\n\t\t\t\t\t\t\t\t\t\n\t\t\t\t\t\t\t\t\n\t\t\t\t\t<\/div><!-- .full-width -->\n\t\t\t\t<\/div><!-- .portfolio-->\n\t\t\t<\/div><!-- .portfolio-preloader-wrapper-->\n\t\t\t\t\t\t<\/div>\n\t\t\t\t<\/div>\n\t\t\t\t\t<\/div>\n\t\t<\/div>\n\t\t\t\t<div class=\"elementor-column elementor-col-33 elementor-top-column elementor-element elementor-element-385d1ec\" data-id=\"385d1ec\" data-element_type=\"column\">\n\t\t\t<div class=\"elementor-widget-wrap elementor-element-populated\">\n\t\t\t\t\t\t<section class=\"elementor-section elementor-inner-section elementor-element elementor-element-403ab5c elementor-section-full_width elementor-section-height-min-height elementor-section-content-bottom elementor-section-height-default\" data-id=\"403ab5c\" data-element_type=\"section\">\r\n\t\t\t\t\t\t<div class=\"elementor-container elementor-column-gap-no\"><div class=\"elementor-row\">\r\n\t\t\t\t\t<div class=\"elementor-column elementor-col-100 elementor-inner-column elementor-element elementor-element-9d10fda\" data-id=\"9d10fda\" data-element_type=\"column\">\n\t\t\t<div class=\"elementor-widget-wrap elementor-element-populated\">\n\t\t\t\t\t\t<div class=\"elementor-element elementor-element-d139161 elementor-widget__width-auto elementor-absolute flex-horizontal-align-default flex-horizontal-align-tablet-default flex-horizontal-align-mobile-default flex-vertical-align-default flex-vertical-align-tablet-default flex-vertical-align-mobile-default elementor-widget elementor-widget-heading\" data-id=\"d139161\" data-element_type=\"widget\" data-settings=\"{&quot;_position&quot;:&quot;absolute&quot;}\" data-widget_type=\"heading.default\">\n\t\t\t\t\t<div class=\"title-h4 elementor-heading-title elementor-size-default\">Destacado Instagram<\/div>\t\t\t\t<\/div>\n\t\t\t\t\t<\/div>\n\t\t<\/div>\n\t\t\t\t\t<\/div><\/div>\r\n\t\t<\/section>\r\n\t\t\t\t<div class=\"elementor-element elementor-element-288d56a flex-horizontal-align-default flex-horizontal-align-tablet-default flex-horizontal-align-mobile-default flex-vertical-align-default flex-vertical-align-tablet-default flex-vertical-align-mobile-default elementor-widget elementor-widget-html\" data-id=\"288d56a\" data-element_type=\"widget\" data-widget_type=\"html.default\">\n\t\t\t\t\t<blockquote class=\"instagram-media\" data-instgrm-permalink=\"https:\/\/www.instagram.com\/p\/DWr4Sylju-e\/?utm_source=ig_embed&amp;utm_campaign=loading\" data-instgrm-version=\"14\" style=\" background:#FFF; border:0; border-radius:3px; box-shadow:0 0 1px 0 rgba(0,0,0,0.5),0 1px 10px 0 rgba(0,0,0,0.15); margin: 1px; max-width:540px; min-width:326px; padding:0; width:99.375%; width:-webkit-calc(100% - 2px); width:calc(100% - 2px);\"><div style=\"padding:16px;\"> <a href=\"https:\/\/www.instagram.com\/p\/DWr4Sylju-e\/?utm_source=ig_embed&amp;utm_campaign=loading\" style=\" background:#FFFFFF; line-height:0; padding:0 0; text-align:center; text-decoration:none; width:100%;\" target=\"_blank\"> <div style=\" display: flex; flex-direction: row; align-items: center;\"> <div style=\"background-color: #F4F4F4; border-radius: 50%; flex-grow: 0; height: 40px; margin-right: 14px; width: 40px;\"><\/div> <div style=\"display: flex; flex-direction: column; flex-grow: 1; justify-content: center;\"> <div style=\" background-color: #F4F4F4; border-radius: 4px; flex-grow: 0; height: 14px; margin-bottom: 6px; width: 100px;\"><\/div> <div style=\" background-color: #F4F4F4; border-radius: 4px; flex-grow: 0; height: 14px; width: 60px;\"><\/div><\/div><\/div><div style=\"padding: 19% 0;\"><\/div> <div style=\"display:block; height:50px; margin:0 auto 12px; width:50px;\"><svg width=\"50px\" height=\"50px\" viewBox=\"0 0 60 60\" version=\"1.1\" xmlns=\"https:\/\/www.w3.org\/2000\/svg\" xmlns:xlink=\"https:\/\/www.w3.org\/1999\/xlink\"><g stroke=\"none\" stroke-width=\"1\" fill=\"none\" fill-rule=\"evenodd\"><g transform=\"translate(-511.000000, -20.000000)\" fill=\"#000000\"><g><path d=\"M556.869,30.41 C554.814,30.41 553.148,32.076 553.148,34.131 C553.148,36.186 554.814,37.852 556.869,37.852 C558.924,37.852 560.59,36.186 560.59,34.131 C560.59,32.076 558.924,30.41 556.869,30.41 M541,60.657 C535.114,60.657 530.342,55.887 530.342,50 C530.342,44.114 535.114,39.342 541,39.342 C546.887,39.342 551.658,44.114 551.658,50 C551.658,55.887 546.887,60.657 541,60.657 M541,33.886 C532.1,33.886 524.886,41.1 524.886,50 C524.886,58.899 532.1,66.113 541,66.113 C549.9,66.113 557.115,58.899 557.115,50 C557.115,41.1 549.9,33.886 541,33.886 M565.378,62.101 C565.244,65.022 564.756,66.606 564.346,67.663 C563.803,69.06 563.154,70.057 562.106,71.106 C561.058,72.155 560.06,72.803 558.662,73.347 C557.607,73.757 556.021,74.244 553.102,74.378 C549.944,74.521 548.997,74.552 541,74.552 C533.003,74.552 532.056,74.521 528.898,74.378 C525.979,74.244 524.393,73.757 523.338,73.347 C521.94,72.803 520.942,72.155 519.894,71.106 C518.846,70.057 518.197,69.06 517.654,67.663 C517.244,66.606 516.755,65.022 516.623,62.101 C516.479,58.943 516.448,57.996 516.448,50 C516.448,42.003 516.479,41.056 516.623,37.899 C516.755,34.978 517.244,33.391 517.654,32.338 C518.197,30.938 518.846,29.942 519.894,28.894 C520.942,27.846 521.94,27.196 523.338,26.654 C524.393,26.244 525.979,25.756 528.898,25.623 C532.057,25.479 533.004,25.448 541,25.448 C548.997,25.448 549.943,25.479 553.102,25.623 C556.021,25.756 557.607,26.244 558.662,26.654 C560.06,27.196 561.058,27.846 562.106,28.894 C563.154,29.942 563.803,30.938 564.346,32.338 C564.756,33.391 565.244,34.978 565.378,37.899 C565.522,41.056 565.552,42.003 565.552,50 C565.552,57.996 565.522,58.943 565.378,62.101 M570.82,37.631 C570.674,34.438 570.167,32.258 569.425,30.349 C568.659,28.377 567.633,26.702 565.965,25.035 C564.297,23.368 562.623,22.342 560.652,21.575 C558.743,20.834 556.562,20.326 553.369,20.18 C550.169,20.033 549.148,20 541,20 C532.853,20 531.831,20.033 528.631,20.18 C525.438,20.326 523.257,20.834 521.349,21.575 C519.376,22.342 517.703,23.368 516.035,25.035 C514.368,26.702 513.342,28.377 512.574,30.349 C511.834,32.258 511.326,34.438 511.181,37.631 C511.035,40.831 511,41.851 511,50 C511,58.147 511.035,59.17 511.181,62.369 C511.326,65.562 511.834,67.743 512.574,69.651 C513.342,71.625 514.368,73.296 516.035,74.965 C517.703,76.634 519.376,77.658 521.349,78.425 C523.257,79.167 525.438,79.673 528.631,79.82 C531.831,79.965 532.853,80.001 541,80.001 C549.148,80.001 550.169,79.965 553.369,79.82 C556.562,79.673 558.743,79.167 560.652,78.425 C562.623,77.658 564.297,76.634 565.965,74.965 C567.633,73.296 568.659,71.625 569.425,69.651 C570.167,67.743 570.674,65.562 570.82,62.369 C570.966,59.17 571,58.147 571,50 C571,41.851 570.966,40.831 570.82,37.631\"><\/path><\/g><\/g><\/g><\/svg><\/div><div style=\"padding-top: 8px;\"> <div style=\" color:#3897f0; font-family:Arial,sans-serif; font-size:14px; font-style:normal; font-weight:550; line-height:18px;\">Ver esta publicaci\u00f3n en Instagram<\/div><\/div><div style=\"padding: 12.5% 0;\"><\/div> <div style=\"display: flex; flex-direction: row; margin-bottom: 14px; align-items: center;\"><div> <div style=\"background-color: #F4F4F4; border-radius: 50%; height: 12.5px; width: 12.5px; transform: translateX(0px) translateY(7px);\"><\/div> <div style=\"background-color: #F4F4F4; height: 12.5px; transform: rotate(-45deg) translateX(3px) translateY(1px); width: 12.5px; flex-grow: 0; margin-right: 14px; margin-left: 2px;\"><\/div> <div style=\"background-color: #F4F4F4; border-radius: 50%; height: 12.5px; width: 12.5px; transform: translateX(9px) translateY(-18px);\"><\/div><\/div><div style=\"margin-left: 8px;\"> <div style=\" background-color: #F4F4F4; border-radius: 50%; flex-grow: 0; height: 20px; width: 20px;\"><\/div> <div style=\" width: 0; height: 0; border-top: 2px solid transparent; border-left: 6px solid #f4f4f4; border-bottom: 2px solid transparent; transform: translateX(16px) translateY(-4px) rotate(30deg)\"><\/div><\/div><div style=\"margin-left: auto;\"> <div style=\" width: 0px; border-top: 8px solid #F4F4F4; border-right: 8px solid transparent; transform: translateY(16px);\"><\/div> <div style=\" background-color: #F4F4F4; flex-grow: 0; height: 12px; width: 16px; transform: translateY(-4px);\"><\/div> <div style=\" width: 0; height: 0; border-top: 8px solid #F4F4F4; border-left: 8px solid transparent; transform: translateY(-4px) translateX(8px);\"><\/div><\/div><\/div> <div style=\"display: flex; flex-direction: column; flex-grow: 1; justify-content: center; margin-bottom: 24px;\"> <div style=\" background-color: #F4F4F4; border-radius: 4px; flex-grow: 0; height: 14px; margin-bottom: 6px; width: 224px;\"><\/div> <div style=\" background-color: #F4F4F4; border-radius: 4px; flex-grow: 0; height: 14px; width: 144px;\"><\/div><\/div><\/a><p style=\" color:#c9c8cd; font-family:Arial,sans-serif; font-size:14px; line-height:17px; margin-bottom:0; margin-top:8px; overflow:hidden; padding:8px 0 7px; text-align:center; text-overflow:ellipsis; white-space:nowrap;\"><a href=\"https:\/\/www.instagram.com\/p\/DWr4Sylju-e\/?utm_source=ig_embed&amp;utm_campaign=loading\" style=\" color:#c9c8cd; font-family:Arial,sans-serif; font-size:14px; font-style:normal; font-weight:normal; line-height:17px; text-decoration:none;\" target=\"_blank\">Una publicaci\u00f3n compartida por El Fuerte (@elfuertenoticias)<\/a><\/p><\/div><\/blockquote>\r\n<script async src=\"\/\/www.instagram.com\/embed.js\"><\/script>\t\t\t\t<\/div>\n\t\t\t\t<div class=\"elementor-element elementor-element-6ca3a1e flex-horizontal-align-default flex-horizontal-align-tablet-default flex-horizontal-align-mobile-default flex-vertical-align-default flex-vertical-align-tablet-default flex-vertical-align-mobile-default elementor-widget elementor-widget-video\" data-id=\"6ca3a1e\" data-element_type=\"widget\" data-settings=\"{&quot;video_type&quot;:&quot;hosted&quot;,&quot;autoplay&quot;:&quot;yes&quot;,&quot;play_on_mobile&quot;:&quot;yes&quot;,&quot;mute&quot;:&quot;yes&quot;,&quot;loop&quot;:&quot;yes&quot;}\" data-widget_type=\"video.default\">\n\t\t\t\t\t\t\t<div class=\"e-hosted-video elementor-wrapper elementor-open-inline\">\n\t\t\t\t\t<video class=\"elementor-video\" src=\"https:\/\/elfuerte.cl\/web\/wp-content\/uploads\/2026\/01\/corp1.mp4\" autoplay=\"\" loop=\"\" muted=\"muted\" playsinline=\"\" controlsList=\"nodownload\"><\/video>\n\t\t\t\t<\/div>\n\t\t\t\t\t\t<\/div>\n\t\t\t\t<section class=\"elementor-section elementor-inner-section elementor-element elementor-element-b38a008 elementor-section-full_width elementor-section-height-min-height elementor-section-content-bottom elementor-section-height-default\" data-id=\"b38a008\" data-element_type=\"section\">\r\n\t\t\t\t\t\t<div class=\"elementor-container elementor-column-gap-no\"><div class=\"elementor-row\">\r\n\t\t\t\t\t<div class=\"elementor-column elementor-col-100 elementor-inner-column elementor-element elementor-element-18520dc\" data-id=\"18520dc\" data-element_type=\"column\">\n\t\t\t<div class=\"elementor-widget-wrap elementor-element-populated\">\n\t\t\t\t\t\t<div class=\"elementor-element elementor-element-6938178 elementor-widget__width-auto elementor-absolute flex-horizontal-align-default flex-horizontal-align-tablet-default flex-horizontal-align-mobile-default flex-vertical-align-default flex-vertical-align-tablet-default flex-vertical-align-mobile-default elementor-widget elementor-widget-heading\" data-id=\"6938178\" data-element_type=\"widget\" data-settings=\"{&quot;_position&quot;:&quot;absolute&quot;}\" data-widget_type=\"heading.default\">\n\t\t\t\t\t<div class=\"title-h4 elementor-heading-title elementor-size-default\">Art\u00edculos Recientes\n<\/div>\t\t\t\t<\/div>\n\t\t\t\t\t<\/div>\n\t\t<\/div>\n\t\t\t\t\t<\/div><\/div>\r\n\t\t<\/section>\r\n\t\t\t\t<div class=\"elementor-element elementor-element-c7e97dd flex-horizontal-align-default flex-horizontal-align-tablet-default flex-horizontal-align-mobile-default flex-vertical-align-default flex-vertical-align-tablet-default flex-vertical-align-mobile-default elementor-widget elementor-widget-thegem-bloglist\" data-id=\"c7e97dd\" data-element_type=\"widget\" data-settings=\"{&quot;categories&quot;:[&quot;actualidad&quot;,&quot;region-ludica&quot;,&quot;sala-de-redaccion&quot;],&quot;thegem_elementor_preset&quot;:&quot;compact-tiny-2&quot;,&quot;order_by&quot;:&quot;date&quot;,&quot;order&quot;:&quot;desc&quot;,&quot;query_type&quot;:&quot;post&quot;,&quot;source&quot;:[&quot;categories&quot;],&quot;exclude_blog_posts_type&quot;:&quot;manual&quot;,&quot;items_per_page&quot;:8}\" data-widget_type=\"thegem-bloglist.default\">\n\t\t\t\t<div class=\"elementor-widget-container\">\n\t\t\t\t\t\t\t\t<div class=\"bloglist blog clearfix  blog-style-compact-tiny-2   \" data-page=\"1\" data-paged=\"1\" data-next-page=\"2\" data-pages-count=\"83\" data-load-more-action=\"thegem_bloglist_load_more\">\n\t\t\t\r\n<article id=\"post-9057\" class=\"post-item with-separator clearfix post-9057 post type-post status-publish format-standard has-post-thumbnail category-actualidad category-destacados tag-entrelagos tag-inacap tag-oncosur tag-primera-fiesta-del-chocolate\">\r\n\t\t\t<div class=\"gem-compact-tiny-left\">\r\n\t\t\t<div class=\"gem-news-item-image\">\r\n\t\t\t\t<a href=\"https:\/\/www.elfuerte.cl\/web\/2026\/08\/29\/valdivia-tendra-su-primera-fiesta-del-chocolate-con-un-cisne-de-400-kilos-y-un-fin-solidario\/\"><img width=\"1536\" height=\"1024\" src=\"https:\/\/www.elfuerte.cl\/web\/wp-content\/uploads\/2026\/08\/49fca151-6558-4eb4-8fc7-506d26d13e71.png\" class=\"img-responsive wp-post-image\" alt=\"49fca151-6558-4eb4-8fc7-506d26d13e71\" \/><\/a>\r\n\t\t\t<\/div>\r\n\t\t<\/div>\r\n\t\r\n\t<div class=\"gem-compact-tiny-right\">\r\n\t\t<div class=\"gem-compact-item-content\">\r\n\t\t\t<div class=\"tiny-post-title gem-news-item-title text-body-tiny\"><a class=\"reverse-link-color \" href=\"https:\/\/www.elfuerte.cl\/web\/2026\/08\/29\/valdivia-tendra-su-primera-fiesta-del-chocolate-con-un-cisne-de-400-kilos-y-un-fin-solidario\/\" rel=\"bookmark\">Valdivia tendr\u00e1 su primera Fiesta del Chocolate con un cisne de 400 kilos y un fin solidario<\/a><\/div>\t\t<\/div>\r\n\t\t<div class=\"post-meta\">\r\n\t\t\t<div class=\"entry-meta clearfix text-body-tiny\">\r\n\t\t\t\t<div class=\"post-meta-left gem-news-item-date\">\r\n\t\t\t\t\t\t\t\t\t\t<span\r\n\t\t\t\t\t\t\tclass=\"post-meta-date tiny-post-date\">29\/08\/2026<\/span>\t\t\t\t<\/div>\r\n\t\t\t\t<div class=\"post-meta-right\">\r\n\t\t\t\t\t\t\t\t\t<\/div>\r\n\t\t\t<\/div><!-- .entry-meta -->\r\n\t\t<\/div>\r\n\r\n\t<\/div>\r\n<\/article><!-- #post-9057 -->\r\n\r\n<article id=\"post-9044\" class=\"post-item with-separator clearfix post-9044 post type-post status-publish format-standard has-post-thumbnail category-actualidad category-destacados tag-acuerdo tag-comite-de-integracion tag-lios-rios tag-neuquen\">\r\n\t\t\t<div class=\"gem-compact-tiny-left\">\r\n\t\t\t<div class=\"gem-news-item-image\">\r\n\t\t\t\t<a href=\"https:\/\/www.elfuerte.cl\/web\/2026\/08\/28\/comite-de-integracion-abre-nueva-alianza-comercial-entre-empresarios-de-los-rios-y-neuquen\/\"><img width=\"1536\" height=\"1024\" src=\"https:\/\/www.elfuerte.cl\/web\/wp-content\/uploads\/2026\/08\/portada.png\" class=\"img-responsive wp-post-image\" alt=\"portada\" \/><\/a>\r\n\t\t\t<\/div>\r\n\t\t<\/div>\r\n\t\r\n\t<div class=\"gem-compact-tiny-right\">\r\n\t\t<div class=\"gem-compact-item-content\">\r\n\t\t\t<div class=\"tiny-post-title gem-news-item-title text-body-tiny\"><a class=\"reverse-link-color \" href=\"https:\/\/www.elfuerte.cl\/web\/2026\/08\/28\/comite-de-integracion-abre-nueva-alianza-comercial-entre-empresarios-de-los-rios-y-neuquen\/\" rel=\"bookmark\">Comit\u00e9 de Integraci\u00f3n abre nueva alianza comercial entre empresarios de Los R\u00edos y Neuqu\u00e9n<\/a><\/div>\t\t<\/div>\r\n\t\t<div class=\"post-meta\">\r\n\t\t\t<div class=\"entry-meta clearfix text-body-tiny\">\r\n\t\t\t\t<div class=\"post-meta-left gem-news-item-date\">\r\n\t\t\t\t\t\t\t\t\t\t<span\r\n\t\t\t\t\t\t\tclass=\"post-meta-date tiny-post-date\">28\/08\/2026<\/span>\t\t\t\t<\/div>\r\n\t\t\t\t<div class=\"post-meta-right\">\r\n\t\t\t\t\t\t\t\t\t<\/div>\r\n\t\t\t<\/div><!-- .entry-meta -->\r\n\t\t<\/div>\r\n\r\n\t<\/div>\r\n<\/article><!-- #post-9044 -->\r\n\r\n<article id=\"post-9038\" class=\"post-item with-separator clearfix post-9038 post type-post status-publish format-standard has-post-thumbnail category-actualidad category-destacados tag-evento tag-puerto-montt tag-sur-wine-fest tag-vinas\">\r\n\t\t\t<div class=\"gem-compact-tiny-left\">\r\n\t\t\t<div class=\"gem-news-item-image\">\r\n\t\t\t\t<a href=\"https:\/\/www.elfuerte.cl\/web\/2026\/08\/28\/puerto-montt-se-prepara-para-recibir-a-mas-de-25-vinas-en-la-septima-version-de-sur-wines-fest\/\"><img width=\"1582\" height=\"994\" src=\"https:\/\/www.elfuerte.cl\/web\/wp-content\/uploads\/2026\/08\/219564db-a64b-432e-87df-9ee374cf730d.png\" class=\"img-responsive wp-post-image\" alt=\"219564db-a64b-432e-87df-9ee374cf730d\" \/><\/a>\r\n\t\t\t<\/div>\r\n\t\t<\/div>\r\n\t\r\n\t<div class=\"gem-compact-tiny-right\">\r\n\t\t<div class=\"gem-compact-item-content\">\r\n\t\t\t<div class=\"tiny-post-title gem-news-item-title text-body-tiny\"><a class=\"reverse-link-color \" href=\"https:\/\/www.elfuerte.cl\/web\/2026\/08\/28\/puerto-montt-se-prepara-para-recibir-a-mas-de-25-vinas-en-la-septima-version-de-sur-wines-fest\/\" rel=\"bookmark\">Puerto Montt se prepara para recibir a m\u00e1s de 25 vi\u00f1as en la s\u00e9ptima versi\u00f3n de Sur Wines Fest<\/a><\/div>\t\t<\/div>\r\n\t\t<div class=\"post-meta\">\r\n\t\t\t<div class=\"entry-meta clearfix text-body-tiny\">\r\n\t\t\t\t<div class=\"post-meta-left gem-news-item-date\">\r\n\t\t\t\t\t\t\t\t\t\t<span\r\n\t\t\t\t\t\t\tclass=\"post-meta-date tiny-post-date\">28\/08\/2026<\/span>\t\t\t\t<\/div>\r\n\t\t\t\t<div class=\"post-meta-right\">\r\n\t\t\t\t\t\t\t\t\t<\/div>\r\n\t\t\t<\/div><!-- .entry-meta -->\r\n\t\t<\/div>\r\n\r\n\t<\/div>\r\n<\/article><!-- #post-9038 -->\r\n\r\n<article id=\"post-9001\" class=\"post-item with-separator clearfix post-9001 post type-post status-publish format-standard has-post-thumbnail category-actualidad category-destacados tag-desarrollo tag-digital tag-los-rios\">\r\n\t\t\t<div class=\"gem-compact-tiny-left\">\r\n\t\t\t<div class=\"gem-news-item-image\">\r\n\t\t\t\t<a href=\"https:\/\/www.elfuerte.cl\/web\/2026\/08\/28\/sellan-compromiso-por-el-desarrollo-digital-de-los-rios\/\"><img width=\"1170\" height=\"674\" src=\"https:\/\/www.elfuerte.cl\/web\/wp-content\/uploads\/2026\/08\/banner24-8-2-1.jpg\" class=\"img-responsive wp-post-image\" alt=\"banner24-8 -2\" \/><\/a>\r\n\t\t\t<\/div>\r\n\t\t<\/div>\r\n\t\r\n\t<div class=\"gem-compact-tiny-right\">\r\n\t\t<div class=\"gem-compact-item-content\">\r\n\t\t\t<div class=\"tiny-post-title gem-news-item-title text-body-tiny\"><a class=\"reverse-link-color \" href=\"https:\/\/www.elfuerte.cl\/web\/2026\/08\/28\/sellan-compromiso-por-el-desarrollo-digital-de-los-rios\/\" rel=\"bookmark\">Sellan compromiso por el desarrollo digital de Los R\u00edos<\/a><\/div>\t\t<\/div>\r\n\t\t<div class=\"post-meta\">\r\n\t\t\t<div class=\"entry-meta clearfix text-body-tiny\">\r\n\t\t\t\t<div class=\"post-meta-left gem-news-item-date\">\r\n\t\t\t\t\t\t\t\t\t\t<span\r\n\t\t\t\t\t\t\tclass=\"post-meta-date tiny-post-date\">28\/08\/2026<\/span>\t\t\t\t<\/div>\r\n\t\t\t\t<div class=\"post-meta-right\">\r\n\t\t\t\t\t\t\t\t\t<\/div>\r\n\t\t\t<\/div><!-- .entry-meta -->\r\n\t\t<\/div>\r\n\r\n\t<\/div>\r\n<\/article><!-- #post-9001 -->\r\n\r\n<article id=\"post-8992\" class=\"post-item with-separator clearfix post-8992 post type-post status-publish format-standard has-post-thumbnail category-destacados category-sala-de-redaccion tag-ia tag-territorios tag-valdivia\">\r\n\t\t\t<div class=\"gem-compact-tiny-left\">\r\n\t\t\t<div class=\"gem-news-item-image\">\r\n\t\t\t\t<a href=\"https:\/\/www.elfuerte.cl\/web\/2026\/08\/28\/la-ia-tambien-se-construye-desde-los-territorios\/\"><img width=\"1170\" height=\"674\" src=\"https:\/\/www.elfuerte.cl\/web\/wp-content\/uploads\/2026\/08\/bannerop28-8-1.jpg\" class=\"img-responsive wp-post-image\" alt=\"bannerop28-8-1\" \/><\/a>\r\n\t\t\t<\/div>\r\n\t\t<\/div>\r\n\t\r\n\t<div class=\"gem-compact-tiny-right\">\r\n\t\t<div class=\"gem-compact-item-content\">\r\n\t\t\t<div class=\"tiny-post-title gem-news-item-title text-body-tiny\"><a class=\"reverse-link-color \" href=\"https:\/\/www.elfuerte.cl\/web\/2026\/08\/28\/la-ia-tambien-se-construye-desde-los-territorios\/\" rel=\"bookmark\">La IA tambi\u00e9n se construye desde los territorios<\/a><\/div>\t\t<\/div>\r\n\t\t<div class=\"post-meta\">\r\n\t\t\t<div class=\"entry-meta clearfix text-body-tiny\">\r\n\t\t\t\t<div class=\"post-meta-left gem-news-item-date\">\r\n\t\t\t\t\t\t\t\t\t\t<span\r\n\t\t\t\t\t\t\tclass=\"post-meta-date tiny-post-date\">28\/08\/2026<\/span>\t\t\t\t<\/div>\r\n\t\t\t\t<div class=\"post-meta-right\">\r\n\t\t\t\t\t\t\t\t\t<\/div>\r\n\t\t\t<\/div><!-- .entry-meta -->\r\n\t\t<\/div>\r\n\r\n\t<\/div>\r\n<\/article><!-- #post-8992 -->\r\n\r\n<article id=\"post-8986\" class=\"post-item with-separator clearfix post-8986 post type-post status-publish format-standard has-post-thumbnail category-actualidad category-destacados tag-ia tag-internacional tag-medicina\">\r\n\t\t\t<div class=\"gem-compact-tiny-left\">\r\n\t\t\t<div class=\"gem-news-item-image\">\r\n\t\t\t\t<a href=\"https:\/\/www.elfuerte.cl\/web\/2026\/08\/28\/hombre-britanico-pudo-recuperar-la-vista-gracias-a-la-primera-cirugia-cerebral-guiada-por-ia\/\"><img width=\"1170\" height=\"674\" src=\"https:\/\/www.elfuerte.cl\/web\/wp-content\/uploads\/2026\/08\/banner28-1-1.jpg\" class=\"img-responsive wp-post-image\" alt=\"banner28-1-1\" \/><\/a>\r\n\t\t\t<\/div>\r\n\t\t<\/div>\r\n\t\r\n\t<div class=\"gem-compact-tiny-right\">\r\n\t\t<div class=\"gem-compact-item-content\">\r\n\t\t\t<div class=\"tiny-post-title gem-news-item-title text-body-tiny\"><a class=\"reverse-link-color \" href=\"https:\/\/www.elfuerte.cl\/web\/2026\/08\/28\/hombre-britanico-pudo-recuperar-la-vista-gracias-a-la-primera-cirugia-cerebral-guiada-por-ia\/\" rel=\"bookmark\">Hombre brit\u00e1nico pudo recuperar la vista gracias a la primera cirug\u00eda cerebral guiada por IA<\/a><\/div>\t\t<\/div>\r\n\t\t<div class=\"post-meta\">\r\n\t\t\t<div class=\"entry-meta clearfix text-body-tiny\">\r\n\t\t\t\t<div class=\"post-meta-left gem-news-item-date\">\r\n\t\t\t\t\t\t\t\t\t\t<span\r\n\t\t\t\t\t\t\tclass=\"post-meta-date tiny-post-date\">28\/08\/2026<\/span>\t\t\t\t<\/div>\r\n\t\t\t\t<div class=\"post-meta-right\">\r\n\t\t\t\t\t\t\t\t\t<\/div>\r\n\t\t\t<\/div><!-- .entry-meta -->\r\n\t\t<\/div>\r\n\r\n\t<\/div>\r\n<\/article><!-- #post-8986 -->\r\n\r\n<article id=\"post-8971\" class=\"post-item with-separator clearfix post-8971 post type-post status-publish format-standard has-post-thumbnail category-actualidad category-destacados tag-acuerdos-binacionales tag-clausura tag-comite-integracion tag-seguimiento\">\r\n\t\t\t<div class=\"gem-compact-tiny-left\">\r\n\t\t\t<div class=\"gem-news-item-image\">\r\n\t\t\t\t<a href=\"https:\/\/www.elfuerte.cl\/web\/2026\/08\/27\/comite-de-integracion-los-lagos-cierra-con-propuesta-de-mecanismo-para-seguimiento-a-los-acuerdos-binacionales\/\"><img width=\"1600\" height=\"1200\" src=\"https:\/\/www.elfuerte.cl\/web\/wp-content\/uploads\/2026\/08\/7ff360b8-8881-4bac-9471-5f0217eccd44.jpg\" class=\"img-responsive wp-post-image\" alt=\"7ff360b8-8881-4bac-9471-5f0217eccd44\" \/><\/a>\r\n\t\t\t<\/div>\r\n\t\t<\/div>\r\n\t\r\n\t<div class=\"gem-compact-tiny-right\">\r\n\t\t<div class=\"gem-compact-item-content\">\r\n\t\t\t<div class=\"tiny-post-title gem-news-item-title text-body-tiny\"><a class=\"reverse-link-color \" href=\"https:\/\/www.elfuerte.cl\/web\/2026\/08\/27\/comite-de-integracion-los-lagos-cierra-con-propuesta-de-mecanismo-para-seguimiento-a-los-acuerdos-binacionales\/\" rel=\"bookmark\">Comit\u00e9 de Integraci\u00f3n Los Lagos cierra con propuesta de mecanismo para seguimiento a los acuerdos binacionales<\/a><\/div>\t\t<\/div>\r\n\t\t<div class=\"post-meta\">\r\n\t\t\t<div class=\"entry-meta clearfix text-body-tiny\">\r\n\t\t\t\t<div class=\"post-meta-left gem-news-item-date\">\r\n\t\t\t\t\t\t\t\t\t\t<span\r\n\t\t\t\t\t\t\tclass=\"post-meta-date tiny-post-date\">27\/08\/2026<\/span>\t\t\t\t<\/div>\r\n\t\t\t\t<div class=\"post-meta-right\">\r\n\t\t\t\t\t\t\t\t\t<\/div>\r\n\t\t\t<\/div><!-- .entry-meta -->\r\n\t\t<\/div>\r\n\r\n\t<\/div>\r\n<\/article><!-- #post-8971 -->\r\n\r\n<article id=\"post-8965\" class=\"post-item with-separator clearfix post-8965 post type-post status-publish format-standard has-post-thumbnail category-actualidad category-destacados tag-apoyo tag-comercio tag-core tag-turismo\">\r\n\t\t\t<div class=\"gem-compact-tiny-left\">\r\n\t\t\t<div class=\"gem-news-item-image\">\r\n\t\t\t\t<a href=\"https:\/\/www.elfuerte.cl\/web\/2026\/08\/27\/comercio-y-turismo-plantean-al-consejo-regional-explorar-soluciones-para-enfrentar-baja-temporada\/\"><img width=\"1070\" height=\"674\" src=\"https:\/\/www.elfuerte.cl\/web\/wp-content\/uploads\/2026\/08\/portada-2026-08-25T181750.308-1.jpg\" class=\"img-responsive wp-post-image\" alt=\"portada - 2026-08-25T181750.308\" \/><\/a>\r\n\t\t\t<\/div>\r\n\t\t<\/div>\r\n\t\r\n\t<div class=\"gem-compact-tiny-right\">\r\n\t\t<div class=\"gem-compact-item-content\">\r\n\t\t\t<div class=\"tiny-post-title gem-news-item-title text-body-tiny\"><a class=\"reverse-link-color \" href=\"https:\/\/www.elfuerte.cl\/web\/2026\/08\/27\/comercio-y-turismo-plantean-al-consejo-regional-explorar-soluciones-para-enfrentar-baja-temporada\/\" rel=\"bookmark\">Comercio y turismo plantean al Consejo Regional explorar soluciones para enfrentar baja temporada<\/a><\/div>\t\t<\/div>\r\n\t\t<div class=\"post-meta\">\r\n\t\t\t<div class=\"entry-meta clearfix text-body-tiny\">\r\n\t\t\t\t<div class=\"post-meta-left gem-news-item-date\">\r\n\t\t\t\t\t\t\t\t\t\t<span\r\n\t\t\t\t\t\t\tclass=\"post-meta-date tiny-post-date\">27\/08\/2026<\/span>\t\t\t\t<\/div>\r\n\t\t\t\t<div class=\"post-meta-right\">\r\n\t\t\t\t\t\t\t\t\t<\/div>\r\n\t\t\t<\/div><!-- .entry-meta -->\r\n\t\t<\/div>\r\n\r\n\t<\/div>\r\n<\/article><!-- #post-8965 -->\r\n\t\t\t<\/div>\n\t\t\t\t\t\t<\/div>\n\t\t\t\t<\/div>\n\t\t\t\t\t<\/div>\n\t\t<\/div>\n\t\t\t\t\t<\/div><\/div>\r\n\t\t<\/section>\r\n\t\t\t\t<section class=\"elementor-section elementor-top-section elementor-element elementor-element-1f7acf7 elementor-section-boxed elementor-section-height-default elementor-section-height-default\" data-id=\"1f7acf7\" data-element_type=\"section\">\r\n\t\t\t\t\t\t<div class=\"elementor-container elementor-column-gap-thegem\"><div class=\"elementor-row\">\r\n\t\t\t\t\t<div class=\"elementor-column elementor-col-100 elementor-top-column elementor-element elementor-element-bc2da22\" data-id=\"bc2da22\" data-element_type=\"column\">\n\t\t\t<div class=\"elementor-widget-wrap elementor-element-populated\">\n\t\t\t\t\t\t<section class=\"elementor-section elementor-inner-section elementor-element elementor-element-4292b44 elementor-section-full_width elementor-section-height-min-height elementor-section-content-bottom elementor-section-height-default\" data-id=\"4292b44\" data-element_type=\"section\">\r\n\t\t\t\t\t\t<div class=\"elementor-container elementor-column-gap-no\"><div class=\"elementor-row\">\r\n\t\t\t\t\t<div class=\"elementor-column elementor-col-100 elementor-inner-column elementor-element elementor-element-47a017b\" data-id=\"47a017b\" data-element_type=\"column\">\n\t\t\t<div class=\"elementor-widget-wrap elementor-element-populated\">\n\t\t\t\t\t\t<div class=\"elementor-element elementor-element-4578b68 elementor-widget__width-auto elementor-absolute flex-horizontal-align-default flex-horizontal-align-tablet-default flex-horizontal-align-mobile-default flex-vertical-align-default flex-vertical-align-tablet-default flex-vertical-align-mobile-default elementor-widget elementor-widget-heading\" data-id=\"4578b68\" data-element_type=\"widget\" data-settings=\"{&quot;_position&quot;:&quot;absolute&quot;}\" data-widget_type=\"heading.default\">\n\t\t\t\t\t<div class=\"title-h2 elementor-heading-title elementor-size-default\">Sala de Redacci\u00f3n<\/div>\t\t\t\t<\/div>\n\t\t\t\t<div class=\"elementor-element elementor-element-657c2cc flex-horizontal-align-default flex-horizontal-align-tablet-default flex-horizontal-align-mobile-default flex-vertical-align-default flex-vertical-align-tablet-default flex-vertical-align-mobile-default elementor-widget elementor-widget-heading\" data-id=\"657c2cc\" data-element_type=\"widget\" data-widget_type=\"heading.default\">\n\t\t\t\t\t<div class=\"title-xlarge elementor-heading-title elementor-size-default\">Sala de Redacci\u00f3n<\/div>\t\t\t\t<\/div>\n\t\t\t\t\t<\/div>\n\t\t<\/div>\n\t\t\t\t\t<\/div><\/div>\r\n\t\t<\/section>\r\n\t\t\t\t<div class=\"elementor-element elementor-element-3f78869 flex-horizontal-align-default flex-horizontal-align-tablet-default flex-horizontal-align-mobile-default flex-vertical-align-default flex-vertical-align-tablet-default flex-vertical-align-mobile-default elementor-widget elementor-widget-thegem-extended-blog-grid\" data-id=\"3f78869\" data-element_type=\"widget\" data-settings=\"{&quot;thegem_elementor_preset&quot;:&quot;new&quot;,&quot;columns&quot;:&quot;4x&quot;,&quot;categories&quot;:[&quot;destacados&quot;,&quot;sala-de-redaccion&quot;],&quot;caption_position&quot;:&quot;hover&quot;,&quot;items_per_page&quot;:5,&quot;loading_animation&quot;:&quot;yes&quot;,&quot;animation_effect&quot;:&quot;move-up&quot;,&quot;image_hover_effect&quot;:&quot;vertical-sliding&quot;,&quot;by_text&quot;:&quot;By&quot;,&quot;portfolio_uid&quot;:&quot;08f94ee&quot;,&quot;filters_text_labels_clear_text&quot;:&quot;Clear Filters&quot;,&quot;not_found_text&quot;:&quot;No items were found matching your selection&quot;,&quot;sorting_extended_text&quot;:&quot;Default sorting&quot;,&quot;sorting_extended_dropdown_title_text&quot;:&quot;Sort by title (A-Z)&quot;,&quot;sorting_extended_dropdown_title_desc_text&quot;:&quot;Sort by title (Z-A)&quot;,&quot;sorting_extended_dropdown_latest_text&quot;:&quot;Sort by latest&quot;,&quot;sorting_extended_dropdown_oldest_text&quot;:&quot;Sort by oldest&quot;,&quot;exclude_blog_posts_type&quot;:&quot;term&quot;,&quot;exclude_blog_posts_terms&quot;:[&quot;category|21&quot;,&quot;category|101&quot;],&quot;additional_meta_click_behavior&quot;:&quot;filtering&quot;,&quot;skin_source&quot;:&quot;default&quot;,&quot;layout&quot;:&quot;justified&quot;,&quot;columns_tablet&quot;:&quot;2x&quot;,&quot;columns_mobile&quot;:&quot;1x&quot;,&quot;image_size&quot;:&quot;default&quot;,&quot;image_ratio_default&quot;:{&quot;unit&quot;:&quot;px&quot;,&quot;size&quot;:&quot;&quot;,&quot;sizes&quot;:[]},&quot;query_type&quot;:&quot;post&quot;,&quot;source&quot;:[&quot;categories&quot;],&quot;order_by&quot;:&quot;default&quot;,&quot;order&quot;:&quot;default&quot;,&quot;blog_show_title&quot;:&quot;yes&quot;,&quot;blog_show_date&quot;:&quot;yes&quot;,&quot;blog_show_categories&quot;:&quot;yes&quot;,&quot;additional_meta_type&quot;:&quot;taxonomies&quot;,&quot;additional_meta_taxonomies&quot;:&quot;category&quot;,&quot;blog_show_author&quot;:&quot;yes&quot;,&quot;blog_show_author_avatar&quot;:&quot;yes&quot;,&quot;filter_type&quot;:&quot;default&quot;,&quot;filter_style&quot;:&quot;buttons&quot;,&quot;search_by&quot;:&quot;content&quot;,&quot;show_pagination&quot;:&quot;yes&quot;,&quot;pagination_type&quot;:&quot;normal&quot;,&quot;next_page_preloading&quot;:&quot;yes&quot;,&quot;social_sharing&quot;:&quot;yes&quot;,&quot;sharing_icon&quot;:{&quot;value&quot;:&quot;&quot;,&quot;library&quot;:&quot;&quot;},&quot;shares_show_facebook&quot;:&quot;yes&quot;,&quot;shares_show_twitter&quot;:&quot;yes&quot;,&quot;shares_show_pinterest&quot;:&quot;yes&quot;,&quot;shares_show_tumblr&quot;:&quot;yes&quot;,&quot;shares_show_linkedin&quot;:&quot;yes&quot;,&quot;shares_show_reddit&quot;:&quot;yes&quot;,&quot;ignore_sticky_posts&quot;:&quot;yes&quot;,&quot;ajax_preloader_type&quot;:&quot;default&quot;,&quot;image_gaps&quot;:{&quot;unit&quot;:&quot;px&quot;,&quot;size&quot;:42,&quot;sizes&quot;:[]},&quot;image_gaps_tablet&quot;:{&quot;unit&quot;:&quot;px&quot;,&quot;size&quot;:&quot;&quot;,&quot;sizes&quot;:[]},&quot;image_gaps_mobile&quot;:{&quot;unit&quot;:&quot;px&quot;,&quot;size&quot;:&quot;&quot;,&quot;sizes&quot;:[]},&quot;blog_title_preset&quot;:&quot;default&quot;,&quot;title_tag&quot;:&quot;div&quot;,&quot;caption_container_preset&quot;:&quot;transparent&quot;,&quot;pagination_arrows_left_icon&quot;:{&quot;value&quot;:&quot;&quot;,&quot;library&quot;:&quot;&quot;},&quot;pagination_arrows_right_icon&quot;:{&quot;value&quot;:&quot;&quot;,&quot;library&quot;:&quot;&quot;},&quot;readmore_button_type&quot;:&quot;outline&quot;,&quot;readmore_button_size&quot;:&quot;default&quot;}\" data-widget_type=\"thegem-extended-blog-grid.default\">\n\t\t\t\t<div class=\"elementor-widget-container\">\n\t\t\t\t\t<div class=\"preloader save-space\"><div class=\"preloader-spin\"><\/div><\/div>\t\t\t<div class=\"portfolio-preloader-wrapper\">\n\n\t\t\t\t\n\t\t\t\t<div class=\"portfolio portfolio-grid extended-portfolio-grid news-grid no-padding portfolio-pagination-normal portfolio-style-justified background-style-transparent hover-new-vertical-sliding title-on-hover caption-position-hover version-new  loading-animation item-animation-move-up      columns-tablet-2 columns-mobile-1 hover-new-vertical-sliding hover-title  columns-4  next-page-preloading           \" id=\"style-3f78869\" data-style-uid=\"3f78869\" data-portfolio-uid=\"08f94ee\" data-current-page=\"1\" data-per-page=\"5\" data-next-page=\"2\" data-pages-count=\"5\" data-hover=\"new-vertical-sliding\" data-portfolio-filter=\"[]\" data-portfolio-filter-attributes=\"null\" data-portfolio-filter-status=\"null\" data-portfolio-filter-price=\"null\" data-portfolio-filter-search=\"\">\n\t\t\t\t\t\n\t\t\t\t\t<div class=\"portfolio-row-outer \">\n\n\t\t\t\t\t\t\t\t\t\t\t\t\t\t\t\t\t\t\t\t\t\t\t<div class=\"portfolio-top-panel filter-type-default selected-only\">\n\t\t\t\t\t\t\t\t\t\t\t\t\t\t\t\t\t\t\t\t<div class=\"portfolio-top-panel-row filter-style-buttons\">\n\t\t\t\t\t\t\t\t\t\t\t\t\t\t\t\t\t\t\t\t\t\t\t<div class=\"portfolio-top-panel-left\"><div class=\"portfolio-filter-item portfolio-selected-filters  \">\n\t<div class=\"portfolio-selected-filter-item clear-filters\">\n\t\tClear Filters\t<\/div>\n\t<\/div>\t\t\t\t\t\t\t\t\t\t\t\t<\/div>\n\t\t\t\t\t\t\t\t\t\t\t\t\t\t\t\t\t\t\t\t\t\t\t\t\t\t\t\t\t\t\t\t\t\t<div class=\"portfolio-top-panel-right\">\n\t\t\t\t\t\t\t\t\t\t\t\t\t\n\t\t\t\t\t\t\t\t\t\t\t\t\t\t\t\t\t\t\t\t\t\t\t\t\t<\/div>\n\t\t\t\t\t\t\t\t\t\t\t\t\t\t\t\t\t\t\t\t\t<\/div>\n\t\t\t\t\t\t\t\t\t\t\t\t\t\t\t\t\t\t\t<\/div>\n\t\t\t\t\t\t\t\t\n\t\t\t\t\t\t\t\t<div class=\"row portfolio-row\">\n\t\t\t\t\t\t\t\t\t<div class=\"portfolio-set clearfix\"\n\t\t\t\t\t\t\t\t\t\t data-max-row-height=\"\">\n\t\t\t\t\t\t\t\t\t\t\t<div class=\"portfolio-item destacados sala-de-redaccion col-xs-12 col-sm-6 col-md-3 item-animations-not-inited before-start appearance-type- post-8992 post type-post status-publish format-standard has-post-thumbnail category-destacados category-sala-de-redaccion tag-ia tag-territorios tag-valdivia\" style=\"padding: calc(42px\/2)\" data-default-sort=\"1\" data-sort-date=\"1787931083\">\r\n\t\t\t\t\t\r\n\t\t\t<div class=\"wrap clearfix\">\r\n\t\t\t\t\t\t\t\t\t\t\t\t\t<div class=\"image post-8992 post type-post status-publish format-standard has-post-thumbnail category-destacados category-sala-de-redaccion tag-ia tag-territorios tag-valdivia\">\r\n\t\t\t\t\t\t<div class=\"image-inner \">\r\n\r\n\t\t\t\t\t\t\t\t\t<picture>\n\t\t\t\t\t\t<img src=\"https:\/\/www.elfuerte.cl\/web\/wp-content\/uploads\/2026\/08\/transparent-thegem-product-justified-square-s.png\" width=\"300\" height=\"300\"  class=\"attachment-thegem-product-justified-square-s\" alt=\"La IA tambi\u00e9n se construye desde los territorios\" style=\"max-width: 110%\" \/>\n\t\t<\/picture>\n\t\t<div class=\"post-featured-content\"><a href=\"https:\/\/www.elfuerte.cl\/web\/2026\/08\/28\/la-ia-tambien-se-construye-desde-los-territorios\/\">\t\t<picture>\n\t\t\t\t\t\t\t\t\t\t\t\t\t\t\t\t\t<source srcset=\"https:\/\/www.elfuerte.cl\/web\/wp-content\/uploads\/2026\/08\/bannerop28-8-1.jpg 1x\"   sizes=\"100vw\">\n\t\t\t\t\t\t\t<img src=\"https:\/\/www.elfuerte.cl\/web\/wp-content\/uploads\/2026\/08\/bannerop28-8-1.jpg\" width=\"1170\" height=\"674\"  class=\"img-responsive\" alt=\"bannerop28-8-1\" \/>\n\t\t<\/picture>\n\t\t<\/a><\/div>\t\t\t\t\t\t<\/div>\r\n\r\n\t\t\t\t\t\t\t\t\t\t\t\t\t<div class=\"overlay\">\r\n\t\t\t\t\t\t\t\t<div class=\"overlay-circle\"><\/div>\r\n\r\n\t\t\t\t\t\t\t\t<div class=\"links-wrapper\">\r\n\t\t\t\t\t\t\t\t\t<div class=\"links\">\r\n\t\t\t\t\t\t\t\t\t\t<div class=\"caption\">\r\n\t\t\t\t\t\t\t\t\t\t\t<a href=\"https:\/\/www.elfuerte.cl\/web\/2026\/08\/28\/la-ia-tambien-se-construye-desde-los-territorios\/\" class=\"portfolio-item-link\">\r\n\t\t\t\t\t\t\t\t\t\t\t\t<span class=\"screen-reader-text\">La IA tambi\u00e9n se construye desde los territorios<\/span>\r\n\t\t\t\t\t\t\t\t\t\t\t<\/a>\r\n\r\n\t\t\t\t\t\t\t\t\t\t\t\t\t\t\t\t\t\t\t\t\t\t\t\r\n\t\t\t\t\t\t\t\t\t\t\t\t\t\t\t\t\t\t\t\t\t\t\t\r\n\t\t\t\t\t\t\t\t\t\t\t\r\n\t\t\t\t\t\t\t\t\t\t\t\t\t\t\t\t\t\t\t\t\t\t\t<div class=\"slide-content\">\r\n\t\t\t\t\t\t\t\t\t\t\t\t\t<div class=\"slide-content-visible\">\r\n\t\t\t\t\t\t\t\t\t\t\t\t\t\t\r\n\t\t\t\t\t\t\t\t\t\t\t\t\t\t\r\n\t\t\t\t\t\t\t\t\t\t\t\t\t\t\t\t\t\t\t\t\t\t\t\t\t\t\t\t\t\n\t\t<div class=\"author\">\n\t\t\t\t\t\t\t<span class=\"author-avatar\"><img alt='' src='https:\/\/secure.gravatar.com\/avatar\/2806c301d7bb12fe5dc95a6fdd4a90e1634db8f1c858bdeff46ab307693cc01a?s=50&#038;d=mm&#038;r=g' srcset='https:\/\/secure.gravatar.com\/avatar\/2806c301d7bb12fe5dc95a6fdd4a90e1634db8f1c858bdeff46ab307693cc01a?s=100&#038;d=mm&#038;r=g 2x' class='avatar avatar-50 photo' height='50' width='50' \/><\/span>\n\t\t\t\t\t\t<span class=\"author-name\">Por <a href=\"https:\/\/elfuerte.cl\/web\" title=\"Visitar el sitio de Prensa El Fuerte\" rel=\"author external\">Prensa El Fuerte<\/a><\/span>\n\t\t<\/div>\n\t\t\t\t\t\t\t\t\t\t\t\t\t\t\t\t\r\n\t\t\t\t\t\t\t\t\t\t\t\t\t\t\t\t\t\t\t\t\t\t\t\t\t\t\t\t\t<div class=\"title\">\r\n\t\t\t\t\t\t\t\t\t\t\t\t\t\t\t\t<span class=\"title-h5 \">La IA tambi\u00e9n se construye desde los territorios<\/span>\t\t\t\t\t\t\t\t\t\t\t\t\t\t\t<\/div>\r\n\t\t\t\t\t\t\t\t\t\t\t\t\t\t\r\n\t\t\t\t\t\t\t\t\t\t\t\t\t\t\r\n\t\t\t\t\t\t\t\t\t\t\t\t\t\t\t\t\t\t\t\t\t\t\t\t\t\t\t<\/div>\r\n\r\n\t\t\t\t\t\t\t\t\t\t\t\t\t<div class=\"slide-content-hidden\">\r\n\t\t\t\t\t\t\t\t\t\t\t\t\t\t\r\n\t\t\t\t\t\t\t\t\t\t\t\t\t\t\t\t\t\t\t\t\t\t\t\t\t\t\t\t\t\n\t\t<div class=\"author\">\n\t\t\t\t\t\t\t<span class=\"author-avatar\"><img alt='' src='https:\/\/secure.gravatar.com\/avatar\/2806c301d7bb12fe5dc95a6fdd4a90e1634db8f1c858bdeff46ab307693cc01a?s=50&#038;d=mm&#038;r=g' srcset='https:\/\/secure.gravatar.com\/avatar\/2806c301d7bb12fe5dc95a6fdd4a90e1634db8f1c858bdeff46ab307693cc01a?s=100&#038;d=mm&#038;r=g 2x' class='avatar avatar-50 photo' height='50' width='50' \/><\/span>\n\t\t\t\t\t\t<span class=\"author-name\">Por <a href=\"https:\/\/elfuerte.cl\/web\" title=\"Visitar el sitio de Prensa El Fuerte\" rel=\"author external\">Prensa El Fuerte<\/a><\/span>\n\t\t<\/div>\n\t\t\r\n\t\t\t\t\t\t\t\t\t\t\t\t\t\t\t\t\t\t\t\t\t\t\t\t\t\t\t\t\t\t\t<div class=\"overlay-line\"><\/div>\r\n\t\t\t\t\t\t\t\t\t\t\t\t\t\t\t\r\n\t\t\t\t\t\t\t\t\t\t\t\t\t\t\t\n\t\t<div class=\"grid-post-meta clearfix without-likes\">\n\t\t\t<div class=\"grid-post-meta-inner\">\n\t\t\t\t\t\t\t\t\t<div class=\"grid-post-share\">\n\t\t\t\t\t\t<a href=\"javascript: void(0);\" class=\"icon share\">\n\t\t\t\t\t\t\t\t\t\t\t\t\t\t\t<i class=\"default\"><\/i>\n\t\t\t\t\t\t\t\t\t\t\t\t\t<\/a>\n\t\t\t\t\t<\/div>\n\t\t\t\t\n\t\t\t\t<div class=\"grid-post-meta-comments-likes\">\n\t\t\t\t\t\n\t\t\t\t\t\t\t\t\t<\/div>\n\n\t\t\t\t\t\t\t\t\t<div class=\"portfolio-sharing-pane\">\r\n<div class=\"socials-sharing socials socials-colored-hover \">\r\n\t        <a class=\"socials-item\" target=\"_blank\"\r\n           href=\"https:\/\/www.facebook.com\/sharer\/sharer.php?u=https%3A%2F%2Fwww.elfuerte.cl%2Fweb%2F2026%2F08%2F28%2Fla-ia-tambien-se-construye-desde-los-territorios%2F\"\r\n           title=\"Facebook\"><i class=\"socials-item-icon facebook\"><\/i><\/a>\r\n\t\t        <a class=\"socials-item\" target=\"_blank\"\r\n           href=\"https:\/\/twitter.com\/intent\/tweet?text=La+IA+tambi%C3%A9n+se+construye+desde+los+territorios&#038;url=https%3A%2F%2Fwww.elfuerte.cl%2Fweb%2F2026%2F08%2F28%2Fla-ia-tambien-se-construye-desde-los-territorios%2F\"\r\n           title=\"Twitter\"><i class=\"socials-item-icon twitter\"><\/i><\/a>\r\n\t\t        <a class=\"socials-item\" target=\"_blank\"\r\n           href=\"https:\/\/pinterest.com\/pin\/create\/button\/?url=https%3A%2F%2Fwww.elfuerte.cl%2Fweb%2F2026%2F08%2F28%2Fla-ia-tambien-se-construye-desde-los-territorios%2F&#038;description=La+IA+tambi%C3%A9n+se+construye+desde+los+territorios&#038;media=https%3A%2F%2Fwww.elfuerte.cl%2Fweb%2Fwp-content%2Fuploads%2F2026%2F08%2Fbannerop28-8-1.jpg\"\r\n           title=\"Pinterest\"><i class=\"socials-item-icon pinterest\"><\/i><\/a>\r\n\t\t        <a class=\"socials-item\" target=\"_blank\"\r\n           href=\"http:\/\/tumblr.com\/widgets\/share\/tool?canonicalUrl=https%3A%2F%2Fwww.elfuerte.cl%2Fweb%2F2026%2F08%2F28%2Fla-ia-tambien-se-construye-desde-los-territorios%2F\"\r\n           title=\"Tumblr\"><i class=\"socials-item-icon tumblr\"><\/i><\/a>\r\n\t\t        <a class=\"socials-item\" target=\"_blank\"\r\n           href=\"https:\/\/www.linkedin.com\/shareArticle?mini=true&#038;url=https%3A%2F%2Fwww.elfuerte.cl%2Fweb%2F2026%2F08%2F28%2Fla-ia-tambien-se-construye-desde-los-territorios%2F&#038;title=La+IA+tambi%C3%A9n+se+construye+desde+los+territorios&amp;summary=Por+Boris+Gonz%C3%A1lez.+Presidente+de+la+Asociaci%C3%B3n+Regional+de+Inteligencia+Artificial+de+Los+R%C3%ADos+%28ARIA+Los+R%C3%ADos%29.+Durante+los+%C3%BAltimos+dos+a%C3%B1os+hemos+hablado+de+inteligencia+artificial+como+si+fuera+una+gran+ola+tecnol%C3%B3gica+que+viene+desde+afuera%2C+frente+a+la+cual+solo+hay+dos+opciones%3A+subirnos+r%C3%A1pido+o+quedarnos+atr%C3%A1s.+Esa+mirada+me+parece+insuficiente.\"\r\n           title=\"LinkedIn\"><i class=\"socials-item-icon linkedin\"><\/i><\/a>\r\n\t\t        <a class=\"socials-item\" target=\"_blank\"\r\n           href=\"https:\/\/www.reddit.com\/submit?url=https%3A%2F%2Fwww.elfuerte.cl%2Fweb%2F2026%2F08%2F28%2Fla-ia-tambien-se-construye-desde-los-territorios%2F&#038;title=La+IA+tambi%C3%A9n+se+construye+desde+los+territorios\"\r\n           title=\"Reddit\"><i class=\"socials-item-icon reddit\"><\/i><\/a>\r\n\t<\/div>\r\n<\/div>\n\t\t\t\t\t\t\t<\/div>\n\t\t<\/div>\n\n\t\t\t\t\t\t\t\t\t\t\t\t\t\t\t\t\r\n\t\t\t\t\t\t\t\t\t\t\t\t\t\t\r\n\t\t\t\t\t\t\t\t\t\t\t\t\t\t\r\n\t\t\t\t\t\t\t\t\t\t\t\t\t\t\r\n\t\t\t\t\t\t\t\t\t\t\t\t\t\t\r\n\t\t\t\t\t\t\t\t\t\t\t\t\t\t\t\t\t\t\t\t\t\t\t\t\t\t\t\t\t<div class=\"post-date\">28\/08\/2026<\/div>\r\n\t\t\t\t\t\t\t\t\t\t\t\t\t\t\r\n\t\t\t\t\t\t\t\t\t\t\t\t\t\t\t\t\t\t\t\t\t\t\t\t\t\t\t<\/div>\r\n\t\t\t\t\t\t\t\t\t\t\t\t<\/div>\r\n\r\n\t\t\t\t\t\t\t\t\t\t\t\t\t\t\t\t\t<div class=\"info\">\n\t\t\t\t<a class=\"additional-meta\" data-filter-type=\"taxonomies\" data-attr=\"category\" data-filter=\"destacados\">Destacados<\/a><span class=\"sep\"><\/span> <a class=\"additional-meta\" data-filter-type=\"taxonomies\" data-attr=\"category\" data-filter=\"sala-de-redaccion\">Sala de Redacci\u00f3n<\/a>\t\t\t\t\t<\/div>\n\t\t\t\t\r\n\t\t\t\t\t\t\t\t\t\t\t\t\r\n\t\t\t\t\t\t\t\t\t\t\t\t\r\n\t\t\t\t\t\t\t\t\t\t\t\t\t\t\t\t\t\t\t\t\t<\/div>\r\n\t\t\t\t\t\t\t\t\t<\/div>\r\n\t\t\t\t\t\t\t\t<\/div>\r\n\t\t\t\t\t\t\t<\/div>\r\n\t\t\t\t\t\t\t\t\t\t\t<\/div>\r\n\t\t\t\t\r\n\t\t\t\t\t\t\t<\/div>\r\n\t\t\t\t<\/div>\r\n\t<div class=\"portfolio-item destacados sala-de-redaccion col-xs-12 col-sm-6 col-md-3 item-animations-not-inited before-start appearance-type- post-8831 post type-post status-publish format-standard has-post-thumbnail category-destacados category-sala-de-redaccion tag-argentina tag-los-rios tag-opinion tag-relaciones\" style=\"padding: calc(42px\/2)\" data-default-sort=\"1\" data-sort-date=\"1787583723\">\r\n\t\t\t\t\t\r\n\t\t\t<div class=\"wrap clearfix\">\r\n\t\t\t\t\t\t\t\t\t\t\t\t\t<div class=\"image post-8831 post type-post status-publish format-standard has-post-thumbnail category-destacados category-sala-de-redaccion tag-argentina tag-los-rios tag-opinion tag-relaciones\">\r\n\t\t\t\t\t\t<div class=\"image-inner \">\r\n\r\n\t\t\t\t\t\t\t\t\t<picture>\n\t\t\t\t\t\t<img src=\"https:\/\/www.elfuerte.cl\/web\/wp-content\/uploads\/2026\/08\/transparent-thegem-product-justified-square-s.png\" width=\"300\" height=\"300\"  class=\"attachment-thegem-product-justified-square-s\" alt=\"El sur de Chile y Argentina: una agenda com\u00fan para el desarrollo\" style=\"max-width: 110%\" \/>\n\t\t<\/picture>\n\t\t<div class=\"post-featured-content\"><a href=\"https:\/\/www.elfuerte.cl\/web\/2026\/08\/24\/el-sur-de-chile-y-argentina-una-agenda-comun-para-el-desarrollo\/\">\t\t<picture>\n\t\t\t\t\t\t\t\t\t\t\t\t\t\t\t\t\t<source srcset=\"https:\/\/www.elfuerte.cl\/web\/wp-content\/uploads\/2026\/08\/bannerop24-8.jpg 1x\"   sizes=\"100vw\">\n\t\t\t\t\t\t\t<img src=\"https:\/\/www.elfuerte.cl\/web\/wp-content\/uploads\/2026\/08\/bannerop24-8.jpg\" width=\"1170\" height=\"674\"  class=\"img-responsive\" alt=\"bannerop24-8\" \/>\n\t\t<\/picture>\n\t\t<\/a><\/div>\t\t\t\t\t\t<\/div>\r\n\r\n\t\t\t\t\t\t\t\t\t\t\t\t\t<div class=\"overlay\">\r\n\t\t\t\t\t\t\t\t<div class=\"overlay-circle\"><\/div>\r\n\r\n\t\t\t\t\t\t\t\t<div class=\"links-wrapper\">\r\n\t\t\t\t\t\t\t\t\t<div class=\"links\">\r\n\t\t\t\t\t\t\t\t\t\t<div class=\"caption\">\r\n\t\t\t\t\t\t\t\t\t\t\t<a href=\"https:\/\/www.elfuerte.cl\/web\/2026\/08\/24\/el-sur-de-chile-y-argentina-una-agenda-comun-para-el-desarrollo\/\" class=\"portfolio-item-link\">\r\n\t\t\t\t\t\t\t\t\t\t\t\t<span class=\"screen-reader-text\">El sur de Chile y Argentina: una agenda com\u00fan para el desarrollo<\/span>\r\n\t\t\t\t\t\t\t\t\t\t\t<\/a>\r\n\r\n\t\t\t\t\t\t\t\t\t\t\t\t\t\t\t\t\t\t\t\t\t\t\t\r\n\t\t\t\t\t\t\t\t\t\t\t\t\t\t\t\t\t\t\t\t\t\t\t\r\n\t\t\t\t\t\t\t\t\t\t\t\r\n\t\t\t\t\t\t\t\t\t\t\t\t\t\t\t\t\t\t\t\t\t\t\t<div class=\"slide-content\">\r\n\t\t\t\t\t\t\t\t\t\t\t\t\t<div class=\"slide-content-visible\">\r\n\t\t\t\t\t\t\t\t\t\t\t\t\t\t\r\n\t\t\t\t\t\t\t\t\t\t\t\t\t\t\r\n\t\t\t\t\t\t\t\t\t\t\t\t\t\t\t\t\t\t\t\t\t\t\t\t\t\t\t\t\t\n\t\t<div class=\"author\">\n\t\t\t\t\t\t\t<span class=\"author-avatar\"><img alt='' src='https:\/\/secure.gravatar.com\/avatar\/2806c301d7bb12fe5dc95a6fdd4a90e1634db8f1c858bdeff46ab307693cc01a?s=50&#038;d=mm&#038;r=g' srcset='https:\/\/secure.gravatar.com\/avatar\/2806c301d7bb12fe5dc95a6fdd4a90e1634db8f1c858bdeff46ab307693cc01a?s=100&#038;d=mm&#038;r=g 2x' class='avatar avatar-50 photo' height='50' width='50' \/><\/span>\n\t\t\t\t\t\t<span class=\"author-name\">Por <a href=\"https:\/\/elfuerte.cl\/web\" title=\"Visitar el sitio de Prensa El Fuerte\" rel=\"author external\">Prensa El Fuerte<\/a><\/span>\n\t\t<\/div>\n\t\t\t\t\t\t\t\t\t\t\t\t\t\t\t\t\r\n\t\t\t\t\t\t\t\t\t\t\t\t\t\t\t\t\t\t\t\t\t\t\t\t\t\t\t\t\t<div class=\"title\">\r\n\t\t\t\t\t\t\t\t\t\t\t\t\t\t\t\t<span class=\"title-h5 \">El sur de Chile y Argentina: una agenda com\u00fan para el desarrollo<\/span>\t\t\t\t\t\t\t\t\t\t\t\t\t\t\t<\/div>\r\n\t\t\t\t\t\t\t\t\t\t\t\t\t\t\r\n\t\t\t\t\t\t\t\t\t\t\t\t\t\t\r\n\t\t\t\t\t\t\t\t\t\t\t\t\t\t\t\t\t\t\t\t\t\t\t\t\t\t\t<\/div>\r\n\r\n\t\t\t\t\t\t\t\t\t\t\t\t\t<div class=\"slide-content-hidden\">\r\n\t\t\t\t\t\t\t\t\t\t\t\t\t\t\r\n\t\t\t\t\t\t\t\t\t\t\t\t\t\t\t\t\t\t\t\t\t\t\t\t\t\t\t\t\t\n\t\t<div class=\"author\">\n\t\t\t\t\t\t\t<span class=\"author-avatar\"><img alt='' src='https:\/\/secure.gravatar.com\/avatar\/2806c301d7bb12fe5dc95a6fdd4a90e1634db8f1c858bdeff46ab307693cc01a?s=50&#038;d=mm&#038;r=g' srcset='https:\/\/secure.gravatar.com\/avatar\/2806c301d7bb12fe5dc95a6fdd4a90e1634db8f1c858bdeff46ab307693cc01a?s=100&#038;d=mm&#038;r=g 2x' class='avatar avatar-50 photo' height='50' width='50' \/><\/span>\n\t\t\t\t\t\t<span class=\"author-name\">Por <a href=\"https:\/\/elfuerte.cl\/web\" title=\"Visitar el sitio de Prensa El Fuerte\" rel=\"author external\">Prensa El Fuerte<\/a><\/span>\n\t\t<\/div>\n\t\t\r\n\t\t\t\t\t\t\t\t\t\t\t\t\t\t\t\t\t\t\t\t\t\t\t\t\t\t\t\t\t\t\t<div class=\"overlay-line\"><\/div>\r\n\t\t\t\t\t\t\t\t\t\t\t\t\t\t\t\r\n\t\t\t\t\t\t\t\t\t\t\t\t\t\t\t\n\t\t<div class=\"grid-post-meta clearfix without-likes\">\n\t\t\t<div class=\"grid-post-meta-inner\">\n\t\t\t\t\t\t\t\t\t<div class=\"grid-post-share\">\n\t\t\t\t\t\t<a href=\"javascript: void(0);\" class=\"icon share\">\n\t\t\t\t\t\t\t\t\t\t\t\t\t\t\t<i class=\"default\"><\/i>\n\t\t\t\t\t\t\t\t\t\t\t\t\t<\/a>\n\t\t\t\t\t<\/div>\n\t\t\t\t\n\t\t\t\t<div class=\"grid-post-meta-comments-likes\">\n\t\t\t\t\t\n\t\t\t\t\t\t\t\t\t<\/div>\n\n\t\t\t\t\t\t\t\t\t<div class=\"portfolio-sharing-pane\">\r\n<div class=\"socials-sharing socials socials-colored-hover \">\r\n\t        <a class=\"socials-item\" target=\"_blank\"\r\n           href=\"https:\/\/www.facebook.com\/sharer\/sharer.php?u=https%3A%2F%2Fwww.elfuerte.cl%2Fweb%2F2026%2F08%2F24%2Fel-sur-de-chile-y-argentina-una-agenda-comun-para-el-desarrollo%2F\"\r\n           title=\"Facebook\"><i class=\"socials-item-icon facebook\"><\/i><\/a>\r\n\t\t        <a class=\"socials-item\" target=\"_blank\"\r\n           href=\"https:\/\/twitter.com\/intent\/tweet?text=El+sur+de+Chile+y+Argentina%3A+una+agenda+com%C3%BAn+para+el+desarrollo&#038;url=https%3A%2F%2Fwww.elfuerte.cl%2Fweb%2F2026%2F08%2F24%2Fel-sur-de-chile-y-argentina-una-agenda-comun-para-el-desarrollo%2F\"\r\n           title=\"Twitter\"><i class=\"socials-item-icon twitter\"><\/i><\/a>\r\n\t\t        <a class=\"socials-item\" target=\"_blank\"\r\n           href=\"https:\/\/pinterest.com\/pin\/create\/button\/?url=https%3A%2F%2Fwww.elfuerte.cl%2Fweb%2F2026%2F08%2F24%2Fel-sur-de-chile-y-argentina-una-agenda-comun-para-el-desarrollo%2F&#038;description=El+sur+de+Chile+y+Argentina%3A+una+agenda+com%C3%BAn+para+el+desarrollo&#038;media=https%3A%2F%2Fwww.elfuerte.cl%2Fweb%2Fwp-content%2Fuploads%2F2026%2F08%2Fbannerop24-8.jpg\"\r\n           title=\"Pinterest\"><i class=\"socials-item-icon pinterest\"><\/i><\/a>\r\n\t\t        <a class=\"socials-item\" target=\"_blank\"\r\n           href=\"http:\/\/tumblr.com\/widgets\/share\/tool?canonicalUrl=https%3A%2F%2Fwww.elfuerte.cl%2Fweb%2F2026%2F08%2F24%2Fel-sur-de-chile-y-argentina-una-agenda-comun-para-el-desarrollo%2F\"\r\n           title=\"Tumblr\"><i class=\"socials-item-icon tumblr\"><\/i><\/a>\r\n\t\t        <a class=\"socials-item\" target=\"_blank\"\r\n           href=\"https:\/\/www.linkedin.com\/shareArticle?mini=true&#038;url=https%3A%2F%2Fwww.elfuerte.cl%2Fweb%2F2026%2F08%2F24%2Fel-sur-de-chile-y-argentina-una-agenda-comun-para-el-desarrollo%2F&#038;title=El+sur+de+Chile+y+Argentina%3A+una+agenda+com%C3%BAn+para+el+desarrollo&amp;summary=Por+Luis+Cuvertino%3A+Nuestra+regi%C3%B3n+ha+sido+elegida+como+anfitriona+de+la+XL+Reuni%C3%B3n+del+Comit%C3%A9+de+Integraci%C3%B3n+Los+Lagos%2C+un+encuentro+que+une+a+las+regiones+del+sur+de+Chile+y+Argentina+en+torno+a+objetivos+comunes%3A+acortar+distancias%2C+mejorar+la+conectividad%2C+fortalecer+el+turismo%2C+dinamizar+nuestras+econom%C3%ADas+y+construir+una+integraci%C3%B3n+que+genere+mejores+oportunidades+para+nuestros+territorios.\"\r\n           title=\"LinkedIn\"><i class=\"socials-item-icon linkedin\"><\/i><\/a>\r\n\t\t        <a class=\"socials-item\" target=\"_blank\"\r\n           href=\"https:\/\/www.reddit.com\/submit?url=https%3A%2F%2Fwww.elfuerte.cl%2Fweb%2F2026%2F08%2F24%2Fel-sur-de-chile-y-argentina-una-agenda-comun-para-el-desarrollo%2F&#038;title=El+sur+de+Chile+y+Argentina%3A+una+agenda+com%C3%BAn+para+el+desarrollo\"\r\n           title=\"Reddit\"><i class=\"socials-item-icon reddit\"><\/i><\/a>\r\n\t<\/div>\r\n<\/div>\n\t\t\t\t\t\t\t<\/div>\n\t\t<\/div>\n\n\t\t\t\t\t\t\t\t\t\t\t\t\t\t\t\t\r\n\t\t\t\t\t\t\t\t\t\t\t\t\t\t\r\n\t\t\t\t\t\t\t\t\t\t\t\t\t\t\r\n\t\t\t\t\t\t\t\t\t\t\t\t\t\t\r\n\t\t\t\t\t\t\t\t\t\t\t\t\t\t\r\n\t\t\t\t\t\t\t\t\t\t\t\t\t\t\t\t\t\t\t\t\t\t\t\t\t\t\t\t\t<div class=\"post-date\">24\/08\/2026<\/div>\r\n\t\t\t\t\t\t\t\t\t\t\t\t\t\t\r\n\t\t\t\t\t\t\t\t\t\t\t\t\t\t\t\t\t\t\t\t\t\t\t\t\t\t\t<\/div>\r\n\t\t\t\t\t\t\t\t\t\t\t\t<\/div>\r\n\r\n\t\t\t\t\t\t\t\t\t\t\t\t\t\t\t\t\t<div class=\"info\">\n\t\t\t\t<a class=\"additional-meta\" data-filter-type=\"taxonomies\" data-attr=\"category\" data-filter=\"destacados\">Destacados<\/a><span class=\"sep\"><\/span> <a class=\"additional-meta\" data-filter-type=\"taxonomies\" data-attr=\"category\" data-filter=\"sala-de-redaccion\">Sala de Redacci\u00f3n<\/a>\t\t\t\t\t<\/div>\n\t\t\t\t\r\n\t\t\t\t\t\t\t\t\t\t\t\t\r\n\t\t\t\t\t\t\t\t\t\t\t\t\r\n\t\t\t\t\t\t\t\t\t\t\t\t\t\t\t\t\t\t\t\t\t<\/div>\r\n\t\t\t\t\t\t\t\t\t<\/div>\r\n\t\t\t\t\t\t\t\t<\/div>\r\n\t\t\t\t\t\t\t<\/div>\r\n\t\t\t\t\t\t\t\t\t\t\t<\/div>\r\n\t\t\t\t\r\n\t\t\t\t\t\t\t<\/div>\r\n\t\t\t\t<\/div>\r\n\t<div class=\"portfolio-item destacados sala-de-redaccion col-xs-12 col-sm-6 col-md-3 item-animations-not-inited before-start appearance-type- post-8791 post type-post status-publish format-standard has-post-thumbnail category-destacados category-sala-de-redaccion tag-comercio tag-los-rios tag-opinion tag-seguridad\" style=\"padding: calc(42px\/2)\" data-default-sort=\"1\" data-sort-date=\"1787489359\">\r\n\t\t\t\t\t\r\n\t\t\t<div class=\"wrap clearfix\">\r\n\t\t\t\t\t\t\t\t\t\t\t\t\t<div class=\"image post-8791 post type-post status-publish format-standard has-post-thumbnail category-destacados category-sala-de-redaccion tag-comercio tag-los-rios tag-opinion tag-seguridad\">\r\n\t\t\t\t\t\t<div class=\"image-inner \">\r\n\r\n\t\t\t\t\t\t\t\t\t<picture>\n\t\t\t\t\t\t<img src=\"https:\/\/www.elfuerte.cl\/web\/wp-content\/uploads\/2026\/08\/transparent-thegem-product-justified-square-s.png\" width=\"300\" height=\"300\"  class=\"attachment-thegem-product-justified-square-s\" alt=\"Seguridad para el comercio: una tarea pendiente que  afecta a la actividad comercial detallista de la regi\u00f3n\" style=\"max-width: 110%\" \/>\n\t\t<\/picture>\n\t\t<div class=\"post-featured-content\"><a href=\"https:\/\/www.elfuerte.cl\/web\/2026\/08\/23\/seguridad-para-el-comercio-una-tarea-pendiente-que-afecta-a-la-actividad-comercial-detallista-de-la-region-2\/\">\t\t<picture>\n\t\t\t\t\t\t\t\t\t\t\t\t\t\t\t\t\t<source srcset=\"https:\/\/www.elfuerte.cl\/web\/wp-content\/uploads\/2026\/08\/banneropinino23-8.jpg 1x\"   sizes=\"100vw\">\n\t\t\t\t\t\t\t<img src=\"https:\/\/www.elfuerte.cl\/web\/wp-content\/uploads\/2026\/08\/banneropinino23-8.jpg\" width=\"1170\" height=\"674\"  class=\"img-responsive\" alt=\"banneropinino23-8\" \/>\n\t\t<\/picture>\n\t\t<\/a><\/div>\t\t\t\t\t\t<\/div>\r\n\r\n\t\t\t\t\t\t\t\t\t\t\t\t\t<div class=\"overlay\">\r\n\t\t\t\t\t\t\t\t<div class=\"overlay-circle\"><\/div>\r\n\r\n\t\t\t\t\t\t\t\t<div class=\"links-wrapper\">\r\n\t\t\t\t\t\t\t\t\t<div class=\"links\">\r\n\t\t\t\t\t\t\t\t\t\t<div class=\"caption\">\r\n\t\t\t\t\t\t\t\t\t\t\t<a href=\"https:\/\/www.elfuerte.cl\/web\/2026\/08\/23\/seguridad-para-el-comercio-una-tarea-pendiente-que-afecta-a-la-actividad-comercial-detallista-de-la-region-2\/\" class=\"portfolio-item-link\">\r\n\t\t\t\t\t\t\t\t\t\t\t\t<span class=\"screen-reader-text\">Seguridad para el comercio: una tarea pendiente que  afecta a la actividad comercial detallista de la regi\u00f3n<\/span>\r\n\t\t\t\t\t\t\t\t\t\t\t<\/a>\r\n\r\n\t\t\t\t\t\t\t\t\t\t\t\t\t\t\t\t\t\t\t\t\t\t\t\r\n\t\t\t\t\t\t\t\t\t\t\t\t\t\t\t\t\t\t\t\t\t\t\t\r\n\t\t\t\t\t\t\t\t\t\t\t\r\n\t\t\t\t\t\t\t\t\t\t\t\t\t\t\t\t\t\t\t\t\t\t\t<div class=\"slide-content\">\r\n\t\t\t\t\t\t\t\t\t\t\t\t\t<div class=\"slide-content-visible\">\r\n\t\t\t\t\t\t\t\t\t\t\t\t\t\t\r\n\t\t\t\t\t\t\t\t\t\t\t\t\t\t\r\n\t\t\t\t\t\t\t\t\t\t\t\t\t\t\t\t\t\t\t\t\t\t\t\t\t\t\t\t\t\n\t\t<div class=\"author\">\n\t\t\t\t\t\t\t<span class=\"author-avatar\"><img alt='' src='https:\/\/secure.gravatar.com\/avatar\/2806c301d7bb12fe5dc95a6fdd4a90e1634db8f1c858bdeff46ab307693cc01a?s=50&#038;d=mm&#038;r=g' srcset='https:\/\/secure.gravatar.com\/avatar\/2806c301d7bb12fe5dc95a6fdd4a90e1634db8f1c858bdeff46ab307693cc01a?s=100&#038;d=mm&#038;r=g 2x' class='avatar avatar-50 photo' height='50' width='50' \/><\/span>\n\t\t\t\t\t\t<span class=\"author-name\">Por <a href=\"https:\/\/elfuerte.cl\/web\" title=\"Visitar el sitio de Prensa El Fuerte\" rel=\"author external\">Prensa El Fuerte<\/a><\/span>\n\t\t<\/div>\n\t\t\t\t\t\t\t\t\t\t\t\t\t\t\t\t\r\n\t\t\t\t\t\t\t\t\t\t\t\t\t\t\t\t\t\t\t\t\t\t\t\t\t\t\t\t\t<div class=\"title\">\r\n\t\t\t\t\t\t\t\t\t\t\t\t\t\t\t\t<span class=\"title-h5 \">Seguridad para el comercio: una tarea pendiente que  afecta a la actividad comercial detallista de la regi\u00f3n<\/span>\t\t\t\t\t\t\t\t\t\t\t\t\t\t\t<\/div>\r\n\t\t\t\t\t\t\t\t\t\t\t\t\t\t\r\n\t\t\t\t\t\t\t\t\t\t\t\t\t\t\r\n\t\t\t\t\t\t\t\t\t\t\t\t\t\t\t\t\t\t\t\t\t\t\t\t\t\t\t<\/div>\r\n\r\n\t\t\t\t\t\t\t\t\t\t\t\t\t<div class=\"slide-content-hidden\">\r\n\t\t\t\t\t\t\t\t\t\t\t\t\t\t\r\n\t\t\t\t\t\t\t\t\t\t\t\t\t\t\t\t\t\t\t\t\t\t\t\t\t\t\t\t\t\n\t\t<div class=\"author\">\n\t\t\t\t\t\t\t<span class=\"author-avatar\"><img alt='' src='https:\/\/secure.gravatar.com\/avatar\/2806c301d7bb12fe5dc95a6fdd4a90e1634db8f1c858bdeff46ab307693cc01a?s=50&#038;d=mm&#038;r=g' srcset='https:\/\/secure.gravatar.com\/avatar\/2806c301d7bb12fe5dc95a6fdd4a90e1634db8f1c858bdeff46ab307693cc01a?s=100&#038;d=mm&#038;r=g 2x' class='avatar avatar-50 photo' height='50' width='50' \/><\/span>\n\t\t\t\t\t\t<span class=\"author-name\">Por <a href=\"https:\/\/elfuerte.cl\/web\" title=\"Visitar el sitio de Prensa El Fuerte\" rel=\"author external\">Prensa El Fuerte<\/a><\/span>\n\t\t<\/div>\n\t\t\r\n\t\t\t\t\t\t\t\t\t\t\t\t\t\t\t\t\t\t\t\t\t\t\t\t\t\t\t\t\t\t\t<div class=\"overlay-line\"><\/div>\r\n\t\t\t\t\t\t\t\t\t\t\t\t\t\t\t\r\n\t\t\t\t\t\t\t\t\t\t\t\t\t\t\t\n\t\t<div class=\"grid-post-meta clearfix without-likes\">\n\t\t\t<div class=\"grid-post-meta-inner\">\n\t\t\t\t\t\t\t\t\t<div class=\"grid-post-share\">\n\t\t\t\t\t\t<a href=\"javascript: void(0);\" class=\"icon share\">\n\t\t\t\t\t\t\t\t\t\t\t\t\t\t\t<i class=\"default\"><\/i>\n\t\t\t\t\t\t\t\t\t\t\t\t\t<\/a>\n\t\t\t\t\t<\/div>\n\t\t\t\t\n\t\t\t\t<div class=\"grid-post-meta-comments-likes\">\n\t\t\t\t\t\n\t\t\t\t\t\t\t\t\t<\/div>\n\n\t\t\t\t\t\t\t\t\t<div class=\"portfolio-sharing-pane\">\r\n<div class=\"socials-sharing socials socials-colored-hover \">\r\n\t        <a class=\"socials-item\" target=\"_blank\"\r\n           href=\"https:\/\/www.facebook.com\/sharer\/sharer.php?u=https%3A%2F%2Fwww.elfuerte.cl%2Fweb%2F2026%2F08%2F23%2Fseguridad-para-el-comercio-una-tarea-pendiente-que-afecta-a-la-actividad-comercial-detallista-de-la-region-2%2F\"\r\n           title=\"Facebook\"><i class=\"socials-item-icon facebook\"><\/i><\/a>\r\n\t\t        <a class=\"socials-item\" target=\"_blank\"\r\n           href=\"https:\/\/twitter.com\/intent\/tweet?text=Seguridad+para+el+comercio%3A+una+tarea+pendiente+que++afecta+a+la+actividad+comercial+detallista+de+la+regi%C3%B3n&#038;url=https%3A%2F%2Fwww.elfuerte.cl%2Fweb%2F2026%2F08%2F23%2Fseguridad-para-el-comercio-una-tarea-pendiente-que-afecta-a-la-actividad-comercial-detallista-de-la-region-2%2F\"\r\n           title=\"Twitter\"><i class=\"socials-item-icon twitter\"><\/i><\/a>\r\n\t\t        <a class=\"socials-item\" target=\"_blank\"\r\n           href=\"https:\/\/pinterest.com\/pin\/create\/button\/?url=https%3A%2F%2Fwww.elfuerte.cl%2Fweb%2F2026%2F08%2F23%2Fseguridad-para-el-comercio-una-tarea-pendiente-que-afecta-a-la-actividad-comercial-detallista-de-la-region-2%2F&#038;description=Seguridad+para+el+comercio%3A+una+tarea+pendiente+que++afecta+a+la+actividad+comercial+detallista+de+la+regi%C3%B3n&#038;media=https%3A%2F%2Fwww.elfuerte.cl%2Fweb%2Fwp-content%2Fuploads%2F2026%2F08%2Fbanneropinino23-8.jpg\"\r\n           title=\"Pinterest\"><i class=\"socials-item-icon pinterest\"><\/i><\/a>\r\n\t\t        <a class=\"socials-item\" target=\"_blank\"\r\n           href=\"http:\/\/tumblr.com\/widgets\/share\/tool?canonicalUrl=https%3A%2F%2Fwww.elfuerte.cl%2Fweb%2F2026%2F08%2F23%2Fseguridad-para-el-comercio-una-tarea-pendiente-que-afecta-a-la-actividad-comercial-detallista-de-la-region-2%2F\"\r\n           title=\"Tumblr\"><i class=\"socials-item-icon tumblr\"><\/i><\/a>\r\n\t\t        <a class=\"socials-item\" target=\"_blank\"\r\n           href=\"https:\/\/www.linkedin.com\/shareArticle?mini=true&#038;url=https%3A%2F%2Fwww.elfuerte.cl%2Fweb%2F2026%2F08%2F23%2Fseguridad-para-el-comercio-una-tarea-pendiente-que-afecta-a-la-actividad-comercial-detallista-de-la-region-2%2F&#038;title=Seguridad+para+el+comercio%3A+una+tarea+pendiente+que++afecta+a+la+actividad+comercial+detallista+de+la+regi%C3%B3n&amp;summary=Por+Reinaldo+Estay%3A+La+seguridad+p%C3%BAblica+suele+abordarse+como+un+problema+de+orden+policial+o+de+persecuci%C3%B3n+del+delito.+Sin+embargo%2C+pocas+veces+se+analiza+el+profundo+impacto+que+tiene+sobre+el+comercio%2C+especialmente+sobre+el+comercio+detallista%2C+que+constituye+uno+de+los+principales+motores+de+la+econom%C3%ADa+local+y+una+fuente+permanente+de+empleo+para+miles+de+familias+de+nuestra+regi%C3%B3n.\"\r\n           title=\"LinkedIn\"><i class=\"socials-item-icon linkedin\"><\/i><\/a>\r\n\t\t        <a class=\"socials-item\" target=\"_blank\"\r\n           href=\"https:\/\/www.reddit.com\/submit?url=https%3A%2F%2Fwww.elfuerte.cl%2Fweb%2F2026%2F08%2F23%2Fseguridad-para-el-comercio-una-tarea-pendiente-que-afecta-a-la-actividad-comercial-detallista-de-la-region-2%2F&#038;title=Seguridad+para+el+comercio%3A+una+tarea+pendiente+que++afecta+a+la+actividad+comercial+detallista+de+la+regi%C3%B3n\"\r\n           title=\"Reddit\"><i class=\"socials-item-icon reddit\"><\/i><\/a>\r\n\t<\/div>\r\n<\/div>\n\t\t\t\t\t\t\t<\/div>\n\t\t<\/div>\n\n\t\t\t\t\t\t\t\t\t\t\t\t\t\t\t\t\r\n\t\t\t\t\t\t\t\t\t\t\t\t\t\t\r\n\t\t\t\t\t\t\t\t\t\t\t\t\t\t\r\n\t\t\t\t\t\t\t\t\t\t\t\t\t\t\r\n\t\t\t\t\t\t\t\t\t\t\t\t\t\t\r\n\t\t\t\t\t\t\t\t\t\t\t\t\t\t\t\t\t\t\t\t\t\t\t\t\t\t\t\t\t<div class=\"post-date\">23\/08\/2026<\/div>\r\n\t\t\t\t\t\t\t\t\t\t\t\t\t\t\r\n\t\t\t\t\t\t\t\t\t\t\t\t\t\t\t\t\t\t\t\t\t\t\t\t\t\t\t<\/div>\r\n\t\t\t\t\t\t\t\t\t\t\t\t<\/div>\r\n\r\n\t\t\t\t\t\t\t\t\t\t\t\t\t\t\t\t\t<div class=\"info\">\n\t\t\t\t<a class=\"additional-meta\" data-filter-type=\"taxonomies\" data-attr=\"category\" data-filter=\"destacados\">Destacados<\/a><span class=\"sep\"><\/span> <a class=\"additional-meta\" data-filter-type=\"taxonomies\" data-attr=\"category\" data-filter=\"sala-de-redaccion\">Sala de Redacci\u00f3n<\/a>\t\t\t\t\t<\/div>\n\t\t\t\t\r\n\t\t\t\t\t\t\t\t\t\t\t\t\r\n\t\t\t\t\t\t\t\t\t\t\t\t\r\n\t\t\t\t\t\t\t\t\t\t\t\t\t\t\t\t\t\t\t\t\t<\/div>\r\n\t\t\t\t\t\t\t\t\t<\/div>\r\n\t\t\t\t\t\t\t\t<\/div>\r\n\t\t\t\t\t\t\t<\/div>\r\n\t\t\t\t\t\t\t\t\t\t\t<\/div>\r\n\t\t\t\t\r\n\t\t\t\t\t\t\t<\/div>\r\n\t\t\t\t<\/div>\r\n\t<div class=\"portfolio-item destacados sala-de-redaccion col-xs-12 col-sm-6 col-md-3 item-animations-not-inited before-start appearance-type- post-7941 post type-post status-publish format-standard has-post-thumbnail category-destacados category-sala-de-redaccion tag-emprendimiento tag-opinion tag-tecnologia\" style=\"padding: calc(42px\/2)\" data-default-sort=\"1\" data-sort-date=\"1783988334\">\r\n\t\t\t\t\t\r\n\t\t\t<div class=\"wrap clearfix\">\r\n\t\t\t\t\t\t\t\t\t\t\t\t\t<div class=\"image post-7941 post type-post status-publish format-standard has-post-thumbnail category-destacados category-sala-de-redaccion tag-emprendimiento tag-opinion tag-tecnologia\">\r\n\t\t\t\t\t\t<div class=\"image-inner \">\r\n\r\n\t\t\t\t\t\t\t\t\t<picture>\n\t\t\t\t\t\t<img src=\"https:\/\/www.elfuerte.cl\/web\/wp-content\/uploads\/2026\/08\/transparent-thegem-product-justified-square-s.png\" width=\"300\" height=\"300\"  class=\"attachment-thegem-product-justified-square-s\" alt=\"Implementaci\u00f3n de sistemas ERP en peque\u00f1as empresas en Chile: factores cr\u00edticos para una adopci\u00f3n exitosa.\" style=\"max-width: 110%\" \/>\n\t\t<\/picture>\n\t\t<div class=\"post-featured-content\"><a href=\"https:\/\/www.elfuerte.cl\/web\/2026\/07\/14\/implementacion-de-sistemas-erp-en-pequenas-empresas-en-chile-factores-criticos-para-una-adopcion-exitosa\/\">\t\t<picture>\n\t\t\t\t\t\t\t\t\t\t\t\t\t\t\t\t\t<source srcset=\"https:\/\/www.elfuerte.cl\/web\/wp-content\/uploads\/2026\/07\/bannerjardin-thegem-product-justified-square-s.webp 1x\"   sizes=\"100vw\">\n\t\t\t\t\t\t\t<img src=\"https:\/\/www.elfuerte.cl\/web\/wp-content\/uploads\/2026\/07\/bannerjardin-thegem-product-justified-square-s.webp\" width=\"300\" height=\"300\"  class=\"img-responsive\" alt=\"bannerjardin\" \/>\n\t\t<\/picture>\n\t\t<\/a><\/div>\t\t\t\t\t\t<\/div>\r\n\r\n\t\t\t\t\t\t\t\t\t\t\t\t\t<div class=\"overlay\">\r\n\t\t\t\t\t\t\t\t<div class=\"overlay-circle\"><\/div>\r\n\r\n\t\t\t\t\t\t\t\t<div class=\"links-wrapper\">\r\n\t\t\t\t\t\t\t\t\t<div class=\"links\">\r\n\t\t\t\t\t\t\t\t\t\t<div class=\"caption\">\r\n\t\t\t\t\t\t\t\t\t\t\t<a href=\"https:\/\/www.elfuerte.cl\/web\/2026\/07\/14\/implementacion-de-sistemas-erp-en-pequenas-empresas-en-chile-factores-criticos-para-una-adopcion-exitosa\/\" class=\"portfolio-item-link\">\r\n\t\t\t\t\t\t\t\t\t\t\t\t<span class=\"screen-reader-text\">Implementaci\u00f3n de sistemas ERP en peque\u00f1as empresas en Chile: factores cr\u00edticos para una adopci\u00f3n exitosa.<\/span>\r\n\t\t\t\t\t\t\t\t\t\t\t<\/a>\r\n\r\n\t\t\t\t\t\t\t\t\t\t\t\t\t\t\t\t\t\t\t\t\t\t\t\r\n\t\t\t\t\t\t\t\t\t\t\t\t\t\t\t\t\t\t\t\t\t\t\t\r\n\t\t\t\t\t\t\t\t\t\t\t\r\n\t\t\t\t\t\t\t\t\t\t\t\t\t\t\t\t\t\t\t\t\t\t\t<div class=\"slide-content\">\r\n\t\t\t\t\t\t\t\t\t\t\t\t\t<div class=\"slide-content-visible\">\r\n\t\t\t\t\t\t\t\t\t\t\t\t\t\t\r\n\t\t\t\t\t\t\t\t\t\t\t\t\t\t\r\n\t\t\t\t\t\t\t\t\t\t\t\t\t\t\t\t\t\t\t\t\t\t\t\t\t\t\t\t\t\n\t\t<div class=\"author\">\n\t\t\t\t\t\t\t<span class=\"author-avatar\"><img alt='' src='https:\/\/secure.gravatar.com\/avatar\/2806c301d7bb12fe5dc95a6fdd4a90e1634db8f1c858bdeff46ab307693cc01a?s=50&#038;d=mm&#038;r=g' srcset='https:\/\/secure.gravatar.com\/avatar\/2806c301d7bb12fe5dc95a6fdd4a90e1634db8f1c858bdeff46ab307693cc01a?s=100&#038;d=mm&#038;r=g 2x' class='avatar avatar-50 photo' height='50' width='50' \/><\/span>\n\t\t\t\t\t\t<span class=\"author-name\">Por <a href=\"https:\/\/elfuerte.cl\/web\" title=\"Visitar el sitio de Prensa El Fuerte\" rel=\"author external\">Prensa El Fuerte<\/a><\/span>\n\t\t<\/div>\n\t\t\t\t\t\t\t\t\t\t\t\t\t\t\t\t\r\n\t\t\t\t\t\t\t\t\t\t\t\t\t\t\t\t\t\t\t\t\t\t\t\t\t\t\t\t\t<div class=\"title\">\r\n\t\t\t\t\t\t\t\t\t\t\t\t\t\t\t\t<span class=\"title-h5 \">Implementaci\u00f3n de sistemas ERP en peque\u00f1as empresas en Chile: factores cr\u00edticos para una adopci\u00f3n exitosa.<\/span>\t\t\t\t\t\t\t\t\t\t\t\t\t\t\t<\/div>\r\n\t\t\t\t\t\t\t\t\t\t\t\t\t\t\r\n\t\t\t\t\t\t\t\t\t\t\t\t\t\t\r\n\t\t\t\t\t\t\t\t\t\t\t\t\t\t\t\t\t\t\t\t\t\t\t\t\t\t\t<\/div>\r\n\r\n\t\t\t\t\t\t\t\t\t\t\t\t\t<div class=\"slide-content-hidden\">\r\n\t\t\t\t\t\t\t\t\t\t\t\t\t\t\r\n\t\t\t\t\t\t\t\t\t\t\t\t\t\t\t\t\t\t\t\t\t\t\t\t\t\t\t\t\t\n\t\t<div class=\"author\">\n\t\t\t\t\t\t\t<span class=\"author-avatar\"><img alt='' src='https:\/\/secure.gravatar.com\/avatar\/2806c301d7bb12fe5dc95a6fdd4a90e1634db8f1c858bdeff46ab307693cc01a?s=50&#038;d=mm&#038;r=g' srcset='https:\/\/secure.gravatar.com\/avatar\/2806c301d7bb12fe5dc95a6fdd4a90e1634db8f1c858bdeff46ab307693cc01a?s=100&#038;d=mm&#038;r=g 2x' class='avatar avatar-50 photo' height='50' width='50' \/><\/span>\n\t\t\t\t\t\t<span class=\"author-name\">Por <a href=\"https:\/\/elfuerte.cl\/web\" title=\"Visitar el sitio de Prensa El Fuerte\" rel=\"author external\">Prensa El Fuerte<\/a><\/span>\n\t\t<\/div>\n\t\t\r\n\t\t\t\t\t\t\t\t\t\t\t\t\t\t\t\t\t\t\t\t\t\t\t\t\t\t\t\t\t\t\t<div class=\"overlay-line\"><\/div>\r\n\t\t\t\t\t\t\t\t\t\t\t\t\t\t\t\r\n\t\t\t\t\t\t\t\t\t\t\t\t\t\t\t\n\t\t<div class=\"grid-post-meta clearfix without-likes\">\n\t\t\t<div class=\"grid-post-meta-inner\">\n\t\t\t\t\t\t\t\t\t<div class=\"grid-post-share\">\n\t\t\t\t\t\t<a href=\"javascript: void(0);\" class=\"icon share\">\n\t\t\t\t\t\t\t\t\t\t\t\t\t\t\t<i class=\"default\"><\/i>\n\t\t\t\t\t\t\t\t\t\t\t\t\t<\/a>\n\t\t\t\t\t<\/div>\n\t\t\t\t\n\t\t\t\t<div class=\"grid-post-meta-comments-likes\">\n\t\t\t\t\t\n\t\t\t\t\t\t\t\t\t<\/div>\n\n\t\t\t\t\t\t\t\t\t<div class=\"portfolio-sharing-pane\">\r\n<div class=\"socials-sharing socials socials-colored-hover \">\r\n\t        <a class=\"socials-item\" target=\"_blank\"\r\n           href=\"https:\/\/www.facebook.com\/sharer\/sharer.php?u=https%3A%2F%2Fwww.elfuerte.cl%2Fweb%2F2026%2F07%2F14%2Fimplementacion-de-sistemas-erp-en-pequenas-empresas-en-chile-factores-criticos-para-una-adopcion-exitosa%2F\"\r\n           title=\"Facebook\"><i class=\"socials-item-icon facebook\"><\/i><\/a>\r\n\t\t        <a class=\"socials-item\" target=\"_blank\"\r\n           href=\"https:\/\/twitter.com\/intent\/tweet?text=Implementaci%C3%B3n+de+sistemas+ERP+en+peque%C3%B1as+empresas+en+Chile%3A+factores+cr%C3%ADticos+para+una+adopci%C3%B3n+exitosa.&#038;url=https%3A%2F%2Fwww.elfuerte.cl%2Fweb%2F2026%2F07%2F14%2Fimplementacion-de-sistemas-erp-en-pequenas-empresas-en-chile-factores-criticos-para-una-adopcion-exitosa%2F\"\r\n           title=\"Twitter\"><i class=\"socials-item-icon twitter\"><\/i><\/a>\r\n\t\t        <a class=\"socials-item\" target=\"_blank\"\r\n           href=\"https:\/\/pinterest.com\/pin\/create\/button\/?url=https%3A%2F%2Fwww.elfuerte.cl%2Fweb%2F2026%2F07%2F14%2Fimplementacion-de-sistemas-erp-en-pequenas-empresas-en-chile-factores-criticos-para-una-adopcion-exitosa%2F&#038;description=Implementaci%C3%B3n+de+sistemas+ERP+en+peque%C3%B1as+empresas+en+Chile%3A+factores+cr%C3%ADticos+para+una+adopci%C3%B3n+exitosa.&#038;media=https%3A%2F%2Fwww.elfuerte.cl%2Fweb%2Fwp-content%2Fuploads%2F2026%2F07%2Fbannerjardin-thegem-blog-timeline-large.webp\"\r\n           title=\"Pinterest\"><i class=\"socials-item-icon pinterest\"><\/i><\/a>\r\n\t\t        <a class=\"socials-item\" target=\"_blank\"\r\n           href=\"http:\/\/tumblr.com\/widgets\/share\/tool?canonicalUrl=https%3A%2F%2Fwww.elfuerte.cl%2Fweb%2F2026%2F07%2F14%2Fimplementacion-de-sistemas-erp-en-pequenas-empresas-en-chile-factores-criticos-para-una-adopcion-exitosa%2F\"\r\n           title=\"Tumblr\"><i class=\"socials-item-icon tumblr\"><\/i><\/a>\r\n\t\t        <a class=\"socials-item\" target=\"_blank\"\r\n           href=\"https:\/\/www.linkedin.com\/shareArticle?mini=true&#038;url=https%3A%2F%2Fwww.elfuerte.cl%2Fweb%2F2026%2F07%2F14%2Fimplementacion-de-sistemas-erp-en-pequenas-empresas-en-chile-factores-criticos-para-una-adopcion-exitosa%2F&#038;title=Implementaci%C3%B3n+de+sistemas+ERP+en+peque%C3%B1as+empresas+en+Chile%3A+factores+cr%C3%ADticos+para+una+adopci%C3%B3n+exitosa.&amp;summary=Por+Yordy+Olivera+Pineda.+La+transformaci%C3%B3n+digital+ha+impulsado+a+las+peque%C3%B1as+empresas+chilenas+a+incorporar+tecnolog%C3%ADas+que+les+permitan+mejorar+su+competitividad%2C+optimizar+procesos+y+facilitar+la+toma+de+decisiones.\"\r\n           title=\"LinkedIn\"><i class=\"socials-item-icon linkedin\"><\/i><\/a>\r\n\t\t        <a class=\"socials-item\" target=\"_blank\"\r\n           href=\"https:\/\/www.reddit.com\/submit?url=https%3A%2F%2Fwww.elfuerte.cl%2Fweb%2F2026%2F07%2F14%2Fimplementacion-de-sistemas-erp-en-pequenas-empresas-en-chile-factores-criticos-para-una-adopcion-exitosa%2F&#038;title=Implementaci%C3%B3n+de+sistemas+ERP+en+peque%C3%B1as+empresas+en+Chile%3A+factores+cr%C3%ADticos+para+una+adopci%C3%B3n+exitosa.\"\r\n           title=\"Reddit\"><i class=\"socials-item-icon reddit\"><\/i><\/a>\r\n\t<\/div>\r\n<\/div>\n\t\t\t\t\t\t\t<\/div>\n\t\t<\/div>\n\n\t\t\t\t\t\t\t\t\t\t\t\t\t\t\t\t\r\n\t\t\t\t\t\t\t\t\t\t\t\t\t\t\r\n\t\t\t\t\t\t\t\t\t\t\t\t\t\t\r\n\t\t\t\t\t\t\t\t\t\t\t\t\t\t\r\n\t\t\t\t\t\t\t\t\t\t\t\t\t\t\r\n\t\t\t\t\t\t\t\t\t\t\t\t\t\t\t\t\t\t\t\t\t\t\t\t\t\t\t\t\t<div class=\"post-date\">14\/07\/2026<\/div>\r\n\t\t\t\t\t\t\t\t\t\t\t\t\t\t\r\n\t\t\t\t\t\t\t\t\t\t\t\t\t\t\t\t\t\t\t\t\t\t\t\t\t\t\t<\/div>\r\n\t\t\t\t\t\t\t\t\t\t\t\t<\/div>\r\n\r\n\t\t\t\t\t\t\t\t\t\t\t\t\t\t\t\t\t<div class=\"info\">\n\t\t\t\t<a class=\"additional-meta\" data-filter-type=\"taxonomies\" data-attr=\"category\" data-filter=\"destacados\">Destacados<\/a><span class=\"sep\"><\/span> <a class=\"additional-meta\" data-filter-type=\"taxonomies\" data-attr=\"category\" data-filter=\"sala-de-redaccion\">Sala de Redacci\u00f3n<\/a>\t\t\t\t\t<\/div>\n\t\t\t\t\r\n\t\t\t\t\t\t\t\t\t\t\t\t\r\n\t\t\t\t\t\t\t\t\t\t\t\t\r\n\t\t\t\t\t\t\t\t\t\t\t\t\t\t\t\t\t\t\t\t\t<\/div>\r\n\t\t\t\t\t\t\t\t\t<\/div>\r\n\t\t\t\t\t\t\t\t<\/div>\r\n\t\t\t\t\t\t\t<\/div>\r\n\t\t\t\t\t\t\t\t\t\t\t<\/div>\r\n\t\t\t\t\r\n\t\t\t\t\t\t\t<\/div>\r\n\t\t\t\t<\/div>\r\n\t<div class=\"portfolio-item destacados sala-de-redaccion col-xs-12 col-sm-6 col-md-3 item-animations-not-inited before-start appearance-type- post-7859 post type-post status-publish format-standard has-post-thumbnail category-destacados category-sala-de-redaccion tag-empleo tag-los-rios tag-trabajo\" style=\"padding: calc(42px\/2)\" data-default-sort=\"1\" data-sort-date=\"1783711056\">\r\n\t\t\t\t\t\r\n\t\t\t<div class=\"wrap clearfix\">\r\n\t\t\t\t\t\t\t\t\t\t\t\t\t<div class=\"image post-7859 post type-post status-publish format-standard has-post-thumbnail category-destacados category-sala-de-redaccion tag-empleo tag-los-rios tag-trabajo\">\r\n\t\t\t\t\t\t<div class=\"image-inner \">\r\n\r\n\t\t\t\t\t\t\t\t\t<picture>\n\t\t\t\t\t\t<img src=\"https:\/\/www.elfuerte.cl\/web\/wp-content\/uploads\/2026\/08\/transparent-thegem-product-justified-square-s.png\" width=\"300\" height=\"300\"  class=\"attachment-thegem-product-justified-square-s\" alt=\"El empleo requiere sumar esfuerzos\" style=\"max-width: 110%\" \/>\n\t\t<\/picture>\n\t\t<div class=\"post-featured-content\"><a href=\"https:\/\/www.elfuerte.cl\/web\/2026\/07\/10\/el-empleo-requiere-sumar-esfuerzos\/\">\t\t<picture>\n\t\t\t\t\t\t\t\t\t\t\t\t\t\t\t\t\t<source srcset=\"https:\/\/www.elfuerte.cl\/web\/wp-content\/uploads\/2026\/07\/bannercolumna-thegem-product-justified-square-s.webp 1x\"   sizes=\"100vw\">\n\t\t\t\t\t\t\t<img src=\"https:\/\/www.elfuerte.cl\/web\/wp-content\/uploads\/2026\/07\/bannercolumna-thegem-product-justified-square-s.webp\" width=\"300\" height=\"300\"  class=\"img-responsive\" alt=\"bannercolumna\" \/>\n\t\t<\/picture>\n\t\t<\/a><\/div>\t\t\t\t\t\t<\/div>\r\n\r\n\t\t\t\t\t\t\t\t\t\t\t\t\t<div class=\"overlay\">\r\n\t\t\t\t\t\t\t\t<div class=\"overlay-circle\"><\/div>\r\n\r\n\t\t\t\t\t\t\t\t<div class=\"links-wrapper\">\r\n\t\t\t\t\t\t\t\t\t<div class=\"links\">\r\n\t\t\t\t\t\t\t\t\t\t<div class=\"caption\">\r\n\t\t\t\t\t\t\t\t\t\t\t<a href=\"https:\/\/www.elfuerte.cl\/web\/2026\/07\/10\/el-empleo-requiere-sumar-esfuerzos\/\" class=\"portfolio-item-link\">\r\n\t\t\t\t\t\t\t\t\t\t\t\t<span class=\"screen-reader-text\">El empleo requiere sumar esfuerzos<\/span>\r\n\t\t\t\t\t\t\t\t\t\t\t<\/a>\r\n\r\n\t\t\t\t\t\t\t\t\t\t\t\t\t\t\t\t\t\t\t\t\t\t\t\r\n\t\t\t\t\t\t\t\t\t\t\t\t\t\t\t\t\t\t\t\t\t\t\t\r\n\t\t\t\t\t\t\t\t\t\t\t\r\n\t\t\t\t\t\t\t\t\t\t\t\t\t\t\t\t\t\t\t\t\t\t\t<div class=\"slide-content\">\r\n\t\t\t\t\t\t\t\t\t\t\t\t\t<div class=\"slide-content-visible\">\r\n\t\t\t\t\t\t\t\t\t\t\t\t\t\t\r\n\t\t\t\t\t\t\t\t\t\t\t\t\t\t\r\n\t\t\t\t\t\t\t\t\t\t\t\t\t\t\t\t\t\t\t\t\t\t\t\t\t\t\t\t\t\n\t\t<div class=\"author\">\n\t\t\t\t\t\t\t<span class=\"author-avatar\"><img alt='' src='https:\/\/secure.gravatar.com\/avatar\/2806c301d7bb12fe5dc95a6fdd4a90e1634db8f1c858bdeff46ab307693cc01a?s=50&#038;d=mm&#038;r=g' srcset='https:\/\/secure.gravatar.com\/avatar\/2806c301d7bb12fe5dc95a6fdd4a90e1634db8f1c858bdeff46ab307693cc01a?s=100&#038;d=mm&#038;r=g 2x' class='avatar avatar-50 photo' height='50' width='50' \/><\/span>\n\t\t\t\t\t\t<span class=\"author-name\">Por <a href=\"https:\/\/elfuerte.cl\/web\" title=\"Visitar el sitio de Prensa El Fuerte\" rel=\"author external\">Prensa El Fuerte<\/a><\/span>\n\t\t<\/div>\n\t\t\t\t\t\t\t\t\t\t\t\t\t\t\t\t\r\n\t\t\t\t\t\t\t\t\t\t\t\t\t\t\t\t\t\t\t\t\t\t\t\t\t\t\t\t\t<div class=\"title\">\r\n\t\t\t\t\t\t\t\t\t\t\t\t\t\t\t\t<span class=\"title-h5 \">El empleo requiere sumar esfuerzos<\/span>\t\t\t\t\t\t\t\t\t\t\t\t\t\t\t<\/div>\r\n\t\t\t\t\t\t\t\t\t\t\t\t\t\t\r\n\t\t\t\t\t\t\t\t\t\t\t\t\t\t\r\n\t\t\t\t\t\t\t\t\t\t\t\t\t\t\t\t\t\t\t\t\t\t\t\t\t\t\t<\/div>\r\n\r\n\t\t\t\t\t\t\t\t\t\t\t\t\t<div class=\"slide-content-hidden\">\r\n\t\t\t\t\t\t\t\t\t\t\t\t\t\t\r\n\t\t\t\t\t\t\t\t\t\t\t\t\t\t\t\t\t\t\t\t\t\t\t\t\t\t\t\t\t\n\t\t<div class=\"author\">\n\t\t\t\t\t\t\t<span class=\"author-avatar\"><img alt='' src='https:\/\/secure.gravatar.com\/avatar\/2806c301d7bb12fe5dc95a6fdd4a90e1634db8f1c858bdeff46ab307693cc01a?s=50&#038;d=mm&#038;r=g' srcset='https:\/\/secure.gravatar.com\/avatar\/2806c301d7bb12fe5dc95a6fdd4a90e1634db8f1c858bdeff46ab307693cc01a?s=100&#038;d=mm&#038;r=g 2x' class='avatar avatar-50 photo' height='50' width='50' \/><\/span>\n\t\t\t\t\t\t<span class=\"author-name\">Por <a href=\"https:\/\/elfuerte.cl\/web\" title=\"Visitar el sitio de Prensa El Fuerte\" rel=\"author external\">Prensa El Fuerte<\/a><\/span>\n\t\t<\/div>\n\t\t\r\n\t\t\t\t\t\t\t\t\t\t\t\t\t\t\t\t\t\t\t\t\t\t\t\t\t\t\t\t\t\t\t<div class=\"overlay-line\"><\/div>\r\n\t\t\t\t\t\t\t\t\t\t\t\t\t\t\t\r\n\t\t\t\t\t\t\t\t\t\t\t\t\t\t\t\n\t\t<div class=\"grid-post-meta clearfix without-likes\">\n\t\t\t<div class=\"grid-post-meta-inner\">\n\t\t\t\t\t\t\t\t\t<div class=\"grid-post-share\">\n\t\t\t\t\t\t<a href=\"javascript: void(0);\" class=\"icon share\">\n\t\t\t\t\t\t\t\t\t\t\t\t\t\t\t<i class=\"default\"><\/i>\n\t\t\t\t\t\t\t\t\t\t\t\t\t<\/a>\n\t\t\t\t\t<\/div>\n\t\t\t\t\n\t\t\t\t<div class=\"grid-post-meta-comments-likes\">\n\t\t\t\t\t\n\t\t\t\t\t\t\t\t\t<\/div>\n\n\t\t\t\t\t\t\t\t\t<div class=\"portfolio-sharing-pane\">\r\n<div class=\"socials-sharing socials socials-colored-hover \">\r\n\t        <a class=\"socials-item\" target=\"_blank\"\r\n           href=\"https:\/\/www.facebook.com\/sharer\/sharer.php?u=https%3A%2F%2Fwww.elfuerte.cl%2Fweb%2F2026%2F07%2F10%2Fel-empleo-requiere-sumar-esfuerzos%2F\"\r\n           title=\"Facebook\"><i class=\"socials-item-icon facebook\"><\/i><\/a>\r\n\t\t        <a class=\"socials-item\" target=\"_blank\"\r\n           href=\"https:\/\/twitter.com\/intent\/tweet?text=El+empleo+requiere+sumar+esfuerzos&#038;url=https%3A%2F%2Fwww.elfuerte.cl%2Fweb%2F2026%2F07%2F10%2Fel-empleo-requiere-sumar-esfuerzos%2F\"\r\n           title=\"Twitter\"><i class=\"socials-item-icon twitter\"><\/i><\/a>\r\n\t\t        <a class=\"socials-item\" target=\"_blank\"\r\n           href=\"https:\/\/pinterest.com\/pin\/create\/button\/?url=https%3A%2F%2Fwww.elfuerte.cl%2Fweb%2F2026%2F07%2F10%2Fel-empleo-requiere-sumar-esfuerzos%2F&#038;description=El+empleo+requiere+sumar+esfuerzos&#038;media=https%3A%2F%2Fwww.elfuerte.cl%2Fweb%2Fwp-content%2Fuploads%2F2026%2F07%2Fbannercolumna-thegem-blog-timeline-large.webp\"\r\n           title=\"Pinterest\"><i class=\"socials-item-icon pinterest\"><\/i><\/a>\r\n\t\t        <a class=\"socials-item\" target=\"_blank\"\r\n           href=\"http:\/\/tumblr.com\/widgets\/share\/tool?canonicalUrl=https%3A%2F%2Fwww.elfuerte.cl%2Fweb%2F2026%2F07%2F10%2Fel-empleo-requiere-sumar-esfuerzos%2F\"\r\n           title=\"Tumblr\"><i class=\"socials-item-icon tumblr\"><\/i><\/a>\r\n\t\t        <a class=\"socials-item\" target=\"_blank\"\r\n           href=\"https:\/\/www.linkedin.com\/shareArticle?mini=true&#038;url=https%3A%2F%2Fwww.elfuerte.cl%2Fweb%2F2026%2F07%2F10%2Fel-empleo-requiere-sumar-esfuerzos%2F&#038;title=El+empleo+requiere+sumar+esfuerzos&amp;summary=Por+Reinaldo+Estay.+Las+%C3%BAltimas+cifras+del+Instituto+Nacional+de+Estad%C3%ADsticas+encendieron+una+alerta+que+la+Regi%C3%B3n+de+Los+R%C3%ADos+no+puede+ignorar.+La+desocupaci%C3%B3n+alcanz%C3%B3+un+9%2C7%25+en+el+trimestre+marzo-mayo+de+2026%2C+superando+el+promedio+nacional+y+aumentando+1%2C8+puntos+porcentuales+respecto+del+mismo+per%C3%ADodo+del+a%C3%B1o+pasado.+Detr%C3%A1s+de+ese+indicador+hay+miles+de+personas+que+buscan+trabajo+y+no+lo+encuentran%2C+especialmente+mujeres+y+j%C3%B3venes%2C+que+siguen+enfrentando+las+mayores+dificultades+para+acceder+a+un+empleo.\"\r\n           title=\"LinkedIn\"><i class=\"socials-item-icon linkedin\"><\/i><\/a>\r\n\t\t        <a class=\"socials-item\" target=\"_blank\"\r\n           href=\"https:\/\/www.reddit.com\/submit?url=https%3A%2F%2Fwww.elfuerte.cl%2Fweb%2F2026%2F07%2F10%2Fel-empleo-requiere-sumar-esfuerzos%2F&#038;title=El+empleo+requiere+sumar+esfuerzos\"\r\n           title=\"Reddit\"><i class=\"socials-item-icon reddit\"><\/i><\/a>\r\n\t<\/div>\r\n<\/div>\n\t\t\t\t\t\t\t<\/div>\n\t\t<\/div>\n\n\t\t\t\t\t\t\t\t\t\t\t\t\t\t\t\t\r\n\t\t\t\t\t\t\t\t\t\t\t\t\t\t\r\n\t\t\t\t\t\t\t\t\t\t\t\t\t\t\r\n\t\t\t\t\t\t\t\t\t\t\t\t\t\t\r\n\t\t\t\t\t\t\t\t\t\t\t\t\t\t\r\n\t\t\t\t\t\t\t\t\t\t\t\t\t\t\t\t\t\t\t\t\t\t\t\t\t\t\t\t\t<div class=\"post-date\">10\/07\/2026<\/div>\r\n\t\t\t\t\t\t\t\t\t\t\t\t\t\t\r\n\t\t\t\t\t\t\t\t\t\t\t\t\t\t\t\t\t\t\t\t\t\t\t\t\t\t\t<\/div>\r\n\t\t\t\t\t\t\t\t\t\t\t\t<\/div>\r\n\r\n\t\t\t\t\t\t\t\t\t\t\t\t\t\t\t\t\t<div class=\"info\">\n\t\t\t\t<a class=\"additional-meta\" data-filter-type=\"taxonomies\" data-attr=\"category\" data-filter=\"destacados\">Destacados<\/a><span class=\"sep\"><\/span> <a class=\"additional-meta\" data-filter-type=\"taxonomies\" data-attr=\"category\" data-filter=\"sala-de-redaccion\">Sala de Redacci\u00f3n<\/a>\t\t\t\t\t<\/div>\n\t\t\t\t\r\n\t\t\t\t\t\t\t\t\t\t\t\t\r\n\t\t\t\t\t\t\t\t\t\t\t\t\r\n\t\t\t\t\t\t\t\t\t\t\t\t\t\t\t\t\t\t\t\t\t<\/div>\r\n\t\t\t\t\t\t\t\t\t<\/div>\r\n\t\t\t\t\t\t\t\t<\/div>\r\n\t\t\t\t\t\t\t<\/div>\r\n\t\t\t\t\t\t\t\t\t\t\t<\/div>\r\n\t\t\t\t\r\n\t\t\t\t\t\t\t<\/div>\r\n\t\t\t\t<\/div>\r\n\t\t\t\t\t\t\t\t\t<\/div><!-- .portflio-set -->\n\t\t\t\t\t\t\t\t\t\t\t\t\t\t\t\t\t\t\t<div class=\"portfolio-item-size-container\">\n\t\t\t\t\t\t\t\t\t\t\t\t<div class=\"portfolio-item col-xs-12 col-sm-6 col-md-3 item-animations-not-inited before-start post-7859 post type-post status-publish format-standard has-post-thumbnail category-destacados category-sala-de-redaccion tag-empleo tag-los-rios tag-trabajo\">\r\n\t\t\t<\/div>\r\n\t\t\t\t\t\t\t\t\t\t<\/div>\n\t\t\t\t\t\t\t\t\t\t\t\t\t\t\t\t\t<\/div><!-- .row-->\n\n\t\t\t\t\t\t\t\t\t\t\t\t\t\t\t\t\t\t<div class=\"portfolio-navigator gem-pagination\">\n\t\t\t\t\t\t\t\t\t\t\t<a href=\"#\" class=\"prev\">\n\t\t\t\t\t\t\t\t\t\t\t\t\t\t\t\t\t\t\t\t\t\t\t\t\t<i class=\"default\"><\/i>\n\t\t\t\t\t\t\t\t\t\t\t\t\t\t\t\t\t\t\t\t\t\t\t<\/a>\n\t\t\t\t\t\t\t\t\t\t\t<div class=\"pages\"><\/div>\n\t\t\t\t\t\t\t\t\t\t\t<a href=\"#\" class=\"next\">\n\t\t\t\t\t\t\t\t\t\t\t\t\t\t\t\t\t\t\t\t\t\t\t\t\t<i class=\"default\"><\/i>\n\t\t\t\t\t\t\t\t\t\t\t\t\t\t\t\t\t\t\t\t\t\t\t<\/a>\n\t\t\t\t\t\t\t\t\t\t<\/div>\n\t\t\t\t\t\t\t\t\t\n\t\t\t\t\t\t\t\t\n\t\t\t\t\t<\/div><!-- .full-width -->\n\t\t\t\t<\/div><!-- .portfolio-->\n\t\t\t<\/div><!-- .portfolio-preloader-wrapper-->\n\t\t\t\t\t\t<\/div>\n\t\t\t\t<\/div>\n\t\t\t\t<div class=\"elementor-element elementor-element-0d08355 flex-horizontal-align-default flex-horizontal-align-tablet-default flex-horizontal-align-mobile-default flex-vertical-align-default flex-vertical-align-tablet-default flex-vertical-align-mobile-default elementor-widget elementor-widget-image\" data-id=\"0d08355\" data-element_type=\"widget\" data-widget_type=\"image.default\">\n\t\t\t\t\t\t\t\t\t\t\t\t\t\t\t<img width=\"1024\" height=\"193\" src=\"https:\/\/www.elfuerte.cl\/web\/wp-content\/uploads\/2026\/01\/banner3-1024x193.jpg\" class=\"attachment-large size-large wp-image-3219\" alt=\"\" srcset=\"https:\/\/www.elfuerte.cl\/web\/wp-content\/uploads\/2026\/01\/banner3-1024x193.jpg 1024w, https:\/\/www.elfuerte.cl\/web\/wp-content\/uploads\/2026\/01\/banner3-300x56.jpg 300w, https:\/\/www.elfuerte.cl\/web\/wp-content\/uploads\/2026\/01\/banner3-768x145.jpg 768w, https:\/\/www.elfuerte.cl\/web\/wp-content\/uploads\/2026\/01\/banner3.jpg 1169w\" sizes=\"(max-width: 1024px) 100vw, 1024px\" \/>\t\t\t\t\t\t\t\t\t\t\t\t\t\t\t<\/div>\n\t\t\t\t\t<\/div>\n\t\t<\/div>\n\t\t\t\t\t<\/div><\/div>\r\n\t\t<\/section>\r\n\t\t\t\t<\/div>\n\t\t","protected":false},"excerpt":{"rendered":"<p>Actualidad, Destacados Consejeros de Los R\u00edos fortalecen capacidades para impulsar la cooperaci\u00f3n internacional y el desarrollo regional Delegaci\u00f3n regional participa&#8230;<\/p>\n","protected":false},"author":1,"featured_media":0,"parent":0,"menu_order":0,"comment_status":"closed","ping_status":"open","template":"page-fullwidth.php","meta":{"footnotes":""},"class_list":["post-1162","page","type-page","status-publish"],"_links":{"self":[{"href":"https:\/\/www.elfuerte.cl\/web\/wp-json\/wp\/v2\/pages\/1162","targetHints":{"allow":["GET"]}}],"collection":[{"href":"https:\/\/www.elfuerte.cl\/web\/wp-json\/wp\/v2\/pages"}],"about":[{"href":"https:\/\/www.elfuerte.cl\/web\/wp-json\/wp\/v2\/types\/page"}],"author":[{"embeddable":true,"href":"https:\/\/www.elfuerte.cl\/web\/wp-json\/wp\/v2\/users\/1"}],"replies":[{"embeddable":true,"href":"https:\/\/www.elfuerte.cl\/web\/wp-json\/wp\/v2\/comments?post=1162"}],"version-history":[{"count":412,"href":"https:\/\/www.elfuerte.cl\/web\/wp-json\/wp\/v2\/pages\/1162\/revisions"}],"predecessor-version":[{"id":7049,"href":"https:\/\/www.elfuerte.cl\/web\/wp-json\/wp\/v2\/pages\/1162\/revisions\/7049"}],"wp:attachment":[{"href":"https:\/\/www.elfuerte.cl\/web\/wp-json\/wp\/v2\/media?parent=1162"}],"curies":[{"name":"wp","href":"https:\/\/api.w.org\/{rel}","templated":true}]}}